{"version":"1.0","provider_name":"Yhdess\u00e4 enemm\u00e4n","provider_url":"https:\/\/blogit.gradia.fi\/yhdessaenemman","title":"Kasvun merkit - Yhdess\u00e4 enemm\u00e4n","type":"rich","width":600,"height":338,"html":"<blockquote class=\"wp-embedded-content\" data-secret=\"LvpshKAEyW\"><a href=\"https:\/\/blogit.gradia.fi\/yhdessaenemman\/2018\/04\/12\/kasvun-merkit\/\">Kasvun merkit<\/a><\/blockquote><iframe sandbox=\"allow-scripts\" security=\"restricted\" src=\"https:\/\/blogit.gradia.fi\/yhdessaenemman\/2018\/04\/12\/kasvun-merkit\/embed\/#?secret=LvpshKAEyW\" width=\"600\" height=\"338\" title=\"&#8221;Kasvun merkit&#8221; &#8212; Yhdess\u00e4 enemm\u00e4n\" data-secret=\"LvpshKAEyW\" frameborder=\"0\" marginwidth=\"0\" marginheight=\"0\" scrolling=\"no\" class=\"wp-embedded-content\"><\/iframe><script>\n\/*! This file is auto-generated *\/\n!function(d,l){\"use strict\";l.querySelector&&d.addEventListener&&\"undefined\"!=typeof URL&&(d.wp=d.wp||{},d.wp.receiveEmbedMessage||(d.wp.receiveEmbedMessage=function(e){var t=e.data;if((t||t.secret||t.message||t.value)&&!\/[^a-zA-Z0-9]\/.test(t.secret)){for(var s,r,n,a=l.querySelectorAll('iframe[data-secret=\"'+t.secret+'\"]'),o=l.querySelectorAll('blockquote[data-secret=\"'+t.secret+'\"]'),c=new RegExp(\"^https?:$\",\"i\"),i=0;i<o.length;i++)o[i].style.display=\"none\";for(i=0;i<a.length;i++)s=a[i],e.source===s.contentWindow&&(s.removeAttribute(\"style\"),\"height\"===t.message?(1e3<(r=parseInt(t.value,10))?r=1e3:~~r<200&&(r=200),s.height=r):\"link\"===t.message&&(r=new URL(s.getAttribute(\"src\")),n=new URL(t.value),c.test(n.protocol))&&n.host===r.host&&l.activeElement===s&&(d.top.location.href=t.value))}},d.addEventListener(\"message\",d.wp.receiveEmbedMessage,!1),l.addEventListener(\"DOMContentLoaded\",function(){for(var e,t,s=l.querySelectorAll(\"iframe.wp-embedded-content\"),r=0;r<s.length;r++)(t=(e=s[r]).getAttribute(\"data-secret\"))||(t=Math.random().toString(36).substring(2,12),e.src+=\"#?secret=\"+t,e.setAttribute(\"data-secret\",t)),e.contentWindow.postMessage({message:\"ready\",secret:t},\"*\")},!1)))}(window,document);\n\/\/# sourceURL=https:\/\/blogit.gradia.fi\/yhdessaenemman\/wp-includes\/js\/wp-embed.min.js\n<\/script>\n","thumbnail_url":"https:\/\/blogit.gradia.fi\/yhdessaenemman\/wp-content\/uploads\/sites\/17\/2018\/04\/gradia_rekry-1024x939.jpg","thumbnail_width":1024,"thumbnail_height":939,"description":"Keski-Suomessa on hyv\u00e4t kasvun merkit. Se todettiin 11.4. j\u00e4rjestetyill\u00e4 Rekry &amp; Ty\u00f6el\u00e4m\u00e4messuilla Jyv\u00e4skyl\u00e4n Paviljongissa. Paikalla oli Gradian lis\u00e4ksi n. 80 n\u00e4ytteilleasettajaa; ty\u00f6nantajia, ty\u00f6paikkoja ja ty\u00f6llisyyspalveluita esittelevi\u00e4 tahoja. Yli 3000 k\u00e4vij\u00e4\u00e4 ja\u00a01000 ty\u00f6paikkaa, hyvi\u00e4 kohtaamisia. Osastollamme k\u00e4vi positiivinen kuhina ja onneksi meit\u00e4 oli riitt\u00e4v\u00e4n monta vastaamassa kysymyksiin kasvotusten, v\u00e4lill\u00e4 englanniksikin.\u00a0Palveluistamme kerrottiin ty\u00f6nantajille ja uran vaihtoa pohtiville &hellip; Jatka lukemista &rarr;"}