{"id":183,"date":"2013-10-23T14:35:20","date_gmt":"2013-10-23T11:35:20","guid":{"rendered":"https:\/\/blogit.gradia.fi\/visu\/?page_id=183"},"modified":"2014-10-08T16:20:14","modified_gmt":"2014-10-08T13:20:14","slug":"oppilaiden-blogit","status":"publish","type":"page","link":"https:\/\/blogit.gradia.fi\/visu\/oppilaiden-blogit\/","title":{"rendered":"Oppilaiden blogit"},"content":{"rendered":"<p>T\u00e4\u00e4lt\u00e4 sivulta l\u00f6yd\u00e4t LIAM12R luokan oppilaiden pit\u00e4m\u00e4t oppimisblogit.<\/p>\n<p>&nbsp;<\/p>\n<ul>\n<li><a href=\"https:\/\/blogit.gradia.fi\/anniinatuomijarvi\" target=\"_blank\">Anniinan blogi<\/a><\/li>\n<li><a href=\"https:\/\/blogit.gradia.fi\/idanieminen\" target=\"_blank\">Idan blogi<\/a>\u00a0 =&gt; valmistunut, blogin p\u00e4ivitys p\u00e4\u00e4ttynyt<\/li>\n<li><a href=\"https:\/\/blogit.gradia.fi\/elinaheimonen\" target=\"_blank\">Elinan blogi<\/a><\/li>\n<li><a href=\"https:\/\/blogit.gradia.fi\/lottaklemetti\" target=\"_blank\">Lotan blogi<\/a><\/li>\n<li><a href=\"https:\/\/blogit.gradia.fi\/senninieminen\" target=\"_blank\">Sennin blogi<\/a><\/li>\n<li><a href=\"https:\/\/blogit.gradia.fi\/sannimakinen\" target=\"_blank\">Sannin blogi<\/a><\/li>\n<li><a href=\"blogit.gradia.fi\/mirariikonen\/\" target=\"_blank\">Miran blogi<\/a><\/li>\n<li><a href=\"https:\/\/blogit.gradia.fi\/neakarppinen\" target=\"_blank\">Nean blogi<\/a><\/li>\n<li><a href=\"https:\/\/blogit.gradia.fi\/kertturajala\" target=\"_blank\">Kertun blogi<\/a><\/li>\n<li><a href=\"https:\/\/blogit.gradia.fi\/janinarosendahl\" target=\"_blank\">Janinan blogi<\/a><\/li>\n<li><a href=\"https:\/\/blogit.gradia.fi\/jennicatikka\" target=\"_blank\">Jennican blogi<\/a><\/li>\n<\/ul>\n","protected":false},"excerpt":{"rendered":"<p>T\u00e4\u00e4lt\u00e4 sivulta l\u00f6yd\u00e4t LIAM12R luokan oppilaiden pit\u00e4m\u00e4t oppimisblogit. &nbsp; Anniinan blogi Idan blogi\u00a0 =&gt; valmistunut, blogin p\u00e4ivitys p\u00e4\u00e4ttynyt Elinan blogi Lotan blogi Sennin blogi Sannin blogi Miran blogi Nean blogi Kertun blogi Janinan blogi Jennican blogi<\/p>\n","protected":false},"author":165,"featured_media":0,"parent":0,"menu_order":0,"comment_status":"open","ping_status":"open","template":"","meta":{"_uag_custom_page_level_css":"","footnotes":""},"class_list":["post-183","page","type-page","status-publish","hentry"],"yoast_head":"<!-- This site is optimized with the Yoast SEO plugin v27.5 - https:\/\/yoast.com\/product\/yoast-seo-wordpress\/ -->\n<title>Oppilaiden blogit - AMMATTILAISEKSI TY\u00d6SS\u00c4OPPIEN<\/title>\n<meta name=\"robots\" content=\"index, follow, max-snippet:-1, max-image-preview:large, max-video-preview:-1\" \/>\n<link rel=\"canonical\" href=\"https:\/\/blogit.gradia.fi\/visu\/oppilaiden-blogit\/\" \/>\n<meta property=\"og:locale\" content=\"fi_FI\" \/>\n<meta property=\"og:type\" content=\"article\" \/>\n<meta property=\"og:title\" content=\"Oppilaiden blogit - AMMATTILAISEKSI TY\u00d6SS\u00c4OPPIEN\" \/>\n<meta property=\"og:description\" content=\"T\u00e4\u00e4lt\u00e4 sivulta l\u00f6yd\u00e4t LIAM12R luokan oppilaiden pit\u00e4m\u00e4t oppimisblogit. &nbsp; Anniinan blogi Idan blogi\u00a0 =&gt; valmistunut, blogin p\u00e4ivitys p\u00e4\u00e4ttynyt Elinan blogi Lotan blogi Sennin blogi Sannin blogi Miran blogi Nean blogi Kertun blogi Janinan blogi Jennican blogi\" \/>\n<meta property=\"og:url\" content=\"https:\/\/blogit.gradia.fi\/visu\/oppilaiden-blogit\/\" \/>\n<meta property=\"og:site_name\" content=\"AMMATTILAISEKSI TY\u00d6SS\u00c4OPPIEN\" \/>\n<meta property=\"article:modified_time\" content=\"2014-10-08T13:20:14+00:00\" \/>\n<meta name=\"twitter:card\" content=\"summary_large_image\" \/>\n<script type=\"application\/ld+json\" class=\"yoast-schema-graph\">{\"@context\":\"https:\\\/\\\/schema.org\",\"@graph\":[{\"@type\":\"WebPage\",\"@id\":\"https:\\\/\\\/blogit.gradia.fi\\\/visu\\\/oppilaiden-blogit\\\/\",\"url\":\"https:\\\/\\\/blogit.gradia.fi\\\/visu\\\/oppilaiden-blogit\\\/\",\"name\":\"Oppilaiden blogit - AMMATTILAISEKSI TY\u00d6SS\u00c4OPPIEN\",\"isPartOf\":{\"@id\":\"https:\\\/\\\/blogit.gradia.fi\\\/visu\\\/#website\"},\"datePublished\":\"2013-10-23T11:35:20+00:00\",\"dateModified\":\"2014-10-08T13:20:14+00:00\",\"inLanguage\":\"fi\",\"potentialAction\":[{\"@type\":\"ReadAction\",\"target\":[\"https:\\\/\\\/blogit.gradia.fi\\\/visu\\\/oppilaiden-blogit\\\/\"]}]},{\"@type\":\"WebSite\",\"@id\":\"https:\\\/\\\/blogit.gradia.fi\\\/visu\\\/#website\",\"url\":\"https:\\\/\\\/blogit.gradia.fi\\\/visu\\\/\",\"name\":\"AMMATTILAISEKSI TY\u00d6SS\u00c4OPPIEN\",\"description\":\"Sivusto, joka kertoo Jyv\u00e4skyl\u00e4n ammattiopiston vuonna 2012 aloittaneen ty\u00f6ss\u00e4oppimispainotteisen luokan opintojen etenemisest\u00e4.\",\"potentialAction\":[{\"@type\":\"SearchAction\",\"target\":{\"@type\":\"EntryPoint\",\"urlTemplate\":\"https:\\\/\\\/blogit.gradia.fi\\\/visu\\\/?s={search_term_string}\"},\"query-input\":{\"@type\":\"PropertyValueSpecification\",\"valueRequired\":true,\"valueName\":\"search_term_string\"}}],\"inLanguage\":\"fi\"}]}<\/script>\n<!-- \/ Yoast SEO plugin. -->","yoast_head_json":{"title":"Oppilaiden blogit - AMMATTILAISEKSI TY\u00d6SS\u00c4OPPIEN","robots":{"index":"index","follow":"follow","max-snippet":"max-snippet:-1","max-image-preview":"max-image-preview:large","max-video-preview":"max-video-preview:-1"},"canonical":"https:\/\/blogit.gradia.fi\/visu\/oppilaiden-blogit\/","og_locale":"fi_FI","og_type":"article","og_title":"Oppilaiden blogit - AMMATTILAISEKSI TY\u00d6SS\u00c4OPPIEN","og_description":"T\u00e4\u00e4lt\u00e4 sivulta l\u00f6yd\u00e4t LIAM12R luokan oppilaiden pit\u00e4m\u00e4t oppimisblogit. &nbsp; Anniinan blogi Idan blogi\u00a0 =&gt; valmistunut, blogin p\u00e4ivitys p\u00e4\u00e4ttynyt Elinan blogi Lotan blogi Sennin blogi Sannin blogi Miran blogi Nean blogi Kertun blogi Janinan blogi Jennican blogi","og_url":"https:\/\/blogit.gradia.fi\/visu\/oppilaiden-blogit\/","og_site_name":"AMMATTILAISEKSI TY\u00d6SS\u00c4OPPIEN","article_modified_time":"2014-10-08T13:20:14+00:00","twitter_card":"summary_large_image","schema":{"@context":"https:\/\/schema.org","@graph":[{"@type":"WebPage","@id":"https:\/\/blogit.gradia.fi\/visu\/oppilaiden-blogit\/","url":"https:\/\/blogit.gradia.fi\/visu\/oppilaiden-blogit\/","name":"Oppilaiden blogit - AMMATTILAISEKSI TY\u00d6SS\u00c4OPPIEN","isPartOf":{"@id":"https:\/\/blogit.gradia.fi\/visu\/#website"},"datePublished":"2013-10-23T11:35:20+00:00","dateModified":"2014-10-08T13:20:14+00:00","inLanguage":"fi","potentialAction":[{"@type":"ReadAction","target":["https:\/\/blogit.gradia.fi\/visu\/oppilaiden-blogit\/"]}]},{"@type":"WebSite","@id":"https:\/\/blogit.gradia.fi\/visu\/#website","url":"https:\/\/blogit.gradia.fi\/visu\/","name":"AMMATTILAISEKSI TY\u00d6SS\u00c4OPPIEN","description":"Sivusto, joka kertoo Jyv\u00e4skyl\u00e4n ammattiopiston vuonna 2012 aloittaneen ty\u00f6ss\u00e4oppimispainotteisen luokan opintojen etenemisest\u00e4.","potentialAction":[{"@type":"SearchAction","target":{"@type":"EntryPoint","urlTemplate":"https:\/\/blogit.gradia.fi\/visu\/?s={search_term_string}"},"query-input":{"@type":"PropertyValueSpecification","valueRequired":true,"valueName":"search_term_string"}}],"inLanguage":"fi"}]}},"uagb_featured_image_src":{"full":false,"thumbnail":false,"medium":false,"medium_large":false,"large":false,"1536x1536":false,"2048x2048":false,"post-thumbnail":false},"uagb_author_info":{"display_name":"Heini Pennanen","author_link":"https:\/\/blogit.gradia.fi\/visu\/author\/pennahei\/"},"uagb_comment_info":5,"uagb_excerpt":"T\u00e4\u00e4lt\u00e4 sivulta l\u00f6yd\u00e4t LIAM12R luokan oppilaiden pit\u00e4m\u00e4t oppimisblogit. &nbsp; Anniinan blogi Idan blogi\u00a0 =&gt; valmistunut, blogin p\u00e4ivitys p\u00e4\u00e4ttynyt Elinan blogi Lotan blogi Sennin blogi Sannin blogi Miran blogi Nean blogi Kertun blogi Janinan blogi Jennican blogi","_links":{"self":[{"href":"https:\/\/blogit.gradia.fi\/visu\/wp-json\/wp\/v2\/pages\/183","targetHints":{"allow":["GET"]}}],"collection":[{"href":"https:\/\/blogit.gradia.fi\/visu\/wp-json\/wp\/v2\/pages"}],"about":[{"href":"https:\/\/blogit.gradia.fi\/visu\/wp-json\/wp\/v2\/types\/page"}],"author":[{"embeddable":true,"href":"https:\/\/blogit.gradia.fi\/visu\/wp-json\/wp\/v2\/users\/165"}],"replies":[{"embeddable":true,"href":"https:\/\/blogit.gradia.fi\/visu\/wp-json\/wp\/v2\/comments?post=183"}],"version-history":[{"count":0,"href":"https:\/\/blogit.gradia.fi\/visu\/wp-json\/wp\/v2\/pages\/183\/revisions"}],"wp:attachment":[{"href":"https:\/\/blogit.gradia.fi\/visu\/wp-json\/wp\/v2\/media?parent=183"}],"curies":[{"name":"wp","href":"https:\/\/api.w.org\/{rel}","templated":true}]}}