{"version":"1.0","provider_name":"AMMATTILAISEKSI TY\u00d6SS\u00c4OPPIEN","provider_url":"https:\/\/blogit.gradia.fi\/visu","title":"Atto-jaksosta kohti toiminnan kannattavuuden suunnittelua - AMMATTILAISEKSI TY\u00d6SS\u00c4OPPIEN","type":"rich","width":600,"height":338,"html":"<blockquote class=\"wp-embedded-content\" data-secret=\"MVkeAfgrs2\"><a href=\"https:\/\/blogit.gradia.fi\/visu\/2014\/02\/21\/atto-jaksosta-kohti-toiminnan-kannattavuuden-suunnittelua\/\">Atto-jaksosta kohti toiminnan kannattavuuden suunnittelua<\/a><\/blockquote><iframe sandbox=\"allow-scripts\" security=\"restricted\" src=\"https:\/\/blogit.gradia.fi\/visu\/2014\/02\/21\/atto-jaksosta-kohti-toiminnan-kannattavuuden-suunnittelua\/embed\/#?secret=MVkeAfgrs2\" width=\"600\" height=\"338\" title=\"&#8221;Atto-jaksosta kohti toiminnan kannattavuuden suunnittelua&#8221; &#8212; AMMATTILAISEKSI TY\u00d6SS\u00c4OPPIEN\" data-secret=\"MVkeAfgrs2\" frameborder=\"0\" marginwidth=\"0\" marginheight=\"0\" scrolling=\"no\" class=\"wp-embedded-content\"><\/iframe><script type=\"text\/javascript\">\n\/* <![CDATA[ *\/\n\/*! This file is auto-generated *\/\n!function(d,l){\"use strict\";l.querySelector&&d.addEventListener&&\"undefined\"!=typeof URL&&(d.wp=d.wp||{},d.wp.receiveEmbedMessage||(d.wp.receiveEmbedMessage=function(e){var t=e.data;if((t||t.secret||t.message||t.value)&&!\/[^a-zA-Z0-9]\/.test(t.secret)){for(var s,r,n,a=l.querySelectorAll('iframe[data-secret=\"'+t.secret+'\"]'),o=l.querySelectorAll('blockquote[data-secret=\"'+t.secret+'\"]'),c=new RegExp(\"^https?:$\",\"i\"),i=0;i<o.length;i++)o[i].style.display=\"none\";for(i=0;i<a.length;i++)s=a[i],e.source===s.contentWindow&&(s.removeAttribute(\"style\"),\"height\"===t.message?(1e3<(r=parseInt(t.value,10))?r=1e3:~~r<200&&(r=200),s.height=r):\"link\"===t.message&&(r=new URL(s.getAttribute(\"src\")),n=new URL(t.value),c.test(n.protocol))&&n.host===r.host&&l.activeElement===s&&(d.top.location.href=t.value))}},d.addEventListener(\"message\",d.wp.receiveEmbedMessage,!1),l.addEventListener(\"DOMContentLoaded\",function(){for(var e,t,s=l.querySelectorAll(\"iframe.wp-embedded-content\"),r=0;r<s.length;r++)(t=(e=s[r]).getAttribute(\"data-secret\"))||(t=Math.random().toString(36).substring(2,12),e.src+=\"#?secret=\"+t,e.setAttribute(\"data-secret\",t)),e.contentWindow.postMessage({message:\"ready\",secret:t},\"*\")},!1)))}(window,document);\n\/\/# sourceURL=https:\/\/blogit.gradia.fi\/visu\/wp-includes\/js\/wp-embed.min.js\n\/* ]]> *\/\n<\/script>\n","description":"Niin on Atto-jakso 12R-luokalla takana ja on aika palata ammatillisten aineiden sek\u00e4 ty\u00f6ss\u00e4oppimisen pariin.\u00a0Ty\u00f6paikat alkavat olla jo l\u00f6ytyneet ja iso osa nuorista jatkaakin tutuissa ty\u00f6paikoissa. Ennen hiihtolomaa onkin kaksi p\u00e4iv\u00e4\u00e4 ammatillisia aineita ja sen j\u00e4lkeen alkaa oppilailla ansaittu hiihtoloma ennen kev\u00e4\u00e4n loppurutistusta. &nbsp; 13R Tortaina starttasi uusi ty\u00f6ss\u00e4oppimispanotteinen luokka ja aloittavien m\u00e4\u00e4r\u00e4 olikin hurja. Kaikenkaikkiaan [&hellip;]"}