{"version":"1.0","provider_name":"AMMATTILAISEKSI TY\u00d6SS\u00c4OPPIEN","provider_url":"https:\/\/blogit.gradia.fi\/visu","title":"Harjoitus tekee mestarin \u2013 toinen et\u00e4p\u00e4iv\u00e4 - AMMATTILAISEKSI TY\u00d6SS\u00c4OPPIEN","type":"rich","width":600,"height":338,"html":"<blockquote class=\"wp-embedded-content\" data-secret=\"MuTFXrld19\"><a href=\"https:\/\/blogit.gradia.fi\/visu\/2013\/09\/19\/harjoitus-tekee-mestarin-toinen-etapaiva\/\">Harjoitus tekee mestarin \u2013 toinen et\u00e4p\u00e4iv\u00e4<\/a><\/blockquote><iframe sandbox=\"allow-scripts\" security=\"restricted\" src=\"https:\/\/blogit.gradia.fi\/visu\/2013\/09\/19\/harjoitus-tekee-mestarin-toinen-etapaiva\/embed\/#?secret=MuTFXrld19\" width=\"600\" height=\"338\" title=\"&#8221;Harjoitus tekee mestarin \u2013 toinen et\u00e4p\u00e4iv\u00e4&#8221; &#8212; AMMATTILAISEKSI TY\u00d6SS\u00c4OPPIEN\" data-secret=\"MuTFXrld19\" frameborder=\"0\" marginwidth=\"0\" marginheight=\"0\" scrolling=\"no\" class=\"wp-embedded-content\"><\/iframe><script type=\"text\/javascript\">\n\/* <![CDATA[ *\/\n\/*! This file is auto-generated *\/\n!function(d,l){\"use strict\";l.querySelector&&d.addEventListener&&\"undefined\"!=typeof URL&&(d.wp=d.wp||{},d.wp.receiveEmbedMessage||(d.wp.receiveEmbedMessage=function(e){var t=e.data;if((t||t.secret||t.message||t.value)&&!\/[^a-zA-Z0-9]\/.test(t.secret)){for(var s,r,n,a=l.querySelectorAll('iframe[data-secret=\"'+t.secret+'\"]'),o=l.querySelectorAll('blockquote[data-secret=\"'+t.secret+'\"]'),c=new RegExp(\"^https?:$\",\"i\"),i=0;i<o.length;i++)o[i].style.display=\"none\";for(i=0;i<a.length;i++)s=a[i],e.source===s.contentWindow&&(s.removeAttribute(\"style\"),\"height\"===t.message?(1e3<(r=parseInt(t.value,10))?r=1e3:~~r<200&&(r=200),s.height=r):\"link\"===t.message&&(r=new URL(s.getAttribute(\"src\")),n=new URL(t.value),c.test(n.protocol))&&n.host===r.host&&l.activeElement===s&&(d.top.location.href=t.value))}},d.addEventListener(\"message\",d.wp.receiveEmbedMessage,!1),l.addEventListener(\"DOMContentLoaded\",function(){for(var e,t,s=l.querySelectorAll(\"iframe.wp-embedded-content\"),r=0;r<s.length;r++)(t=(e=s[r]).getAttribute(\"data-secret\"))||(t=Math.random().toString(36).substring(2,12),e.src+=\"#?secret=\"+t,e.setAttribute(\"data-secret\",t)),e.contentWindow.postMessage({message:\"ready\",secret:t},\"*\")},!1)))}(window,document);\n\/\/# sourceURL=https:\/\/blogit.gradia.fi\/visu\/wp-includes\/js\/wp-embed.min.js\n\/* ]]> *\/\n<\/script>\n","description":"Torstai \u2013aamulla 19.9.2013 pidimme toisen et\u00e4luennon klo 8.15 alkaen. Connect pro \u2013yhteydess\u00e4 oli kuusi reipasta tytt\u00f6\u00e4. Loput kuuntelevat\u00a0 Optimasta l\u00f6ytyv\u00e4n videotallenteen p\u00e4iv\u00e4n aikana itsen\u00e4isesti. T\u00e4ll\u00e4 kertaa \u00e4\u00e4ness\u00e4 oli Heini ja aiheena Yhteiskuntavastuu. P\u00e4iv\u00e4n jaksotimme niin, ett\u00e4 Heini piti Yhteiskuntavastuusta luennon, esitteli kurssin teht\u00e4v\u00e4t sek\u00e4 seuraavan TOP \u2013teht\u00e4v\u00e4n. P\u00e4iv\u00e4n teht\u00e4v\u00e4t ja siihen liittyv\u00e4 materiaali l\u00f6ytyy Optimasta. [&hellip;]"}