{"id":248,"date":"2021-09-01T10:45:42","date_gmt":"2021-09-01T07:45:42","guid":{"rendered":"https:\/\/blogit.gradia.fi\/tyte\/?page_id=248"},"modified":"2021-12-01T17:30:54","modified_gmt":"2021-12-01T15:30:54","slug":"loppuwebinaari","status":"publish","type":"page","link":"https:\/\/blogit.gradia.fi\/tyte\/loppuwebinaari\/","title":{"rendered":"Loppuwebinaari"},"content":{"rendered":"\n<p>Hankkeen lopputuotokset esitell\u00e4\u00e4n osatoteuttajittain pe 12.11. klo 9.00 alkaen. Webinaariin p\u00e4\u00e4set liittym\u00e4\u00e4n <a href=\"https:\/\/teams.microsoft.com\/l\/meetup-join\/19%3ameeting_NjJiMWJiZmEtZGU1OS00OWI0LWI3M2QtNzFiN2Q5NDFkYThl%40thread.v2\/0?context=%7b%22Tid%22%3a%224e144181-2f68-401f-aa86-9ec9e400e6b3%22%2c%22Oid%22%3a%22684b2828-333c-443e-a219-986909013602%22%7d\" target=\"_blank\" rel=\"noreferrer noopener nofollow\">t\u00e4st\u00e4<\/a>.<\/p>\n\n\n\n<p>Ohjelma:<\/p>\n\n\n\n<p>Klo 9 <a href=\"https:\/\/blogit.gradia.fi\/tyte\/wp-content\/uploads\/sites\/157\/2021\/11\/Tyoelama-ja-teknologia-\u2013hanke-1121.pptx\" target=\"_blank\" rel=\"noreferrer noopener\">Hankkeesta lyhyesti<\/a>, Gradia, Sari Paunonen<\/p>\n\n\n\n<p>Klo 9.10 <a href=\"https:\/\/prezi.com\/p\/vl3gtc3ikfgr\/digituki-paatoswebinaarin-esitys\/\" target=\"_blank\" rel=\"noreferrer noopener\">Digituessa toimiminen<\/a>, Redu, Jyrki Niskanen<\/p>\n\n\n\n<p>Klo 9.40 <a href=\"https:\/\/blogit.gradia.fi\/tyte\/wp-content\/uploads\/sites\/157\/2021\/11\/Workseed-esittely-tyoelama-ja-teknologia-hanke.pdf\" target=\"_blank\" rel=\"noreferrer noopener\">Workseedin k\u00e4ytt\u00f6\u00f6notto<\/a>, Omnia, Matti Kuosmanen<\/p>\n\n\n\n<p>Klo 10 Tauko<\/p>\n\n\n\n<p>Klo 10.10 <a href=\"https:\/\/blogit.gradia.fi\/tyte\/wp-content\/uploads\/sites\/157\/2021\/11\/Digitalisaation-ja-teknologian-mahdollisuudet_LOPPUSEMINAARI.pdf\" target=\"_blank\" rel=\"noreferrer noopener\">Digitalisaation ja teknologian mahdollisuudet puhetta tukevan ja korvaavan kommunikaation ohjausv\u00e4linein\u00e4<\/a>, Turku, kristillinen, Krister Rantala<\/p>\n\n\n\n<p>Klo 10.30 MobilTAI ty\u00f6kalu ty\u00f6el\u00e4m\u00e4ss\u00e4 oppimisen seurantaan, Turku, ammatillinen, Kati Laitervo<\/p>\n\n\n\n<p>Klo 10.50 <a href=\"https:\/\/blogit.gradia.fi\/tyte\/wp-content\/uploads\/sites\/157\/2021\/12\/Salpaus-tyoelama-teknologia-loppuseminaari.pdf\" target=\"_blank\" rel=\"noreferrer noopener\">Digitukea oppilaitoksessa<\/a>, Salpaus, Pekka Eerola<\/p>\n\n\n\n<p>Klo 11.10 Tauko<\/p>\n\n\n\n<p>Klo 11.20 Ty\u00f6el\u00e4m\u00e4n digitutormalli, Sataedu, Joonas L\u00e4hteenm\u00e4ki<\/p>\n\n\n\n<p>Klo 11.40 <a href=\"https:\/\/blogit.gradia.fi\/tyte\/wp-content\/uploads\/sites\/157\/2021\/11\/Loppuwebinaarin-diat.pptx\" target=\"_blank\" rel=\"noreferrer noopener\">Opi ja kokeile uutta teknologiaa oppilaitoksessa<\/a>, SSKKY, Riika Ylikoski<\/p>\n\n\n\n<p>Klo 12.00 Tauko<\/p>\n\n\n\n<p>Klo 12.40 Workseedin pilotointikokemuksia, OSAO, Ismo Lindroth<\/p>\n\n\n\n<p>Klo 13.00 Opiskelijoiden robotiikkaosaamisen kehittyminen tiimioppimisen ja digitutoroinnin mallilla, Sampo, Viivi Juusela<\/p>\n\n\n\n<p>Klo 13.20 Kampusten digitutortoiminta, Gradia, Jorma Varis<\/p>\n\n\n\n<p>Klo 13.40 P\u00e4\u00e4t\u00f6s ja yhteenveto<\/p>\n","protected":false},"excerpt":{"rendered":"<p>Hankkeen lopputuotokset esitell\u00e4\u00e4n osatoteuttajittain pe 12.11. klo 9.00 alkaen. Webinaariin p\u00e4\u00e4set liittym\u00e4\u00e4n t\u00e4st\u00e4. Ohjelma: Klo 9 Hankkeesta lyhyesti, Gradia, Sari Paunonen Klo 9.10 Digituessa toimiminen, Redu, Jyrki Niskanen Klo 9.40 Workseedin k\u00e4ytt\u00f6\u00f6notto, Omnia, Matti Kuosmanen Klo 10 Tauko Klo 10.10 Digitalisaation ja teknologian mahdollisuudet puhetta tukevan ja korvaavan kommunikaation ohjausv\u00e4linein\u00e4, Turku, kristillinen, Krister Rantala Klo &#8230; <a title=\"Loppuwebinaari\" class=\"read-more\" href=\"https:\/\/blogit.gradia.fi\/tyte\/loppuwebinaari\/\" aria-label=\"Lue lis\u00e4\u00e4 aiheesta Loppuwebinaari\">Lue lis\u00e4\u00e4<\/a><\/p>\n","protected":false},"author":680,"featured_media":0,"parent":0,"menu_order":0,"comment_status":"closed","ping_status":"closed","template":"","meta":{"_uag_custom_page_level_css":"","footnotes":""},"class_list":["post-248","page","type-page","status-publish"],"yoast_head":"<!-- This site is optimized with the Yoast SEO plugin v27.5 - https:\/\/yoast.com\/product\/yoast-seo-wordpress\/ -->\n<title>Loppuwebinaari - Ty\u00f6el\u00e4m\u00e4 ja teknologia-hanke<\/title>\n<meta name=\"robots\" content=\"index, follow, max-snippet:-1, max-image-preview:large, max-video-preview:-1\" \/>\n<link rel=\"canonical\" href=\"https:\/\/blogit.gradia.fi\/tyte\/loppuwebinaari\/\" \/>\n<meta property=\"og:locale\" content=\"fi_FI\" \/>\n<meta property=\"og:type\" content=\"article\" \/>\n<meta property=\"og:title\" content=\"Loppuwebinaari - Ty\u00f6el\u00e4m\u00e4 ja teknologia-hanke\" \/>\n<meta property=\"og:description\" content=\"Hankkeen lopputuotokset esitell\u00e4\u00e4n osatoteuttajittain pe 12.11. klo 9.00 alkaen. Webinaariin p\u00e4\u00e4set liittym\u00e4\u00e4n t\u00e4st\u00e4. Ohjelma: Klo 9 Hankkeesta lyhyesti, Gradia, Sari Paunonen Klo 9.10 Digituessa toimiminen, Redu, Jyrki Niskanen Klo 9.40 Workseedin k\u00e4ytt\u00f6\u00f6notto, Omnia, Matti Kuosmanen Klo 10 Tauko Klo 10.10 Digitalisaation ja teknologian mahdollisuudet puhetta tukevan ja korvaavan kommunikaation ohjausv\u00e4linein\u00e4, Turku, kristillinen, Krister Rantala Klo ... Lue lis\u00e4\u00e4\" \/>\n<meta property=\"og:url\" content=\"https:\/\/blogit.gradia.fi\/tyte\/loppuwebinaari\/\" \/>\n<meta property=\"og:site_name\" content=\"Ty\u00f6el\u00e4m\u00e4 ja teknologia-hanke\" \/>\n<meta property=\"article:modified_time\" content=\"2021-12-01T15:30:54+00:00\" \/>\n<meta name=\"twitter:card\" content=\"summary_large_image\" \/>\n<meta name=\"twitter:label1\" content=\"Arvioitu lukuaika\" \/>\n\t<meta name=\"twitter:data1\" content=\"1 minuutti\" \/>\n<script type=\"application\/ld+json\" class=\"yoast-schema-graph\">{\"@context\":\"https:\\\/\\\/schema.org\",\"@graph\":[{\"@type\":\"WebPage\",\"@id\":\"https:\\\/\\\/blogit.gradia.fi\\\/tyte\\\/loppuwebinaari\\\/\",\"url\":\"https:\\\/\\\/blogit.gradia.fi\\\/tyte\\\/loppuwebinaari\\\/\",\"name\":\"Loppuwebinaari - Ty\u00f6el\u00e4m\u00e4 ja teknologia-hanke\",\"isPartOf\":{\"@id\":\"https:\\\/\\\/blogit.gradia.fi\\\/tyte\\\/#website\"},\"datePublished\":\"2021-09-01T07:45:42+00:00\",\"dateModified\":\"2021-12-01T15:30:54+00:00\",\"breadcrumb\":{\"@id\":\"https:\\\/\\\/blogit.gradia.fi\\\/tyte\\\/loppuwebinaari\\\/#breadcrumb\"},\"inLanguage\":\"fi\",\"potentialAction\":[{\"@type\":\"ReadAction\",\"target\":[\"https:\\\/\\\/blogit.gradia.fi\\\/tyte\\\/loppuwebinaari\\\/\"]}]},{\"@type\":\"BreadcrumbList\",\"@id\":\"https:\\\/\\\/blogit.gradia.fi\\\/tyte\\\/loppuwebinaari\\\/#breadcrumb\",\"itemListElement\":[{\"@type\":\"ListItem\",\"position\":1,\"name\":\"Home\",\"item\":\"https:\\\/\\\/blogit.gradia.fi\\\/tyte\\\/\"},{\"@type\":\"ListItem\",\"position\":2,\"name\":\"Loppuwebinaari\"}]},{\"@type\":\"WebSite\",\"@id\":\"https:\\\/\\\/blogit.gradia.fi\\\/tyte\\\/#website\",\"url\":\"https:\\\/\\\/blogit.gradia.fi\\\/tyte\\\/\",\"name\":\"Ty\u00f6el\u00e4m\u00e4 ja teknologia-hanke\",\"description\":\"\",\"publisher\":{\"@id\":\"https:\\\/\\\/blogit.gradia.fi\\\/tyte\\\/#organization\"},\"potentialAction\":[{\"@type\":\"SearchAction\",\"target\":{\"@type\":\"EntryPoint\",\"urlTemplate\":\"https:\\\/\\\/blogit.gradia.fi\\\/tyte\\\/?s={search_term_string}\"},\"query-input\":{\"@type\":\"PropertyValueSpecification\",\"valueRequired\":true,\"valueName\":\"search_term_string\"}}],\"inLanguage\":\"fi\"},{\"@type\":\"Organization\",\"@id\":\"https:\\\/\\\/blogit.gradia.fi\\\/tyte\\\/#organization\",\"name\":\"Ty\u00f6el\u00e4m\u00e4 ja teknologia-hanke\",\"url\":\"https:\\\/\\\/blogit.gradia.fi\\\/tyte\\\/\",\"logo\":{\"@type\":\"ImageObject\",\"inLanguage\":\"fi\",\"@id\":\"https:\\\/\\\/blogit.gradia.fi\\\/tyte\\\/#\\\/schema\\\/logo\\\/image\\\/\",\"url\":\"https:\\\/\\\/blogit.gradia.fi\\\/tyte\\\/wp-content\\\/uploads\\\/sites\\\/157\\\/2020\\\/03\\\/cropped-DigitutorOsaaAuttaa_logo-150x150-1.jpg\",\"contentUrl\":\"https:\\\/\\\/blogit.gradia.fi\\\/tyte\\\/wp-content\\\/uploads\\\/sites\\\/157\\\/2020\\\/03\\\/cropped-DigitutorOsaaAuttaa_logo-150x150-1.jpg\",\"width\":150,\"height\":150,\"caption\":\"Ty\u00f6el\u00e4m\u00e4 ja teknologia-hanke\"},\"image\":{\"@id\":\"https:\\\/\\\/blogit.gradia.fi\\\/tyte\\\/#\\\/schema\\\/logo\\\/image\\\/\"}}]}<\/script>\n<!-- \/ Yoast SEO plugin. -->","yoast_head_json":{"title":"Loppuwebinaari - Ty\u00f6el\u00e4m\u00e4 ja teknologia-hanke","robots":{"index":"index","follow":"follow","max-snippet":"max-snippet:-1","max-image-preview":"max-image-preview:large","max-video-preview":"max-video-preview:-1"},"canonical":"https:\/\/blogit.gradia.fi\/tyte\/loppuwebinaari\/","og_locale":"fi_FI","og_type":"article","og_title":"Loppuwebinaari - Ty\u00f6el\u00e4m\u00e4 ja teknologia-hanke","og_description":"Hankkeen lopputuotokset esitell\u00e4\u00e4n osatoteuttajittain pe 12.11. klo 9.00 alkaen. Webinaariin p\u00e4\u00e4set liittym\u00e4\u00e4n t\u00e4st\u00e4. Ohjelma: Klo 9 Hankkeesta lyhyesti, Gradia, Sari Paunonen Klo 9.10 Digituessa toimiminen, Redu, Jyrki Niskanen Klo 9.40 Workseedin k\u00e4ytt\u00f6\u00f6notto, Omnia, Matti Kuosmanen Klo 10 Tauko Klo 10.10 Digitalisaation ja teknologian mahdollisuudet puhetta tukevan ja korvaavan kommunikaation ohjausv\u00e4linein\u00e4, Turku, kristillinen, Krister Rantala Klo ... Lue lis\u00e4\u00e4","og_url":"https:\/\/blogit.gradia.fi\/tyte\/loppuwebinaari\/","og_site_name":"Ty\u00f6el\u00e4m\u00e4 ja teknologia-hanke","article_modified_time":"2021-12-01T15:30:54+00:00","twitter_card":"summary_large_image","twitter_misc":{"Arvioitu lukuaika":"1 minuutti"},"schema":{"@context":"https:\/\/schema.org","@graph":[{"@type":"WebPage","@id":"https:\/\/blogit.gradia.fi\/tyte\/loppuwebinaari\/","url":"https:\/\/blogit.gradia.fi\/tyte\/loppuwebinaari\/","name":"Loppuwebinaari - Ty\u00f6el\u00e4m\u00e4 ja teknologia-hanke","isPartOf":{"@id":"https:\/\/blogit.gradia.fi\/tyte\/#website"},"datePublished":"2021-09-01T07:45:42+00:00","dateModified":"2021-12-01T15:30:54+00:00","breadcrumb":{"@id":"https:\/\/blogit.gradia.fi\/tyte\/loppuwebinaari\/#breadcrumb"},"inLanguage":"fi","potentialAction":[{"@type":"ReadAction","target":["https:\/\/blogit.gradia.fi\/tyte\/loppuwebinaari\/"]}]},{"@type":"BreadcrumbList","@id":"https:\/\/blogit.gradia.fi\/tyte\/loppuwebinaari\/#breadcrumb","itemListElement":[{"@type":"ListItem","position":1,"name":"Home","item":"https:\/\/blogit.gradia.fi\/tyte\/"},{"@type":"ListItem","position":2,"name":"Loppuwebinaari"}]},{"@type":"WebSite","@id":"https:\/\/blogit.gradia.fi\/tyte\/#website","url":"https:\/\/blogit.gradia.fi\/tyte\/","name":"Ty\u00f6el\u00e4m\u00e4 ja teknologia-hanke","description":"","publisher":{"@id":"https:\/\/blogit.gradia.fi\/tyte\/#organization"},"potentialAction":[{"@type":"SearchAction","target":{"@type":"EntryPoint","urlTemplate":"https:\/\/blogit.gradia.fi\/tyte\/?s={search_term_string}"},"query-input":{"@type":"PropertyValueSpecification","valueRequired":true,"valueName":"search_term_string"}}],"inLanguage":"fi"},{"@type":"Organization","@id":"https:\/\/blogit.gradia.fi\/tyte\/#organization","name":"Ty\u00f6el\u00e4m\u00e4 ja teknologia-hanke","url":"https:\/\/blogit.gradia.fi\/tyte\/","logo":{"@type":"ImageObject","inLanguage":"fi","@id":"https:\/\/blogit.gradia.fi\/tyte\/#\/schema\/logo\/image\/","url":"https:\/\/blogit.gradia.fi\/tyte\/wp-content\/uploads\/sites\/157\/2020\/03\/cropped-DigitutorOsaaAuttaa_logo-150x150-1.jpg","contentUrl":"https:\/\/blogit.gradia.fi\/tyte\/wp-content\/uploads\/sites\/157\/2020\/03\/cropped-DigitutorOsaaAuttaa_logo-150x150-1.jpg","width":150,"height":150,"caption":"Ty\u00f6el\u00e4m\u00e4 ja teknologia-hanke"},"image":{"@id":"https:\/\/blogit.gradia.fi\/tyte\/#\/schema\/logo\/image\/"}}]}},"uagb_featured_image_src":{"full":false,"thumbnail":false,"medium":false,"medium_large":false,"large":false,"1536x1536":false,"2048x2048":false},"uagb_author_info":{"display_name":"paunosar","author_link":"https:\/\/blogit.gradia.fi\/tyte\/author\/paunosar\/"},"uagb_comment_info":0,"uagb_excerpt":"Hankkeen lopputuotokset esitell\u00e4\u00e4n osatoteuttajittain pe 12.11. klo 9.00 alkaen. Webinaariin p\u00e4\u00e4set liittym\u00e4\u00e4n t\u00e4st\u00e4. Ohjelma: Klo 9 Hankkeesta lyhyesti, Gradia, Sari Paunonen Klo 9.10 Digituessa toimiminen, Redu, Jyrki Niskanen Klo 9.40 Workseedin k\u00e4ytt\u00f6\u00f6notto, Omnia, Matti Kuosmanen Klo 10 Tauko Klo 10.10 Digitalisaation ja teknologian mahdollisuudet puhetta tukevan ja korvaavan kommunikaation ohjausv\u00e4linein\u00e4, Turku, kristillinen, Krister Rantala Klo&hellip;","_links":{"self":[{"href":"https:\/\/blogit.gradia.fi\/tyte\/wp-json\/wp\/v2\/pages\/248","targetHints":{"allow":["GET"]}}],"collection":[{"href":"https:\/\/blogit.gradia.fi\/tyte\/wp-json\/wp\/v2\/pages"}],"about":[{"href":"https:\/\/blogit.gradia.fi\/tyte\/wp-json\/wp\/v2\/types\/page"}],"author":[{"embeddable":true,"href":"https:\/\/blogit.gradia.fi\/tyte\/wp-json\/wp\/v2\/users\/680"}],"replies":[{"embeddable":true,"href":"https:\/\/blogit.gradia.fi\/tyte\/wp-json\/wp\/v2\/comments?post=248"}],"version-history":[{"count":18,"href":"https:\/\/blogit.gradia.fi\/tyte\/wp-json\/wp\/v2\/pages\/248\/revisions"}],"predecessor-version":[{"id":295,"href":"https:\/\/blogit.gradia.fi\/tyte\/wp-json\/wp\/v2\/pages\/248\/revisions\/295"}],"wp:attachment":[{"href":"https:\/\/blogit.gradia.fi\/tyte\/wp-json\/wp\/v2\/media?parent=248"}],"curies":[{"name":"wp","href":"https:\/\/api.w.org\/{rel}","templated":true}]}}