{"id":24,"date":"2020-03-03T12:36:36","date_gmt":"2020-03-03T10:36:36","guid":{"rendered":"https:\/\/blogit.gradia.fi\/tyte\/?page_id=24"},"modified":"2020-03-30T15:44:33","modified_gmt":"2020-03-30T12:44:33","slug":"hankkeen-yhteistyokumppanit","status":"publish","type":"page","link":"https:\/\/blogit.gradia.fi\/tyte\/hankkeen-yhteistyokumppanit\/","title":{"rendered":"Hankkeen yhteisty\u00f6kumppanit"},"content":{"rendered":"\n<figure class=\"wp-block-image size-large is-resized\"><a href=\"https:\/\/oph.fi\"><img loading=\"lazy\" decoding=\"async\" src=\"https:\/\/blogit.gradia.fi\/tyte\/wp-content\/uploads\/sites\/157\/2020\/03\/181404_oph_rahoittaa_rgb-1.png\" alt=\"\" class=\"wp-image-17\" width=\"163\" height=\"158\" srcset=\"https:\/\/blogit.gradia.fi\/tyte\/wp-content\/uploads\/sites\/157\/2020\/03\/181404_oph_rahoittaa_rgb-1.png 360w, https:\/\/blogit.gradia.fi\/tyte\/wp-content\/uploads\/sites\/157\/2020\/03\/181404_oph_rahoittaa_rgb-1-300x290.png 300w\" sizes=\"auto, (max-width: 163px) 100vw, 163px\" \/><\/a><\/figure>\n\n\n\n<p><a href=\"https:\/\/www.gradia.fi\/hankkeet\">Jyv\u00e4skyl\u00e4n koulutuskuntayhtym\u00e4, hankkeen koordinoija <\/a><br>Hankkeen projektip\u00e4\u00e4llik\u00f6t:<br>Jaana Virtanen,\u00a0<a rel=\"noreferrer noopener\" href=\"mailto:jaana.virtanen@gradia.fi\" target=\"_blank\">jaana.virtanen@gradia.fi<\/a>, puh. 040 341 4484<br>Sari Paunonen,\u00a0<a rel=\"noreferrer noopener\" href=\"mailto:sari.paunonen@gradia.fi\" target=\"_blank\">sari.paunonen@gradia.fi<\/a>,\u00a0puh. 040 341 5820<\/p>\n\n\n\n<p><a href=\"https:\/\/www.osao.fi\/tietoa-osaosta\/kehittaminen\/hankkeet\/\">Oulun seudun ammattiopisto<\/a><\/p>\n\n\n\n<p><a href=\"https:\/\/www.omnia.fi\/tietoa-omniasta\/hankkeet\">Espoon seudun koulutuskuntayhtym\u00e4<\/a><\/p>\n\n\n\n<p><a href=\"https:\/\/www.redu.fi\/fi\/REDU\/Hankkeet\">Lapin koulutuskeskus<\/a><\/p>\n\n\n\n<p><a href=\"http:\/\/www.edusampo.fi\/tietoa_samposta\/hankkeet\">Saimaan ammattiopisto<\/a><\/p>\n\n\n\n<p><a href=\"https:\/\/www.salpaus.fi\/info\/kehitamme-toimintaamme\/hankkeet\/\">Koulutuskeskus Salpaus<\/a><\/p>\n\n\n\n<p><a href=\"https:\/\/sataedu.fi\/sataedu\/hankkeet\/\">Satakunnan koulutuskuntayhtym\u00e4<\/a><\/p>\n\n\n\n<p><a href=\"https:\/\/turunkristillinenopisto.fi\/tutustu-meihin\/projektit\/\">Turun kristillinen opisto<\/a><\/p>\n\n\n\n<p><a href=\"https:\/\/turkuai.fi\">Turun ammatti-instituutti<\/a><\/p>\n\n\n\n<p><a href=\"https:\/\/www.sskky.fi\/kuntayhtyma\/kehittamistoiminta\">Salon seudun ammattiopisto<\/a><\/p>\n","protected":false},"excerpt":{"rendered":"<p>Jyv\u00e4skyl\u00e4n koulutuskuntayhtym\u00e4, hankkeen koordinoija Hankkeen projektip\u00e4\u00e4llik\u00f6t:Jaana Virtanen,\u00a0jaana.virtanen@gradia.fi, puh. 040 341 4484Sari Paunonen,\u00a0sari.paunonen@gradia.fi,\u00a0puh. 040 341 5820 Oulun seudun ammattiopisto Espoon seudun koulutuskuntayhtym\u00e4 Lapin koulutuskeskus Saimaan ammattiopisto Koulutuskeskus Salpaus Satakunnan koulutuskuntayhtym\u00e4 Turun kristillinen opisto Turun ammatti-instituutti Salon seudun ammattiopisto<\/p>\n","protected":false},"author":43,"featured_media":0,"parent":0,"menu_order":0,"comment_status":"closed","ping_status":"closed","template":"","meta":{"_uag_custom_page_level_css":"","footnotes":""},"class_list":["post-24","page","type-page","status-publish"],"yoast_head":"<!-- This site is optimized with the Yoast SEO plugin v27.5 - https:\/\/yoast.com\/product\/yoast-seo-wordpress\/ -->\n<title>Hankkeen yhteisty\u00f6kumppanit - Ty\u00f6el\u00e4m\u00e4 ja teknologia-hanke<\/title>\n<meta name=\"robots\" content=\"index, follow, max-snippet:-1, max-image-preview:large, max-video-preview:-1\" \/>\n<link rel=\"canonical\" href=\"https:\/\/blogit.gradia.fi\/tyte\/hankkeen-yhteistyokumppanit\/\" \/>\n<meta property=\"og:locale\" content=\"fi_FI\" \/>\n<meta property=\"og:type\" content=\"article\" \/>\n<meta property=\"og:title\" content=\"Hankkeen yhteisty\u00f6kumppanit - Ty\u00f6el\u00e4m\u00e4 ja teknologia-hanke\" \/>\n<meta property=\"og:description\" content=\"Jyv\u00e4skyl\u00e4n koulutuskuntayhtym\u00e4, hankkeen koordinoija Hankkeen projektip\u00e4\u00e4llik\u00f6t:Jaana Virtanen,\u00a0jaana.virtanen@gradia.fi, puh. 040 341 4484Sari Paunonen,\u00a0sari.paunonen@gradia.fi,\u00a0puh. 040 341 5820 Oulun seudun ammattiopisto Espoon seudun koulutuskuntayhtym\u00e4 Lapin koulutuskeskus Saimaan ammattiopisto Koulutuskeskus Salpaus Satakunnan koulutuskuntayhtym\u00e4 Turun kristillinen opisto Turun ammatti-instituutti Salon seudun ammattiopisto\" \/>\n<meta property=\"og:url\" content=\"https:\/\/blogit.gradia.fi\/tyte\/hankkeen-yhteistyokumppanit\/\" \/>\n<meta property=\"og:site_name\" content=\"Ty\u00f6el\u00e4m\u00e4 ja teknologia-hanke\" \/>\n<meta property=\"article:modified_time\" content=\"2020-03-30T12:44:33+00:00\" \/>\n<meta property=\"og:image\" content=\"https:\/\/blogit.gradia.fi\/tyte\/wp-content\/uploads\/sites\/157\/2020\/03\/181404_oph_rahoittaa_rgb-1.png\" \/>\n<meta name=\"twitter:card\" content=\"summary_large_image\" \/>\n<script type=\"application\/ld+json\" class=\"yoast-schema-graph\">{\"@context\":\"https:\\\/\\\/schema.org\",\"@graph\":[{\"@type\":\"WebPage\",\"@id\":\"https:\\\/\\\/blogit.gradia.fi\\\/tyte\\\/hankkeen-yhteistyokumppanit\\\/\",\"url\":\"https:\\\/\\\/blogit.gradia.fi\\\/tyte\\\/hankkeen-yhteistyokumppanit\\\/\",\"name\":\"Hankkeen yhteisty\u00f6kumppanit - Ty\u00f6el\u00e4m\u00e4 ja teknologia-hanke\",\"isPartOf\":{\"@id\":\"https:\\\/\\\/blogit.gradia.fi\\\/tyte\\\/#website\"},\"primaryImageOfPage\":{\"@id\":\"https:\\\/\\\/blogit.gradia.fi\\\/tyte\\\/hankkeen-yhteistyokumppanit\\\/#primaryimage\"},\"image\":{\"@id\":\"https:\\\/\\\/blogit.gradia.fi\\\/tyte\\\/hankkeen-yhteistyokumppanit\\\/#primaryimage\"},\"thumbnailUrl\":\"https:\\\/\\\/blogit.gradia.fi\\\/tyte\\\/wp-content\\\/uploads\\\/sites\\\/157\\\/2020\\\/03\\\/181404_oph_rahoittaa_rgb-1.png\",\"datePublished\":\"2020-03-03T10:36:36+00:00\",\"dateModified\":\"2020-03-30T12:44:33+00:00\",\"breadcrumb\":{\"@id\":\"https:\\\/\\\/blogit.gradia.fi\\\/tyte\\\/hankkeen-yhteistyokumppanit\\\/#breadcrumb\"},\"inLanguage\":\"fi\",\"potentialAction\":[{\"@type\":\"ReadAction\",\"target\":[\"https:\\\/\\\/blogit.gradia.fi\\\/tyte\\\/hankkeen-yhteistyokumppanit\\\/\"]}]},{\"@type\":\"ImageObject\",\"inLanguage\":\"fi\",\"@id\":\"https:\\\/\\\/blogit.gradia.fi\\\/tyte\\\/hankkeen-yhteistyokumppanit\\\/#primaryimage\",\"url\":\"https:\\\/\\\/blogit.gradia.fi\\\/tyte\\\/wp-content\\\/uploads\\\/sites\\\/157\\\/2020\\\/03\\\/181404_oph_rahoittaa_rgb-1.png\",\"contentUrl\":\"https:\\\/\\\/blogit.gradia.fi\\\/tyte\\\/wp-content\\\/uploads\\\/sites\\\/157\\\/2020\\\/03\\\/181404_oph_rahoittaa_rgb-1.png\",\"width\":360,\"height\":348},{\"@type\":\"BreadcrumbList\",\"@id\":\"https:\\\/\\\/blogit.gradia.fi\\\/tyte\\\/hankkeen-yhteistyokumppanit\\\/#breadcrumb\",\"itemListElement\":[{\"@type\":\"ListItem\",\"position\":1,\"name\":\"Home\",\"item\":\"https:\\\/\\\/blogit.gradia.fi\\\/tyte\\\/\"},{\"@type\":\"ListItem\",\"position\":2,\"name\":\"Hankkeen yhteisty\u00f6kumppanit\"}]},{\"@type\":\"WebSite\",\"@id\":\"https:\\\/\\\/blogit.gradia.fi\\\/tyte\\\/#website\",\"url\":\"https:\\\/\\\/blogit.gradia.fi\\\/tyte\\\/\",\"name\":\"Ty\u00f6el\u00e4m\u00e4 ja teknologia-hanke\",\"description\":\"\",\"publisher\":{\"@id\":\"https:\\\/\\\/blogit.gradia.fi\\\/tyte\\\/#organization\"},\"potentialAction\":[{\"@type\":\"SearchAction\",\"target\":{\"@type\":\"EntryPoint\",\"urlTemplate\":\"https:\\\/\\\/blogit.gradia.fi\\\/tyte\\\/?s={search_term_string}\"},\"query-input\":{\"@type\":\"PropertyValueSpecification\",\"valueRequired\":true,\"valueName\":\"search_term_string\"}}],\"inLanguage\":\"fi\"},{\"@type\":\"Organization\",\"@id\":\"https:\\\/\\\/blogit.gradia.fi\\\/tyte\\\/#organization\",\"name\":\"Ty\u00f6el\u00e4m\u00e4 ja teknologia-hanke\",\"url\":\"https:\\\/\\\/blogit.gradia.fi\\\/tyte\\\/\",\"logo\":{\"@type\":\"ImageObject\",\"inLanguage\":\"fi\",\"@id\":\"https:\\\/\\\/blogit.gradia.fi\\\/tyte\\\/#\\\/schema\\\/logo\\\/image\\\/\",\"url\":\"https:\\\/\\\/blogit.gradia.fi\\\/tyte\\\/wp-content\\\/uploads\\\/sites\\\/157\\\/2020\\\/03\\\/cropped-DigitutorOsaaAuttaa_logo-150x150-1.jpg\",\"contentUrl\":\"https:\\\/\\\/blogit.gradia.fi\\\/tyte\\\/wp-content\\\/uploads\\\/sites\\\/157\\\/2020\\\/03\\\/cropped-DigitutorOsaaAuttaa_logo-150x150-1.jpg\",\"width\":150,\"height\":150,\"caption\":\"Ty\u00f6el\u00e4m\u00e4 ja teknologia-hanke\"},\"image\":{\"@id\":\"https:\\\/\\\/blogit.gradia.fi\\\/tyte\\\/#\\\/schema\\\/logo\\\/image\\\/\"}}]}<\/script>\n<!-- \/ Yoast SEO plugin. -->","yoast_head_json":{"title":"Hankkeen yhteisty\u00f6kumppanit - Ty\u00f6el\u00e4m\u00e4 ja teknologia-hanke","robots":{"index":"index","follow":"follow","max-snippet":"max-snippet:-1","max-image-preview":"max-image-preview:large","max-video-preview":"max-video-preview:-1"},"canonical":"https:\/\/blogit.gradia.fi\/tyte\/hankkeen-yhteistyokumppanit\/","og_locale":"fi_FI","og_type":"article","og_title":"Hankkeen yhteisty\u00f6kumppanit - Ty\u00f6el\u00e4m\u00e4 ja teknologia-hanke","og_description":"Jyv\u00e4skyl\u00e4n koulutuskuntayhtym\u00e4, hankkeen koordinoija Hankkeen projektip\u00e4\u00e4llik\u00f6t:Jaana Virtanen,\u00a0jaana.virtanen@gradia.fi, puh. 040 341 4484Sari Paunonen,\u00a0sari.paunonen@gradia.fi,\u00a0puh. 040 341 5820 Oulun seudun ammattiopisto Espoon seudun koulutuskuntayhtym\u00e4 Lapin koulutuskeskus Saimaan ammattiopisto Koulutuskeskus Salpaus Satakunnan koulutuskuntayhtym\u00e4 Turun kristillinen opisto Turun ammatti-instituutti Salon seudun ammattiopisto","og_url":"https:\/\/blogit.gradia.fi\/tyte\/hankkeen-yhteistyokumppanit\/","og_site_name":"Ty\u00f6el\u00e4m\u00e4 ja teknologia-hanke","article_modified_time":"2020-03-30T12:44:33+00:00","og_image":[{"url":"https:\/\/blogit.gradia.fi\/tyte\/wp-content\/uploads\/sites\/157\/2020\/03\/181404_oph_rahoittaa_rgb-1.png","type":"","width":"","height":""}],"twitter_card":"summary_large_image","schema":{"@context":"https:\/\/schema.org","@graph":[{"@type":"WebPage","@id":"https:\/\/blogit.gradia.fi\/tyte\/hankkeen-yhteistyokumppanit\/","url":"https:\/\/blogit.gradia.fi\/tyte\/hankkeen-yhteistyokumppanit\/","name":"Hankkeen yhteisty\u00f6kumppanit - Ty\u00f6el\u00e4m\u00e4 ja teknologia-hanke","isPartOf":{"@id":"https:\/\/blogit.gradia.fi\/tyte\/#website"},"primaryImageOfPage":{"@id":"https:\/\/blogit.gradia.fi\/tyte\/hankkeen-yhteistyokumppanit\/#primaryimage"},"image":{"@id":"https:\/\/blogit.gradia.fi\/tyte\/hankkeen-yhteistyokumppanit\/#primaryimage"},"thumbnailUrl":"https:\/\/blogit.gradia.fi\/tyte\/wp-content\/uploads\/sites\/157\/2020\/03\/181404_oph_rahoittaa_rgb-1.png","datePublished":"2020-03-03T10:36:36+00:00","dateModified":"2020-03-30T12:44:33+00:00","breadcrumb":{"@id":"https:\/\/blogit.gradia.fi\/tyte\/hankkeen-yhteistyokumppanit\/#breadcrumb"},"inLanguage":"fi","potentialAction":[{"@type":"ReadAction","target":["https:\/\/blogit.gradia.fi\/tyte\/hankkeen-yhteistyokumppanit\/"]}]},{"@type":"ImageObject","inLanguage":"fi","@id":"https:\/\/blogit.gradia.fi\/tyte\/hankkeen-yhteistyokumppanit\/#primaryimage","url":"https:\/\/blogit.gradia.fi\/tyte\/wp-content\/uploads\/sites\/157\/2020\/03\/181404_oph_rahoittaa_rgb-1.png","contentUrl":"https:\/\/blogit.gradia.fi\/tyte\/wp-content\/uploads\/sites\/157\/2020\/03\/181404_oph_rahoittaa_rgb-1.png","width":360,"height":348},{"@type":"BreadcrumbList","@id":"https:\/\/blogit.gradia.fi\/tyte\/hankkeen-yhteistyokumppanit\/#breadcrumb","itemListElement":[{"@type":"ListItem","position":1,"name":"Home","item":"https:\/\/blogit.gradia.fi\/tyte\/"},{"@type":"ListItem","position":2,"name":"Hankkeen yhteisty\u00f6kumppanit"}]},{"@type":"WebSite","@id":"https:\/\/blogit.gradia.fi\/tyte\/#website","url":"https:\/\/blogit.gradia.fi\/tyte\/","name":"Ty\u00f6el\u00e4m\u00e4 ja teknologia-hanke","description":"","publisher":{"@id":"https:\/\/blogit.gradia.fi\/tyte\/#organization"},"potentialAction":[{"@type":"SearchAction","target":{"@type":"EntryPoint","urlTemplate":"https:\/\/blogit.gradia.fi\/tyte\/?s={search_term_string}"},"query-input":{"@type":"PropertyValueSpecification","valueRequired":true,"valueName":"search_term_string"}}],"inLanguage":"fi"},{"@type":"Organization","@id":"https:\/\/blogit.gradia.fi\/tyte\/#organization","name":"Ty\u00f6el\u00e4m\u00e4 ja teknologia-hanke","url":"https:\/\/blogit.gradia.fi\/tyte\/","logo":{"@type":"ImageObject","inLanguage":"fi","@id":"https:\/\/blogit.gradia.fi\/tyte\/#\/schema\/logo\/image\/","url":"https:\/\/blogit.gradia.fi\/tyte\/wp-content\/uploads\/sites\/157\/2020\/03\/cropped-DigitutorOsaaAuttaa_logo-150x150-1.jpg","contentUrl":"https:\/\/blogit.gradia.fi\/tyte\/wp-content\/uploads\/sites\/157\/2020\/03\/cropped-DigitutorOsaaAuttaa_logo-150x150-1.jpg","width":150,"height":150,"caption":"Ty\u00f6el\u00e4m\u00e4 ja teknologia-hanke"},"image":{"@id":"https:\/\/blogit.gradia.fi\/tyte\/#\/schema\/logo\/image\/"}}]}},"uagb_featured_image_src":{"full":false,"thumbnail":false,"medium":false,"medium_large":false,"large":false,"1536x1536":false,"2048x2048":false},"uagb_author_info":{"display_name":"Jaana Virtanen","author_link":"https:\/\/blogit.gradia.fi\/tyte\/author\/virtajaa\/"},"uagb_comment_info":0,"uagb_excerpt":"Jyv\u00e4skyl\u00e4n koulutuskuntayhtym\u00e4, hankkeen koordinoija Hankkeen projektip\u00e4\u00e4llik\u00f6t:Jaana Virtanen,\u00a0jaana.virtanen@gradia.fi, puh. 040 341 4484Sari Paunonen,\u00a0sari.paunonen@gradia.fi,\u00a0puh. 040 341 5820 Oulun seudun ammattiopisto Espoon seudun koulutuskuntayhtym\u00e4 Lapin koulutuskeskus Saimaan ammattiopisto Koulutuskeskus Salpaus Satakunnan koulutuskuntayhtym\u00e4 Turun kristillinen opisto Turun ammatti-instituutti Salon seudun ammattiopisto","_links":{"self":[{"href":"https:\/\/blogit.gradia.fi\/tyte\/wp-json\/wp\/v2\/pages\/24","targetHints":{"allow":["GET"]}}],"collection":[{"href":"https:\/\/blogit.gradia.fi\/tyte\/wp-json\/wp\/v2\/pages"}],"about":[{"href":"https:\/\/blogit.gradia.fi\/tyte\/wp-json\/wp\/v2\/types\/page"}],"author":[{"embeddable":true,"href":"https:\/\/blogit.gradia.fi\/tyte\/wp-json\/wp\/v2\/users\/43"}],"replies":[{"embeddable":true,"href":"https:\/\/blogit.gradia.fi\/tyte\/wp-json\/wp\/v2\/comments?post=24"}],"version-history":[{"count":10,"href":"https:\/\/blogit.gradia.fi\/tyte\/wp-json\/wp\/v2\/pages\/24\/revisions"}],"predecessor-version":[{"id":121,"href":"https:\/\/blogit.gradia.fi\/tyte\/wp-json\/wp\/v2\/pages\/24\/revisions\/121"}],"wp:attachment":[{"href":"https:\/\/blogit.gradia.fi\/tyte\/wp-json\/wp\/v2\/media?parent=24"}],"curies":[{"name":"wp","href":"https:\/\/api.w.org\/{rel}","templated":true}]}}