{"id":21,"date":"2020-03-03T12:33:18","date_gmt":"2020-03-03T10:33:18","guid":{"rendered":"https:\/\/blogit.gradia.fi\/tyte\/?page_id=21"},"modified":"2020-04-06T17:39:30","modified_gmt":"2020-04-06T14:39:30","slug":"etusivu-2","status":"publish","type":"page","link":"https:\/\/blogit.gradia.fi\/tyte\/","title":{"rendered":"Etusivu"},"content":{"rendered":"\n<p class=\"has-large-font-size\">Hankkeen tavoite<\/p>\n\n\n\n<p>Ty\u00f6el\u00e4m\u00e4 ja teknologia -hanke on osa OPH:n Ammatillisen koulutuksen uudet oppimisymp\u00e4rist\u00f6t ja -ratkaisut valtionavustusta.<br><br>Hankkeen tavoitteena on jalkauttaa ja juurruttaa ty\u00f6el\u00e4m\u00e4n Digitutor-mallia uusille koulutusaloille ja uusien koulutuksenj\u00e4rjest\u00e4jien k\u00e4ytt\u00f6\u00f6n ja vied\u00e4 digiosaamista opiskelijoiden avulla niin ty\u00f6el\u00e4m\u00e4\u00e4n, oppilaitoksiin, yhdistyksiin kuin seuroihin.<br><br>Hankkeessa hy\u00f6dynnet\u00e4\u00e4n opiskelijan digiosaamista ty\u00f6paikalla tapahtuvan oppimisen ohjauksessa. Digiosaava opiskelija on tuki ty\u00f6paikkaohjaajille ja opettajille.<br><br>Hankkeen toteusaika 9.9.2019 \u2013 31.12.2021.<br>Hankkeen p\u00e4\u00e4koordinaattori on Jyv\u00e4skyl\u00e4n koulutuskuntayhtym\u00e4. <\/p>\n\n\n\n<div class=\"wp-block-image\"><figure class=\"alignleft size-large is-resized\"><img loading=\"lazy\" decoding=\"async\" src=\"https:\/\/blogit.gradia.fi\/tyte\/wp-content\/uploads\/sites\/157\/2020\/03\/DigitutorOsaaAuttaa_logo-150x150-1.jpg\" alt=\"\" class=\"wp-image-96\" width=\"136\" height=\"136\" \/><\/figure><\/div>\n\n\n\n<div class=\"wp-block-image\"><figure class=\"alignleft size-large is-resized\"><img loading=\"lazy\" decoding=\"async\" src=\"https:\/\/blogit.gradia.fi\/tyte\/wp-content\/uploads\/sites\/157\/2020\/03\/181404_oph_rahoittaa_rgb-1.png\" alt=\"\" class=\"wp-image-17\" width=\"144\" height=\"139\" srcset=\"https:\/\/blogit.gradia.fi\/tyte\/wp-content\/uploads\/sites\/157\/2020\/03\/181404_oph_rahoittaa_rgb-1.png 360w, https:\/\/blogit.gradia.fi\/tyte\/wp-content\/uploads\/sites\/157\/2020\/03\/181404_oph_rahoittaa_rgb-1-300x290.png 300w\" sizes=\"auto, (max-width: 144px) 100vw, 144px\" \/><\/figure><\/div>\n\n\n\n<p><\/p>\n","protected":false},"excerpt":{"rendered":"<p>Hankkeen tavoite Ty\u00f6el\u00e4m\u00e4 ja teknologia -hanke on osa OPH:n Ammatillisen koulutuksen uudet oppimisymp\u00e4rist\u00f6t ja -ratkaisut valtionavustusta. Hankkeen tavoitteena on jalkauttaa ja juurruttaa ty\u00f6el\u00e4m\u00e4n Digitutor-mallia uusille koulutusaloille ja uusien koulutuksenj\u00e4rjest\u00e4jien k\u00e4ytt\u00f6\u00f6n ja vied\u00e4 digiosaamista opiskelijoiden avulla niin ty\u00f6el\u00e4m\u00e4\u00e4n, oppilaitoksiin, yhdistyksiin kuin seuroihin. Hankkeessa hy\u00f6dynnet\u00e4\u00e4n opiskelijan digiosaamista ty\u00f6paikalla tapahtuvan oppimisen ohjauksessa. Digiosaava opiskelija on tuki ty\u00f6paikkaohjaajille ja &#8230; <a title=\"Etusivu\" class=\"read-more\" href=\"https:\/\/blogit.gradia.fi\/tyte\/\" aria-label=\"Lue lis\u00e4\u00e4 aiheesta Etusivu\">Lue lis\u00e4\u00e4<\/a><\/p>\n","protected":false},"author":43,"featured_media":0,"parent":0,"menu_order":0,"comment_status":"closed","ping_status":"closed","template":"","meta":{"_uag_custom_page_level_css":"","footnotes":""},"class_list":["post-21","page","type-page","status-publish"],"yoast_head":"<!-- This site is optimized with the Yoast SEO plugin v27.5 - https:\/\/yoast.com\/product\/yoast-seo-wordpress\/ -->\n<title>Etusivu - Ty\u00f6el\u00e4m\u00e4 ja teknologia-hanke<\/title>\n<meta name=\"robots\" content=\"index, follow, max-snippet:-1, max-image-preview:large, max-video-preview:-1\" \/>\n<link rel=\"canonical\" href=\"https:\/\/blogit.gradia.fi\/tyte\/\" \/>\n<meta property=\"og:locale\" content=\"fi_FI\" \/>\n<meta property=\"og:type\" content=\"article\" \/>\n<meta property=\"og:title\" content=\"Etusivu - Ty\u00f6el\u00e4m\u00e4 ja teknologia-hanke\" \/>\n<meta property=\"og:description\" content=\"Hankkeen tavoite Ty\u00f6el\u00e4m\u00e4 ja teknologia -hanke on osa OPH:n Ammatillisen koulutuksen uudet oppimisymp\u00e4rist\u00f6t ja -ratkaisut valtionavustusta. Hankkeen tavoitteena on jalkauttaa ja juurruttaa ty\u00f6el\u00e4m\u00e4n Digitutor-mallia uusille koulutusaloille ja uusien koulutuksenj\u00e4rjest\u00e4jien k\u00e4ytt\u00f6\u00f6n ja vied\u00e4 digiosaamista opiskelijoiden avulla niin ty\u00f6el\u00e4m\u00e4\u00e4n, oppilaitoksiin, yhdistyksiin kuin seuroihin. Hankkeessa hy\u00f6dynnet\u00e4\u00e4n opiskelijan digiosaamista ty\u00f6paikalla tapahtuvan oppimisen ohjauksessa. Digiosaava opiskelija on tuki ty\u00f6paikkaohjaajille ja ... Lue lis\u00e4\u00e4\" \/>\n<meta property=\"og:url\" content=\"https:\/\/blogit.gradia.fi\/tyte\/\" \/>\n<meta property=\"og:site_name\" content=\"Ty\u00f6el\u00e4m\u00e4 ja teknologia-hanke\" \/>\n<meta property=\"article:modified_time\" content=\"2020-04-06T14:39:30+00:00\" \/>\n<meta property=\"og:image\" content=\"https:\/\/blogit.gradia.fi\/tyte\/wp-content\/uploads\/sites\/157\/2020\/03\/DigitutorOsaaAuttaa_logo-150x150-1.jpg\" \/>\n<meta name=\"twitter:card\" content=\"summary_large_image\" \/>\n<script type=\"application\/ld+json\" class=\"yoast-schema-graph\">{\"@context\":\"https:\\\/\\\/schema.org\",\"@graph\":[{\"@type\":\"WebPage\",\"@id\":\"https:\\\/\\\/blogit.gradia.fi\\\/tyte\\\/\",\"url\":\"https:\\\/\\\/blogit.gradia.fi\\\/tyte\\\/\",\"name\":\"Etusivu - Ty\u00f6el\u00e4m\u00e4 ja teknologia-hanke\",\"isPartOf\":{\"@id\":\"https:\\\/\\\/blogit.gradia.fi\\\/tyte\\\/#website\"},\"primaryImageOfPage\":{\"@id\":\"https:\\\/\\\/blogit.gradia.fi\\\/tyte\\\/#primaryimage\"},\"image\":{\"@id\":\"https:\\\/\\\/blogit.gradia.fi\\\/tyte\\\/#primaryimage\"},\"thumbnailUrl\":\"https:\\\/\\\/blogit.gradia.fi\\\/tyte\\\/wp-content\\\/uploads\\\/sites\\\/157\\\/2020\\\/03\\\/DigitutorOsaaAuttaa_logo-150x150-1.jpg\",\"datePublished\":\"2020-03-03T10:33:18+00:00\",\"dateModified\":\"2020-04-06T14:39:30+00:00\",\"breadcrumb\":{\"@id\":\"https:\\\/\\\/blogit.gradia.fi\\\/tyte\\\/#breadcrumb\"},\"inLanguage\":\"fi\",\"potentialAction\":[{\"@type\":\"ReadAction\",\"target\":[\"https:\\\/\\\/blogit.gradia.fi\\\/tyte\\\/\"]}]},{\"@type\":\"ImageObject\",\"inLanguage\":\"fi\",\"@id\":\"https:\\\/\\\/blogit.gradia.fi\\\/tyte\\\/#primaryimage\",\"url\":\"https:\\\/\\\/blogit.gradia.fi\\\/tyte\\\/wp-content\\\/uploads\\\/sites\\\/157\\\/2020\\\/03\\\/DigitutorOsaaAuttaa_logo-150x150-1.jpg\",\"contentUrl\":\"https:\\\/\\\/blogit.gradia.fi\\\/tyte\\\/wp-content\\\/uploads\\\/sites\\\/157\\\/2020\\\/03\\\/DigitutorOsaaAuttaa_logo-150x150-1.jpg\",\"width\":150,\"height\":150},{\"@type\":\"BreadcrumbList\",\"@id\":\"https:\\\/\\\/blogit.gradia.fi\\\/tyte\\\/#breadcrumb\",\"itemListElement\":[{\"@type\":\"ListItem\",\"position\":1,\"name\":\"Home\",\"item\":\"https:\\\/\\\/blogit.gradia.fi\\\/tyte\\\/\"},{\"@type\":\"ListItem\",\"position\":2,\"name\":\"Etusivu\"}]},{\"@type\":\"WebSite\",\"@id\":\"https:\\\/\\\/blogit.gradia.fi\\\/tyte\\\/#website\",\"url\":\"https:\\\/\\\/blogit.gradia.fi\\\/tyte\\\/\",\"name\":\"Ty\u00f6el\u00e4m\u00e4 ja teknologia-hanke\",\"description\":\"\",\"publisher\":{\"@id\":\"https:\\\/\\\/blogit.gradia.fi\\\/tyte\\\/#organization\"},\"potentialAction\":[{\"@type\":\"SearchAction\",\"target\":{\"@type\":\"EntryPoint\",\"urlTemplate\":\"https:\\\/\\\/blogit.gradia.fi\\\/tyte\\\/?s={search_term_string}\"},\"query-input\":{\"@type\":\"PropertyValueSpecification\",\"valueRequired\":true,\"valueName\":\"search_term_string\"}}],\"inLanguage\":\"fi\"},{\"@type\":\"Organization\",\"@id\":\"https:\\\/\\\/blogit.gradia.fi\\\/tyte\\\/#organization\",\"name\":\"Ty\u00f6el\u00e4m\u00e4 ja teknologia-hanke\",\"url\":\"https:\\\/\\\/blogit.gradia.fi\\\/tyte\\\/\",\"logo\":{\"@type\":\"ImageObject\",\"inLanguage\":\"fi\",\"@id\":\"https:\\\/\\\/blogit.gradia.fi\\\/tyte\\\/#\\\/schema\\\/logo\\\/image\\\/\",\"url\":\"https:\\\/\\\/blogit.gradia.fi\\\/tyte\\\/wp-content\\\/uploads\\\/sites\\\/157\\\/2020\\\/03\\\/cropped-DigitutorOsaaAuttaa_logo-150x150-1.jpg\",\"contentUrl\":\"https:\\\/\\\/blogit.gradia.fi\\\/tyte\\\/wp-content\\\/uploads\\\/sites\\\/157\\\/2020\\\/03\\\/cropped-DigitutorOsaaAuttaa_logo-150x150-1.jpg\",\"width\":150,\"height\":150,\"caption\":\"Ty\u00f6el\u00e4m\u00e4 ja teknologia-hanke\"},\"image\":{\"@id\":\"https:\\\/\\\/blogit.gradia.fi\\\/tyte\\\/#\\\/schema\\\/logo\\\/image\\\/\"}}]}<\/script>\n<!-- \/ Yoast SEO plugin. -->","yoast_head_json":{"title":"Etusivu - Ty\u00f6el\u00e4m\u00e4 ja teknologia-hanke","robots":{"index":"index","follow":"follow","max-snippet":"max-snippet:-1","max-image-preview":"max-image-preview:large","max-video-preview":"max-video-preview:-1"},"canonical":"https:\/\/blogit.gradia.fi\/tyte\/","og_locale":"fi_FI","og_type":"article","og_title":"Etusivu - Ty\u00f6el\u00e4m\u00e4 ja teknologia-hanke","og_description":"Hankkeen tavoite Ty\u00f6el\u00e4m\u00e4 ja teknologia -hanke on osa OPH:n Ammatillisen koulutuksen uudet oppimisymp\u00e4rist\u00f6t ja -ratkaisut valtionavustusta. Hankkeen tavoitteena on jalkauttaa ja juurruttaa ty\u00f6el\u00e4m\u00e4n Digitutor-mallia uusille koulutusaloille ja uusien koulutuksenj\u00e4rjest\u00e4jien k\u00e4ytt\u00f6\u00f6n ja vied\u00e4 digiosaamista opiskelijoiden avulla niin ty\u00f6el\u00e4m\u00e4\u00e4n, oppilaitoksiin, yhdistyksiin kuin seuroihin. Hankkeessa hy\u00f6dynnet\u00e4\u00e4n opiskelijan digiosaamista ty\u00f6paikalla tapahtuvan oppimisen ohjauksessa. Digiosaava opiskelija on tuki ty\u00f6paikkaohjaajille ja ... Lue lis\u00e4\u00e4","og_url":"https:\/\/blogit.gradia.fi\/tyte\/","og_site_name":"Ty\u00f6el\u00e4m\u00e4 ja teknologia-hanke","article_modified_time":"2020-04-06T14:39:30+00:00","og_image":[{"url":"https:\/\/blogit.gradia.fi\/tyte\/wp-content\/uploads\/sites\/157\/2020\/03\/DigitutorOsaaAuttaa_logo-150x150-1.jpg","type":"","width":"","height":""}],"twitter_card":"summary_large_image","schema":{"@context":"https:\/\/schema.org","@graph":[{"@type":"WebPage","@id":"https:\/\/blogit.gradia.fi\/tyte\/","url":"https:\/\/blogit.gradia.fi\/tyte\/","name":"Etusivu - Ty\u00f6el\u00e4m\u00e4 ja teknologia-hanke","isPartOf":{"@id":"https:\/\/blogit.gradia.fi\/tyte\/#website"},"primaryImageOfPage":{"@id":"https:\/\/blogit.gradia.fi\/tyte\/#primaryimage"},"image":{"@id":"https:\/\/blogit.gradia.fi\/tyte\/#primaryimage"},"thumbnailUrl":"https:\/\/blogit.gradia.fi\/tyte\/wp-content\/uploads\/sites\/157\/2020\/03\/DigitutorOsaaAuttaa_logo-150x150-1.jpg","datePublished":"2020-03-03T10:33:18+00:00","dateModified":"2020-04-06T14:39:30+00:00","breadcrumb":{"@id":"https:\/\/blogit.gradia.fi\/tyte\/#breadcrumb"},"inLanguage":"fi","potentialAction":[{"@type":"ReadAction","target":["https:\/\/blogit.gradia.fi\/tyte\/"]}]},{"@type":"ImageObject","inLanguage":"fi","@id":"https:\/\/blogit.gradia.fi\/tyte\/#primaryimage","url":"https:\/\/blogit.gradia.fi\/tyte\/wp-content\/uploads\/sites\/157\/2020\/03\/DigitutorOsaaAuttaa_logo-150x150-1.jpg","contentUrl":"https:\/\/blogit.gradia.fi\/tyte\/wp-content\/uploads\/sites\/157\/2020\/03\/DigitutorOsaaAuttaa_logo-150x150-1.jpg","width":150,"height":150},{"@type":"BreadcrumbList","@id":"https:\/\/blogit.gradia.fi\/tyte\/#breadcrumb","itemListElement":[{"@type":"ListItem","position":1,"name":"Home","item":"https:\/\/blogit.gradia.fi\/tyte\/"},{"@type":"ListItem","position":2,"name":"Etusivu"}]},{"@type":"WebSite","@id":"https:\/\/blogit.gradia.fi\/tyte\/#website","url":"https:\/\/blogit.gradia.fi\/tyte\/","name":"Ty\u00f6el\u00e4m\u00e4 ja teknologia-hanke","description":"","publisher":{"@id":"https:\/\/blogit.gradia.fi\/tyte\/#organization"},"potentialAction":[{"@type":"SearchAction","target":{"@type":"EntryPoint","urlTemplate":"https:\/\/blogit.gradia.fi\/tyte\/?s={search_term_string}"},"query-input":{"@type":"PropertyValueSpecification","valueRequired":true,"valueName":"search_term_string"}}],"inLanguage":"fi"},{"@type":"Organization","@id":"https:\/\/blogit.gradia.fi\/tyte\/#organization","name":"Ty\u00f6el\u00e4m\u00e4 ja teknologia-hanke","url":"https:\/\/blogit.gradia.fi\/tyte\/","logo":{"@type":"ImageObject","inLanguage":"fi","@id":"https:\/\/blogit.gradia.fi\/tyte\/#\/schema\/logo\/image\/","url":"https:\/\/blogit.gradia.fi\/tyte\/wp-content\/uploads\/sites\/157\/2020\/03\/cropped-DigitutorOsaaAuttaa_logo-150x150-1.jpg","contentUrl":"https:\/\/blogit.gradia.fi\/tyte\/wp-content\/uploads\/sites\/157\/2020\/03\/cropped-DigitutorOsaaAuttaa_logo-150x150-1.jpg","width":150,"height":150,"caption":"Ty\u00f6el\u00e4m\u00e4 ja teknologia-hanke"},"image":{"@id":"https:\/\/blogit.gradia.fi\/tyte\/#\/schema\/logo\/image\/"}}]}},"uagb_featured_image_src":{"full":false,"thumbnail":false,"medium":false,"medium_large":false,"large":false,"1536x1536":false,"2048x2048":false},"uagb_author_info":{"display_name":"Jaana Virtanen","author_link":"https:\/\/blogit.gradia.fi\/tyte\/author\/virtajaa\/"},"uagb_comment_info":0,"uagb_excerpt":"Hankkeen tavoite Ty\u00f6el\u00e4m\u00e4 ja teknologia -hanke on osa OPH:n Ammatillisen koulutuksen uudet oppimisymp\u00e4rist\u00f6t ja -ratkaisut valtionavustusta. Hankkeen tavoitteena on jalkauttaa ja juurruttaa ty\u00f6el\u00e4m\u00e4n Digitutor-mallia uusille koulutusaloille ja uusien koulutuksenj\u00e4rjest\u00e4jien k\u00e4ytt\u00f6\u00f6n ja vied\u00e4 digiosaamista opiskelijoiden avulla niin ty\u00f6el\u00e4m\u00e4\u00e4n, oppilaitoksiin, yhdistyksiin kuin seuroihin. Hankkeessa hy\u00f6dynnet\u00e4\u00e4n opiskelijan digiosaamista ty\u00f6paikalla tapahtuvan oppimisen ohjauksessa. Digiosaava opiskelija on tuki ty\u00f6paikkaohjaajille ja&hellip;","_links":{"self":[{"href":"https:\/\/blogit.gradia.fi\/tyte\/wp-json\/wp\/v2\/pages\/21","targetHints":{"allow":["GET"]}}],"collection":[{"href":"https:\/\/blogit.gradia.fi\/tyte\/wp-json\/wp\/v2\/pages"}],"about":[{"href":"https:\/\/blogit.gradia.fi\/tyte\/wp-json\/wp\/v2\/types\/page"}],"author":[{"embeddable":true,"href":"https:\/\/blogit.gradia.fi\/tyte\/wp-json\/wp\/v2\/users\/43"}],"replies":[{"embeddable":true,"href":"https:\/\/blogit.gradia.fi\/tyte\/wp-json\/wp\/v2\/comments?post=21"}],"version-history":[{"count":23,"href":"https:\/\/blogit.gradia.fi\/tyte\/wp-json\/wp\/v2\/pages\/21\/revisions"}],"predecessor-version":[{"id":145,"href":"https:\/\/blogit.gradia.fi\/tyte\/wp-json\/wp\/v2\/pages\/21\/revisions\/145"}],"wp:attachment":[{"href":"https:\/\/blogit.gradia.fi\/tyte\/wp-json\/wp\/v2\/media?parent=21"}],"curies":[{"name":"wp","href":"https:\/\/api.w.org\/{rel}","templated":true}]}}