{"id":20,"date":"2023-09-27T09:55:52","date_gmt":"2023-09-27T06:55:52","guid":{"rendered":"https:\/\/blogit.gradia.fi\/sujuvasti\/?page_id=20"},"modified":"2024-04-23T10:03:33","modified_gmt":"2024-04-23T07:03:33","slug":"linkkeja-maahanmuuttaneelle","status":"publish","type":"page","link":"https:\/\/blogit.gradia.fi\/sujuvasti\/linkkeja-maahanmuuttaneelle\/","title":{"rendered":"Linkkej\u00e4 maahanmuuttaneille"},"content":{"rendered":"\n<ol class=\"wp-block-list\" start=\"1\">\n<li><strong>Suomen kielen osaaminen ja arviointi&nbsp;<\/strong>&nbsp;<\/li>\n<\/ol>\n\n\n\n<p>Lue, mik\u00e4 on eurooppalainen viitekehys ja miten sit\u00e4 k\u00e4ytet\u00e4\u00e4n kielitaidon arvioinnissa. <a href=\"https:\/\/www.kielibuusti.fi\/fi\/opiskele-suomea\/kielitestit-ja-kielitaitotasot\/cefr-eurooppalaiset-kielitaitotasot\" target=\"_blank\" rel=\"noreferrer noopener\">https:\/\/www.kielibuusti.fi\/fi\/opiskele-suomea\/kielitestit-ja-kielitaitotasot\/cefr-eurooppalaiset-kielitaitotasot<\/a>&nbsp;&nbsp;<\/p>\n\n\n\n<p>Eurooppalaisen viitekehyksen taitotasot kuvana l\u00f6yd\u00e4t t\u00e4\u00e4lt\u00e4 <a href=\"https:\/\/old.svenskanu.fi\/opo\/kuvat\/juliste.pdf\" target=\"_blank\" rel=\"noreferrer noopener\">https:\/\/old.svenskanu.fi\/opo\/kuvat\/juliste.pdf<\/a>&nbsp;&nbsp;<\/p>\n\n\n\n<p>Arvioi itse, mill\u00e4 taitotasolla sinun suomen kielen osaaminen on nyt (puhuminen, puheen ymm\u00e4rt\u00e4minen, kirjoittaminen ja tekstin ymm\u00e4rt\u00e4minen).\u00a0<a href=\"https:\/\/www.kielibuusti.fi\/fi\/opiskele-suomea\/suunnittele-kieliopintojasi\/arvioi-kielitaitoasi\" target=\"_blank\" rel=\"noreferrer noopener\">https:\/\/www.kielibuusti.fi\/fi\/opiskele-suomea\/suunnittele-kieliopintojasi\/arvioi-kielitaitoasi<\/a><\/p>\n\n\n\n<p>T\u00e4\u00e4lt\u00e4 voit lukea, mill\u00e4 todistuksella voit osoittaa kielitaitosi, kun haluat tehd\u00e4 ty\u00f6t\u00e4 sosiaali- ja terveysalalla.\u00a0\u00a0<a href=\"https:\/\/valvira.fi\/ammattioikeudet\/riittava-kielitaito\" target=\"_blank\" rel=\"noreferrer noopener\">https:\/\/valvira.fi\/ammattioikeudet\/riittava-kielitaito<\/a><\/p>\n\n\n\n<p>Tietoa YKI-tekstist\u00e4 eli yleisist\u00e4 kielitutkinnoista sek\u00e4 esimerkkej\u00e4 testiteht\u00e4vist\u00e4 l\u00f6yd\u00e4t t\u00e4\u00e4lt\u00e4.\u00a0\u00a0<a href=\"http:\/\/ykitesti.solki.jyu.fi\/\" target=\"_blank\" rel=\"noreferrer noopener\">http:\/\/ykitesti.solki.jyu.fi\/<\/a><\/p>\n\n\n\n<div style=\"height:24px\" aria-hidden=\"true\" class=\"wp-block-spacer\"><\/div>\n\n\n\n<ol class=\"wp-block-list\" start=\"2\">\n<li><strong>Haluatko oppia erityisesti sosiaali- ja terveysalalla tarvittavaa suomen kielt\u00e4?<\/strong>&nbsp;&nbsp;<\/li>\n<\/ol>\n\n\n\n<p>Verkossa paljon materiaalia, jonka avulla voit harjoitella ja kerrata hoitoalan suomea ja ty\u00f6el\u00e4m\u00e4taitoja. Tutustut my\u00f6s hoitoalaan Suomessa. Valitse, mik\u00e4 materiaali sopii sinulle.\u00a0 <\/p>\n\n\n\n<p><a href=\"https:\/\/osaamisenpaikka.fi\/opi-hoitoalaa-ja-suomea\/\" target=\"_blank\" rel=\"noreferrer noopener\">https:\/\/osaamisenpaikka.fi\/opi-hoitoalaa-ja-suomea\/<\/a><\/p>\n\n\n\n<p><a href=\"https:\/\/sotesuomea.wordpress.com\/\" target=\"_blank\" rel=\"noreferrer noopener\">https:\/\/sotesuomea.wordpress.com\/<\/a><\/p>\n\n\n\n<p>\u00a0<a href=\"https:\/\/hoivaasuomeksi.fi\/\" target=\"_blank\" rel=\"noreferrer noopener\">https:\/\/hoivaasuomeksi.fi\/<\/a> (apukielen\u00e4 osin englanti)\u00a0<\/p>\n\n\n\n<p>\u00a0<a href=\"https:\/\/kotisuomessa.fi\/web\/site-45256\/state-jurdgmbtei\/page-88063\" target=\"_blank\" rel=\"noreferrer noopener\">https:\/\/kotisuomessa.fi\/web\/site-45256\/state-jurdgmbtei\/page-88063<\/a><\/p>\n\n\n\n<p>T\u00e4\u00e4lt\u00e4 voit lukea hoitoty\u00f6n dialogeja. Samalla opit ammattisanastoa. Sanastot on k\u00e4\u00e4nnetty englanniksi.\u00a0<a href=\"https:\/\/www.kielibuusti.fi\/fi\/opiskele-suomea\/neuvoja-ja-resursseja-kielenoppimiseen\/opi-suomea-ammatissa\/hoitoala\/hoitajan-ja-potilaan-vuorovaikutusta-perushoitotilanteissa\" target=\"_blank\" rel=\"noreferrer noopener\">https:\/\/www.kielibuusti.fi\/fi\/opiskele-suomea\/neuvoja-ja-resursseja-kielenoppimiseen\/opi-suomea-ammatissa\/hoitoala\/hoitajan-ja-potilaan-vuorovaikutusta-perushoitotilanteissa<\/a><\/p>\n\n\n\n<div style=\"height:24px\" aria-hidden=\"true\" class=\"wp-block-spacer\"><\/div>\n\n\n\n<ol class=\"wp-block-list\" start=\"3\">\n<li><strong>Sosiaali- ja terveysalalla tarvittava osaaminen selkokielell\u00e4<\/strong>&nbsp;<\/li>\n<\/ol>\n\n\n\n<p>Suomessa on t\u00e4rke\u00e4 ymm\u00e4rt\u00e4\u00e4, ett\u00e4 potilaan tietoja ei saa luovuttaa ilman potilaan lupaa. Katso lyhyt video asiasta t\u00e4\u00e4lt\u00e4&nbsp;&nbsp;<\/p>\n\n\n\n<figure class=\"wp-block-embed is-type-video is-provider-youtube wp-block-embed-youtube wp-embed-aspect-16-9 wp-has-aspect-ratio\"><div class=\"wp-block-embed__wrapper\">\n<iframe loading=\"lazy\" title=\"5. Kulttuurin vaikutus hoitoty\u00f6h\u00f6n: potilaan tietojen luovutus\" width=\"840\" height=\"473\" src=\"https:\/\/www.youtube.com\/embed\/rStrDMFqbts?feature=oembed\" frameborder=\"0\" allow=\"accelerometer; autoplay; clipboard-write; encrypted-media; gyroscope; picture-in-picture; web-share\" referrerpolicy=\"strict-origin-when-cross-origin\" allowfullscreen><\/iframe>\n<\/div><\/figure>\n\n\n\n<p>Kuntouttava ty\u00f6ote on suomalaisessa hoitoty\u00f6ss\u00e4 t\u00e4rke\u00e4 asia. Katso video asiasta t\u00e4\u00e4lt\u00e4:&nbsp;<\/p>\n\n\n\n<figure class=\"wp-block-embed is-type-video is-provider-youtube wp-block-embed-youtube wp-embed-aspect-16-9 wp-has-aspect-ratio\"><div class=\"wp-block-embed__wrapper\">\n<iframe loading=\"lazy\" title=\"6. Kulttuurin vaikutus hoitoty\u00f6h\u00f6n: kuntouttava ty\u00f6ote\" width=\"840\" height=\"473\" src=\"https:\/\/www.youtube.com\/embed\/6OLKOZ44MCU?feature=oembed\" frameborder=\"0\" allow=\"accelerometer; autoplay; clipboard-write; encrypted-media; gyroscope; picture-in-picture; web-share\" referrerpolicy=\"strict-origin-when-cross-origin\" allowfullscreen><\/iframe>\n<\/div><\/figure>\n\n\n\n<div style=\"height:24px\" aria-hidden=\"true\" class=\"wp-block-spacer\"><\/div>\n\n\n\n<ol class=\"wp-block-list\" start=\"4\">\n<li><strong>Suomalainen sosiaali- ja terveysalan ty\u00f6paikka ja ty\u00f6kulttuuri. Tietoa my\u00f6s yleisesti ty\u00f6el\u00e4m\u00e4st\u00e4 ja sen pelis\u00e4\u00e4nn\u00f6ist\u00e4 useilla eri kielill\u00e4.<\/strong>&nbsp;<\/li>\n<\/ol>\n\n\n\n<p>Suomalaisen ty\u00f6paikan kahvihuone on t\u00e4rke\u00e4 paikka. Katso video, niin opit lis\u00e4\u00e4, mit\u00e4 kahvihuoneessa tapahtuu.&nbsp;&nbsp;<\/p>\n\n\n\n<figure class=\"wp-block-embed is-type-video is-provider-youtube wp-block-embed-youtube wp-embed-aspect-16-9 wp-has-aspect-ratio\"><div class=\"wp-block-embed__wrapper\">\n<iframe loading=\"lazy\" title=\"Kahvihuoneen salainen el\u00e4m\u00e4: Mit\u00e4 suomalaisessa kahvihuoneessa keskustellaan ja miksi? (2. jakso)\" width=\"840\" height=\"473\" src=\"https:\/\/www.youtube.com\/embed\/caAJNSbBhJA?feature=oembed\" frameborder=\"0\" allow=\"accelerometer; autoplay; clipboard-write; encrypted-media; gyroscope; picture-in-picture; web-share\" referrerpolicy=\"strict-origin-when-cross-origin\" allowfullscreen><\/iframe>\n<\/div><\/figure>\n\n\n\n<p>Katso videolta suomalaisten ty\u00f6paikkojen pelis\u00e4\u00e4nt\u00f6j\u00e4. Mit\u00e4 sinun pit\u00e4isi tiet\u00e4\u00e4 suomalaisesta kulttuurista ty\u00f6paikoilla?&nbsp;<\/p>\n\n\n\n<figure class=\"wp-block-embed is-type-video is-provider-youtube wp-block-embed-youtube wp-embed-aspect-16-9 wp-has-aspect-ratio\"><div class=\"wp-block-embed__wrapper\">\n<iframe loading=\"lazy\" title=\"Suomalaisten ty\u00f6paikkojen pelis\u00e4\u00e4nt\u00f6j\u00e4 (6. jakso)\" width=\"840\" height=\"473\" src=\"https:\/\/www.youtube.com\/embed\/bQsmsbsWBO0?start=6&#038;feature=oembed\" frameborder=\"0\" allow=\"accelerometer; autoplay; clipboard-write; encrypted-media; gyroscope; picture-in-picture; web-share\" referrerpolicy=\"strict-origin-when-cross-origin\" allowfullscreen><\/iframe>\n<\/div><\/figure>\n\n\n\n<p>L\u00f6yd\u00e4t lis\u00e4\u00e4 perustietoa suomalaisesta ty\u00f6el\u00e4m\u00e4st\u00e4 ja ty\u00f6el\u00e4m\u00e4n pelis\u00e4\u00e4nn\u00f6ist\u00e4 alla olevasta linkist\u00e4. Voit lukea materiaalin eri kielill\u00e4: <em>suomi, ruotsi, englanti, ven\u00e4j\u00e4, ukraina, viro, somali, arabia, kiina, thai, espanja, saksa, puola, ranska, tagalog, burma, vietnam, turkki, dari, farsi, nepali, latvia ja kurdi (sorani).<\/em>\u00a0 <a href=\"https:\/\/tyoelamanpelisaannot.fi\/fi\/\" target=\"_blank\" rel=\"noreferrer noopener\">https:\/\/tyoelamanpelisaannot.fi\/fi\/<\/a><\/p>\n\n\n\n<p>Kun tarvitset tietoa esimerkiksi palkasta, ty\u00f6ajasta ja lomista, voit lukea lis\u00e4\u00e4 alla olevasta linkist\u00e4. Tekstit on k\u00e4\u00e4nnetty eri kielille: <em>suomi, arabia, bosnia, englanti, hindi, kiina, kurdi, nepali, persia, romania, ruotsi, tagalog, thai, ukraina, uzbekki, ven\u00e4j\u00e4, ven\u00e4j\u00e4, vietnam ja viro.<\/em>\u00a0 <a href=\"https:\/\/tyosuojelu.fi\/tietoa-meista\/julkaisut\/oppaat\/ulkomaalaisena-tyontekijana-suomessa\" target=\"_blank\" rel=\"noreferrer noopener\">https:\/\/tyosuojelu.fi\/tietoa-meista\/julkaisut\/oppaat\/ulkomaalaisena-tyontekijana-suomessa<\/a><\/p>\n","protected":false},"excerpt":{"rendered":"<p>Lue, mik\u00e4 on eurooppalainen viitekehys ja miten sit\u00e4 k\u00e4ytet\u00e4\u00e4n kielitaidon arvioinnissa. https:\/\/www.kielibuusti.fi\/fi\/opiskele-suomea\/kielitestit-ja-kielitaitotasot\/cefr-eurooppalaiset-kielitaitotasot&nbsp;&nbsp; Eurooppalaisen viitekehyksen taitotasot kuvana l\u00f6yd\u00e4t t\u00e4\u00e4lt\u00e4 https:\/\/old.svenskanu.fi\/opo\/kuvat\/juliste.pdf&nbsp;&nbsp; Arvioi itse, mill\u00e4 taitotasolla sinun suomen kielen osaaminen on nyt (puhuminen, puheen ymm\u00e4rt\u00e4minen, kirjoittaminen ja tekstin ymm\u00e4rt\u00e4minen).\u00a0https:\/\/www.kielibuusti.fi\/fi\/opiskele-suomea\/suunnittele-kieliopintojasi\/arvioi-kielitaitoasi T\u00e4\u00e4lt\u00e4 voit lukea, mill\u00e4 todistuksella voit osoittaa kielitaitosi, kun haluat tehd\u00e4 ty\u00f6t\u00e4 sosiaali- ja terveysalalla.\u00a0\u00a0https:\/\/valvira.fi\/ammattioikeudet\/riittava-kielitaito Tietoa YKI-tekstist\u00e4 eli yleisist\u00e4 &hellip; <a href=\"https:\/\/blogit.gradia.fi\/sujuvasti\/linkkeja-maahanmuuttaneelle\/\" class=\"more-link\">Jatka lukemista<span class=\"screen-reader-text\"> &#8221;Linkkej\u00e4 maahanmuuttaneille&#8221;<\/span><\/a><\/p>\n","protected":false},"author":1038,"featured_media":0,"parent":0,"menu_order":0,"comment_status":"closed","ping_status":"closed","template":"","meta":{"_uag_custom_page_level_css":"","footnotes":""},"class_list":["post-20","page","type-page","status-publish","hentry"],"yoast_head":"<!-- This site is optimized with the Yoast SEO plugin v27.4 - https:\/\/yoast.com\/product\/yoast-seo-wordpress\/ -->\n<title>Linkkej\u00e4 maahanmuuttaneille -<\/title>\n<meta name=\"robots\" content=\"index, follow, max-snippet:-1, max-image-preview:large, max-video-preview:-1\" \/>\n<link rel=\"canonical\" href=\"https:\/\/blogit.gradia.fi\/sujuvasti\/linkkeja-maahanmuuttaneelle\/\" \/>\n<meta property=\"og:locale\" content=\"fi_FI\" \/>\n<meta property=\"og:type\" content=\"article\" \/>\n<meta property=\"og:title\" content=\"Linkkej\u00e4 maahanmuuttaneille -\" \/>\n<meta property=\"og:description\" content=\"Lue, mik\u00e4 on eurooppalainen viitekehys ja miten sit\u00e4 k\u00e4ytet\u00e4\u00e4n kielitaidon arvioinnissa. https:\/\/www.kielibuusti.fi\/fi\/opiskele-suomea\/kielitestit-ja-kielitaitotasot\/cefr-eurooppalaiset-kielitaitotasot&nbsp;&nbsp; Eurooppalaisen viitekehyksen taitotasot kuvana l\u00f6yd\u00e4t t\u00e4\u00e4lt\u00e4 https:\/\/old.svenskanu.fi\/opo\/kuvat\/juliste.pdf&nbsp;&nbsp; Arvioi itse, mill\u00e4 taitotasolla sinun suomen kielen osaaminen on nyt (puhuminen, puheen ymm\u00e4rt\u00e4minen, kirjoittaminen ja tekstin ymm\u00e4rt\u00e4minen).\u00a0https:\/\/www.kielibuusti.fi\/fi\/opiskele-suomea\/suunnittele-kieliopintojasi\/arvioi-kielitaitoasi T\u00e4\u00e4lt\u00e4 voit lukea, mill\u00e4 todistuksella voit osoittaa kielitaitosi, kun haluat tehd\u00e4 ty\u00f6t\u00e4 sosiaali- ja terveysalalla.\u00a0\u00a0https:\/\/valvira.fi\/ammattioikeudet\/riittava-kielitaito Tietoa YKI-tekstist\u00e4 eli yleisist\u00e4 &hellip; Jatka lukemista &quot;Linkkej\u00e4 maahanmuuttaneille&quot;\" \/>\n<meta property=\"og:url\" content=\"https:\/\/blogit.gradia.fi\/sujuvasti\/linkkeja-maahanmuuttaneelle\/\" \/>\n<meta property=\"article:modified_time\" content=\"2024-04-23T07:03:33+00:00\" \/>\n<meta name=\"twitter:card\" content=\"summary_large_image\" \/>\n<meta name=\"twitter:label1\" content=\"Arvioitu lukuaika\" \/>\n\t<meta name=\"twitter:data1\" content=\"2 minuuttia\" \/>\n<script type=\"application\/ld+json\" class=\"yoast-schema-graph\">{\"@context\":\"https:\\\/\\\/schema.org\",\"@graph\":[{\"@type\":\"WebPage\",\"@id\":\"https:\\\/\\\/blogit.gradia.fi\\\/sujuvasti\\\/linkkeja-maahanmuuttaneelle\\\/\",\"url\":\"https:\\\/\\\/blogit.gradia.fi\\\/sujuvasti\\\/linkkeja-maahanmuuttaneelle\\\/\",\"name\":\"Linkkej\u00e4 maahanmuuttaneille -\",\"isPartOf\":{\"@id\":\"https:\\\/\\\/blogit.gradia.fi\\\/sujuvasti\\\/#website\"},\"datePublished\":\"2023-09-27T06:55:52+00:00\",\"dateModified\":\"2024-04-23T07:03:33+00:00\",\"breadcrumb\":{\"@id\":\"https:\\\/\\\/blogit.gradia.fi\\\/sujuvasti\\\/linkkeja-maahanmuuttaneelle\\\/#breadcrumb\"},\"inLanguage\":\"fi\",\"potentialAction\":[{\"@type\":\"ReadAction\",\"target\":[\"https:\\\/\\\/blogit.gradia.fi\\\/sujuvasti\\\/linkkeja-maahanmuuttaneelle\\\/\"]}]},{\"@type\":\"BreadcrumbList\",\"@id\":\"https:\\\/\\\/blogit.gradia.fi\\\/sujuvasti\\\/linkkeja-maahanmuuttaneelle\\\/#breadcrumb\",\"itemListElement\":[{\"@type\":\"ListItem\",\"position\":1,\"name\":\"Etusivu\",\"item\":\"https:\\\/\\\/blogit.gradia.fi\\\/sujuvasti\\\/\"},{\"@type\":\"ListItem\",\"position\":2,\"name\":\"Linkkej\u00e4 maahanmuuttaneille\"}]},{\"@type\":\"WebSite\",\"@id\":\"https:\\\/\\\/blogit.gradia.fi\\\/sujuvasti\\\/#website\",\"url\":\"https:\\\/\\\/blogit.gradia.fi\\\/sujuvasti\\\/\",\"name\":\"\",\"description\":\"Sujuvasti soten t\u00f6ihin \u2013 kieli- ja kulttuuritietoinen ohjaus\",\"potentialAction\":[{\"@type\":\"SearchAction\",\"target\":{\"@type\":\"EntryPoint\",\"urlTemplate\":\"https:\\\/\\\/blogit.gradia.fi\\\/sujuvasti\\\/?s={search_term_string}\"},\"query-input\":{\"@type\":\"PropertyValueSpecification\",\"valueRequired\":true,\"valueName\":\"search_term_string\"}}],\"inLanguage\":\"fi\"}]}<\/script>\n<!-- \/ Yoast SEO plugin. -->","yoast_head_json":{"title":"Linkkej\u00e4 maahanmuuttaneille -","robots":{"index":"index","follow":"follow","max-snippet":"max-snippet:-1","max-image-preview":"max-image-preview:large","max-video-preview":"max-video-preview:-1"},"canonical":"https:\/\/blogit.gradia.fi\/sujuvasti\/linkkeja-maahanmuuttaneelle\/","og_locale":"fi_FI","og_type":"article","og_title":"Linkkej\u00e4 maahanmuuttaneille -","og_description":"Lue, mik\u00e4 on eurooppalainen viitekehys ja miten sit\u00e4 k\u00e4ytet\u00e4\u00e4n kielitaidon arvioinnissa. https:\/\/www.kielibuusti.fi\/fi\/opiskele-suomea\/kielitestit-ja-kielitaitotasot\/cefr-eurooppalaiset-kielitaitotasot&nbsp;&nbsp; Eurooppalaisen viitekehyksen taitotasot kuvana l\u00f6yd\u00e4t t\u00e4\u00e4lt\u00e4 https:\/\/old.svenskanu.fi\/opo\/kuvat\/juliste.pdf&nbsp;&nbsp; Arvioi itse, mill\u00e4 taitotasolla sinun suomen kielen osaaminen on nyt (puhuminen, puheen ymm\u00e4rt\u00e4minen, kirjoittaminen ja tekstin ymm\u00e4rt\u00e4minen).\u00a0https:\/\/www.kielibuusti.fi\/fi\/opiskele-suomea\/suunnittele-kieliopintojasi\/arvioi-kielitaitoasi T\u00e4\u00e4lt\u00e4 voit lukea, mill\u00e4 todistuksella voit osoittaa kielitaitosi, kun haluat tehd\u00e4 ty\u00f6t\u00e4 sosiaali- ja terveysalalla.\u00a0\u00a0https:\/\/valvira.fi\/ammattioikeudet\/riittava-kielitaito Tietoa YKI-tekstist\u00e4 eli yleisist\u00e4 &hellip; Jatka lukemista \"Linkkej\u00e4 maahanmuuttaneille\"","og_url":"https:\/\/blogit.gradia.fi\/sujuvasti\/linkkeja-maahanmuuttaneelle\/","article_modified_time":"2024-04-23T07:03:33+00:00","twitter_card":"summary_large_image","twitter_misc":{"Arvioitu lukuaika":"2 minuuttia"},"schema":{"@context":"https:\/\/schema.org","@graph":[{"@type":"WebPage","@id":"https:\/\/blogit.gradia.fi\/sujuvasti\/linkkeja-maahanmuuttaneelle\/","url":"https:\/\/blogit.gradia.fi\/sujuvasti\/linkkeja-maahanmuuttaneelle\/","name":"Linkkej\u00e4 maahanmuuttaneille -","isPartOf":{"@id":"https:\/\/blogit.gradia.fi\/sujuvasti\/#website"},"datePublished":"2023-09-27T06:55:52+00:00","dateModified":"2024-04-23T07:03:33+00:00","breadcrumb":{"@id":"https:\/\/blogit.gradia.fi\/sujuvasti\/linkkeja-maahanmuuttaneelle\/#breadcrumb"},"inLanguage":"fi","potentialAction":[{"@type":"ReadAction","target":["https:\/\/blogit.gradia.fi\/sujuvasti\/linkkeja-maahanmuuttaneelle\/"]}]},{"@type":"BreadcrumbList","@id":"https:\/\/blogit.gradia.fi\/sujuvasti\/linkkeja-maahanmuuttaneelle\/#breadcrumb","itemListElement":[{"@type":"ListItem","position":1,"name":"Etusivu","item":"https:\/\/blogit.gradia.fi\/sujuvasti\/"},{"@type":"ListItem","position":2,"name":"Linkkej\u00e4 maahanmuuttaneille"}]},{"@type":"WebSite","@id":"https:\/\/blogit.gradia.fi\/sujuvasti\/#website","url":"https:\/\/blogit.gradia.fi\/sujuvasti\/","name":"","description":"Sujuvasti soten t\u00f6ihin \u2013 kieli- ja kulttuuritietoinen ohjaus","potentialAction":[{"@type":"SearchAction","target":{"@type":"EntryPoint","urlTemplate":"https:\/\/blogit.gradia.fi\/sujuvasti\/?s={search_term_string}"},"query-input":{"@type":"PropertyValueSpecification","valueRequired":true,"valueName":"search_term_string"}}],"inLanguage":"fi"}]}},"uagb_featured_image_src":{"full":false,"thumbnail":false,"medium":false,"medium_large":false,"large":false,"1536x1536":false,"2048x2048":false,"post-thumbnail":false},"uagb_author_info":{"display_name":"Ulla Koukkari-Anttonen","author_link":"https:\/\/blogit.gradia.fi\/sujuvasti\/author\/koukkull\/"},"uagb_comment_info":0,"uagb_excerpt":"Lue, mik\u00e4 on eurooppalainen viitekehys ja miten sit\u00e4 k\u00e4ytet\u00e4\u00e4n kielitaidon arvioinnissa. https:\/\/www.kielibuusti.fi\/fi\/opiskele-suomea\/kielitestit-ja-kielitaitotasot\/cefr-eurooppalaiset-kielitaitotasot&nbsp;&nbsp; Eurooppalaisen viitekehyksen taitotasot kuvana l\u00f6yd\u00e4t t\u00e4\u00e4lt\u00e4 https:\/\/old.svenskanu.fi\/opo\/kuvat\/juliste.pdf&nbsp;&nbsp; Arvioi itse, mill\u00e4 taitotasolla sinun suomen kielen osaaminen on nyt (puhuminen, puheen ymm\u00e4rt\u00e4minen, kirjoittaminen ja tekstin ymm\u00e4rt\u00e4minen).\u00a0https:\/\/www.kielibuusti.fi\/fi\/opiskele-suomea\/suunnittele-kieliopintojasi\/arvioi-kielitaitoasi T\u00e4\u00e4lt\u00e4 voit lukea, mill\u00e4 todistuksella voit osoittaa kielitaitosi, kun haluat tehd\u00e4 ty\u00f6t\u00e4 sosiaali- ja terveysalalla.\u00a0\u00a0https:\/\/valvira.fi\/ammattioikeudet\/riittava-kielitaito Tietoa YKI-tekstist\u00e4 eli yleisist\u00e4&hellip;","_links":{"self":[{"href":"https:\/\/blogit.gradia.fi\/sujuvasti\/wp-json\/wp\/v2\/pages\/20","targetHints":{"allow":["GET"]}}],"collection":[{"href":"https:\/\/blogit.gradia.fi\/sujuvasti\/wp-json\/wp\/v2\/pages"}],"about":[{"href":"https:\/\/blogit.gradia.fi\/sujuvasti\/wp-json\/wp\/v2\/types\/page"}],"author":[{"embeddable":true,"href":"https:\/\/blogit.gradia.fi\/sujuvasti\/wp-json\/wp\/v2\/users\/1038"}],"replies":[{"embeddable":true,"href":"https:\/\/blogit.gradia.fi\/sujuvasti\/wp-json\/wp\/v2\/comments?post=20"}],"version-history":[{"count":3,"href":"https:\/\/blogit.gradia.fi\/sujuvasti\/wp-json\/wp\/v2\/pages\/20\/revisions"}],"predecessor-version":[{"id":71,"href":"https:\/\/blogit.gradia.fi\/sujuvasti\/wp-json\/wp\/v2\/pages\/20\/revisions\/71"}],"wp:attachment":[{"href":"https:\/\/blogit.gradia.fi\/sujuvasti\/wp-json\/wp\/v2\/media?parent=20"}],"curies":[{"name":"wp","href":"https:\/\/api.w.org\/{rel}","templated":true}]}}