{"id":19,"date":"2023-09-27T09:55:52","date_gmt":"2023-09-27T06:55:52","guid":{"rendered":"https:\/\/blogit.gradia.fi\/sujuvasti\/?page_id=19"},"modified":"2024-04-23T10:03:02","modified_gmt":"2024-04-23T07:03:02","slug":"linkkeja-tyopaikkaohjaajalle","status":"publish","type":"page","link":"https:\/\/blogit.gradia.fi\/sujuvasti\/linkkeja-tyopaikkaohjaajalle\/","title":{"rendered":"Linkkej\u00e4 ty\u00f6paikkaohjaajille ja ty\u00f6paikoille"},"content":{"rendered":"\n<ol class=\"wp-block-list\" start=\"1\">\n<li><strong>Mit\u00e4 tarkoitetaan kieli- ja kulttuuritietoisuudella ty\u00f6paikoilla?<\/strong>&nbsp;&nbsp;<\/li>\n<\/ol>\n\n\n\n<p>Perehdy pikaisesti muutamassa minuutissa katsomalla kaksi animaatiota t\u00e4\u00e4lt\u00e4: <a href=\"https:\/\/opinportailla.diak.fi\/monikulttuuriseen-tyoelamaan\/minianimaatiot\/\" target=\"_blank\" rel=\"noreferrer noopener\">https:\/\/opinportailla.diak.fi\/monikulttuuriseen-tyoelamaan\/minianimaatiot\/<\/a>&nbsp;&nbsp;<\/p>\n\n\n\n<ol class=\"wp-block-list\" start=\"2\">\n<li><strong>Muista k\u00e4ytt\u00e4\u00e4 ohjatessasi kielt\u00e4 selke\u00e4sti ja j\u00e4sennellen.<\/strong>&nbsp;&nbsp;<\/li>\n<\/ol>\n\n\n\n<p>Selkokielen puhumisen ja kirjoittamisen pikaohjeet l\u00f6yd\u00e4t t\u00e4\u00e4lt\u00e4: <a href=\"https:\/\/selkokeskus.fi\/wp-content\/uploads\/2020\/01\/selkokielen_pikaohjeet_julisteet_vari.pdf\" target=\"_blank\" rel=\"noreferrer noopener\">https:\/\/selkokeskus.fi\/wp-content\/uploads\/2020\/01\/selkokielen_pikaohjeet_julisteet_vari.pdf<\/a>&nbsp;&nbsp;<\/p>\n\n\n\n<p>T\u00e4\u00e4lt\u00e4 l\u00f6yd\u00e4 videon, jossa kerrotaan, mit\u00e4 kielenoppiminen vaatii ja millaista on selkokielinen ohjaus k\u00e4yt\u00e4nn\u00f6ss\u00e4. <a href=\"https:\/\/www.youtube.com\/watch?v=-7ytjaZbTBk&amp;t=57s\" target=\"_blank\" rel=\"noreferrer noopener\">https:\/\/www.youtube.com\/watch?v=-7ytjaZbTBk&amp;t=57s<\/a>&nbsp;&nbsp;<\/p>\n\n\n\n<ol class=\"wp-block-list\" start=\"3\">\n<li><strong>Mit\u00e4 on kielitaito ja miten sit\u00e4 arvioidaan? Miten kielt\u00e4 opitaan ja mit\u00e4 on ammatillinen kielitaito? Mit\u00e4 on riitt\u00e4v\u00e4 kielitaito sosiaali- ja terveysalalla?&nbsp;<\/strong>&nbsp;<\/li>\n<\/ol>\n\n\n\n<p>L\u00f6yd\u00e4t vastauksia kysymyksiin t\u00e4\u00e4lt\u00e4: <a href=\"https:\/\/www.kielibuusti.fi\/fi\/ohjaajat\/tyoharjoittelun-ohjaajille\/mita-on-ammatillinen-kielitaito\" target=\"_blank\" rel=\"noreferrer noopener\">https:\/\/www.kielibuusti.fi\/fi\/ohjaajat\/tyoharjoittelun-ohjaajille\/mita-on-ammatillinen-kielitaito<\/a>&nbsp;&nbsp;<\/p>\n\n\n\n<p>T\u00e4\u00e4lt\u00e4 l\u00f6yd\u00e4t eurooppalaisen viitekehyksen taitotasoasteikon kuvana: <a href=\"https:\/\/old.svenskanu.fi\/opo\/kuvat\/juliste.pdf\" target=\"_blank\" rel=\"noreferrer noopener\">https:\/\/old.svenskanu.fi\/opo\/kuvat\/juliste.pdf<\/a>&nbsp;&nbsp;<\/p>\n\n\n\n<p>T\u00e4\u00e4lt\u00e4 l\u00f6yd\u00e4t tietoa, mit\u00e4 Valvira sanoo riitt\u00e4v\u00e4st\u00e4 kielitaidosta ja sen osoittamisesta: <a href=\"https:\/\/valvira.fi\/ammattioikeudet\/riittava-kielitaito\" target=\"_blank\" rel=\"noreferrer noopener\">https:\/\/valvira.fi\/ammattioikeudet\/riittava-kielitaito<\/a>&nbsp;&nbsp;<\/p>\n\n\n\n<ol class=\"wp-block-list\" start=\"4\">\n<li><strong>Rakenna siltoja kulttuurien v\u00e4lille, \u00e4l\u00e4 muureja. Ota maahanmuuttanut osaksi ty\u00f6yhteis\u00f6\u00e4. <\/strong><strong>Luo ohjaamiseen ja perehdytt\u00e4miseen luottamuksellinen ilmapiiri.<\/strong>&nbsp;&nbsp;<\/li>\n<\/ol>\n\n\n\n<p>Huoneentaulut kieli- ja kulttuuritietoisuuden vahvistamiseksi ty\u00f6paikan sein\u00e4lle ja ohjeet edellisiin l\u00f6yd\u00e4t t\u00e4\u00e4lt\u00e4: <a href=\"https:\/\/opinportailla.diak.fi\/huoneentaulut\/\" target=\"_blank\" rel=\"noreferrer noopener\">https:\/\/opinportailla.diak.fi\/huoneentaulut\/<\/a>&nbsp;&nbsp;<\/p>\n\n\n\n<p>N\u00e4in v\u00e4lt\u00e4t mokat, kun ohjaat eri kulttuurista tulevaa opiskelijaa sosiaali- ja terveysalalla. Pulmatilanteita ja ratkaisuja niihin voit lukea t\u00e4\u00e4lt\u00e4: <a href=\"https:\/\/www.tehylehti.fi\/fi\/tyoelama\/nain-valtat-mokat-kun-ohjaat-erilaisesta-kulttuurista-tulevaa-opiskelijaa\" target=\"_blank\" rel=\"noreferrer noopener\">https:\/\/www.tehylehti.fi\/fi\/tyoelama\/nain-valtat-mokat-kun-ohjaat-erilaisesta-kulttuurista-tulevaa-opiskelijaa<\/a>&nbsp;&nbsp;<\/p>\n\n\n\n<p>Ohjaatko tai kohtaatko eri kulttuureista tulevia et\u00e4n\u00e4? T\u00e4\u00e4lt\u00e4 l\u00f6yd\u00e4t vinkkej\u00e4, mit\u00e4 et\u00e4tilanteissa olisi hyv\u00e4 huomioida. Samalla saat lis\u00e4\u00e4 vinkkej\u00e4 kielitietoiseen ohjaukseen. <a href=\"https:\/\/www.youtube.com\/watch?v=ygSlcMOckIA&amp;t=471s\" target=\"_blank\" rel=\"noreferrer noopener\">https:\/\/www.youtube.com\/watch?v=ygSlcMOckIA&amp;t=471s<\/a>&nbsp;&nbsp;<\/p>\n\n\n\n<ol class=\"wp-block-list\" start=\"5\">\n<li><strong>Tunnista, tunnusta ja haasta omat ennakkoluulosi joka p\u00e4iv\u00e4.<\/strong>&nbsp;&nbsp;<\/li>\n<\/ol>\n\n\n\n<p>T\u00e4\u00e4lt\u00e4 voit lukea maahanmuuttaneen l\u00e4\u00e4k\u00e4rin kokemuksia h\u00e4neen kohdistuneista ennakkoluuloista sek\u00e4 testata omia ennakkoluulojasi arkitilanteissa. <a href=\"https:\/\/yle.fi\/a\/74-20054934?utm_source=social-media-share&amp;utm_medium=social&amp;utm_campaign=ylefiapp\" target=\"_blank\" rel=\"noreferrer noopener\">https:\/\/yle.fi\/a\/74-20054934?utm_source=social-media-share&amp;utm_medium=social&amp;utm_campaign=ylefiapp<\/a>&nbsp;&nbsp;<\/p>\n\n\n\n<p>Tiesitk\u00f6, ett\u00e4 jo pelkk\u00e4 nimi vaikuttaa vahvasti siihen mielikuvaan, joka meille henkil\u00f6st\u00e4 muodostuu? Lue romaninimen vaikutuksesta ty\u00f6hakuun t\u00e4\u00e4lt\u00e4: <a href=\"https:\/\/dialogi.diak.fi\/2018\/10\/31\/tyonimi\/\" target=\"_blank\" rel=\"noreferrer noopener\">https:\/\/dialogi.diak.fi\/2018\/10\/31\/tyonimi\/<\/a>&nbsp;<\/p>\n\n\n\n<ol class=\"wp-block-list\" start=\"6\">\n<li><strong>Sosiaali- ja terveysalan asiakkaat tulevat yh\u00e4 enemm\u00e4n eri kulttuureista. Osaamista kulttuurisen moninaisuuden huomiointiin sosiaali- ja terveysalan asiakasty\u00f6ss\u00e4 tarvitaan.<\/strong>&nbsp;&nbsp;<\/li>\n<\/ol>\n\n\n\n<p>Voit opiskella kokonaisen monikulttuurisen asiakasty\u00f6n verkkokurssin t\u00e4\u00e4ll\u00e4 <a href=\"https:\/\/verkkokoulut.thl.fi\/login\/index.php\" target=\"_blank\" rel=\"noreferrer noopener\">https:\/\/verkkokoulut.thl.fi\/login\/index.php<\/a> (palvelu vaatii rekister\u00f6itymisen, valitse koulutuksista Monikulttuurisuus asiakasty\u00f6ss\u00e4)&nbsp;<\/p>\n\n\n\n<p>T\u00e4\u00e4lt\u00e4 l\u00f6yd\u00e4t tietoa, mit\u00e4 velvollisuuksia viranomaisilla on yhdenvertaisuuden toteutumiseksi ja mit\u00e4 voit tehd\u00e4, jos oikeuksia on loukattu. Erityisesti nostetaan esille vanhusty\u00f6n n\u00e4k\u00f6kulma kielellisten ja kulttuurillisten oikeuksien toteutumisesta.&nbsp;<a href=\"https:\/\/www.ihmisoikeuskeskus.fi\/vanhusten-oikeudet\/kulttuuriset-oikeudet\/vahemmistot\/\" target=\"_blank\" rel=\"noreferrer noopener\">https:\/\/www.ihmisoikeuskeskus.fi\/vanhusten-oikeudet\/kulttuuriset-oikeudet\/vahemmistot\/<\/a><\/p>\n\n\n\n<ol class=\"wp-block-list\" start=\"7\">\n<li><strong>Laajenna osaamistasi kieli- ja kulttuuritietoisesta ohjaamisesta.<\/strong>&nbsp;&nbsp;<\/li>\n<\/ol>\n\n\n\n<p>13-osainen videomateriaali ty\u00f6paikkaohjaajille vieraskielisen ja eri kulttuurista tulevan sairaanhoitajaopiskelijan kieli- ja kulttuuritietoiseen ohjaamiseen erityisesti sairaalaymp\u00e4rist\u00f6ss\u00e4 l\u00f6ytyy alta olevasta linkist\u00e4. Vaikka et jaksaisi katsoa kaikkia videoita, kurkkaa ainakin pohdintakysymykset kunkin videon otsikon alta. <a href=\"https:\/\/www.kielibuusti.fi\/fi\/ohjaajat\/ammatillisen-kielen-oppiminen-tyoharjoittelussa\/tokasa-koulutusvideot-tyopaikkaohjaajille\" target=\"_blank\" rel=\"noreferrer noopener\">https:\/\/www.kielibuusti.fi\/fi\/ohjaajat\/ammatillisen-kielen-oppiminen-tyoharjoittelussa\/tokasa-koulutusvideot-tyopaikkaohjaajille<\/a>&nbsp;<\/p>\n\n\n\n<ol class=\"wp-block-list\" start=\"8\">\n<li><strong>Kulttuurinen moninaisuus on ty\u00f6el\u00e4m\u00e4n vahvuus.<\/strong>&nbsp;&nbsp;<\/li>\n<\/ol>\n\n\n\n<p>Syvenn\u00e4 osaamistasi erityisesti sosiaali- ja terveysalan kieli- ja kulttuuritietoisesta toiminnasta katsomalla webinaaritallenteita t\u00e4\u00e4lt\u00e4: <a href=\"https:\/\/opinportailla.diak.fi\/kaikkien-kahvihuone-moninaisuus-tyoelaman-vahvuutena-koulutussarja\/\" target=\"_blank\" rel=\"noreferrer noopener\">https:\/\/opinportailla.diak.fi\/kaikkien-kahvihuone-moninaisuus-tyoelaman-vahvuutena-koulutussarja\/<\/a>&nbsp;&nbsp;<\/p>\n\n\n<p style=\"padding-left: 40px;\"><strong>1.<\/strong> Kun kulttuurit kohtaavat ty\u00f6el\u00e4m\u00e4ss\u00e4. Pohdintoja kulttuurista, identiteetist\u00e4 ja ratkaisukeskeisest\u00e4 toiminnasta ty\u00f6paikalla. &gt; ty\u00f6paikkaohjaajille<\/p>\n<p style=\"padding-left: 40px;\"><strong>2.<\/strong> Kahvihuoneen salainen el\u00e4m\u00e4: Mit\u00e4 suomalaisessa kahvihuoneessa keskustellaan ja miksi? Maahanmuuttajataustaisille opiskelijoille tarkoitettu tilaisuus, jossa tutustutaan suomalaisten ty\u00f6el\u00e4m\u00e4n keskeiseen paikkaan, kahvihuoneeseen. &gt; maahanmuuttaneille<\/p>\n<p style=\"padding-left: 40px;\"><strong>3.<\/strong> Murretaan kielimuuri! Selkokieli ja kielitietoisuus monikulttuurisessa ty\u00f6yhteis\u00f6ss\u00e4. Perehdyt\u00e4\u00e4n monikulttuurisen ja kielitietoisen ohjauksen periaatteisiin. N\u00e4k\u00f6kulmina on kotoutumiskoulutus sek\u00e4 ammattikorkeakoulun ty\u00f6harjoittelun ohjaus. &gt; ty\u00f6paikkaohjaajille<\/p>\n<p><strong>4.<\/strong> Tervetuloa yhdenvertaiseen kahvihuoneeseen! Tilaisuudessa k\u00e4sitell\u00e4\u00e4n yhdenvertaisuutta, syrjint\u00e4\u00e4, osallisuutta ja valtaet\u00e4isyytt\u00e4 eri kulttuureissa. &gt; kaikille kiinnostuneille<\/p>\n<p><strong>5.<\/strong> Romanit opin portailta ty\u00f6el\u00e4m\u00e4\u00e4n. Webinaarissa valotetaan kotimaisen etnisen v\u00e4hemmist\u00f6n eli romanien kokemaa ty\u00f6syrjint\u00e4\u00e4 ja pohditaan yhdess\u00e4 esteiden purkamista. &gt; erityisesti romaneja kohtaaville<\/p>\n<p><strong>6.<\/strong> Suomalaisten ty\u00f6paikkojen pelis\u00e4\u00e4nt\u00f6j\u00e4: Mit\u00e4 pit\u00e4isi tiet\u00e4\u00e4 suomalaisesta kulttuurista ty\u00f6paikoilla (lomat, ty\u00f6aika, palkka, tes, ty\u00f6sopimus, sanastoa)? &gt; maahanmuuttaneille<\/p>\n<p style=\"padding-left: 40px;\"><strong>7.<\/strong> Vastavuoroinen kulttuurinen kohtaaminen opiskelijaohjauksessa. Tilaisuudessa k\u00e4sitell\u00e4\u00e4n opiskelijan ohjauksessa huomioon otettavia asioita. Vinkkej\u00e4 ja kokemuksia. &gt; ty\u00f6paikkaohjaajille<\/p>\n<p><strong>8.<\/strong> Motivaatio opiskelijaohjauksessa: Tilaisuudessa pohditaan miten rakentaa motivoiva ohjauskulttuuri, joka ottaa huomioon monikulttuuristuvan ty\u00f6el\u00e4m\u00e4n mahdollisuudet. Perustietoa ohjaamisesta muutenkin. &gt; ty\u00f6paikkaohjaajille<\/p>\n<p style=\"padding-left: 40px;\"><strong>9.<\/strong> Monikulttuurinen ja monialainen harjoittelun moduulimalli sote-alalla Tilaisuudessa esitet\u00e4\u00e4n taustatietoja harjoittelun moduulimallista ja kerrotaan omakohtaisia kokemuksia monialaisesta, monikielisest\u00e4 ja monikulttuurisesta moduulimallin pilotista. &gt; oppilaitoksille, ty\u00f6paikkaohjaajille<\/p>\n<p><strong>10.<\/strong> Ty\u00f6kalupakki moninaiseen ty\u00f6el\u00e4m\u00e4\u00e4n Tilaisuus antaa t\u00e4ydennyst\u00e4 monikulttuurisen ty\u00f6el\u00e4m\u00e4n ty\u00f6kalupakkiin. Tarjotaan n\u00e4k\u00f6kulmia ja osaamista kulttuurien v\u00e4liseen viestint\u00e4\u00e4n, uskontolukutaitoon sek\u00e4 uusia l\u00e4hestymistapoja ty\u00f6yhteis\u00f6iss\u00e4 k\u00e4ytett\u00e4v\u00e4\u00e4n kieleen. &gt; kaikille ty\u00f6ss\u00e4\u00e4n kulttuurista moninaisuutta kohtaaville<\/p>\n\n\n<div class=\"wp-block-group\"><div class=\"wp-block-group__inner-container is-layout-constrained wp-block-group-is-layout-constrained\">\n<div class=\"wp-block-group\"><div class=\"wp-block-group__inner-container is-layout-constrained wp-block-group-is-layout-constrained\">\n<ol class=\"wp-block-list\" start=\"1\">\n<li><\/li>\n<\/ol>\n\n\n\n<ol class=\"wp-block-list\" start=\"2\">\n<li><\/li>\n<\/ol>\n<\/div><\/div>\n<\/div><\/div>\n","protected":false},"excerpt":{"rendered":"<p>Perehdy pikaisesti muutamassa minuutissa katsomalla kaksi animaatiota t\u00e4\u00e4lt\u00e4: https:\/\/opinportailla.diak.fi\/monikulttuuriseen-tyoelamaan\/minianimaatiot\/&nbsp;&nbsp; Selkokielen puhumisen ja kirjoittamisen pikaohjeet l\u00f6yd\u00e4t t\u00e4\u00e4lt\u00e4: https:\/\/selkokeskus.fi\/wp-content\/uploads\/2020\/01\/selkokielen_pikaohjeet_julisteet_vari.pdf&nbsp;&nbsp; T\u00e4\u00e4lt\u00e4 l\u00f6yd\u00e4 videon, jossa kerrotaan, mit\u00e4 kielenoppiminen vaatii ja millaista on selkokielinen ohjaus k\u00e4yt\u00e4nn\u00f6ss\u00e4. https:\/\/www.youtube.com\/watch?v=-7ytjaZbTBk&amp;t=57s&nbsp;&nbsp; L\u00f6yd\u00e4t vastauksia kysymyksiin t\u00e4\u00e4lt\u00e4: https:\/\/www.kielibuusti.fi\/fi\/ohjaajat\/tyoharjoittelun-ohjaajille\/mita-on-ammatillinen-kielitaito&nbsp;&nbsp; T\u00e4\u00e4lt\u00e4 l\u00f6yd\u00e4t eurooppalaisen viitekehyksen taitotasoasteikon kuvana: https:\/\/old.svenskanu.fi\/opo\/kuvat\/juliste.pdf&nbsp;&nbsp; T\u00e4\u00e4lt\u00e4 l\u00f6yd\u00e4t tietoa, mit\u00e4 Valvira sanoo riitt\u00e4v\u00e4st\u00e4 kielitaidosta ja sen osoittamisesta: &hellip; <a href=\"https:\/\/blogit.gradia.fi\/sujuvasti\/linkkeja-tyopaikkaohjaajalle\/\" class=\"more-link\">Jatka lukemista<span class=\"screen-reader-text\"> &#8221;Linkkej\u00e4 ty\u00f6paikkaohjaajille ja ty\u00f6paikoille&#8221;<\/span><\/a><\/p>\n","protected":false},"author":1038,"featured_media":0,"parent":0,"menu_order":0,"comment_status":"closed","ping_status":"closed","template":"","meta":{"_uag_custom_page_level_css":"","footnotes":""},"class_list":["post-19","page","type-page","status-publish","hentry"],"yoast_head":"<!-- This site is optimized with the Yoast SEO plugin v27.4 - https:\/\/yoast.com\/product\/yoast-seo-wordpress\/ -->\n<title>Linkkej\u00e4 ty\u00f6paikkaohjaajille ja ty\u00f6paikoille -<\/title>\n<meta name=\"robots\" content=\"index, follow, max-snippet:-1, max-image-preview:large, max-video-preview:-1\" \/>\n<link rel=\"canonical\" href=\"https:\/\/blogit.gradia.fi\/sujuvasti\/linkkeja-tyopaikkaohjaajalle\/\" \/>\n<meta property=\"og:locale\" content=\"fi_FI\" \/>\n<meta property=\"og:type\" content=\"article\" \/>\n<meta property=\"og:title\" content=\"Linkkej\u00e4 ty\u00f6paikkaohjaajille ja ty\u00f6paikoille -\" \/>\n<meta property=\"og:description\" content=\"Perehdy pikaisesti muutamassa minuutissa katsomalla kaksi animaatiota t\u00e4\u00e4lt\u00e4: https:\/\/opinportailla.diak.fi\/monikulttuuriseen-tyoelamaan\/minianimaatiot\/&nbsp;&nbsp; Selkokielen puhumisen ja kirjoittamisen pikaohjeet l\u00f6yd\u00e4t t\u00e4\u00e4lt\u00e4: https:\/\/selkokeskus.fi\/wp-content\/uploads\/2020\/01\/selkokielen_pikaohjeet_julisteet_vari.pdf&nbsp;&nbsp; T\u00e4\u00e4lt\u00e4 l\u00f6yd\u00e4 videon, jossa kerrotaan, mit\u00e4 kielenoppiminen vaatii ja millaista on selkokielinen ohjaus k\u00e4yt\u00e4nn\u00f6ss\u00e4. https:\/\/www.youtube.com\/watch?v=-7ytjaZbTBk&amp;t=57s&nbsp;&nbsp; L\u00f6yd\u00e4t vastauksia kysymyksiin t\u00e4\u00e4lt\u00e4: https:\/\/www.kielibuusti.fi\/fi\/ohjaajat\/tyoharjoittelun-ohjaajille\/mita-on-ammatillinen-kielitaito&nbsp;&nbsp; T\u00e4\u00e4lt\u00e4 l\u00f6yd\u00e4t eurooppalaisen viitekehyksen taitotasoasteikon kuvana: https:\/\/old.svenskanu.fi\/opo\/kuvat\/juliste.pdf&nbsp;&nbsp; T\u00e4\u00e4lt\u00e4 l\u00f6yd\u00e4t tietoa, mit\u00e4 Valvira sanoo riitt\u00e4v\u00e4st\u00e4 kielitaidosta ja sen osoittamisesta: &hellip; Jatka lukemista &quot;Linkkej\u00e4 ty\u00f6paikkaohjaajille ja ty\u00f6paikoille&quot;\" \/>\n<meta property=\"og:url\" content=\"https:\/\/blogit.gradia.fi\/sujuvasti\/linkkeja-tyopaikkaohjaajalle\/\" \/>\n<meta property=\"article:modified_time\" content=\"2024-04-23T07:03:02+00:00\" \/>\n<meta name=\"twitter:card\" content=\"summary_large_image\" \/>\n<meta name=\"twitter:label1\" content=\"Arvioitu lukuaika\" \/>\n\t<meta name=\"twitter:data1\" content=\"4 minuuttia\" \/>\n<script type=\"application\/ld+json\" class=\"yoast-schema-graph\">{\"@context\":\"https:\\\/\\\/schema.org\",\"@graph\":[{\"@type\":\"WebPage\",\"@id\":\"https:\\\/\\\/blogit.gradia.fi\\\/sujuvasti\\\/linkkeja-tyopaikkaohjaajalle\\\/\",\"url\":\"https:\\\/\\\/blogit.gradia.fi\\\/sujuvasti\\\/linkkeja-tyopaikkaohjaajalle\\\/\",\"name\":\"Linkkej\u00e4 ty\u00f6paikkaohjaajille ja ty\u00f6paikoille -\",\"isPartOf\":{\"@id\":\"https:\\\/\\\/blogit.gradia.fi\\\/sujuvasti\\\/#website\"},\"datePublished\":\"2023-09-27T06:55:52+00:00\",\"dateModified\":\"2024-04-23T07:03:02+00:00\",\"breadcrumb\":{\"@id\":\"https:\\\/\\\/blogit.gradia.fi\\\/sujuvasti\\\/linkkeja-tyopaikkaohjaajalle\\\/#breadcrumb\"},\"inLanguage\":\"fi\",\"potentialAction\":[{\"@type\":\"ReadAction\",\"target\":[\"https:\\\/\\\/blogit.gradia.fi\\\/sujuvasti\\\/linkkeja-tyopaikkaohjaajalle\\\/\"]}]},{\"@type\":\"BreadcrumbList\",\"@id\":\"https:\\\/\\\/blogit.gradia.fi\\\/sujuvasti\\\/linkkeja-tyopaikkaohjaajalle\\\/#breadcrumb\",\"itemListElement\":[{\"@type\":\"ListItem\",\"position\":1,\"name\":\"Etusivu\",\"item\":\"https:\\\/\\\/blogit.gradia.fi\\\/sujuvasti\\\/\"},{\"@type\":\"ListItem\",\"position\":2,\"name\":\"Linkkej\u00e4 ty\u00f6paikkaohjaajille ja ty\u00f6paikoille\"}]},{\"@type\":\"WebSite\",\"@id\":\"https:\\\/\\\/blogit.gradia.fi\\\/sujuvasti\\\/#website\",\"url\":\"https:\\\/\\\/blogit.gradia.fi\\\/sujuvasti\\\/\",\"name\":\"\",\"description\":\"Sujuvasti soten t\u00f6ihin \u2013 kieli- ja kulttuuritietoinen ohjaus\",\"potentialAction\":[{\"@type\":\"SearchAction\",\"target\":{\"@type\":\"EntryPoint\",\"urlTemplate\":\"https:\\\/\\\/blogit.gradia.fi\\\/sujuvasti\\\/?s={search_term_string}\"},\"query-input\":{\"@type\":\"PropertyValueSpecification\",\"valueRequired\":true,\"valueName\":\"search_term_string\"}}],\"inLanguage\":\"fi\"}]}<\/script>\n<!-- \/ Yoast SEO plugin. -->","yoast_head_json":{"title":"Linkkej\u00e4 ty\u00f6paikkaohjaajille ja ty\u00f6paikoille -","robots":{"index":"index","follow":"follow","max-snippet":"max-snippet:-1","max-image-preview":"max-image-preview:large","max-video-preview":"max-video-preview:-1"},"canonical":"https:\/\/blogit.gradia.fi\/sujuvasti\/linkkeja-tyopaikkaohjaajalle\/","og_locale":"fi_FI","og_type":"article","og_title":"Linkkej\u00e4 ty\u00f6paikkaohjaajille ja ty\u00f6paikoille -","og_description":"Perehdy pikaisesti muutamassa minuutissa katsomalla kaksi animaatiota t\u00e4\u00e4lt\u00e4: https:\/\/opinportailla.diak.fi\/monikulttuuriseen-tyoelamaan\/minianimaatiot\/&nbsp;&nbsp; Selkokielen puhumisen ja kirjoittamisen pikaohjeet l\u00f6yd\u00e4t t\u00e4\u00e4lt\u00e4: https:\/\/selkokeskus.fi\/wp-content\/uploads\/2020\/01\/selkokielen_pikaohjeet_julisteet_vari.pdf&nbsp;&nbsp; T\u00e4\u00e4lt\u00e4 l\u00f6yd\u00e4 videon, jossa kerrotaan, mit\u00e4 kielenoppiminen vaatii ja millaista on selkokielinen ohjaus k\u00e4yt\u00e4nn\u00f6ss\u00e4. https:\/\/www.youtube.com\/watch?v=-7ytjaZbTBk&amp;t=57s&nbsp;&nbsp; L\u00f6yd\u00e4t vastauksia kysymyksiin t\u00e4\u00e4lt\u00e4: https:\/\/www.kielibuusti.fi\/fi\/ohjaajat\/tyoharjoittelun-ohjaajille\/mita-on-ammatillinen-kielitaito&nbsp;&nbsp; T\u00e4\u00e4lt\u00e4 l\u00f6yd\u00e4t eurooppalaisen viitekehyksen taitotasoasteikon kuvana: https:\/\/old.svenskanu.fi\/opo\/kuvat\/juliste.pdf&nbsp;&nbsp; T\u00e4\u00e4lt\u00e4 l\u00f6yd\u00e4t tietoa, mit\u00e4 Valvira sanoo riitt\u00e4v\u00e4st\u00e4 kielitaidosta ja sen osoittamisesta: &hellip; Jatka lukemista \"Linkkej\u00e4 ty\u00f6paikkaohjaajille ja ty\u00f6paikoille\"","og_url":"https:\/\/blogit.gradia.fi\/sujuvasti\/linkkeja-tyopaikkaohjaajalle\/","article_modified_time":"2024-04-23T07:03:02+00:00","twitter_card":"summary_large_image","twitter_misc":{"Arvioitu lukuaika":"4 minuuttia"},"schema":{"@context":"https:\/\/schema.org","@graph":[{"@type":"WebPage","@id":"https:\/\/blogit.gradia.fi\/sujuvasti\/linkkeja-tyopaikkaohjaajalle\/","url":"https:\/\/blogit.gradia.fi\/sujuvasti\/linkkeja-tyopaikkaohjaajalle\/","name":"Linkkej\u00e4 ty\u00f6paikkaohjaajille ja ty\u00f6paikoille -","isPartOf":{"@id":"https:\/\/blogit.gradia.fi\/sujuvasti\/#website"},"datePublished":"2023-09-27T06:55:52+00:00","dateModified":"2024-04-23T07:03:02+00:00","breadcrumb":{"@id":"https:\/\/blogit.gradia.fi\/sujuvasti\/linkkeja-tyopaikkaohjaajalle\/#breadcrumb"},"inLanguage":"fi","potentialAction":[{"@type":"ReadAction","target":["https:\/\/blogit.gradia.fi\/sujuvasti\/linkkeja-tyopaikkaohjaajalle\/"]}]},{"@type":"BreadcrumbList","@id":"https:\/\/blogit.gradia.fi\/sujuvasti\/linkkeja-tyopaikkaohjaajalle\/#breadcrumb","itemListElement":[{"@type":"ListItem","position":1,"name":"Etusivu","item":"https:\/\/blogit.gradia.fi\/sujuvasti\/"},{"@type":"ListItem","position":2,"name":"Linkkej\u00e4 ty\u00f6paikkaohjaajille ja ty\u00f6paikoille"}]},{"@type":"WebSite","@id":"https:\/\/blogit.gradia.fi\/sujuvasti\/#website","url":"https:\/\/blogit.gradia.fi\/sujuvasti\/","name":"","description":"Sujuvasti soten t\u00f6ihin \u2013 kieli- ja kulttuuritietoinen ohjaus","potentialAction":[{"@type":"SearchAction","target":{"@type":"EntryPoint","urlTemplate":"https:\/\/blogit.gradia.fi\/sujuvasti\/?s={search_term_string}"},"query-input":{"@type":"PropertyValueSpecification","valueRequired":true,"valueName":"search_term_string"}}],"inLanguage":"fi"}]}},"uagb_featured_image_src":{"full":false,"thumbnail":false,"medium":false,"medium_large":false,"large":false,"1536x1536":false,"2048x2048":false,"post-thumbnail":false},"uagb_author_info":{"display_name":"Ulla Koukkari-Anttonen","author_link":"https:\/\/blogit.gradia.fi\/sujuvasti\/author\/koukkull\/"},"uagb_comment_info":0,"uagb_excerpt":"Perehdy pikaisesti muutamassa minuutissa katsomalla kaksi animaatiota t\u00e4\u00e4lt\u00e4: https:\/\/opinportailla.diak.fi\/monikulttuuriseen-tyoelamaan\/minianimaatiot\/&nbsp;&nbsp; Selkokielen puhumisen ja kirjoittamisen pikaohjeet l\u00f6yd\u00e4t t\u00e4\u00e4lt\u00e4: https:\/\/selkokeskus.fi\/wp-content\/uploads\/2020\/01\/selkokielen_pikaohjeet_julisteet_vari.pdf&nbsp;&nbsp; T\u00e4\u00e4lt\u00e4 l\u00f6yd\u00e4 videon, jossa kerrotaan, mit\u00e4 kielenoppiminen vaatii ja millaista on selkokielinen ohjaus k\u00e4yt\u00e4nn\u00f6ss\u00e4. https:\/\/www.youtube.com\/watch?v=-7ytjaZbTBk&amp;t=57s&nbsp;&nbsp; L\u00f6yd\u00e4t vastauksia kysymyksiin t\u00e4\u00e4lt\u00e4: https:\/\/www.kielibuusti.fi\/fi\/ohjaajat\/tyoharjoittelun-ohjaajille\/mita-on-ammatillinen-kielitaito&nbsp;&nbsp; T\u00e4\u00e4lt\u00e4 l\u00f6yd\u00e4t eurooppalaisen viitekehyksen taitotasoasteikon kuvana: https:\/\/old.svenskanu.fi\/opo\/kuvat\/juliste.pdf&nbsp;&nbsp; T\u00e4\u00e4lt\u00e4 l\u00f6yd\u00e4t tietoa, mit\u00e4 Valvira sanoo riitt\u00e4v\u00e4st\u00e4 kielitaidosta ja sen osoittamisesta:&hellip;","_links":{"self":[{"href":"https:\/\/blogit.gradia.fi\/sujuvasti\/wp-json\/wp\/v2\/pages\/19","targetHints":{"allow":["GET"]}}],"collection":[{"href":"https:\/\/blogit.gradia.fi\/sujuvasti\/wp-json\/wp\/v2\/pages"}],"about":[{"href":"https:\/\/blogit.gradia.fi\/sujuvasti\/wp-json\/wp\/v2\/types\/page"}],"author":[{"embeddable":true,"href":"https:\/\/blogit.gradia.fi\/sujuvasti\/wp-json\/wp\/v2\/users\/1038"}],"replies":[{"embeddable":true,"href":"https:\/\/blogit.gradia.fi\/sujuvasti\/wp-json\/wp\/v2\/comments?post=19"}],"version-history":[{"count":4,"href":"https:\/\/blogit.gradia.fi\/sujuvasti\/wp-json\/wp\/v2\/pages\/19\/revisions"}],"predecessor-version":[{"id":70,"href":"https:\/\/blogit.gradia.fi\/sujuvasti\/wp-json\/wp\/v2\/pages\/19\/revisions\/70"}],"wp:attachment":[{"href":"https:\/\/blogit.gradia.fi\/sujuvasti\/wp-json\/wp\/v2\/media?parent=19"}],"curies":[{"name":"wp","href":"https:\/\/api.w.org\/{rel}","templated":true}]}}