{"id":70,"date":"2016-03-08T20:01:08","date_gmt":"2016-03-08T18:01:08","guid":{"rendered":"https:\/\/blogit.gradia.fi\/soteammattilaiset\/?page_id=70"},"modified":"2017-09-01T19:12:51","modified_gmt":"2017-09-01T16:12:51","slug":"kehitysvamma-alan-ammattitutkinto-2","status":"publish","type":"page","link":"https:\/\/blogit.gradia.fi\/soteammattilaiset\/ammattitutkinnot\/kehitysvamma-alan-ammattitutkinto-2\/","title":{"rendered":"Kehitysvamma-alan ammattitutkinto"},"content":{"rendered":"<p>Kehitysvamma-alan ammattitutkinto<\/p>\n<p>Tarjoaa sinulle mahdollisuuden<br \/>\n\u2022\thankkia laaja-alainen osaaminen kehitysvamma-alalla<br \/>\n\u2022\tp\u00e4ivitt\u00e4\u00e4 osaamistasi yksil\u00f6keskeisest\u00e4, itsem\u00e4\u00e4r\u00e4\u00e4mis-<br \/>\n        oikeutta ja osallisuutta edist\u00e4v\u00e4st\u00e4 ty\u00f6skentelyst\u00e4<br \/>\n\u2022\tmoniammatilliseen ja monikulttuuriseen ty\u00f6h\u00f6n eri ik\u00e4isten<br \/>\n        kehitysvammaisten ja heid\u00e4n l\u00e4heistens\u00e4 parissa<br \/>\n\u2022\tverkostoitua erilaisten kehitysvamma-alan osaajien kanssa          <\/p>\n<p>Tutkinnon suorittamiseksi sinun kanssasi laaditaan henkil\u00f6kohtainen opiskeluohjelma yhteisty\u00f6ss\u00e4 ty\u00f6el\u00e4m\u00e4n kanssa.<br \/>\nVoit suorittaa kehitysvamma-alan opinnot ty\u00f6n ohella ja ne kest\u00e4v\u00e4t vuodesta puoleentoista vuoteen.<\/p>\n<p>Suoritettuasi kehitysvamma-alan ammattitutkinnon voit ty\u00f6skennell\u00e4 julkisen, yksityisen ja kolmannen sektorin toimintaymp\u00e4rist\u00f6iss\u00e4, joissa eri-ik\u00e4iset kehitysvammaiset ihmiset asuvat, opiskelevat, tekev\u00e4t ty\u00f6t\u00e4 tai ovat palveluiden k\u00e4ytt\u00e4jin\u00e4. Kehitysvamma-alan palvelurakenteet uudistuvat ja yksil\u00f6llistyv\u00e4t. Ty\u00f6t\u00e4 tehd\u00e4\u00e4n aikaisempaa enemm\u00e4n moniammatillisissa ja monikulttuurisissa verkostoissa.<br \/>\n<a href=\"https:\/\/www.jao.fi\/primus\/Kehitysvamma-alan-ammattitutkinto\/25037\/6-15689\"><br \/>\nLis\u00e4tietoja koulutuksesta<\/a><\/p>\n<p>Koulutus voidaan suorittaa my\u00f6s oppisopimuskoulutuksena. Ota yhteys Jyv\u00e4skyl\u00e4n oppisopimuskeskus Krista Hanski puh.040 341 5191, etunimi.sukunimi@jao.fi<\/p>\n","protected":false},"excerpt":{"rendered":"<p>Kehitysvamma-alan ammattitutkinto Tarjoaa sinulle mahdollisuuden \u2022 hankkia laaja-alainen osaaminen kehitysvamma-alalla \u2022 p\u00e4ivitt\u00e4\u00e4 osaamistasi yksil\u00f6keskeisest\u00e4, itsem\u00e4\u00e4r\u00e4\u00e4mis- oikeutta ja osallisuutta edist\u00e4v\u00e4st\u00e4 ty\u00f6skentelyst\u00e4 \u2022 moniammatilliseen ja monikulttuuriseen ty\u00f6h\u00f6n eri ik\u00e4isten kehitysvammaisten ja heid\u00e4n l\u00e4heistens\u00e4 parissa \u2022 verkostoitua erilaisten kehitysvamma-alan osaajien kanssa Tutkinnon suorittamiseksi sinun kanssasi laaditaan henkil\u00f6kohtainen opiskeluohjelma yhteisty\u00f6ss\u00e4 ty\u00f6el\u00e4m\u00e4n kanssa. Voit suorittaa kehitysvamma-alan opinnot ty\u00f6n ohella ja &hellip; <a href=\"https:\/\/blogit.gradia.fi\/soteammattilaiset\/ammattitutkinnot\/kehitysvamma-alan-ammattitutkinto-2\/\" class=\"more-link\">Jatka lukemista <span class=\"screen-reader-text\">Kehitysvamma-alan ammattitutkinto<\/span> <span class=\"meta-nav\">&rarr;<\/span><\/a><\/p>\n","protected":false},"author":1131,"featured_media":0,"parent":75,"menu_order":2,"comment_status":"closed","ping_status":"closed","template":"","meta":{"_uag_custom_page_level_css":"","footnotes":""},"class_list":["post-70","page","type-page","status-publish","hentry"],"yoast_head":"<!-- This site is optimized with the Yoast SEO plugin v27.5 - https:\/\/yoast.com\/product\/yoast-seo-wordpress\/ -->\n<title>Kehitysvamma-alan ammattitutkinto - Sote ammattilaiset<\/title>\n<meta name=\"robots\" content=\"index, follow, max-snippet:-1, max-image-preview:large, max-video-preview:-1\" \/>\n<link rel=\"canonical\" href=\"https:\/\/blogit.gradia.fi\/soteammattilaiset\/ammattitutkinnot\/kehitysvamma-alan-ammattitutkinto-2\/\" \/>\n<meta property=\"og:locale\" content=\"fi_FI\" \/>\n<meta property=\"og:type\" content=\"article\" \/>\n<meta property=\"og:title\" content=\"Kehitysvamma-alan ammattitutkinto - Sote ammattilaiset\" \/>\n<meta property=\"og:description\" content=\"Kehitysvamma-alan ammattitutkinto Tarjoaa sinulle mahdollisuuden \u2022 hankkia laaja-alainen osaaminen kehitysvamma-alalla \u2022 p\u00e4ivitt\u00e4\u00e4 osaamistasi yksil\u00f6keskeisest\u00e4, itsem\u00e4\u00e4r\u00e4\u00e4mis- oikeutta ja osallisuutta edist\u00e4v\u00e4st\u00e4 ty\u00f6skentelyst\u00e4 \u2022 moniammatilliseen ja monikulttuuriseen ty\u00f6h\u00f6n eri ik\u00e4isten kehitysvammaisten ja heid\u00e4n l\u00e4heistens\u00e4 parissa \u2022 verkostoitua erilaisten kehitysvamma-alan osaajien kanssa Tutkinnon suorittamiseksi sinun kanssasi laaditaan henkil\u00f6kohtainen opiskeluohjelma yhteisty\u00f6ss\u00e4 ty\u00f6el\u00e4m\u00e4n kanssa. Voit suorittaa kehitysvamma-alan opinnot ty\u00f6n ohella ja &hellip; Jatka lukemista Kehitysvamma-alan ammattitutkinto &rarr;\" \/>\n<meta property=\"og:url\" content=\"https:\/\/blogit.gradia.fi\/soteammattilaiset\/ammattitutkinnot\/kehitysvamma-alan-ammattitutkinto-2\/\" \/>\n<meta property=\"og:site_name\" content=\"Sote ammattilaiset\" \/>\n<meta property=\"article:modified_time\" content=\"2017-09-01T16:12:51+00:00\" \/>\n<meta name=\"twitter:card\" content=\"summary_large_image\" \/>\n<meta name=\"twitter:label1\" content=\"Arvioitu lukuaika\" \/>\n\t<meta name=\"twitter:data1\" content=\"1 minuutti\" \/>\n<script type=\"application\/ld+json\" class=\"yoast-schema-graph\">{\"@context\":\"https:\\\/\\\/schema.org\",\"@graph\":[{\"@type\":\"WebPage\",\"@id\":\"https:\\\/\\\/blogit.gradia.fi\\\/soteammattilaiset\\\/ammattitutkinnot\\\/kehitysvamma-alan-ammattitutkinto-2\\\/\",\"url\":\"https:\\\/\\\/blogit.gradia.fi\\\/soteammattilaiset\\\/ammattitutkinnot\\\/kehitysvamma-alan-ammattitutkinto-2\\\/\",\"name\":\"Kehitysvamma-alan ammattitutkinto - Sote ammattilaiset\",\"isPartOf\":{\"@id\":\"https:\\\/\\\/blogit.gradia.fi\\\/soteammattilaiset\\\/#website\"},\"datePublished\":\"2016-03-08T18:01:08+00:00\",\"dateModified\":\"2017-09-01T16:12:51+00:00\",\"breadcrumb\":{\"@id\":\"https:\\\/\\\/blogit.gradia.fi\\\/soteammattilaiset\\\/ammattitutkinnot\\\/kehitysvamma-alan-ammattitutkinto-2\\\/#breadcrumb\"},\"inLanguage\":\"fi\",\"potentialAction\":[{\"@type\":\"ReadAction\",\"target\":[\"https:\\\/\\\/blogit.gradia.fi\\\/soteammattilaiset\\\/ammattitutkinnot\\\/kehitysvamma-alan-ammattitutkinto-2\\\/\"]}]},{\"@type\":\"BreadcrumbList\",\"@id\":\"https:\\\/\\\/blogit.gradia.fi\\\/soteammattilaiset\\\/ammattitutkinnot\\\/kehitysvamma-alan-ammattitutkinto-2\\\/#breadcrumb\",\"itemListElement\":[{\"@type\":\"ListItem\",\"position\":1,\"name\":\"Ammattitutkinnot\",\"item\":\"https:\\\/\\\/blogit.gradia.fi\\\/soteammattilaiset\\\/ammattitutkinnot\\\/\"},{\"@type\":\"ListItem\",\"position\":2,\"name\":\"Kehitysvamma-alan ammattitutkinto\"}]},{\"@type\":\"WebSite\",\"@id\":\"https:\\\/\\\/blogit.gradia.fi\\\/soteammattilaiset\\\/#website\",\"url\":\"https:\\\/\\\/blogit.gradia.fi\\\/soteammattilaiset\\\/\",\"name\":\"Sote ammattilaiset\",\"description\":\"Gradia Jyv\u00e4skyl\u00e4 \\\/ Osallisuus ja ohjaaminen palvelut ammatti- ja erikoisammattitutkinnot\",\"potentialAction\":[{\"@type\":\"SearchAction\",\"target\":{\"@type\":\"EntryPoint\",\"urlTemplate\":\"https:\\\/\\\/blogit.gradia.fi\\\/soteammattilaiset\\\/?s={search_term_string}\"},\"query-input\":{\"@type\":\"PropertyValueSpecification\",\"valueRequired\":true,\"valueName\":\"search_term_string\"}}],\"inLanguage\":\"fi\"}]}<\/script>\n<!-- \/ Yoast SEO plugin. -->","yoast_head_json":{"title":"Kehitysvamma-alan ammattitutkinto - Sote ammattilaiset","robots":{"index":"index","follow":"follow","max-snippet":"max-snippet:-1","max-image-preview":"max-image-preview:large","max-video-preview":"max-video-preview:-1"},"canonical":"https:\/\/blogit.gradia.fi\/soteammattilaiset\/ammattitutkinnot\/kehitysvamma-alan-ammattitutkinto-2\/","og_locale":"fi_FI","og_type":"article","og_title":"Kehitysvamma-alan ammattitutkinto - Sote ammattilaiset","og_description":"Kehitysvamma-alan ammattitutkinto Tarjoaa sinulle mahdollisuuden \u2022 hankkia laaja-alainen osaaminen kehitysvamma-alalla \u2022 p\u00e4ivitt\u00e4\u00e4 osaamistasi yksil\u00f6keskeisest\u00e4, itsem\u00e4\u00e4r\u00e4\u00e4mis- oikeutta ja osallisuutta edist\u00e4v\u00e4st\u00e4 ty\u00f6skentelyst\u00e4 \u2022 moniammatilliseen ja monikulttuuriseen ty\u00f6h\u00f6n eri ik\u00e4isten kehitysvammaisten ja heid\u00e4n l\u00e4heistens\u00e4 parissa \u2022 verkostoitua erilaisten kehitysvamma-alan osaajien kanssa Tutkinnon suorittamiseksi sinun kanssasi laaditaan henkil\u00f6kohtainen opiskeluohjelma yhteisty\u00f6ss\u00e4 ty\u00f6el\u00e4m\u00e4n kanssa. Voit suorittaa kehitysvamma-alan opinnot ty\u00f6n ohella ja &hellip; Jatka lukemista Kehitysvamma-alan ammattitutkinto &rarr;","og_url":"https:\/\/blogit.gradia.fi\/soteammattilaiset\/ammattitutkinnot\/kehitysvamma-alan-ammattitutkinto-2\/","og_site_name":"Sote ammattilaiset","article_modified_time":"2017-09-01T16:12:51+00:00","twitter_card":"summary_large_image","twitter_misc":{"Arvioitu lukuaika":"1 minuutti"},"schema":{"@context":"https:\/\/schema.org","@graph":[{"@type":"WebPage","@id":"https:\/\/blogit.gradia.fi\/soteammattilaiset\/ammattitutkinnot\/kehitysvamma-alan-ammattitutkinto-2\/","url":"https:\/\/blogit.gradia.fi\/soteammattilaiset\/ammattitutkinnot\/kehitysvamma-alan-ammattitutkinto-2\/","name":"Kehitysvamma-alan ammattitutkinto - Sote ammattilaiset","isPartOf":{"@id":"https:\/\/blogit.gradia.fi\/soteammattilaiset\/#website"},"datePublished":"2016-03-08T18:01:08+00:00","dateModified":"2017-09-01T16:12:51+00:00","breadcrumb":{"@id":"https:\/\/blogit.gradia.fi\/soteammattilaiset\/ammattitutkinnot\/kehitysvamma-alan-ammattitutkinto-2\/#breadcrumb"},"inLanguage":"fi","potentialAction":[{"@type":"ReadAction","target":["https:\/\/blogit.gradia.fi\/soteammattilaiset\/ammattitutkinnot\/kehitysvamma-alan-ammattitutkinto-2\/"]}]},{"@type":"BreadcrumbList","@id":"https:\/\/blogit.gradia.fi\/soteammattilaiset\/ammattitutkinnot\/kehitysvamma-alan-ammattitutkinto-2\/#breadcrumb","itemListElement":[{"@type":"ListItem","position":1,"name":"Ammattitutkinnot","item":"https:\/\/blogit.gradia.fi\/soteammattilaiset\/ammattitutkinnot\/"},{"@type":"ListItem","position":2,"name":"Kehitysvamma-alan ammattitutkinto"}]},{"@type":"WebSite","@id":"https:\/\/blogit.gradia.fi\/soteammattilaiset\/#website","url":"https:\/\/blogit.gradia.fi\/soteammattilaiset\/","name":"Sote ammattilaiset","description":"Gradia Jyv\u00e4skyl\u00e4 \/ Osallisuus ja ohjaaminen palvelut ammatti- ja erikoisammattitutkinnot","potentialAction":[{"@type":"SearchAction","target":{"@type":"EntryPoint","urlTemplate":"https:\/\/blogit.gradia.fi\/soteammattilaiset\/?s={search_term_string}"},"query-input":{"@type":"PropertyValueSpecification","valueRequired":true,"valueName":"search_term_string"}}],"inLanguage":"fi"}]}},"uagb_featured_image_src":{"full":false,"thumbnail":false,"medium":false,"medium_large":false,"large":false,"1536x1536":false,"2048x2048":false,"post-thumbnail":false},"uagb_author_info":{"display_name":"arkistoija","author_link":"https:\/\/blogit.gradia.fi\/soteammattilaiset\/author\/arkistoija\/"},"uagb_comment_info":0,"uagb_excerpt":"Kehitysvamma-alan ammattitutkinto Tarjoaa sinulle mahdollisuuden \u2022 hankkia laaja-alainen osaaminen kehitysvamma-alalla \u2022 p\u00e4ivitt\u00e4\u00e4 osaamistasi yksil\u00f6keskeisest\u00e4, itsem\u00e4\u00e4r\u00e4\u00e4mis- oikeutta ja osallisuutta edist\u00e4v\u00e4st\u00e4 ty\u00f6skentelyst\u00e4 \u2022 moniammatilliseen ja monikulttuuriseen ty\u00f6h\u00f6n eri ik\u00e4isten kehitysvammaisten ja heid\u00e4n l\u00e4heistens\u00e4 parissa \u2022 verkostoitua erilaisten kehitysvamma-alan osaajien kanssa Tutkinnon suorittamiseksi sinun kanssasi laaditaan henkil\u00f6kohtainen opiskeluohjelma yhteisty\u00f6ss\u00e4 ty\u00f6el\u00e4m\u00e4n kanssa. Voit suorittaa kehitysvamma-alan opinnot ty\u00f6n ohella ja&hellip;","_links":{"self":[{"href":"https:\/\/blogit.gradia.fi\/soteammattilaiset\/wp-json\/wp\/v2\/pages\/70","targetHints":{"allow":["GET"]}}],"collection":[{"href":"https:\/\/blogit.gradia.fi\/soteammattilaiset\/wp-json\/wp\/v2\/pages"}],"about":[{"href":"https:\/\/blogit.gradia.fi\/soteammattilaiset\/wp-json\/wp\/v2\/types\/page"}],"author":[{"embeddable":true,"href":"https:\/\/blogit.gradia.fi\/soteammattilaiset\/wp-json\/wp\/v2\/users\/1131"}],"replies":[{"embeddable":true,"href":"https:\/\/blogit.gradia.fi\/soteammattilaiset\/wp-json\/wp\/v2\/comments?post=70"}],"version-history":[{"count":0,"href":"https:\/\/blogit.gradia.fi\/soteammattilaiset\/wp-json\/wp\/v2\/pages\/70\/revisions"}],"up":[{"embeddable":true,"href":"https:\/\/blogit.gradia.fi\/soteammattilaiset\/wp-json\/wp\/v2\/pages\/75"}],"wp:attachment":[{"href":"https:\/\/blogit.gradia.fi\/soteammattilaiset\/wp-json\/wp\/v2\/media?parent=70"}],"curies":[{"name":"wp","href":"https:\/\/api.w.org\/{rel}","templated":true}]}}