{"id":64,"date":"2016-03-08T19:58:51","date_gmt":"2016-03-08T17:58:51","guid":{"rendered":"https:\/\/blogit.gradia.fi\/soteammattilaiset\/?page_id=64"},"modified":"2017-05-03T19:49:29","modified_gmt":"2017-05-03T16:49:29","slug":"koulunkaynnin-ja-aamu-ja-iltapaivatoiminnan-ohjauksen-ammattitutkinto","status":"publish","type":"page","link":"https:\/\/blogit.gradia.fi\/soteammattilaiset\/ammattitutkinnot\/koulunkaynnin-ja-aamu-ja-iltapaivatoiminnan-ohjauksen-ammattitutkinto\/","title":{"rendered":"Koulunk\u00e4ynnin ja aamu- ja iltap\u00e4iv\u00e4toiminnan ohjauksen ammattitutkinto"},"content":{"rendered":"<p>Tarjoaa sinulle mahdollisuuden<br \/>\n\u2022\tosallistua eri-ik\u00e4isten ja kulttuuritaustaltaan erilaisten<br \/>\n        ihmisten kasvatukseen ja toimintakyvyn tukemiseen<br \/>\n        ja ohjaamiseen<br \/>\n\u2022\tty\u00f6 pohjautuu ihmisen kehityksen kokonaisvaltaiseen<br \/>\n        tuntemiseen ja ty\u00f6t\u00e4 ohjaavat kasvatukselliset tavoitteet<br \/>\n\u2022\tty\u00f6 vaatii havainnointikyky\u00e4, tilanteiden arviointikyky\u00e4<br \/>\n        sek\u00e4 harkintaan perustuvaa ongelmanratkaisua ja p\u00e4\u00e4t\u00f6ksentekoa.<br \/>\n<a href=\"https:\/\/blogit.gradia.fi\/soteammattilaiset\/wp-content\/uploads\/sites\/103\/2016\/03\/crayons-1445057_960_720.jpg\"><img loading=\"lazy\" decoding=\"async\" src=\"https:\/\/blogit.gradia.fi\/soteammattilaiset\/wp-content\/uploads\/sites\/103\/2016\/03\/crayons-1445057_960_720-300x200.jpg\" alt=\"\" width=\"300\" height=\"200\" class=\"aligncenter size-medium wp-image-259\" srcset=\"https:\/\/blogit.gradia.fi\/soteammattilaiset\/wp-content\/uploads\/sites\/103\/2016\/03\/crayons-1445057_960_720-300x200.jpg 300w, https:\/\/blogit.gradia.fi\/soteammattilaiset\/wp-content\/uploads\/sites\/103\/2016\/03\/crayons-1445057_960_720-768x512.jpg 768w, https:\/\/blogit.gradia.fi\/soteammattilaiset\/wp-content\/uploads\/sites\/103\/2016\/03\/crayons-1445057_960_720.jpg 960w\" sizes=\"auto, (max-width: 300px) 100vw, 300px\" \/><\/a><\/p>\n<p>Tutkinnon suorittamiseksi sinun kanssasi laaditaan henkil\u00f6kohtainen opiskeluohjelma yhteisty\u00f6ss\u00e4 ty\u00f6el\u00e4m\u00e4n kanssa.<\/p>\n<p>Opintosi kest\u00e4v\u00e4t vuodesta puoleentoista vuoteen.<\/p>\n<p>Suoritettuasi Koulunk\u00e4ynnin ja aamu- ja iltap\u00e4iv\u00e4toiminnan ohjauksen ammattitutkinnon ty\u00f6ymp\u00e4rist\u00f6in\u00e4si voivat olla lasten p\u00e4iv\u00e4hoito, esiopetus, perusopetuksen erilaiset oppilasryhm\u00e4t, koululaisten aamu- ja iltap\u00e4iv\u00e4toiminta, eri-ik\u00e4isten vapaa-ajan toiminta tai toisen asteen koulutuksessa esimerkiksi vammaisten opiskelijoiden ohjaus, maahanmuuttajien koulutus, ammatilliset tutkinnot ja lukiokoulutus.<\/p>\n<p>Tutkinnon suorittettuasi voit toimia my\u00f6s eri-ik\u00e4isten henkil\u00f6kohtaisena avustajana avustettavan tarpeiden mukaan opiskeluun, ty\u00f6h\u00f6n, vapaa-aikaan tai kotiin liittyviss\u00e4 teht\u00e4viss\u00e4.<\/p>\n<p>Koulutus toteutetaan p\u00e4iv\u00e4- ja monimuotokoulutuksena, joka on  l\u00e4hiopetusta, et\u00e4opintoja, kirjallisia teht\u00e4vi\u00e4 ja ty\u00f6ss\u00e4oppimista. <\/p>\n<p><a href=\"https:\/\/www.jao.fi\/primus\/Koulunkaynnin-ja-aamu--ja-iltapaivatoiminnan-ohjauksen-ammattitutkinto\/25037\/17-15911\" target=\"_blank\">Lis\u00e4tietoja koulutuksesta<\/a><\/p>\n<p>Koulutus voidaan suorittaa my\u00f6s oppisopimuskoulutuksena. Ota yhteys Jyv\u00e4skyl\u00e4n oppisopimuskeskus Krista Hanski puh.040 341 5191, etunimi.sukunimi@jao.fi<\/p>\n","protected":false},"excerpt":{"rendered":"<p>Tarjoaa sinulle mahdollisuuden \u2022 osallistua eri-ik\u00e4isten ja kulttuuritaustaltaan erilaisten ihmisten kasvatukseen ja toimintakyvyn tukemiseen ja ohjaamiseen \u2022 ty\u00f6 pohjautuu ihmisen kehityksen kokonaisvaltaiseen tuntemiseen ja ty\u00f6t\u00e4 ohjaavat kasvatukselliset tavoitteet \u2022 ty\u00f6 vaatii havainnointikyky\u00e4, tilanteiden arviointikyky\u00e4 sek\u00e4 harkintaan perustuvaa ongelmanratkaisua ja p\u00e4\u00e4t\u00f6ksentekoa. Tutkinnon suorittamiseksi sinun kanssasi laaditaan henkil\u00f6kohtainen opiskeluohjelma yhteisty\u00f6ss\u00e4 ty\u00f6el\u00e4m\u00e4n kanssa. Opintosi kest\u00e4v\u00e4t vuodesta puoleentoista vuoteen. &hellip; <a href=\"https:\/\/blogit.gradia.fi\/soteammattilaiset\/ammattitutkinnot\/koulunkaynnin-ja-aamu-ja-iltapaivatoiminnan-ohjauksen-ammattitutkinto\/\" class=\"more-link\">Jatka lukemista <span class=\"screen-reader-text\">Koulunk\u00e4ynnin ja aamu- ja iltap\u00e4iv\u00e4toiminnan ohjauksen ammattitutkinto<\/span> <span class=\"meta-nav\">&rarr;<\/span><\/a><\/p>\n","protected":false},"author":1131,"featured_media":0,"parent":75,"menu_order":3,"comment_status":"closed","ping_status":"closed","template":"","meta":{"_uag_custom_page_level_css":"","footnotes":""},"class_list":["post-64","page","type-page","status-publish","hentry"],"yoast_head":"<!-- This site is optimized with the Yoast SEO plugin v27.5 - https:\/\/yoast.com\/product\/yoast-seo-wordpress\/ -->\n<title>Koulunk\u00e4ynnin ja aamu- ja iltap\u00e4iv\u00e4toiminnan ohjauksen ammattitutkinto - Sote ammattilaiset<\/title>\n<meta name=\"robots\" content=\"index, follow, max-snippet:-1, max-image-preview:large, max-video-preview:-1\" \/>\n<link rel=\"canonical\" href=\"https:\/\/blogit.gradia.fi\/soteammattilaiset\/ammattitutkinnot\/koulunkaynnin-ja-aamu-ja-iltapaivatoiminnan-ohjauksen-ammattitutkinto\/\" \/>\n<meta property=\"og:locale\" content=\"fi_FI\" \/>\n<meta property=\"og:type\" content=\"article\" \/>\n<meta property=\"og:title\" content=\"Koulunk\u00e4ynnin ja aamu- ja iltap\u00e4iv\u00e4toiminnan ohjauksen ammattitutkinto - Sote ammattilaiset\" \/>\n<meta property=\"og:description\" content=\"Tarjoaa sinulle mahdollisuuden \u2022 osallistua eri-ik\u00e4isten ja kulttuuritaustaltaan erilaisten ihmisten kasvatukseen ja toimintakyvyn tukemiseen ja ohjaamiseen \u2022 ty\u00f6 pohjautuu ihmisen kehityksen kokonaisvaltaiseen tuntemiseen ja ty\u00f6t\u00e4 ohjaavat kasvatukselliset tavoitteet \u2022 ty\u00f6 vaatii havainnointikyky\u00e4, tilanteiden arviointikyky\u00e4 sek\u00e4 harkintaan perustuvaa ongelmanratkaisua ja p\u00e4\u00e4t\u00f6ksentekoa. Tutkinnon suorittamiseksi sinun kanssasi laaditaan henkil\u00f6kohtainen opiskeluohjelma yhteisty\u00f6ss\u00e4 ty\u00f6el\u00e4m\u00e4n kanssa. Opintosi kest\u00e4v\u00e4t vuodesta puoleentoista vuoteen. &hellip; Jatka lukemista Koulunk\u00e4ynnin ja aamu- ja iltap\u00e4iv\u00e4toiminnan ohjauksen ammattitutkinto &rarr;\" \/>\n<meta property=\"og:url\" content=\"https:\/\/blogit.gradia.fi\/soteammattilaiset\/ammattitutkinnot\/koulunkaynnin-ja-aamu-ja-iltapaivatoiminnan-ohjauksen-ammattitutkinto\/\" \/>\n<meta property=\"og:site_name\" content=\"Sote ammattilaiset\" \/>\n<meta property=\"article:modified_time\" content=\"2017-05-03T16:49:29+00:00\" \/>\n<meta property=\"og:image\" content=\"https:\/\/blogit.gradia.fi\/soteammattilaiset\/wp-content\/uploads\/sites\/103\/2016\/03\/crayons-1445057_960_720.jpg\" \/>\n\t<meta property=\"og:image:width\" content=\"960\" \/>\n\t<meta property=\"og:image:height\" content=\"640\" \/>\n\t<meta property=\"og:image:type\" content=\"image\/jpeg\" \/>\n<meta name=\"twitter:card\" content=\"summary_large_image\" \/>\n<meta name=\"twitter:label1\" content=\"Arvioitu lukuaika\" \/>\n\t<meta name=\"twitter:data1\" content=\"1 minuutti\" \/>\n<script type=\"application\/ld+json\" class=\"yoast-schema-graph\">{\"@context\":\"https:\\\/\\\/schema.org\",\"@graph\":[{\"@type\":\"WebPage\",\"@id\":\"https:\\\/\\\/blogit.gradia.fi\\\/soteammattilaiset\\\/ammattitutkinnot\\\/koulunkaynnin-ja-aamu-ja-iltapaivatoiminnan-ohjauksen-ammattitutkinto\\\/\",\"url\":\"https:\\\/\\\/blogit.gradia.fi\\\/soteammattilaiset\\\/ammattitutkinnot\\\/koulunkaynnin-ja-aamu-ja-iltapaivatoiminnan-ohjauksen-ammattitutkinto\\\/\",\"name\":\"Koulunk\u00e4ynnin ja aamu- ja iltap\u00e4iv\u00e4toiminnan ohjauksen ammattitutkinto - Sote ammattilaiset\",\"isPartOf\":{\"@id\":\"https:\\\/\\\/blogit.gradia.fi\\\/soteammattilaiset\\\/#website\"},\"primaryImageOfPage\":{\"@id\":\"https:\\\/\\\/blogit.gradia.fi\\\/soteammattilaiset\\\/ammattitutkinnot\\\/koulunkaynnin-ja-aamu-ja-iltapaivatoiminnan-ohjauksen-ammattitutkinto\\\/#primaryimage\"},\"image\":{\"@id\":\"https:\\\/\\\/blogit.gradia.fi\\\/soteammattilaiset\\\/ammattitutkinnot\\\/koulunkaynnin-ja-aamu-ja-iltapaivatoiminnan-ohjauksen-ammattitutkinto\\\/#primaryimage\"},\"thumbnailUrl\":\"https:\\\/\\\/blogit.gradia.fi\\\/soteammattilaiset\\\/wp-content\\\/uploads\\\/sites\\\/103\\\/2016\\\/03\\\/crayons-1445057_960_720-300x200.jpg\",\"datePublished\":\"2016-03-08T17:58:51+00:00\",\"dateModified\":\"2017-05-03T16:49:29+00:00\",\"breadcrumb\":{\"@id\":\"https:\\\/\\\/blogit.gradia.fi\\\/soteammattilaiset\\\/ammattitutkinnot\\\/koulunkaynnin-ja-aamu-ja-iltapaivatoiminnan-ohjauksen-ammattitutkinto\\\/#breadcrumb\"},\"inLanguage\":\"fi\",\"potentialAction\":[{\"@type\":\"ReadAction\",\"target\":[\"https:\\\/\\\/blogit.gradia.fi\\\/soteammattilaiset\\\/ammattitutkinnot\\\/koulunkaynnin-ja-aamu-ja-iltapaivatoiminnan-ohjauksen-ammattitutkinto\\\/\"]}]},{\"@type\":\"ImageObject\",\"inLanguage\":\"fi\",\"@id\":\"https:\\\/\\\/blogit.gradia.fi\\\/soteammattilaiset\\\/ammattitutkinnot\\\/koulunkaynnin-ja-aamu-ja-iltapaivatoiminnan-ohjauksen-ammattitutkinto\\\/#primaryimage\",\"url\":\"https:\\\/\\\/blogit.gradia.fi\\\/soteammattilaiset\\\/wp-content\\\/uploads\\\/sites\\\/103\\\/2016\\\/03\\\/crayons-1445057_960_720.jpg\",\"contentUrl\":\"https:\\\/\\\/blogit.gradia.fi\\\/soteammattilaiset\\\/wp-content\\\/uploads\\\/sites\\\/103\\\/2016\\\/03\\\/crayons-1445057_960_720.jpg\",\"width\":960,\"height\":640},{\"@type\":\"BreadcrumbList\",\"@id\":\"https:\\\/\\\/blogit.gradia.fi\\\/soteammattilaiset\\\/ammattitutkinnot\\\/koulunkaynnin-ja-aamu-ja-iltapaivatoiminnan-ohjauksen-ammattitutkinto\\\/#breadcrumb\",\"itemListElement\":[{\"@type\":\"ListItem\",\"position\":1,\"name\":\"Ammattitutkinnot\",\"item\":\"https:\\\/\\\/blogit.gradia.fi\\\/soteammattilaiset\\\/ammattitutkinnot\\\/\"},{\"@type\":\"ListItem\",\"position\":2,\"name\":\"Koulunk\u00e4ynnin ja aamu- ja iltap\u00e4iv\u00e4toiminnan ohjauksen ammattitutkinto\"}]},{\"@type\":\"WebSite\",\"@id\":\"https:\\\/\\\/blogit.gradia.fi\\\/soteammattilaiset\\\/#website\",\"url\":\"https:\\\/\\\/blogit.gradia.fi\\\/soteammattilaiset\\\/\",\"name\":\"Sote ammattilaiset\",\"description\":\"Gradia Jyv\u00e4skyl\u00e4 \\\/ Osallisuus ja ohjaaminen palvelut ammatti- ja erikoisammattitutkinnot\",\"potentialAction\":[{\"@type\":\"SearchAction\",\"target\":{\"@type\":\"EntryPoint\",\"urlTemplate\":\"https:\\\/\\\/blogit.gradia.fi\\\/soteammattilaiset\\\/?s={search_term_string}\"},\"query-input\":{\"@type\":\"PropertyValueSpecification\",\"valueRequired\":true,\"valueName\":\"search_term_string\"}}],\"inLanguage\":\"fi\"}]}<\/script>\n<!-- \/ Yoast SEO plugin. -->","yoast_head_json":{"title":"Koulunk\u00e4ynnin ja aamu- ja iltap\u00e4iv\u00e4toiminnan ohjauksen ammattitutkinto - Sote ammattilaiset","robots":{"index":"index","follow":"follow","max-snippet":"max-snippet:-1","max-image-preview":"max-image-preview:large","max-video-preview":"max-video-preview:-1"},"canonical":"https:\/\/blogit.gradia.fi\/soteammattilaiset\/ammattitutkinnot\/koulunkaynnin-ja-aamu-ja-iltapaivatoiminnan-ohjauksen-ammattitutkinto\/","og_locale":"fi_FI","og_type":"article","og_title":"Koulunk\u00e4ynnin ja aamu- ja iltap\u00e4iv\u00e4toiminnan ohjauksen ammattitutkinto - Sote ammattilaiset","og_description":"Tarjoaa sinulle mahdollisuuden \u2022 osallistua eri-ik\u00e4isten ja kulttuuritaustaltaan erilaisten ihmisten kasvatukseen ja toimintakyvyn tukemiseen ja ohjaamiseen \u2022 ty\u00f6 pohjautuu ihmisen kehityksen kokonaisvaltaiseen tuntemiseen ja ty\u00f6t\u00e4 ohjaavat kasvatukselliset tavoitteet \u2022 ty\u00f6 vaatii havainnointikyky\u00e4, tilanteiden arviointikyky\u00e4 sek\u00e4 harkintaan perustuvaa ongelmanratkaisua ja p\u00e4\u00e4t\u00f6ksentekoa. Tutkinnon suorittamiseksi sinun kanssasi laaditaan henkil\u00f6kohtainen opiskeluohjelma yhteisty\u00f6ss\u00e4 ty\u00f6el\u00e4m\u00e4n kanssa. Opintosi kest\u00e4v\u00e4t vuodesta puoleentoista vuoteen. &hellip; Jatka lukemista Koulunk\u00e4ynnin ja aamu- ja iltap\u00e4iv\u00e4toiminnan ohjauksen ammattitutkinto &rarr;","og_url":"https:\/\/blogit.gradia.fi\/soteammattilaiset\/ammattitutkinnot\/koulunkaynnin-ja-aamu-ja-iltapaivatoiminnan-ohjauksen-ammattitutkinto\/","og_site_name":"Sote ammattilaiset","article_modified_time":"2017-05-03T16:49:29+00:00","og_image":[{"width":960,"height":640,"url":"https:\/\/blogit.gradia.fi\/soteammattilaiset\/wp-content\/uploads\/sites\/103\/2016\/03\/crayons-1445057_960_720.jpg","type":"image\/jpeg"}],"twitter_card":"summary_large_image","twitter_misc":{"Arvioitu lukuaika":"1 minuutti"},"schema":{"@context":"https:\/\/schema.org","@graph":[{"@type":"WebPage","@id":"https:\/\/blogit.gradia.fi\/soteammattilaiset\/ammattitutkinnot\/koulunkaynnin-ja-aamu-ja-iltapaivatoiminnan-ohjauksen-ammattitutkinto\/","url":"https:\/\/blogit.gradia.fi\/soteammattilaiset\/ammattitutkinnot\/koulunkaynnin-ja-aamu-ja-iltapaivatoiminnan-ohjauksen-ammattitutkinto\/","name":"Koulunk\u00e4ynnin ja aamu- ja iltap\u00e4iv\u00e4toiminnan ohjauksen ammattitutkinto - Sote ammattilaiset","isPartOf":{"@id":"https:\/\/blogit.gradia.fi\/soteammattilaiset\/#website"},"primaryImageOfPage":{"@id":"https:\/\/blogit.gradia.fi\/soteammattilaiset\/ammattitutkinnot\/koulunkaynnin-ja-aamu-ja-iltapaivatoiminnan-ohjauksen-ammattitutkinto\/#primaryimage"},"image":{"@id":"https:\/\/blogit.gradia.fi\/soteammattilaiset\/ammattitutkinnot\/koulunkaynnin-ja-aamu-ja-iltapaivatoiminnan-ohjauksen-ammattitutkinto\/#primaryimage"},"thumbnailUrl":"https:\/\/blogit.gradia.fi\/soteammattilaiset\/wp-content\/uploads\/sites\/103\/2016\/03\/crayons-1445057_960_720-300x200.jpg","datePublished":"2016-03-08T17:58:51+00:00","dateModified":"2017-05-03T16:49:29+00:00","breadcrumb":{"@id":"https:\/\/blogit.gradia.fi\/soteammattilaiset\/ammattitutkinnot\/koulunkaynnin-ja-aamu-ja-iltapaivatoiminnan-ohjauksen-ammattitutkinto\/#breadcrumb"},"inLanguage":"fi","potentialAction":[{"@type":"ReadAction","target":["https:\/\/blogit.gradia.fi\/soteammattilaiset\/ammattitutkinnot\/koulunkaynnin-ja-aamu-ja-iltapaivatoiminnan-ohjauksen-ammattitutkinto\/"]}]},{"@type":"ImageObject","inLanguage":"fi","@id":"https:\/\/blogit.gradia.fi\/soteammattilaiset\/ammattitutkinnot\/koulunkaynnin-ja-aamu-ja-iltapaivatoiminnan-ohjauksen-ammattitutkinto\/#primaryimage","url":"https:\/\/blogit.gradia.fi\/soteammattilaiset\/wp-content\/uploads\/sites\/103\/2016\/03\/crayons-1445057_960_720.jpg","contentUrl":"https:\/\/blogit.gradia.fi\/soteammattilaiset\/wp-content\/uploads\/sites\/103\/2016\/03\/crayons-1445057_960_720.jpg","width":960,"height":640},{"@type":"BreadcrumbList","@id":"https:\/\/blogit.gradia.fi\/soteammattilaiset\/ammattitutkinnot\/koulunkaynnin-ja-aamu-ja-iltapaivatoiminnan-ohjauksen-ammattitutkinto\/#breadcrumb","itemListElement":[{"@type":"ListItem","position":1,"name":"Ammattitutkinnot","item":"https:\/\/blogit.gradia.fi\/soteammattilaiset\/ammattitutkinnot\/"},{"@type":"ListItem","position":2,"name":"Koulunk\u00e4ynnin ja aamu- ja iltap\u00e4iv\u00e4toiminnan ohjauksen ammattitutkinto"}]},{"@type":"WebSite","@id":"https:\/\/blogit.gradia.fi\/soteammattilaiset\/#website","url":"https:\/\/blogit.gradia.fi\/soteammattilaiset\/","name":"Sote ammattilaiset","description":"Gradia Jyv\u00e4skyl\u00e4 \/ Osallisuus ja ohjaaminen palvelut ammatti- ja erikoisammattitutkinnot","potentialAction":[{"@type":"SearchAction","target":{"@type":"EntryPoint","urlTemplate":"https:\/\/blogit.gradia.fi\/soteammattilaiset\/?s={search_term_string}"},"query-input":{"@type":"PropertyValueSpecification","valueRequired":true,"valueName":"search_term_string"}}],"inLanguage":"fi"}]}},"uagb_featured_image_src":{"full":false,"thumbnail":false,"medium":false,"medium_large":false,"large":false,"1536x1536":false,"2048x2048":false,"post-thumbnail":false},"uagb_author_info":{"display_name":"arkistoija","author_link":"https:\/\/blogit.gradia.fi\/soteammattilaiset\/author\/arkistoija\/"},"uagb_comment_info":0,"uagb_excerpt":"Tarjoaa sinulle mahdollisuuden \u2022 osallistua eri-ik\u00e4isten ja kulttuuritaustaltaan erilaisten ihmisten kasvatukseen ja toimintakyvyn tukemiseen ja ohjaamiseen \u2022 ty\u00f6 pohjautuu ihmisen kehityksen kokonaisvaltaiseen tuntemiseen ja ty\u00f6t\u00e4 ohjaavat kasvatukselliset tavoitteet \u2022 ty\u00f6 vaatii havainnointikyky\u00e4, tilanteiden arviointikyky\u00e4 sek\u00e4 harkintaan perustuvaa ongelmanratkaisua ja p\u00e4\u00e4t\u00f6ksentekoa. Tutkinnon suorittamiseksi sinun kanssasi laaditaan henkil\u00f6kohtainen opiskeluohjelma yhteisty\u00f6ss\u00e4 ty\u00f6el\u00e4m\u00e4n kanssa. Opintosi kest\u00e4v\u00e4t vuodesta puoleentoista vuoteen.&hellip;","_links":{"self":[{"href":"https:\/\/blogit.gradia.fi\/soteammattilaiset\/wp-json\/wp\/v2\/pages\/64","targetHints":{"allow":["GET"]}}],"collection":[{"href":"https:\/\/blogit.gradia.fi\/soteammattilaiset\/wp-json\/wp\/v2\/pages"}],"about":[{"href":"https:\/\/blogit.gradia.fi\/soteammattilaiset\/wp-json\/wp\/v2\/types\/page"}],"author":[{"embeddable":true,"href":"https:\/\/blogit.gradia.fi\/soteammattilaiset\/wp-json\/wp\/v2\/users\/1131"}],"replies":[{"embeddable":true,"href":"https:\/\/blogit.gradia.fi\/soteammattilaiset\/wp-json\/wp\/v2\/comments?post=64"}],"version-history":[{"count":0,"href":"https:\/\/blogit.gradia.fi\/soteammattilaiset\/wp-json\/wp\/v2\/pages\/64\/revisions"}],"up":[{"embeddable":true,"href":"https:\/\/blogit.gradia.fi\/soteammattilaiset\/wp-json\/wp\/v2\/pages\/75"}],"wp:attachment":[{"href":"https:\/\/blogit.gradia.fi\/soteammattilaiset\/wp-json\/wp\/v2\/media?parent=64"}],"curies":[{"name":"wp","href":"https:\/\/api.w.org\/{rel}","templated":true}]}}