{"version":"1.0","provider_name":"Mobiilit ohjaajat","provider_url":"https:\/\/blogit.gradia.fi\/mobiilitohjaajat","title":"Virtuaaliopetuksen p\u00e4iven antia 2-3.12.2013 - Mobiilit ohjaajat","type":"rich","width":600,"height":338,"html":"<blockquote class=\"wp-embedded-content\" data-secret=\"eD5j8fccVW\"><a href=\"https:\/\/blogit.gradia.fi\/mobiilitohjaajat\/virtuaaliopetuksen-paiven-antia-2-3-12-2013\/\">Virtuaaliopetuksen p\u00e4iven antia 2-3.12.2013<\/a><\/blockquote><iframe sandbox=\"allow-scripts\" security=\"restricted\" src=\"https:\/\/blogit.gradia.fi\/mobiilitohjaajat\/virtuaaliopetuksen-paiven-antia-2-3-12-2013\/embed\/#?secret=eD5j8fccVW\" width=\"600\" height=\"338\" title=\"&#8221;Virtuaaliopetuksen p\u00e4iven antia 2-3.12.2013&#8221; &#8212; Mobiilit ohjaajat\" data-secret=\"eD5j8fccVW\" frameborder=\"0\" marginwidth=\"0\" marginheight=\"0\" scrolling=\"no\" class=\"wp-embedded-content\"><\/iframe><script>\n\/*! This file is auto-generated *\/\n!function(d,l){\"use strict\";l.querySelector&&d.addEventListener&&\"undefined\"!=typeof URL&&(d.wp=d.wp||{},d.wp.receiveEmbedMessage||(d.wp.receiveEmbedMessage=function(e){var t=e.data;if((t||t.secret||t.message||t.value)&&!\/[^a-zA-Z0-9]\/.test(t.secret)){for(var s,r,n,a=l.querySelectorAll('iframe[data-secret=\"'+t.secret+'\"]'),o=l.querySelectorAll('blockquote[data-secret=\"'+t.secret+'\"]'),c=new RegExp(\"^https?:$\",\"i\"),i=0;i<o.length;i++)o[i].style.display=\"none\";for(i=0;i<a.length;i++)s=a[i],e.source===s.contentWindow&&(s.removeAttribute(\"style\"),\"height\"===t.message?(1e3<(r=parseInt(t.value,10))?r=1e3:~~r<200&&(r=200),s.height=r):\"link\"===t.message&&(r=new URL(s.getAttribute(\"src\")),n=new URL(t.value),c.test(n.protocol))&&n.host===r.host&&l.activeElement===s&&(d.top.location.href=t.value))}},d.addEventListener(\"message\",d.wp.receiveEmbedMessage,!1),l.addEventListener(\"DOMContentLoaded\",function(){for(var e,t,s=l.querySelectorAll(\"iframe.wp-embedded-content\"),r=0;r<s.length;r++)(t=(e=s[r]).getAttribute(\"data-secret\"))||(t=Math.random().toString(36).substring(2,12),e.src+=\"#?secret=\"+t,e.setAttribute(\"data-secret\",t)),e.contentWindow.postMessage({message:\"ready\",secret:t},\"*\")},!1)))}(window,document);\n\/\/# sourceURL=https:\/\/blogit.gradia.fi\/mobiilitohjaajat\/wp-includes\/js\/wp-embed.min.js\n<\/script>\n","description":"\u00a0 K\u00e4vimme Valtakunnallisilla Virtuaaliopetuksen p\u00e4ivill\u00e4 katsastamassa tarjonnan. Paljoa ei uutta asiaa tullut, mutta vanhan vahvistusta sit\u00e4kin enemm\u00e4n. T\u00e4rkeint\u00e4 taisi kuitenkin olla se asioista puhuminen ja suunnitteleminen. Hankkeen kannalta t\u00e4m\u00e4 oli hyv\u00e4 reissu, sill\u00e4 kerrankin tuntui olevan aikaa puhua\u2026 \u00a0 Osallistuimme eri seminaareihin molempina p\u00e4ivin\u00e4. T\u00e4st\u00e4 piti tehd\u00e4 yhteispostaus kaikkien siell\u00e4 olleiden kesken, mutta emmep\u00e4 olleetkaan &hellip; Jatka lukemista &rarr;","thumbnail_url":"https:\/\/blogit.gradia.fi\/mobiilitohjaajat\/wp-content\/uploads\/sites\/18\/2013\/12\/WIN_20131202_135413.jpg"}