{"version":"1.0","provider_name":"Mobiilit ohjaajat","provider_url":"https:\/\/blogit.gradia.fi\/mobiilitohjaajat","title":"Oman oloisia ja n\u00e4k\u00f6isi\u00e4 blogeja - Mobiilit ohjaajat","type":"rich","width":600,"height":338,"html":"<blockquote class=\"wp-embedded-content\" data-secret=\"0V8UZGxqpw\"><a href=\"https:\/\/blogit.gradia.fi\/mobiilitohjaajat\/oman-oloisia-ja-nakoisia-blogeja\/\">Oman oloisia ja n\u00e4k\u00f6isi\u00e4 blogeja<\/a><\/blockquote><iframe sandbox=\"allow-scripts\" security=\"restricted\" src=\"https:\/\/blogit.gradia.fi\/mobiilitohjaajat\/oman-oloisia-ja-nakoisia-blogeja\/embed\/#?secret=0V8UZGxqpw\" width=\"600\" height=\"338\" title=\"&#8221;Oman oloisia ja n\u00e4k\u00f6isi\u00e4 blogeja&#8221; &#8212; Mobiilit ohjaajat\" data-secret=\"0V8UZGxqpw\" frameborder=\"0\" marginwidth=\"0\" marginheight=\"0\" scrolling=\"no\" class=\"wp-embedded-content\"><\/iframe><script>\n\/*! This file is auto-generated *\/\n!function(d,l){\"use strict\";l.querySelector&&d.addEventListener&&\"undefined\"!=typeof URL&&(d.wp=d.wp||{},d.wp.receiveEmbedMessage||(d.wp.receiveEmbedMessage=function(e){var t=e.data;if((t||t.secret||t.message||t.value)&&!\/[^a-zA-Z0-9]\/.test(t.secret)){for(var s,r,n,a=l.querySelectorAll('iframe[data-secret=\"'+t.secret+'\"]'),o=l.querySelectorAll('blockquote[data-secret=\"'+t.secret+'\"]'),c=new RegExp(\"^https?:$\",\"i\"),i=0;i<o.length;i++)o[i].style.display=\"none\";for(i=0;i<a.length;i++)s=a[i],e.source===s.contentWindow&&(s.removeAttribute(\"style\"),\"height\"===t.message?(1e3<(r=parseInt(t.value,10))?r=1e3:~~r<200&&(r=200),s.height=r):\"link\"===t.message&&(r=new URL(s.getAttribute(\"src\")),n=new URL(t.value),c.test(n.protocol))&&n.host===r.host&&l.activeElement===s&&(d.top.location.href=t.value))}},d.addEventListener(\"message\",d.wp.receiveEmbedMessage,!1),l.addEventListener(\"DOMContentLoaded\",function(){for(var e,t,s=l.querySelectorAll(\"iframe.wp-embedded-content\"),r=0;r<s.length;r++)(t=(e=s[r]).getAttribute(\"data-secret\"))||(t=Math.random().toString(36).substring(2,12),e.src+=\"#?secret=\"+t,e.setAttribute(\"data-secret\",t)),e.contentWindow.postMessage({message:\"ready\",secret:t},\"*\")},!1)))}(window,document);\n\/\/# sourceURL=https:\/\/blogit.gradia.fi\/mobiilitohjaajat\/wp-includes\/js\/wp-embed.min.js\n<\/script>\n","description":"Vaatetuksen projekti k\u00e4ynnistyi hahmottelemalla vuosisuunnitelmaa ja nostamalla esiin opetussuunnitelman keskeisi\u00e4 sis\u00e4lt\u00f6j\u00e4. Ensimm\u00e4isen opintovuoden\u00a0painotus on tuotteiden valmistuksessa, puvustusprojektissa ja ty\u00f6ss\u00e4oppimisjaksossa. Lis\u00e4ksi tehd\u00e4\u00e4n ompelun perusosaamisen n\u00e4ytt\u00f6. Somen v\u00e4lineit\u00e4 k\u00e4ytet\u00e4\u00e4n sujuvasti niin, ett\u00e4 ne tukevat oppimista. Tuotteiden valmistusta dokumentoidaan digitaaliseen tai manuaaliseen portfolioon. Digitaalisena alustana k\u00e4ytet\u00e4\u00e4n Bloggeria ja Weebly\u00e4. Kokosin linkit oppilaiden blogeihin vaatetuksen\u00a0blogiin, jolloin\u00a0ne l\u00f6ytyv\u00e4t n\u00e4pp\u00e4r\u00e4sti samasta &hellip; Jatka lukemista &rarr;","thumbnail_url":"https:\/\/blogit.gradia.fi\/mobiilitohjaajat\/wp-content\/uploads\/sites\/18\/2013\/09\/Nimet\u00f6n.jpg"}