{"version":"1.0","provider_name":"Mobiilit ohjaajat","provider_url":"https:\/\/blogit.gradia.fi\/mobiilitohjaajat","title":"Facebook projektiapulaisena - Mobiilit ohjaajat","type":"rich","width":600,"height":338,"html":"<blockquote class=\"wp-embedded-content\" data-secret=\"pv4Mqo7LOr\"><a href=\"https:\/\/blogit.gradia.fi\/mobiilitohjaajat\/facebook-projektiapulaisena\/\">Facebook projektiapulaisena<\/a><\/blockquote><iframe sandbox=\"allow-scripts\" security=\"restricted\" src=\"https:\/\/blogit.gradia.fi\/mobiilitohjaajat\/facebook-projektiapulaisena\/embed\/#?secret=pv4Mqo7LOr\" width=\"600\" height=\"338\" title=\"&#8221;Facebook projektiapulaisena&#8221; &#8212; Mobiilit ohjaajat\" data-secret=\"pv4Mqo7LOr\" frameborder=\"0\" marginwidth=\"0\" marginheight=\"0\" scrolling=\"no\" class=\"wp-embedded-content\"><\/iframe><script>\n\/*! This file is auto-generated *\/\n!function(d,l){\"use strict\";l.querySelector&&d.addEventListener&&\"undefined\"!=typeof URL&&(d.wp=d.wp||{},d.wp.receiveEmbedMessage||(d.wp.receiveEmbedMessage=function(e){var t=e.data;if((t||t.secret||t.message||t.value)&&!\/[^a-zA-Z0-9]\/.test(t.secret)){for(var s,r,n,a=l.querySelectorAll('iframe[data-secret=\"'+t.secret+'\"]'),o=l.querySelectorAll('blockquote[data-secret=\"'+t.secret+'\"]'),c=new RegExp(\"^https?:$\",\"i\"),i=0;i<o.length;i++)o[i].style.display=\"none\";for(i=0;i<a.length;i++)s=a[i],e.source===s.contentWindow&&(s.removeAttribute(\"style\"),\"height\"===t.message?(1e3<(r=parseInt(t.value,10))?r=1e3:~~r<200&&(r=200),s.height=r):\"link\"===t.message&&(r=new URL(s.getAttribute(\"src\")),n=new URL(t.value),c.test(n.protocol))&&n.host===r.host&&l.activeElement===s&&(d.top.location.href=t.value))}},d.addEventListener(\"message\",d.wp.receiveEmbedMessage,!1),l.addEventListener(\"DOMContentLoaded\",function(){for(var e,t,s=l.querySelectorAll(\"iframe.wp-embedded-content\"),r=0;r<s.length;r++)(t=(e=s[r]).getAttribute(\"data-secret\"))||(t=Math.random().toString(36).substring(2,12),e.src+=\"#?secret=\"+t,e.setAttribute(\"data-secret\",t)),e.contentWindow.postMessage({message:\"ready\",secret:t},\"*\")},!1)))}(window,document);\n\/\/# sourceURL=https:\/\/blogit.gradia.fi\/mobiilitohjaajat\/wp-includes\/js\/wp-embed.min.js\n<\/script>\n","description":"Kev\u00e4t on jo pitk\u00e4ll\u00e4 ja kokeilut ovat edenneet seuraavaan vaiheeseen. Lyseon lukion oppilaiden kanssa toteutettava puvustusprojekti sai p\u00e4iv\u00e4n valon ennen talvilomaa. N\u00e4ytelm\u00e4n p\u00e4\u00e4teemana on nuorten syrj\u00e4ytyminen, jota k\u00e4sitell\u00e4\u00e4n hieman poikkeavasti nuoren parin h\u00e4iss\u00e4. Syrj\u00e4ytymisen syihin siirryt\u00e4\u00e4n takaumina n\u00e4ytelm\u00e4n edetess\u00e4. Puvustusryhm\u00e4ss\u00e4 on Lyseon lukion, Jyv\u00e4skyl\u00e4n ammattiopiston ja Huoneteatterin v\u00e4ke\u00e4. Puvustuksen ideointia seuraavat my\u00f6s maskeeraajat ja kampaajat. &hellip; Jatka lukemista &rarr;","thumbnail_url":"https:\/\/blogit.gradia.fi\/mobiilitohjaajat\/wp-content\/uploads\/sites\/18\/2014\/03\/1622811_755057264513946_134039529_n-225x300.jpg"}