{"id":78,"date":"2025-05-27T13:06:17","date_gmt":"2025-05-27T10:06:17","guid":{"rendered":"https:\/\/blogit.gradia.fi\/mayaplae-tmpt2302\/?page_id=78"},"modified":"2025-05-27T13:16:40","modified_gmt":"2025-05-27T10:16:40","slug":"takki-jakku","status":"publish","type":"page","link":"https:\/\/blogit.gradia.fi\/mayaplae-tmpt2302\/takki-jakku\/","title":{"rendered":"TAKKI\/JAKKU"},"content":{"rendered":"\n<figure class=\"wp-block-image size-full is-resized\"><img loading=\"lazy\" decoding=\"async\" width=\"540\" height=\"443\" src=\"https:\/\/blogit.gradia.fi\/mayaplae-tmpt2302\/wp-content\/uploads\/sites\/479\/2025\/05\/image-50.png\" alt=\"\" class=\"wp-image-154\" style=\"width:300px;height:auto\" srcset=\"https:\/\/blogit.gradia.fi\/mayaplae-tmpt2302\/wp-content\/uploads\/sites\/479\/2025\/05\/image-50.png 540w, https:\/\/blogit.gradia.fi\/mayaplae-tmpt2302\/wp-content\/uploads\/sites\/479\/2025\/05\/image-50-300x246.png 300w\" sizes=\"auto, (max-width: 540px) 100vw, 540px\" \/><\/figure>\n\n\n\n<p>Kaavojen laskeminen ja palojen valmistelu<\/p>\n\n\n\n<p>Laskin kaavoja ja leikkasin ne silkkipaperista.<\/p>\n\n\n\n<ol start=\"2\" class=\"wp-block-list\">\n<li>Kappaleiden leikkaaminen<\/li>\n<\/ol>\n\n\n\n<figure class=\"wp-block-image size-full is-resized\"><img loading=\"lazy\" decoding=\"async\" width=\"712\" height=\"538\" src=\"https:\/\/blogit.gradia.fi\/mayaplae-tmpt2302\/wp-content\/uploads\/sites\/479\/2025\/05\/image-51.png\" alt=\"\" class=\"wp-image-155\" style=\"width:324px;height:auto\" srcset=\"https:\/\/blogit.gradia.fi\/mayaplae-tmpt2302\/wp-content\/uploads\/sites\/479\/2025\/05\/image-51.png 712w, https:\/\/blogit.gradia.fi\/mayaplae-tmpt2302\/wp-content\/uploads\/sites\/479\/2025\/05\/image-51-300x227.png 300w\" sizes=\"auto, (max-width: 712px) 100vw, 712px\" \/><\/figure>\n\n\n\n<p>Asettelin silkkipaperikaavat ruskean samettikankaan p\u00e4\u00e4lle.<\/p>\n\n\n\n<p>Leikkasin kappaleet kaavojen ymp\u00e4ri j\u00e4tt\u00e4en 1 cm saumavaraa, mutta sivuissa 2 cm.<\/p>\n\n\n\n<p>Kauluksen p\u00e4\u00e4lli ja alakaulus ja ranteisiin tulee tukikangas. <\/p>\n\n\n\n<ol start=\"3\" class=\"wp-block-list\">\n<li>Olkasaumojen ompelu<\/li>\n<\/ol>\n\n\n\n<p>Ompele etu- ja takaosan olkasaumat yhteen j\u00e4tt\u00e4en 2 cm saumavaraa. Muista ommella kaikki muotolaskokset ensimm\u00e4isen\u00e4!<\/p>\n\n\n\n<p>Saumuroi olat ja silit\u00e4 saumavarat auki.<\/p>\n\n\n\n<ol start=\"4\" class=\"wp-block-list\">\n<li>Korsetin teko takakappaleeseen<\/li>\n<\/ol>\n\n\n\n<figure class=\"wp-block-image size-full is-resized\"><img loading=\"lazy\" decoding=\"async\" width=\"632\" height=\"538\" src=\"https:\/\/blogit.gradia.fi\/mayaplae-tmpt2302\/wp-content\/uploads\/sites\/479\/2025\/05\/image-52.png\" alt=\"\" class=\"wp-image-156\" style=\"width:308px;height:auto\" srcset=\"https:\/\/blogit.gradia.fi\/mayaplae-tmpt2302\/wp-content\/uploads\/sites\/479\/2025\/05\/image-52.png 632w, https:\/\/blogit.gradia.fi\/mayaplae-tmpt2302\/wp-content\/uploads\/sites\/479\/2025\/05\/image-52-300x255.png 300w\" sizes=\"auto, (max-width: 632px) 100vw, 632px\" \/><\/figure>\n\n\n\n<p>Leikkasin takakappaleeseen kaksi suoraa halkiota.<\/p>\n\n\n\n<p>Asetin halkioihin ny\u00f6rit ja ompelin ne paikoilleen ny\u00f6rin p\u00e4\u00e4lt\u00e4.<\/p>\n\n\n\n<p>T\u00e4m\u00e4 loi takakappaleeseen korsettimaisen ilmeen.<\/p>\n\n\n\n<ol start=\"5\" class=\"wp-block-list\">\n<li>Hihansuunnittelu ja leikkaus<\/li>\n<\/ol>\n\n\n\n<p>Leikkasin hihat ilman tarkkaa kaavaa, mutta varmistaen, ett\u00e4 kaava oli riitt\u00e4v\u00e4n leve\u00e4 rypytt\u00e4v\u00e4n vaikutelman aikaansaamiseksi.<\/p>\n\n\n\n<figure class=\"wp-block-image size-large is-resized\"><img loading=\"lazy\" decoding=\"async\" width=\"1024\" height=\"673\" src=\"https:\/\/blogit.gradia.fi\/mayaplae-tmpt2302\/wp-content\/uploads\/sites\/479\/2025\/05\/image-53-1024x673.png\" alt=\"\" class=\"wp-image-157\" style=\"width:307px;height:auto\" srcset=\"https:\/\/blogit.gradia.fi\/mayaplae-tmpt2302\/wp-content\/uploads\/sites\/479\/2025\/05\/image-53-1024x673.png 1024w, https:\/\/blogit.gradia.fi\/mayaplae-tmpt2302\/wp-content\/uploads\/sites\/479\/2025\/05\/image-53-300x197.png 300w, https:\/\/blogit.gradia.fi\/mayaplae-tmpt2302\/wp-content\/uploads\/sites\/479\/2025\/05\/image-53-768x504.png 768w, https:\/\/blogit.gradia.fi\/mayaplae-tmpt2302\/wp-content\/uploads\/sites\/479\/2025\/05\/image-53.png 1058w\" sizes=\"auto, (max-width: 1024px) 100vw, 1024px\" \/><\/figure>\n\n\n\n<ol start=\"6\" class=\"wp-block-list\">\n<li>Hihan ompelu ja kiinnitys<\/li>\n<\/ol>\n\n\n\n<p>Ompele ja saumuroi hihat.<\/p>\n\n\n\n<p>Kiinnit\u00e4 hihat miehustaan.<\/p>\n\n\n\n<ol start=\"7\" class=\"wp-block-list\">\n<li>Herrainkauluksen valmistus<\/li>\n<\/ol>\n\n\n\n<p>Ompele alakaulus puseron p\u00e4\u00e4ntielle oikeat puolet vastakkain, kohdista hakit ja ompele alakauluksen puolelta kiinni.<\/p>\n\n\n\n<p>Ompele p\u00e4\u00e4llikaulus alavaraan kulmahakista alavaran olalle. Tee saumanvaroihin aukileikkauksia ja silit\u00e4 ne auki.<\/p>\n\n\n\n<p>Aseta alakaulus ja p\u00e4\u00e4llikaulus oikeat puolet vastakkain ja ompele kauluksen pitk\u00e4 ulkoreuna.<\/p>\n\n\n\n<p>Taita saumanvarat alakauluksen puolelle ja tikkaa ne reunasta kiinni alakaulukseen.<\/p>\n\n\n\n<p>Aseta etualavara ja etureuna oikeat puolet vastakkain, ompele yhteen.<\/p>\n\n\n\n<p>Taita ja tikkaa kaulusk\u00e4\u00e4nteen kohdalla saumanvarat oikein siten, ett\u00e4 saumat eiv\u00e4t n\u00e4y kaulusta k\u00e4\u00e4nnett\u00e4ess\u00e4.<\/p>\n\n\n\n<p>Ompele kauluksen kulmat ja ohenna kulmat siististi.<\/p>\n\n\n\n<p>Ompele alavara ja etukappale yhteen alemmassa kauluksen kulmassa ja ohenna kulma.<\/p>\n\n\n\n<p>K\u00e4\u00e4nn\u00e4 kaulus ja k\u00e4\u00e4nteet oikeinp\u00e4in, silit\u00e4.<\/p>\n\n\n\n<ol start=\"8\" class=\"wp-block-list\">\n<li>P\u00e4\u00e4llikauluksen viimeistely<\/li>\n<\/ol>\n\n\n\n<p>Taita p\u00e4\u00e4llikauluksen avoin reuna nurjalle ja tikkaa kiinni p\u00e4\u00e4ntielle ompeleen p\u00e4\u00e4lle.<\/p>\n\n\n\n<p>Ompele alavarat kiinni olkasauman saumanvaroihin.<\/p>\n\n\n\n<p>Silit\u00e4 valmis kaulus huolellisesti. T\u00e4ss\u00e4 on kauluksen ohjeet -&gt;https:\/\/kotiliesi.fi\/kasityo\/ompelu\/herrainkaulus-helposti-ompelukoulussa-klassinen-herrainkaulus\/<\/p>\n\n\n\n<ol start=\"9\" class=\"wp-block-list\">\n<li>Nappien ja napinl\u00e4ppien kiinnitys<\/li>\n<\/ol>\n\n\n\n<p>Kiinnit\u00e4 etuosaan kaksi py\u00f6re\u00e4\u00e4 tummaa ruskeaa nappia, joissa on kullanv\u00e4riset reunat. K\u00e4yt\u00e4 nelilankaista neulaa.<\/p>\n\n\n\n<p>Tee nappirei\u00e4t koneella kohdille, josta kaulusk\u00e4\u00e4nteet taittuvat.<\/p>\n\n\n\n<ol start=\"10\" class=\"wp-block-list\">\n<li>Hihansuiden viimeistely<\/li>\n<\/ol>\n\n\n\n<p>Ompelin ranteet kaksinkertaisiksi, silitin ja saumuroin nurjalta kiinni hihan suuhun.<\/p>\n\n\n\n<figure class=\"wp-block-image size-full is-resized\"><img loading=\"lazy\" decoding=\"async\" width=\"724\" height=\"584\" src=\"https:\/\/blogit.gradia.fi\/mayaplae-tmpt2302\/wp-content\/uploads\/sites\/479\/2025\/05\/image-54.png\" alt=\"\" class=\"wp-image-158\" style=\"width:344px;height:auto\" srcset=\"https:\/\/blogit.gradia.fi\/mayaplae-tmpt2302\/wp-content\/uploads\/sites\/479\/2025\/05\/image-54.png 724w, https:\/\/blogit.gradia.fi\/mayaplae-tmpt2302\/wp-content\/uploads\/sites\/479\/2025\/05\/image-54-300x242.png 300w\" sizes=\"auto, (max-width: 724px) 100vw, 724px\" \/><\/figure>\n\n\n\n<ol start=\"11\" class=\"wp-block-list\">\n<li>Lopullinen viimeistely<\/li>\n<\/ol>\n\n\n\n<p>Silit\u00e4 takki huolellisesti.<\/p>\n\n\n\n<p>Tarkista kaikki saumat ja viimeistele tarvittaessa.<\/p>\n\n\n\n<figure class=\"wp-block-image size-full\"><img loading=\"lazy\" decoding=\"async\" width=\"654\" height=\"771\" src=\"https:\/\/blogit.gradia.fi\/mayaplae-tmpt2302\/wp-content\/uploads\/sites\/479\/2025\/05\/image-56.png\" alt=\"\" class=\"wp-image-160\" srcset=\"https:\/\/blogit.gradia.fi\/mayaplae-tmpt2302\/wp-content\/uploads\/sites\/479\/2025\/05\/image-56.png 654w, https:\/\/blogit.gradia.fi\/mayaplae-tmpt2302\/wp-content\/uploads\/sites\/479\/2025\/05\/image-56-254x300.png 254w\" sizes=\"auto, (max-width: 654px) 100vw, 654px\" \/><\/figure>\n\n\n\n<ul class=\"wp-block-list\">\n<li><\/li>\n<\/ul>\n\n\n\n<figure class=\"wp-block-image size-full\"><img loading=\"lazy\" decoding=\"async\" width=\"655\" height=\"799\" src=\"https:\/\/blogit.gradia.fi\/mayaplae-tmpt2302\/wp-content\/uploads\/sites\/479\/2025\/05\/image-57.png\" alt=\"\" class=\"wp-image-161\" srcset=\"https:\/\/blogit.gradia.fi\/mayaplae-tmpt2302\/wp-content\/uploads\/sites\/479\/2025\/05\/image-57.png 655w, https:\/\/blogit.gradia.fi\/mayaplae-tmpt2302\/wp-content\/uploads\/sites\/479\/2025\/05\/image-57-246x300.png 246w\" sizes=\"auto, (max-width: 655px) 100vw, 655px\" \/><\/figure>\n\n\n\n<ul class=\"wp-block-list\">\n<li><\/li>\n<\/ul>\n\n\n\n<ul class=\"wp-block-list\">\n<li><\/li>\n<\/ul>\n\n\n\n<ul class=\"wp-block-list\">\n<li><\/li>\n<\/ul>\n\n\n\n<ul class=\"wp-block-list\">\n<li><\/li>\n<\/ul>\n\n\n\n<ul class=\"wp-block-list\">\n<li><\/li>\n<\/ul>\n\n\n\n<ul class=\"wp-block-list\">\n<li><\/li>\n<\/ul>\n\n\n\n<ul class=\"wp-block-list\">\n<li><\/li>\n\n\n\n<li><\/li>\n<\/ul>\n","protected":false},"excerpt":{"rendered":"<p>Kaavojen laskeminen ja palojen valmistelu Laskin kaavoja ja leikkasin ne silkkipaperista. Asettelin silkkipaperikaavat ruskean samettikankaan p\u00e4\u00e4lle. Leikkasin kappaleet kaavojen ymp\u00e4ri j\u00e4tt\u00e4en 1 cm saumavaraa, mutta sivuissa 2 cm. Kauluksen p\u00e4\u00e4lli ja alakaulus ja ranteisiin tulee tukikangas. Ompele etu- ja takaosan olkasaumat yhteen j\u00e4tt\u00e4en 2 cm saumavaraa. Muista ommella kaikki muotolaskokset ensimm\u00e4isen\u00e4! Saumuroi olat ja silit\u00e4 [&hellip;]<\/p>\n","protected":false},"author":1045,"featured_media":0,"parent":0,"menu_order":0,"comment_status":"closed","ping_status":"closed","template":"","meta":{"_uag_custom_page_level_css":"","footnotes":""},"class_list":["post-78","page","type-page","status-publish","hentry"],"yoast_head":"<!-- This site is optimized with the Yoast SEO plugin v27.5 - https:\/\/yoast.com\/product\/yoast-seo-wordpress\/ -->\n<title>TAKKI\/JAKKU - OPPIMISP\u00c4IV\u00c4KIRJA TMPT2302 - Maya Plae<\/title>\n<meta name=\"robots\" content=\"index, follow, max-snippet:-1, max-image-preview:large, max-video-preview:-1\" \/>\n<link rel=\"canonical\" href=\"https:\/\/blogit.gradia.fi\/mayaplae-tmpt2302\/takki-jakku\/\" \/>\n<meta property=\"og:locale\" content=\"fi_FI\" \/>\n<meta property=\"og:type\" content=\"article\" \/>\n<meta property=\"og:title\" content=\"TAKKI\/JAKKU - OPPIMISP\u00c4IV\u00c4KIRJA TMPT2302 - Maya Plae\" \/>\n<meta property=\"og:description\" content=\"Kaavojen laskeminen ja palojen valmistelu Laskin kaavoja ja leikkasin ne silkkipaperista. Asettelin silkkipaperikaavat ruskean samettikankaan p\u00e4\u00e4lle. Leikkasin kappaleet kaavojen ymp\u00e4ri j\u00e4tt\u00e4en 1 cm saumavaraa, mutta sivuissa 2 cm. Kauluksen p\u00e4\u00e4lli ja alakaulus ja ranteisiin tulee tukikangas. Ompele etu- ja takaosan olkasaumat yhteen j\u00e4tt\u00e4en 2 cm saumavaraa. Muista ommella kaikki muotolaskokset ensimm\u00e4isen\u00e4! Saumuroi olat ja silit\u00e4 [&hellip;]\" \/>\n<meta property=\"og:url\" content=\"https:\/\/blogit.gradia.fi\/mayaplae-tmpt2302\/takki-jakku\/\" \/>\n<meta property=\"og:site_name\" content=\"OPPIMISP\u00c4IV\u00c4KIRJA TMPT2302 - Maya Plae\" \/>\n<meta property=\"article:modified_time\" content=\"2025-05-27T10:16:40+00:00\" \/>\n<meta property=\"og:image\" content=\"https:\/\/blogit.gradia.fi\/mayaplae-tmpt2302\/wp-content\/uploads\/sites\/479\/2025\/05\/image-50.png\" \/>\n\t<meta property=\"og:image:width\" content=\"540\" \/>\n\t<meta property=\"og:image:height\" content=\"443\" \/>\n\t<meta property=\"og:image:type\" content=\"image\/png\" \/>\n<meta name=\"twitter:card\" content=\"summary_large_image\" \/>\n<meta name=\"twitter:label1\" content=\"Arvioitu lukuaika\" \/>\n\t<meta name=\"twitter:data1\" content=\"4 minuuttia\" \/>\n<script type=\"application\/ld+json\" class=\"yoast-schema-graph\">{\"@context\":\"https:\\\/\\\/schema.org\",\"@graph\":[{\"@type\":\"WebPage\",\"@id\":\"https:\\\/\\\/blogit.gradia.fi\\\/mayaplae-tmpt2302\\\/takki-jakku\\\/\",\"url\":\"https:\\\/\\\/blogit.gradia.fi\\\/mayaplae-tmpt2302\\\/takki-jakku\\\/\",\"name\":\"TAKKI\\\/JAKKU - OPPIMISP\u00c4IV\u00c4KIRJA TMPT2302 - Maya Plae\",\"isPartOf\":{\"@id\":\"https:\\\/\\\/blogit.gradia.fi\\\/mayaplae-tmpt2302\\\/#website\"},\"primaryImageOfPage\":{\"@id\":\"https:\\\/\\\/blogit.gradia.fi\\\/mayaplae-tmpt2302\\\/takki-jakku\\\/#primaryimage\"},\"image\":{\"@id\":\"https:\\\/\\\/blogit.gradia.fi\\\/mayaplae-tmpt2302\\\/takki-jakku\\\/#primaryimage\"},\"thumbnailUrl\":\"https:\\\/\\\/blogit.gradia.fi\\\/mayaplae-tmpt2302\\\/wp-content\\\/uploads\\\/sites\\\/479\\\/2025\\\/05\\\/image-50.png\",\"datePublished\":\"2025-05-27T10:06:17+00:00\",\"dateModified\":\"2025-05-27T10:16:40+00:00\",\"breadcrumb\":{\"@id\":\"https:\\\/\\\/blogit.gradia.fi\\\/mayaplae-tmpt2302\\\/takki-jakku\\\/#breadcrumb\"},\"inLanguage\":\"fi\",\"potentialAction\":[{\"@type\":\"ReadAction\",\"target\":[\"https:\\\/\\\/blogit.gradia.fi\\\/mayaplae-tmpt2302\\\/takki-jakku\\\/\"]}]},{\"@type\":\"ImageObject\",\"inLanguage\":\"fi\",\"@id\":\"https:\\\/\\\/blogit.gradia.fi\\\/mayaplae-tmpt2302\\\/takki-jakku\\\/#primaryimage\",\"url\":\"https:\\\/\\\/blogit.gradia.fi\\\/mayaplae-tmpt2302\\\/wp-content\\\/uploads\\\/sites\\\/479\\\/2025\\\/05\\\/image-50.png\",\"contentUrl\":\"https:\\\/\\\/blogit.gradia.fi\\\/mayaplae-tmpt2302\\\/wp-content\\\/uploads\\\/sites\\\/479\\\/2025\\\/05\\\/image-50.png\",\"width\":540,\"height\":443},{\"@type\":\"BreadcrumbList\",\"@id\":\"https:\\\/\\\/blogit.gradia.fi\\\/mayaplae-tmpt2302\\\/takki-jakku\\\/#breadcrumb\",\"itemListElement\":[{\"@type\":\"ListItem\",\"position\":1,\"name\":\"Etusivu\",\"item\":\"https:\\\/\\\/blogit.gradia.fi\\\/mayaplae-tmpt2302\\\/\"},{\"@type\":\"ListItem\",\"position\":2,\"name\":\"TAKKI\\\/JAKKU\"}]},{\"@type\":\"WebSite\",\"@id\":\"https:\\\/\\\/blogit.gradia.fi\\\/mayaplae-tmpt2302\\\/#website\",\"url\":\"https:\\\/\\\/blogit.gradia.fi\\\/mayaplae-tmpt2302\\\/\",\"name\":\"OPPIMISP\u00c4IV\u00c4KIRJA TMPT2302 - Maya Plae\",\"description\":\"\",\"potentialAction\":[{\"@type\":\"SearchAction\",\"target\":{\"@type\":\"EntryPoint\",\"urlTemplate\":\"https:\\\/\\\/blogit.gradia.fi\\\/mayaplae-tmpt2302\\\/?s={search_term_string}\"},\"query-input\":{\"@type\":\"PropertyValueSpecification\",\"valueRequired\":true,\"valueName\":\"search_term_string\"}}],\"inLanguage\":\"fi\"}]}<\/script>\n<!-- \/ Yoast SEO plugin. -->","yoast_head_json":{"title":"TAKKI\/JAKKU - OPPIMISP\u00c4IV\u00c4KIRJA TMPT2302 - Maya Plae","robots":{"index":"index","follow":"follow","max-snippet":"max-snippet:-1","max-image-preview":"max-image-preview:large","max-video-preview":"max-video-preview:-1"},"canonical":"https:\/\/blogit.gradia.fi\/mayaplae-tmpt2302\/takki-jakku\/","og_locale":"fi_FI","og_type":"article","og_title":"TAKKI\/JAKKU - OPPIMISP\u00c4IV\u00c4KIRJA TMPT2302 - Maya Plae","og_description":"Kaavojen laskeminen ja palojen valmistelu Laskin kaavoja ja leikkasin ne silkkipaperista. Asettelin silkkipaperikaavat ruskean samettikankaan p\u00e4\u00e4lle. Leikkasin kappaleet kaavojen ymp\u00e4ri j\u00e4tt\u00e4en 1 cm saumavaraa, mutta sivuissa 2 cm. Kauluksen p\u00e4\u00e4lli ja alakaulus ja ranteisiin tulee tukikangas. Ompele etu- ja takaosan olkasaumat yhteen j\u00e4tt\u00e4en 2 cm saumavaraa. Muista ommella kaikki muotolaskokset ensimm\u00e4isen\u00e4! Saumuroi olat ja silit\u00e4 [&hellip;]","og_url":"https:\/\/blogit.gradia.fi\/mayaplae-tmpt2302\/takki-jakku\/","og_site_name":"OPPIMISP\u00c4IV\u00c4KIRJA TMPT2302 - Maya Plae","article_modified_time":"2025-05-27T10:16:40+00:00","og_image":[{"width":540,"height":443,"url":"https:\/\/blogit.gradia.fi\/mayaplae-tmpt2302\/wp-content\/uploads\/sites\/479\/2025\/05\/image-50.png","type":"image\/png"}],"twitter_card":"summary_large_image","twitter_misc":{"Arvioitu lukuaika":"4 minuuttia"},"schema":{"@context":"https:\/\/schema.org","@graph":[{"@type":"WebPage","@id":"https:\/\/blogit.gradia.fi\/mayaplae-tmpt2302\/takki-jakku\/","url":"https:\/\/blogit.gradia.fi\/mayaplae-tmpt2302\/takki-jakku\/","name":"TAKKI\/JAKKU - OPPIMISP\u00c4IV\u00c4KIRJA TMPT2302 - Maya Plae","isPartOf":{"@id":"https:\/\/blogit.gradia.fi\/mayaplae-tmpt2302\/#website"},"primaryImageOfPage":{"@id":"https:\/\/blogit.gradia.fi\/mayaplae-tmpt2302\/takki-jakku\/#primaryimage"},"image":{"@id":"https:\/\/blogit.gradia.fi\/mayaplae-tmpt2302\/takki-jakku\/#primaryimage"},"thumbnailUrl":"https:\/\/blogit.gradia.fi\/mayaplae-tmpt2302\/wp-content\/uploads\/sites\/479\/2025\/05\/image-50.png","datePublished":"2025-05-27T10:06:17+00:00","dateModified":"2025-05-27T10:16:40+00:00","breadcrumb":{"@id":"https:\/\/blogit.gradia.fi\/mayaplae-tmpt2302\/takki-jakku\/#breadcrumb"},"inLanguage":"fi","potentialAction":[{"@type":"ReadAction","target":["https:\/\/blogit.gradia.fi\/mayaplae-tmpt2302\/takki-jakku\/"]}]},{"@type":"ImageObject","inLanguage":"fi","@id":"https:\/\/blogit.gradia.fi\/mayaplae-tmpt2302\/takki-jakku\/#primaryimage","url":"https:\/\/blogit.gradia.fi\/mayaplae-tmpt2302\/wp-content\/uploads\/sites\/479\/2025\/05\/image-50.png","contentUrl":"https:\/\/blogit.gradia.fi\/mayaplae-tmpt2302\/wp-content\/uploads\/sites\/479\/2025\/05\/image-50.png","width":540,"height":443},{"@type":"BreadcrumbList","@id":"https:\/\/blogit.gradia.fi\/mayaplae-tmpt2302\/takki-jakku\/#breadcrumb","itemListElement":[{"@type":"ListItem","position":1,"name":"Etusivu","item":"https:\/\/blogit.gradia.fi\/mayaplae-tmpt2302\/"},{"@type":"ListItem","position":2,"name":"TAKKI\/JAKKU"}]},{"@type":"WebSite","@id":"https:\/\/blogit.gradia.fi\/mayaplae-tmpt2302\/#website","url":"https:\/\/blogit.gradia.fi\/mayaplae-tmpt2302\/","name":"OPPIMISP\u00c4IV\u00c4KIRJA TMPT2302 - Maya Plae","description":"","potentialAction":[{"@type":"SearchAction","target":{"@type":"EntryPoint","urlTemplate":"https:\/\/blogit.gradia.fi\/mayaplae-tmpt2302\/?s={search_term_string}"},"query-input":{"@type":"PropertyValueSpecification","valueRequired":true,"valueName":"search_term_string"}}],"inLanguage":"fi"}]}},"uagb_featured_image_src":{"full":false,"thumbnail":false,"medium":false,"medium_large":false,"large":false,"1536x1536":false,"2048x2048":false},"uagb_author_info":{"display_name":"Maya Plae","author_link":"https:\/\/blogit.gradia.fi\/mayaplae-tmpt2302\/author\/gr264749\/"},"uagb_comment_info":0,"uagb_excerpt":"Kaavojen laskeminen ja palojen valmistelu Laskin kaavoja ja leikkasin ne silkkipaperista. Asettelin silkkipaperikaavat ruskean samettikankaan p\u00e4\u00e4lle. Leikkasin kappaleet kaavojen ymp\u00e4ri j\u00e4tt\u00e4en 1 cm saumavaraa, mutta sivuissa 2 cm. Kauluksen p\u00e4\u00e4lli ja alakaulus ja ranteisiin tulee tukikangas. Ompele etu- ja takaosan olkasaumat yhteen j\u00e4tt\u00e4en 2 cm saumavaraa. Muista ommella kaikki muotolaskokset ensimm\u00e4isen\u00e4! Saumuroi olat ja silit\u00e4&hellip;","_links":{"self":[{"href":"https:\/\/blogit.gradia.fi\/mayaplae-tmpt2302\/wp-json\/wp\/v2\/pages\/78","targetHints":{"allow":["GET"]}}],"collection":[{"href":"https:\/\/blogit.gradia.fi\/mayaplae-tmpt2302\/wp-json\/wp\/v2\/pages"}],"about":[{"href":"https:\/\/blogit.gradia.fi\/mayaplae-tmpt2302\/wp-json\/wp\/v2\/types\/page"}],"author":[{"embeddable":true,"href":"https:\/\/blogit.gradia.fi\/mayaplae-tmpt2302\/wp-json\/wp\/v2\/users\/1045"}],"replies":[{"embeddable":true,"href":"https:\/\/blogit.gradia.fi\/mayaplae-tmpt2302\/wp-json\/wp\/v2\/comments?post=78"}],"version-history":[{"count":3,"href":"https:\/\/blogit.gradia.fi\/mayaplae-tmpt2302\/wp-json\/wp\/v2\/pages\/78\/revisions"}],"predecessor-version":[{"id":164,"href":"https:\/\/blogit.gradia.fi\/mayaplae-tmpt2302\/wp-json\/wp\/v2\/pages\/78\/revisions\/164"}],"wp:attachment":[{"href":"https:\/\/blogit.gradia.fi\/mayaplae-tmpt2302\/wp-json\/wp\/v2\/media?parent=78"}],"curies":[{"name":"wp","href":"https:\/\/api.w.org\/{rel}","templated":true}]}}