{"id":2,"date":"2023-08-22T13:59:35","date_gmt":"2023-08-22T10:59:35","guid":{"rendered":"https:\/\/blogit.gradia.fi\/mayaplae-tmpt2302\/?page_id=2"},"modified":"2024-09-23T13:52:24","modified_gmt":"2024-09-23T10:52:24","slug":"esimerkkisivu","status":"publish","type":"page","link":"https:\/\/blogit.gradia.fi\/mayaplae-tmpt2302\/esimerkkisivu\/","title":{"rendered":"HAME"},"content":{"rendered":"\n<p>Hame on tehty college kankaasta<\/p>\n\n\n\n<p>Hame on pitk\u00e4  puoleksi musta ja harmaa. Talvisin sopiva hame koska kuinka paksu se on. siin\u00e4 on kuminauha.<\/p>\n\n\n\n<blockquote class=\"wp-block-quote is-layout-flow wp-block-quote-is-layout-flow\">\n<ol class=\"wp-block-list\">\n<li>Ensimm\u00e4isen\u00e4 leikkasin hameesta palan. aluksi ei riitt\u00e4nyt kangasta niin k\u00e4vin asiakkaan kanssa ostoksilla. Ei l\u00f6ydetty samaa v\u00e4ri\u00e4 mutta samaa materiaalia l\u00f6ytyi. <\/li>\n\n\n\n<li>Leikkasin harmaasta kankaasta palan. Ja aloin ompelemaan mustan kankaan ja harmaan kankaan yhteen.<\/li>\n\n\n\n<li>Leikkaa alavaran korkuisesta kuminauhasta pari sentti\u00e4 omaa vy\u00f6t\u00e4r\u00f6nymp\u00e4ryst\u00e4 lyhyempi p\u00e4tk\u00e4. Tarkista kuminauhan pituus sovittamalla ja ompele kuminauhan p\u00e4\u00e4t yhteen.<\/li>\n\n\n\n<li>\u00a0Aseta kuminauha nurjalla hameen vy\u00f6t\u00e4r\u00f6n alavaran p\u00e4\u00e4lle niin, ett\u00e4 alavaran ja nauhan reunat ovat kohdakkain. Ompele kuminauha alavaran reunaan saumurilla tai leve\u00e4ll\u00e4 siksakilla samalla kuminauhaa venytt\u00e4en. \u00a0K\u00e4\u00e4nn\u00e4 alavara nurjalle, kuminauha j\u00e4\u00e4 k\u00e4\u00e4nteen v\u00e4liin. Tikkaa alavaran alareuna kaksoisneulalla kuminauhaa venytt\u00e4en.<\/li>\n\n\n\n<li>sitten hameen lahkeet ommellaan kahden kertaiseksi.<\/li>\n<\/ol>\n\n\n\n<p><\/p>\n<\/blockquote>\n","protected":false},"excerpt":{"rendered":"<p>Hame on tehty college kankaasta Hame on pitk\u00e4 puoleksi musta ja harmaa. Talvisin sopiva hame koska kuinka paksu se on. siin\u00e4 on kuminauha.<\/p>\n","protected":false},"author":1016,"featured_media":0,"parent":0,"menu_order":0,"comment_status":"closed","ping_status":"open","template":"","meta":{"_uag_custom_page_level_css":"","footnotes":""},"class_list":["post-2","page","type-page","status-publish","hentry"],"yoast_head":"<!-- This site is optimized with the Yoast SEO plugin v27.5 - https:\/\/yoast.com\/product\/yoast-seo-wordpress\/ -->\n<title>HAME - OPPIMISP\u00c4IV\u00c4KIRJA TMPT2302 - Maya Plae<\/title>\n<meta name=\"robots\" content=\"index, follow, max-snippet:-1, max-image-preview:large, max-video-preview:-1\" \/>\n<link rel=\"canonical\" href=\"https:\/\/blogit.gradia.fi\/mayaplae-tmpt2302\/esimerkkisivu\/\" \/>\n<meta property=\"og:locale\" content=\"fi_FI\" \/>\n<meta property=\"og:type\" content=\"article\" \/>\n<meta property=\"og:title\" content=\"HAME - OPPIMISP\u00c4IV\u00c4KIRJA TMPT2302 - Maya Plae\" \/>\n<meta property=\"og:description\" content=\"Hame on tehty college kankaasta Hame on pitk\u00e4 puoleksi musta ja harmaa. Talvisin sopiva hame koska kuinka paksu se on. siin\u00e4 on kuminauha.\" \/>\n<meta property=\"og:url\" content=\"https:\/\/blogit.gradia.fi\/mayaplae-tmpt2302\/esimerkkisivu\/\" \/>\n<meta property=\"og:site_name\" content=\"OPPIMISP\u00c4IV\u00c4KIRJA TMPT2302 - Maya Plae\" \/>\n<meta property=\"article:modified_time\" content=\"2024-09-23T10:52:24+00:00\" \/>\n<meta name=\"twitter:card\" content=\"summary_large_image\" \/>\n<meta name=\"twitter:label1\" content=\"Arvioitu lukuaika\" \/>\n\t<meta name=\"twitter:data1\" content=\"1 minuutti\" \/>\n<script type=\"application\/ld+json\" class=\"yoast-schema-graph\">{\"@context\":\"https:\\\/\\\/schema.org\",\"@graph\":[{\"@type\":\"WebPage\",\"@id\":\"https:\\\/\\\/blogit.gradia.fi\\\/mayaplae-tmpt2302\\\/esimerkkisivu\\\/\",\"url\":\"https:\\\/\\\/blogit.gradia.fi\\\/mayaplae-tmpt2302\\\/esimerkkisivu\\\/\",\"name\":\"HAME - OPPIMISP\u00c4IV\u00c4KIRJA TMPT2302 - Maya Plae\",\"isPartOf\":{\"@id\":\"https:\\\/\\\/blogit.gradia.fi\\\/mayaplae-tmpt2302\\\/#website\"},\"datePublished\":\"2023-08-22T10:59:35+00:00\",\"dateModified\":\"2024-09-23T10:52:24+00:00\",\"breadcrumb\":{\"@id\":\"https:\\\/\\\/blogit.gradia.fi\\\/mayaplae-tmpt2302\\\/esimerkkisivu\\\/#breadcrumb\"},\"inLanguage\":\"fi\",\"potentialAction\":[{\"@type\":\"ReadAction\",\"target\":[\"https:\\\/\\\/blogit.gradia.fi\\\/mayaplae-tmpt2302\\\/esimerkkisivu\\\/\"]}]},{\"@type\":\"BreadcrumbList\",\"@id\":\"https:\\\/\\\/blogit.gradia.fi\\\/mayaplae-tmpt2302\\\/esimerkkisivu\\\/#breadcrumb\",\"itemListElement\":[{\"@type\":\"ListItem\",\"position\":1,\"name\":\"Etusivu\",\"item\":\"https:\\\/\\\/blogit.gradia.fi\\\/mayaplae-tmpt2302\\\/\"},{\"@type\":\"ListItem\",\"position\":2,\"name\":\"HAME\"}]},{\"@type\":\"WebSite\",\"@id\":\"https:\\\/\\\/blogit.gradia.fi\\\/mayaplae-tmpt2302\\\/#website\",\"url\":\"https:\\\/\\\/blogit.gradia.fi\\\/mayaplae-tmpt2302\\\/\",\"name\":\"OPPIMISP\u00c4IV\u00c4KIRJA TMPT2302 - Maya Plae\",\"description\":\"\",\"potentialAction\":[{\"@type\":\"SearchAction\",\"target\":{\"@type\":\"EntryPoint\",\"urlTemplate\":\"https:\\\/\\\/blogit.gradia.fi\\\/mayaplae-tmpt2302\\\/?s={search_term_string}\"},\"query-input\":{\"@type\":\"PropertyValueSpecification\",\"valueRequired\":true,\"valueName\":\"search_term_string\"}}],\"inLanguage\":\"fi\"}]}<\/script>\n<!-- \/ Yoast SEO plugin. -->","yoast_head_json":{"title":"HAME - OPPIMISP\u00c4IV\u00c4KIRJA TMPT2302 - Maya Plae","robots":{"index":"index","follow":"follow","max-snippet":"max-snippet:-1","max-image-preview":"max-image-preview:large","max-video-preview":"max-video-preview:-1"},"canonical":"https:\/\/blogit.gradia.fi\/mayaplae-tmpt2302\/esimerkkisivu\/","og_locale":"fi_FI","og_type":"article","og_title":"HAME - OPPIMISP\u00c4IV\u00c4KIRJA TMPT2302 - Maya Plae","og_description":"Hame on tehty college kankaasta Hame on pitk\u00e4 puoleksi musta ja harmaa. Talvisin sopiva hame koska kuinka paksu se on. siin\u00e4 on kuminauha.","og_url":"https:\/\/blogit.gradia.fi\/mayaplae-tmpt2302\/esimerkkisivu\/","og_site_name":"OPPIMISP\u00c4IV\u00c4KIRJA TMPT2302 - Maya Plae","article_modified_time":"2024-09-23T10:52:24+00:00","twitter_card":"summary_large_image","twitter_misc":{"Arvioitu lukuaika":"1 minuutti"},"schema":{"@context":"https:\/\/schema.org","@graph":[{"@type":"WebPage","@id":"https:\/\/blogit.gradia.fi\/mayaplae-tmpt2302\/esimerkkisivu\/","url":"https:\/\/blogit.gradia.fi\/mayaplae-tmpt2302\/esimerkkisivu\/","name":"HAME - OPPIMISP\u00c4IV\u00c4KIRJA TMPT2302 - Maya Plae","isPartOf":{"@id":"https:\/\/blogit.gradia.fi\/mayaplae-tmpt2302\/#website"},"datePublished":"2023-08-22T10:59:35+00:00","dateModified":"2024-09-23T10:52:24+00:00","breadcrumb":{"@id":"https:\/\/blogit.gradia.fi\/mayaplae-tmpt2302\/esimerkkisivu\/#breadcrumb"},"inLanguage":"fi","potentialAction":[{"@type":"ReadAction","target":["https:\/\/blogit.gradia.fi\/mayaplae-tmpt2302\/esimerkkisivu\/"]}]},{"@type":"BreadcrumbList","@id":"https:\/\/blogit.gradia.fi\/mayaplae-tmpt2302\/esimerkkisivu\/#breadcrumb","itemListElement":[{"@type":"ListItem","position":1,"name":"Etusivu","item":"https:\/\/blogit.gradia.fi\/mayaplae-tmpt2302\/"},{"@type":"ListItem","position":2,"name":"HAME"}]},{"@type":"WebSite","@id":"https:\/\/blogit.gradia.fi\/mayaplae-tmpt2302\/#website","url":"https:\/\/blogit.gradia.fi\/mayaplae-tmpt2302\/","name":"OPPIMISP\u00c4IV\u00c4KIRJA TMPT2302 - Maya Plae","description":"","potentialAction":[{"@type":"SearchAction","target":{"@type":"EntryPoint","urlTemplate":"https:\/\/blogit.gradia.fi\/mayaplae-tmpt2302\/?s={search_term_string}"},"query-input":{"@type":"PropertyValueSpecification","valueRequired":true,"valueName":"search_term_string"}}],"inLanguage":"fi"}]}},"uagb_featured_image_src":{"full":false,"thumbnail":false,"medium":false,"medium_large":false,"large":false,"1536x1536":false,"2048x2048":false},"uagb_author_info":{"display_name":"Maya Plae","author_link":"https:\/\/blogit.gradia.fi\/mayaplae-tmpt2302\/author\/gr289470\/"},"uagb_comment_info":0,"uagb_excerpt":"Hame on tehty college kankaasta Hame on pitk\u00e4 puoleksi musta ja harmaa. Talvisin sopiva hame koska kuinka paksu se on. siin\u00e4 on kuminauha.","_links":{"self":[{"href":"https:\/\/blogit.gradia.fi\/mayaplae-tmpt2302\/wp-json\/wp\/v2\/pages\/2","targetHints":{"allow":["GET"]}}],"collection":[{"href":"https:\/\/blogit.gradia.fi\/mayaplae-tmpt2302\/wp-json\/wp\/v2\/pages"}],"about":[{"href":"https:\/\/blogit.gradia.fi\/mayaplae-tmpt2302\/wp-json\/wp\/v2\/types\/page"}],"author":[{"embeddable":true,"href":"https:\/\/blogit.gradia.fi\/mayaplae-tmpt2302\/wp-json\/wp\/v2\/users\/1016"}],"replies":[{"embeddable":true,"href":"https:\/\/blogit.gradia.fi\/mayaplae-tmpt2302\/wp-json\/wp\/v2\/comments?post=2"}],"version-history":[{"count":1,"href":"https:\/\/blogit.gradia.fi\/mayaplae-tmpt2302\/wp-json\/wp\/v2\/pages\/2\/revisions"}],"predecessor-version":[{"id":72,"href":"https:\/\/blogit.gradia.fi\/mayaplae-tmpt2302\/wp-json\/wp\/v2\/pages\/2\/revisions\/72"}],"wp:attachment":[{"href":"https:\/\/blogit.gradia.fi\/mayaplae-tmpt2302\/wp-json\/wp\/v2\/media?parent=2"}],"curies":[{"name":"wp","href":"https:\/\/api.w.org\/{rel}","templated":true}]}}