{"id":74,"date":"2016-10-31T18:03:02","date_gmt":"2016-10-31T16:03:02","guid":{"rendered":"https:\/\/blogit.gradia.fi\/jaroslavl\/?page_id=74"},"modified":"2016-11-01T12:02:12","modified_gmt":"2016-11-01T10:02:12","slug":"valokuvia","status":"publish","type":"page","link":"https:\/\/blogit.gradia.fi\/jaroslavl\/valokuvia\/","title":{"rendered":"Valokuvia"},"content":{"rendered":"<p>&nbsp;<\/p>\n\n\t\t<style type=\"text\/css\">\n\t\t\t#gallery-1 {\n\t\t\t\tmargin: auto;\n\t\t\t}\n\t\t\t#gallery-1 .gallery-item {\n\t\t\t\tfloat: left;\n\t\t\t\tmargin-top: 10px;\n\t\t\t\ttext-align: center;\n\t\t\t\twidth: 33%;\n\t\t\t}\n\t\t\t#gallery-1 img {\n\t\t\t\tborder: 2px solid #cfcfcf;\n\t\t\t}\n\t\t\t#gallery-1 .gallery-caption {\n\t\t\t\tmargin-left: 0;\n\t\t\t}\n\t\t\t\/* see gallery_shortcode() in wp-includes\/media.php *\/\n\t\t<\/style>\n\t\t<div id='gallery-1' class='gallery galleryid-74 gallery-columns-3 gallery-size-thumbnail'><dl class='gallery-item'>\n\t\t\t<dt class='gallery-icon portrait'>\n\t\t\t\t<a href='https:\/\/blogit.gradia.fi\/jaroslavl\/valokuvia\/20161013_092244\/'><img loading=\"lazy\" decoding=\"async\" width=\"150\" height=\"150\" src=\"https:\/\/blogit.gradia.fi\/jaroslavl\/wp-content\/uploads\/sites\/66\/2016\/10\/20161013_092244-150x150.jpg\" class=\"attachment-thumbnail size-thumbnail\" alt=\"\" aria-describedby=\"gallery-1-90\" \/><\/a>\n\t\t\t<\/dt>\n\t\t\t\t<dd class='wp-caption-text gallery-caption' id='gallery-1-90'>\n\t\t\t\tJuuri saapunut Moskovaan!\n\t\t\t\t<\/dd><\/dl><dl class='gallery-item'>\n\t\t\t<dt class='gallery-icon portrait'>\n\t\t\t\t<a href='https:\/\/blogit.gradia.fi\/jaroslavl\/valokuvia\/20161013_093042\/'><img loading=\"lazy\" decoding=\"async\" width=\"150\" height=\"150\" src=\"https:\/\/blogit.gradia.fi\/jaroslavl\/wp-content\/uploads\/sites\/66\/2016\/10\/20161013_093042-150x150.jpg\" class=\"attachment-thumbnail size-thumbnail\" alt=\"\" aria-describedby=\"gallery-1-91\" \/><\/a>\n\t\t\t<\/dt>\n\t\t\t\t<dd class='wp-caption-text gallery-caption' id='gallery-1-91'>\n\t\t\t\tMoskova\n\t\t\t\t<\/dd><\/dl><dl class='gallery-item'>\n\t\t\t<dt class='gallery-icon portrait'>\n\t\t\t\t<a href='https:\/\/blogit.gradia.fi\/jaroslavl\/valokuvia\/20161013_154155\/'><img loading=\"lazy\" decoding=\"async\" width=\"150\" height=\"150\" src=\"https:\/\/blogit.gradia.fi\/jaroslavl\/wp-content\/uploads\/sites\/66\/2016\/10\/20161013_154155-150x150.jpg\" class=\"attachment-thumbnail size-thumbnail\" alt=\"\" aria-describedby=\"gallery-1-92\" \/><\/a>\n\t\t\t<\/dt>\n\t\t\t\t<dd class='wp-caption-text gallery-caption' id='gallery-1-92'>\n\t\t\t\tKirkko koulun l\u00e4hell\u00e4\n\t\t\t\t<\/dd><\/dl><br style=\"clear: both\" \/><dl class='gallery-item'>\n\t\t\t<dt class='gallery-icon landscape'>\n\t\t\t\t<a href='https:\/\/blogit.gradia.fi\/jaroslavl\/valokuvia\/20161013_155058\/'><img loading=\"lazy\" decoding=\"async\" width=\"150\" height=\"150\" src=\"https:\/\/blogit.gradia.fi\/jaroslavl\/wp-content\/uploads\/sites\/66\/2016\/10\/20161013_155058-150x150.jpg\" class=\"attachment-thumbnail size-thumbnail\" alt=\"\" aria-describedby=\"gallery-1-93\" \/><\/a>\n\t\t\t<\/dt>\n\t\t\t\t<dd class='wp-caption-text gallery-caption' id='gallery-1-93'>\n\t\t\t\tOpettajat tulkkaavat ensin ven\u00e4j\u00e4st\u00e4 saksaksi ja sitten suomeksi\n\t\t\t\t<\/dd><\/dl><dl class='gallery-item'>\n\t\t\t<dt class='gallery-icon portrait'>\n\t\t\t\t<a href='https:\/\/blogit.gradia.fi\/jaroslavl\/valokuvia\/20161014_100423\/'><img loading=\"lazy\" decoding=\"async\" width=\"150\" height=\"150\" src=\"https:\/\/blogit.gradia.fi\/jaroslavl\/wp-content\/uploads\/sites\/66\/2016\/10\/20161014_100423-150x150.jpg\" class=\"attachment-thumbnail size-thumbnail\" alt=\"\" aria-describedby=\"gallery-1-94\" \/><\/a>\n\t\t\t<\/dt>\n\t\t\t\t<dd class='wp-caption-text gallery-caption' id='gallery-1-94'>\n\t\t\t\tLapset olivat hyvin kiinnostuneita suomalaisista opettajista\n\t\t\t\t<\/dd><\/dl><dl class='gallery-item'>\n\t\t\t<dt class='gallery-icon portrait'>\n\t\t\t\t<a href='https:\/\/blogit.gradia.fi\/jaroslavl\/valokuvia\/20161014_101527\/'><img loading=\"lazy\" decoding=\"async\" width=\"150\" height=\"150\" src=\"https:\/\/blogit.gradia.fi\/jaroslavl\/wp-content\/uploads\/sites\/66\/2016\/10\/20161014_101527-150x150.jpg\" class=\"attachment-thumbnail size-thumbnail\" alt=\"\" aria-describedby=\"gallery-1-95\" \/><\/a>\n\t\t\t<\/dt>\n\t\t\t\t<dd class='wp-caption-text gallery-caption' id='gallery-1-95'>\n\t\t\t\tBussipys\u00e4kill\u00e4\n\t\t\t\t<\/dd><\/dl><br style=\"clear: both\" \/><dl class='gallery-item'>\n\t\t\t<dt class='gallery-icon landscape'>\n\t\t\t\t<a href='https:\/\/blogit.gradia.fi\/jaroslavl\/valokuvia\/20161014_105858\/'><img loading=\"lazy\" decoding=\"async\" width=\"150\" height=\"150\" src=\"https:\/\/blogit.gradia.fi\/jaroslavl\/wp-content\/uploads\/sites\/66\/2016\/10\/20161014_105858-150x150.jpg\" class=\"attachment-thumbnail size-thumbnail\" alt=\"\" aria-describedby=\"gallery-1-96\" \/><\/a>\n\t\t\t<\/dt>\n\t\t\t\t<dd class='wp-caption-text gallery-caption' id='gallery-1-96'>\n\t\t\t\tJaroslavlin kaupungintalolla\n\t\t\t\t<\/dd><\/dl><dl class='gallery-item'>\n\t\t\t<dt class='gallery-icon portrait'>\n\t\t\t\t<a href='https:\/\/blogit.gradia.fi\/jaroslavl\/valokuvia\/20161014_110315\/'><img loading=\"lazy\" decoding=\"async\" width=\"150\" height=\"150\" src=\"https:\/\/blogit.gradia.fi\/jaroslavl\/wp-content\/uploads\/sites\/66\/2016\/10\/20161014_110315-150x150.jpg\" class=\"attachment-thumbnail size-thumbnail\" alt=\"\" aria-describedby=\"gallery-1-97\" \/><\/a>\n\t\t\t<\/dt>\n\t\t\t\t<dd class='wp-caption-text gallery-caption' id='gallery-1-97'>\n\t\t\t\tJaroslavlin kaupungintalolla\n\t\t\t\t<\/dd><\/dl><dl class='gallery-item'>\n\t\t\t<dt class='gallery-icon landscape'>\n\t\t\t\t<a href='https:\/\/blogit.gradia.fi\/jaroslavl\/valokuvia\/20161014_110643\/'><img loading=\"lazy\" decoding=\"async\" width=\"150\" height=\"150\" src=\"https:\/\/blogit.gradia.fi\/jaroslavl\/wp-content\/uploads\/sites\/66\/2016\/10\/20161014_110643-150x150.jpg\" class=\"attachment-thumbnail size-thumbnail\" alt=\"\" aria-describedby=\"gallery-1-98\" \/><\/a>\n\t\t\t<\/dt>\n\t\t\t\t<dd class='wp-caption-text gallery-caption' id='gallery-1-98'>\n\t\t\t\tEco School -projekti\n\t\t\t\t<\/dd><\/dl><br style=\"clear: both\" \/><dl class='gallery-item'>\n\t\t\t<dt class='gallery-icon landscape'>\n\t\t\t\t<a href='https:\/\/blogit.gradia.fi\/jaroslavl\/valokuvia\/20161014_111855\/'><img loading=\"lazy\" decoding=\"async\" width=\"150\" height=\"150\" src=\"https:\/\/blogit.gradia.fi\/jaroslavl\/wp-content\/uploads\/sites\/66\/2016\/10\/20161014_111855-150x150.jpg\" class=\"attachment-thumbnail size-thumbnail\" alt=\"\" aria-describedby=\"gallery-1-99\" \/><\/a>\n\t\t\t<\/dt>\n\t\t\t\t<dd class='wp-caption-text gallery-caption' id='gallery-1-99'>\n\t\t\t\tPaikalliset opiskelijat lausumassa runoja kaupungintalolla\n\t\t\t\t<\/dd><\/dl><dl class='gallery-item'>\n\t\t\t<dt class='gallery-icon landscape'>\n\t\t\t\t<a href='https:\/\/blogit.gradia.fi\/jaroslavl\/valokuvia\/20161014_112635\/'><img loading=\"lazy\" decoding=\"async\" width=\"150\" height=\"150\" src=\"https:\/\/blogit.gradia.fi\/jaroslavl\/wp-content\/uploads\/sites\/66\/2016\/10\/20161014_112635-150x150.jpg\" class=\"attachment-thumbnail size-thumbnail\" alt=\"\" aria-describedby=\"gallery-1-100\" \/><\/a>\n\t\t\t<\/dt>\n\t\t\t\t<dd class='wp-caption-text gallery-caption' id='gallery-1-100'>\n\t\t\t\tJaroslavlin kaupungintalolla\n\t\t\t\t<\/dd><\/dl><dl class='gallery-item'>\n\t\t\t<dt class='gallery-icon portrait'>\n\t\t\t\t<a href='https:\/\/blogit.gradia.fi\/jaroslavl\/valokuvia\/20161014_132039\/'><img loading=\"lazy\" decoding=\"async\" width=\"150\" height=\"150\" src=\"https:\/\/blogit.gradia.fi\/jaroslavl\/wp-content\/uploads\/sites\/66\/2016\/10\/20161014_132039-150x150.jpg\" class=\"attachment-thumbnail size-thumbnail\" alt=\"\" aria-describedby=\"gallery-1-101\" \/><\/a>\n\t\t\t<\/dt>\n\t\t\t\t<dd class='wp-caption-text gallery-caption' id='gallery-1-101'>\n\t\t\t\tEinstein-tiedemuseossa\n\t\t\t\t<\/dd><\/dl><br style=\"clear: both\" \/><dl class='gallery-item'>\n\t\t\t<dt class='gallery-icon portrait'>\n\t\t\t\t<a href='https:\/\/blogit.gradia.fi\/jaroslavl\/valokuvia\/20161014_133239\/'><img loading=\"lazy\" decoding=\"async\" width=\"150\" height=\"150\" src=\"https:\/\/blogit.gradia.fi\/jaroslavl\/wp-content\/uploads\/sites\/66\/2016\/10\/20161014_133239-150x150.jpg\" class=\"attachment-thumbnail size-thumbnail\" alt=\"\" aria-describedby=\"gallery-1-102\" \/><\/a>\n\t\t\t<\/dt>\n\t\t\t\t<dd class='wp-caption-text gallery-caption' id='gallery-1-102'>\n\t\t\t\tEinstein-tiedemuseossa\n\t\t\t\t<\/dd><\/dl><dl class='gallery-item'>\n\t\t\t<dt class='gallery-icon portrait'>\n\t\t\t\t<a href='https:\/\/blogit.gradia.fi\/jaroslavl\/valokuvia\/20161014_133816\/'><img loading=\"lazy\" decoding=\"async\" width=\"150\" height=\"150\" src=\"https:\/\/blogit.gradia.fi\/jaroslavl\/wp-content\/uploads\/sites\/66\/2016\/10\/20161014_133816-150x150.jpg\" class=\"attachment-thumbnail size-thumbnail\" alt=\"\" aria-describedby=\"gallery-1-103\" \/><\/a>\n\t\t\t<\/dt>\n\t\t\t\t<dd class='wp-caption-text gallery-caption' id='gallery-1-103'>\n\t\t\t\tEinstein-tiedemuseossa\n\t\t\t\t<\/dd><\/dl><dl class='gallery-item'>\n\t\t\t<dt class='gallery-icon landscape'>\n\t\t\t\t<a href='https:\/\/blogit.gradia.fi\/jaroslavl\/valokuvia\/20161014_135020\/'><img loading=\"lazy\" decoding=\"async\" width=\"150\" height=\"150\" src=\"https:\/\/blogit.gradia.fi\/jaroslavl\/wp-content\/uploads\/sites\/66\/2016\/10\/20161014_135020-150x150.jpg\" class=\"attachment-thumbnail size-thumbnail\" alt=\"\" aria-describedby=\"gallery-1-104\" \/><\/a>\n\t\t\t<\/dt>\n\t\t\t\t<dd class='wp-caption-text gallery-caption' id='gallery-1-104'>\n\t\t\t\tEinstein-tiedemuseossa\n\t\t\t\t<\/dd><\/dl><br style=\"clear: both\" \/><dl class='gallery-item'>\n\t\t\t<dt class='gallery-icon portrait'>\n\t\t\t\t<a href='https:\/\/blogit.gradia.fi\/jaroslavl\/valokuvia\/20161015_110343\/'><img loading=\"lazy\" decoding=\"async\" width=\"150\" height=\"150\" src=\"https:\/\/blogit.gradia.fi\/jaroslavl\/wp-content\/uploads\/sites\/66\/2016\/10\/20161015_110343-150x150.jpg\" class=\"attachment-thumbnail size-thumbnail\" alt=\"\" aria-describedby=\"gallery-1-105\" \/><\/a>\n\t\t\t<\/dt>\n\t\t\t\t<dd class='wp-caption-text gallery-caption' id='gallery-1-105'>\n\t\t\t\t&#8221;Hiirikaupungissa&#8221;\n\t\t\t\t<\/dd><\/dl><dl class='gallery-item'>\n\t\t\t<dt class='gallery-icon landscape'>\n\t\t\t\t<a href='https:\/\/blogit.gradia.fi\/jaroslavl\/valokuvia\/20161015_112336\/'><img loading=\"lazy\" decoding=\"async\" width=\"150\" height=\"150\" src=\"https:\/\/blogit.gradia.fi\/jaroslavl\/wp-content\/uploads\/sites\/66\/2016\/10\/20161015_112336-150x150.jpg\" class=\"attachment-thumbnail size-thumbnail\" alt=\"\" aria-describedby=\"gallery-1-106\" \/><\/a>\n\t\t\t<\/dt>\n\t\t\t\t<dd class='wp-caption-text gallery-caption' id='gallery-1-106'>\n\t\t\t\t&#8221;Hiirikaupungissa&#8221;\n\t\t\t\t<\/dd><\/dl><dl class='gallery-item'>\n\t\t\t<dt class='gallery-icon portrait'>\n\t\t\t\t<a href='https:\/\/blogit.gradia.fi\/jaroslavl\/valokuvia\/20161015_113022\/'><img loading=\"lazy\" decoding=\"async\" width=\"150\" height=\"150\" src=\"https:\/\/blogit.gradia.fi\/jaroslavl\/wp-content\/uploads\/sites\/66\/2016\/10\/20161015_113022-150x150.jpg\" class=\"attachment-thumbnail size-thumbnail\" alt=\"\" aria-describedby=\"gallery-1-107\" \/><\/a>\n\t\t\t<\/dt>\n\t\t\t\t<dd class='wp-caption-text gallery-caption' id='gallery-1-107'>\n\t\t\t\tL\u00f6ysimme my\u00f6s v\u00e4\u00e4rist\u00e4vi\u00e4 peilej\u00e4\n\t\t\t\t<\/dd><\/dl><br style=\"clear: both\" \/><dl class='gallery-item'>\n\t\t\t<dt class='gallery-icon portrait'>\n\t\t\t\t<a href='https:\/\/blogit.gradia.fi\/jaroslavl\/valokuvia\/20161015_122215\/'><img loading=\"lazy\" decoding=\"async\" width=\"150\" height=\"150\" src=\"https:\/\/blogit.gradia.fi\/jaroslavl\/wp-content\/uploads\/sites\/66\/2016\/10\/20161015_122215-150x150.jpg\" class=\"attachment-thumbnail size-thumbnail\" alt=\"\" aria-describedby=\"gallery-1-108\" \/><\/a>\n\t\t\t<\/dt>\n\t\t\t\t<dd class='wp-caption-text gallery-caption' id='gallery-1-108'>\n\t\t\t\tPaikallinen opas\n\t\t\t\t<\/dd><\/dl><dl class='gallery-item'>\n\t\t\t<dt class='gallery-icon portrait'>\n\t\t\t\t<a href='https:\/\/blogit.gradia.fi\/jaroslavl\/valokuvia\/20161015_134459\/'><img loading=\"lazy\" decoding=\"async\" width=\"150\" height=\"150\" src=\"https:\/\/blogit.gradia.fi\/jaroslavl\/wp-content\/uploads\/sites\/66\/2016\/10\/20161015_134459-150x150.jpg\" class=\"attachment-thumbnail size-thumbnail\" alt=\"\" aria-describedby=\"gallery-1-109\" \/><\/a>\n\t\t\t<\/dt>\n\t\t\t\t<dd class='wp-caption-text gallery-caption' id='gallery-1-109'>\n\t\t\t\tVolgan \u00e4\u00e4rell\u00e4\n\t\t\t\t<\/dd><\/dl><dl class='gallery-item'>\n\t\t\t<dt class='gallery-icon landscape'>\n\t\t\t\t<a href='https:\/\/blogit.gradia.fi\/jaroslavl\/valokuvia\/20161015_151340\/'><img loading=\"lazy\" decoding=\"async\" width=\"150\" height=\"150\" src=\"https:\/\/blogit.gradia.fi\/jaroslavl\/wp-content\/uploads\/sites\/66\/2016\/10\/20161015_151340-150x150.jpg\" class=\"attachment-thumbnail size-thumbnail\" alt=\"\" aria-describedby=\"gallery-1-110\" \/><\/a>\n\t\t\t<\/dt>\n\t\t\t\t<dd class='wp-caption-text gallery-caption' id='gallery-1-110'>\n\t\t\t\t&lt;3\n\t\t\t\t<\/dd><\/dl><br style=\"clear: both\" \/><dl class='gallery-item'>\n\t\t\t<dt class='gallery-icon landscape'>\n\t\t\t\t<a href='https:\/\/blogit.gradia.fi\/jaroslavl\/valokuvia\/20161015_152136\/'><img loading=\"lazy\" decoding=\"async\" width=\"150\" height=\"150\" src=\"https:\/\/blogit.gradia.fi\/jaroslavl\/wp-content\/uploads\/sites\/66\/2016\/10\/20161015_152136-150x150.jpg\" class=\"attachment-thumbnail size-thumbnail\" alt=\"\" aria-describedby=\"gallery-1-111\" \/><\/a>\n\t\t\t<\/dt>\n\t\t\t\t<dd class='wp-caption-text gallery-caption' id='gallery-1-111'>\n\t\t\t\tSelfieit\u00e4 paikallisten yst\u00e4vien kanssa\n\t\t\t\t<\/dd><\/dl><dl class='gallery-item'>\n\t\t\t<dt class='gallery-icon landscape'>\n\t\t\t\t<a href='https:\/\/blogit.gradia.fi\/jaroslavl\/valokuvia\/img_20161017_101532-2\/'><img loading=\"lazy\" decoding=\"async\" width=\"150\" height=\"150\" src=\"https:\/\/blogit.gradia.fi\/jaroslavl\/wp-content\/uploads\/sites\/66\/2016\/10\/IMG_20161017_101532-1-150x150.jpg\" class=\"attachment-thumbnail size-thumbnail\" alt=\"\" aria-describedby=\"gallery-1-112\" \/><\/a>\n\t\t\t<\/dt>\n\t\t\t\t<dd class='wp-caption-text gallery-caption' id='gallery-1-112'>\n\t\t\t\tVierailemassa opettajakoulutuksessa\n\t\t\t\t<\/dd><\/dl><dl class='gallery-item'>\n\t\t\t<dt class='gallery-icon portrait'>\n\t\t\t\t<a href='https:\/\/blogit.gradia.fi\/jaroslavl\/valokuvia\/img_20161017_111701-2\/'><img loading=\"lazy\" decoding=\"async\" width=\"150\" height=\"150\" src=\"https:\/\/blogit.gradia.fi\/jaroslavl\/wp-content\/uploads\/sites\/66\/2016\/10\/IMG_20161017_111701-1-150x150.jpg\" class=\"attachment-thumbnail size-thumbnail\" alt=\"\" aria-describedby=\"gallery-1-113\" \/><\/a>\n\t\t\t<\/dt>\n\t\t\t\t<dd class='wp-caption-text gallery-caption' id='gallery-1-113'>\n\t\t\t\tOhjelmasta ei ollut puutetta\n\t\t\t\t<\/dd><\/dl><br style=\"clear: both\" \/><dl class='gallery-item'>\n\t\t\t<dt class='gallery-icon portrait'>\n\t\t\t\t<a href='https:\/\/blogit.gradia.fi\/jaroslavl\/valokuvia\/img_20161017_120313-2\/'><img loading=\"lazy\" decoding=\"async\" width=\"150\" height=\"150\" src=\"https:\/\/blogit.gradia.fi\/jaroslavl\/wp-content\/uploads\/sites\/66\/2016\/10\/IMG_20161017_120313-1-150x150.jpg\" class=\"attachment-thumbnail size-thumbnail\" alt=\"\" aria-describedby=\"gallery-1-114\" \/><\/a>\n\t\t\t<\/dt>\n\t\t\t\t<dd class='wp-caption-text gallery-caption' id='gallery-1-114'>\n\t\t\t\tViimeinen lounas koululla ennen l\u00e4ht\u00f6\u00e4\n\t\t\t\t<\/dd><\/dl><dl class='gallery-item'>\n\t\t\t<dt class='gallery-icon portrait'>\n\t\t\t\t<a href='https:\/\/blogit.gradia.fi\/jaroslavl\/valokuvia\/img_20161017_164446\/'><img loading=\"lazy\" decoding=\"async\" width=\"150\" height=\"150\" src=\"https:\/\/blogit.gradia.fi\/jaroslavl\/wp-content\/uploads\/sites\/66\/2016\/10\/IMG_20161017_164446-150x150.jpg\" class=\"attachment-thumbnail size-thumbnail\" alt=\"\" aria-describedby=\"gallery-1-115\" \/><\/a>\n\t\t\t<\/dt>\n\t\t\t\t<dd class='wp-caption-text gallery-caption' id='gallery-1-115'>\n\t\t\t\t(melkein) l\u00e4ht\u00f6valmiita\n\t\t\t\t<\/dd><\/dl><dl class='gallery-item'>\n\t\t\t<dt class='gallery-icon landscape'>\n\t\t\t\t<a href='https:\/\/blogit.gradia.fi\/jaroslavl\/valokuvia\/whatsapp-image-2016-10-30-at-22-13-45\/'><img loading=\"lazy\" decoding=\"async\" width=\"150\" height=\"150\" src=\"https:\/\/blogit.gradia.fi\/jaroslavl\/wp-content\/uploads\/sites\/66\/2016\/10\/WhatsApp-Image-2016-10-30-at-22.13.45-150x150.jpeg\" class=\"attachment-thumbnail size-thumbnail\" alt=\"\" \/><\/a>\n\t\t\t<\/dt><\/dl><br style=\"clear: both\" \/><dl class='gallery-item'>\n\t\t\t<dt class='gallery-icon landscape'>\n\t\t\t\t<a href='https:\/\/blogit.gradia.fi\/jaroslavl\/valokuvia\/whatsapp-image-2016-10-30-at-22-15-09\/'><img loading=\"lazy\" decoding=\"async\" width=\"150\" height=\"150\" src=\"https:\/\/blogit.gradia.fi\/jaroslavl\/wp-content\/uploads\/sites\/66\/2016\/10\/WhatsApp-Image-2016-10-30-at-22.15.09-150x150.jpeg\" class=\"attachment-thumbnail size-thumbnail\" alt=\"\" \/><\/a>\n\t\t\t<\/dt><\/dl><dl class='gallery-item'>\n\t\t\t<dt class='gallery-icon landscape'>\n\t\t\t\t<a href='https:\/\/blogit.gradia.fi\/jaroslavl\/valokuvia\/whatsapp-image-2016-10-30-at-22-15-50-2\/'><img loading=\"lazy\" decoding=\"async\" width=\"150\" height=\"150\" src=\"https:\/\/blogit.gradia.fi\/jaroslavl\/wp-content\/uploads\/sites\/66\/2016\/10\/WhatsApp-Image-2016-10-30-at-22.15.50-1-150x150.jpeg\" class=\"attachment-thumbnail size-thumbnail\" alt=\"\" aria-describedby=\"gallery-1-118\" \/><\/a>\n\t\t\t<\/dt>\n\t\t\t\t<dd class='wp-caption-text gallery-caption' id='gallery-1-118'>\n\t\t\t\tKaupungintalolla\n\t\t\t\t<\/dd><\/dl><dl class='gallery-item'>\n\t\t\t<dt class='gallery-icon portrait'>\n\t\t\t\t<a href='https:\/\/blogit.gradia.fi\/jaroslavl\/valokuvia\/img-20161101-wa0001-2\/'><img loading=\"lazy\" decoding=\"async\" width=\"150\" height=\"150\" src=\"https:\/\/blogit.gradia.fi\/jaroslavl\/wp-content\/uploads\/sites\/66\/2016\/10\/IMG-20161101-WA0001-1-150x150.jpg\" class=\"attachment-thumbnail size-thumbnail\" alt=\"\" aria-describedby=\"gallery-1-135\" \/><\/a>\n\t\t\t<\/dt>\n\t\t\t\t<dd class='wp-caption-text gallery-caption' id='gallery-1-135'>\n\t\t\t\tVolgan rannalla\n\t\t\t\t<\/dd><\/dl><br style=\"clear: both\" \/><dl class='gallery-item'>\n\t\t\t<dt class='gallery-icon portrait'>\n\t\t\t\t<a href='https:\/\/blogit.gradia.fi\/jaroslavl\/valokuvia\/img-20161101-wa0002\/'><img loading=\"lazy\" decoding=\"async\" width=\"150\" height=\"150\" src=\"https:\/\/blogit.gradia.fi\/jaroslavl\/wp-content\/uploads\/sites\/66\/2016\/10\/IMG-20161101-WA0002-150x150.jpg\" class=\"attachment-thumbnail size-thumbnail\" alt=\"\" \/><\/a>\n\t\t\t<\/dt><\/dl><dl class='gallery-item'>\n\t\t\t<dt class='gallery-icon portrait'>\n\t\t\t\t<a href='https:\/\/blogit.gradia.fi\/jaroslavl\/valokuvia\/img-20161101-wa0003\/'><img loading=\"lazy\" decoding=\"async\" width=\"150\" height=\"150\" src=\"https:\/\/blogit.gradia.fi\/jaroslavl\/wp-content\/uploads\/sites\/66\/2016\/10\/IMG-20161101-WA0003-150x150.jpg\" class=\"attachment-thumbnail size-thumbnail\" alt=\"\" aria-describedby=\"gallery-1-137\" \/><\/a>\n\t\t\t<\/dt>\n\t\t\t\t<dd class='wp-caption-text gallery-caption' id='gallery-1-137'>\n\t\t\t\tK\u00e4sit\u00f6it\u00e4\n\t\t\t\t<\/dd><\/dl><dl class='gallery-item'>\n\t\t\t<dt class='gallery-icon portrait'>\n\t\t\t\t<a href='https:\/\/blogit.gradia.fi\/jaroslavl\/valokuvia\/img-20161101-wa0004\/'><img loading=\"lazy\" decoding=\"async\" width=\"150\" height=\"150\" src=\"https:\/\/blogit.gradia.fi\/jaroslavl\/wp-content\/uploads\/sites\/66\/2016\/10\/IMG-20161101-WA0004-150x150.jpg\" class=\"attachment-thumbnail size-thumbnail\" alt=\"\" aria-describedby=\"gallery-1-138\" \/><\/a>\n\t\t\t<\/dt>\n\t\t\t\t<dd class='wp-caption-text gallery-caption' id='gallery-1-138'>\n\t\t\t\tK\u00e4sit\u00f6it\u00e4\n\t\t\t\t<\/dd><\/dl><br style=\"clear: both\" \/><dl class='gallery-item'>\n\t\t\t<dt class='gallery-icon portrait'>\n\t\t\t\t<a href='https:\/\/blogit.gradia.fi\/jaroslavl\/valokuvia\/img-20161101-wa0005-2\/'><img loading=\"lazy\" decoding=\"async\" width=\"150\" height=\"150\" src=\"https:\/\/blogit.gradia.fi\/jaroslavl\/wp-content\/uploads\/sites\/66\/2016\/10\/IMG-20161101-WA0005-1-150x150.jpg\" class=\"attachment-thumbnail size-thumbnail\" alt=\"\" aria-describedby=\"gallery-1-139\" \/><\/a>\n\t\t\t<\/dt>\n\t\t\t\t<dd class='wp-caption-text gallery-caption' id='gallery-1-139'>\n\t\t\t\tHiiripalatsissa\n\t\t\t\t<\/dd><\/dl><dl class='gallery-item'>\n\t\t\t<dt class='gallery-icon portrait'>\n\t\t\t\t<a href='https:\/\/blogit.gradia.fi\/jaroslavl\/valokuvia\/img-20161101-wa0006\/'><img loading=\"lazy\" decoding=\"async\" width=\"150\" height=\"150\" src=\"https:\/\/blogit.gradia.fi\/jaroslavl\/wp-content\/uploads\/sites\/66\/2016\/10\/IMG-20161101-WA0006-150x150.jpg\" class=\"attachment-thumbnail size-thumbnail\" alt=\"\" aria-describedby=\"gallery-1-140\" \/><\/a>\n\t\t\t<\/dt>\n\t\t\t\t<dd class='wp-caption-text gallery-caption' id='gallery-1-140'>\n\t\t\t\tHiiripalatsissa\n\t\t\t\t<\/dd><\/dl><dl class='gallery-item'>\n\t\t\t<dt class='gallery-icon portrait'>\n\t\t\t\t<a href='https:\/\/blogit.gradia.fi\/jaroslavl\/valokuvia\/img-20161101-wa0007\/'><img loading=\"lazy\" decoding=\"async\" width=\"150\" height=\"150\" src=\"https:\/\/blogit.gradia.fi\/jaroslavl\/wp-content\/uploads\/sites\/66\/2016\/10\/IMG-20161101-WA0007-150x150.jpg\" class=\"attachment-thumbnail size-thumbnail\" alt=\"\" aria-describedby=\"gallery-1-141\" \/><\/a>\n\t\t\t<\/dt>\n\t\t\t\t<dd class='wp-caption-text gallery-caption' id='gallery-1-141'>\n\t\t\t\tHiiripalatsissa\n\t\t\t\t<\/dd><\/dl><br style=\"clear: both\" \/><dl class='gallery-item'>\n\t\t\t<dt class='gallery-icon landscape'>\n\t\t\t\t<a href='https:\/\/blogit.gradia.fi\/jaroslavl\/valokuvia\/img-20161101-wa0008\/'><img loading=\"lazy\" decoding=\"async\" width=\"150\" height=\"150\" src=\"https:\/\/blogit.gradia.fi\/jaroslavl\/wp-content\/uploads\/sites\/66\/2016\/10\/IMG-20161101-WA0008-150x150.jpg\" class=\"attachment-thumbnail size-thumbnail\" alt=\"\" aria-describedby=\"gallery-1-142\" \/><\/a>\n\t\t\t<\/dt>\n\t\t\t\t<dd class='wp-caption-text gallery-caption' id='gallery-1-142'>\n\t\t\t\tHiiripalatsissa\n\t\t\t\t<\/dd><\/dl><dl class='gallery-item'>\n\t\t\t<dt class='gallery-icon portrait'>\n\t\t\t\t<a href='https:\/\/blogit.gradia.fi\/jaroslavl\/valokuvia\/img-20161101-wa0009\/'><img loading=\"lazy\" decoding=\"async\" width=\"150\" height=\"150\" src=\"https:\/\/blogit.gradia.fi\/jaroslavl\/wp-content\/uploads\/sites\/66\/2016\/10\/IMG-20161101-WA0009-150x150.jpg\" class=\"attachment-thumbnail size-thumbnail\" alt=\"\" aria-describedby=\"gallery-1-143\" \/><\/a>\n\t\t\t<\/dt>\n\t\t\t\t<dd class='wp-caption-text gallery-caption' id='gallery-1-143'>\n\t\t\t\tLautalla kohti Myshkini\u00e4\n\t\t\t\t<\/dd><\/dl>\n\t\t\t<br style='clear: both' \/>\n\t\t<\/div>\n\n","protected":false},"excerpt":{"rendered":"<p>&nbsp;<\/p>\n","protected":false},"author":443,"featured_media":0,"parent":0,"menu_order":0,"comment_status":"closed","ping_status":"closed","template":"","meta":{"_uag_custom_page_level_css":"","footnotes":""},"class_list":["post-74","page","type-page","status-publish","hentry"],"yoast_head":"<!-- This site is optimized with the Yoast SEO plugin v27.5 - https:\/\/yoast.com\/product\/yoast-seo-wordpress\/ -->\n<title>Valokuvia - Vieraanvaraisuutta vastavierailulla Jaroslavlissa Ven\u00e4j\u00e4ll\u00e4<\/title>\n<meta name=\"robots\" content=\"index, follow, max-snippet:-1, max-image-preview:large, max-video-preview:-1\" \/>\n<link rel=\"canonical\" href=\"https:\/\/blogit.gradia.fi\/jaroslavl\/valokuvia\/\" \/>\n<meta property=\"og:locale\" content=\"fi_FI\" \/>\n<meta property=\"og:type\" content=\"article\" \/>\n<meta property=\"og:title\" content=\"Valokuvia - Vieraanvaraisuutta vastavierailulla Jaroslavlissa Ven\u00e4j\u00e4ll\u00e4\" \/>\n<meta property=\"og:description\" content=\"&nbsp;\" \/>\n<meta property=\"og:url\" content=\"https:\/\/blogit.gradia.fi\/jaroslavl\/valokuvia\/\" \/>\n<meta property=\"og:site_name\" content=\"Vieraanvaraisuutta vastavierailulla Jaroslavlissa Ven\u00e4j\u00e4ll\u00e4\" \/>\n<meta property=\"article:modified_time\" content=\"2016-11-01T10:02:12+00:00\" \/>\n<meta property=\"og:image\" content=\"https:\/\/blogit.gradia.fi\/jaroslavl\/wp-content\/uploads\/sites\/66\/2016\/10\/20161013_092244-150x150.jpg\" \/>\n<meta name=\"twitter:card\" content=\"summary_large_image\" \/>\n<script type=\"application\/ld+json\" class=\"yoast-schema-graph\">{\"@context\":\"https:\\\/\\\/schema.org\",\"@graph\":[{\"@type\":\"WebPage\",\"@id\":\"https:\\\/\\\/blogit.gradia.fi\\\/jaroslavl\\\/valokuvia\\\/\",\"url\":\"https:\\\/\\\/blogit.gradia.fi\\\/jaroslavl\\\/valokuvia\\\/\",\"name\":\"Valokuvia - Vieraanvaraisuutta vastavierailulla Jaroslavlissa Ven\u00e4j\u00e4ll\u00e4\",\"isPartOf\":{\"@id\":\"https:\\\/\\\/blogit.gradia.fi\\\/jaroslavl\\\/#website\"},\"datePublished\":\"2016-10-31T16:03:02+00:00\",\"dateModified\":\"2016-11-01T10:02:12+00:00\",\"inLanguage\":\"fi\",\"potentialAction\":[{\"@type\":\"ReadAction\",\"target\":[\"https:\\\/\\\/blogit.gradia.fi\\\/jaroslavl\\\/valokuvia\\\/\"]}]},{\"@type\":\"WebSite\",\"@id\":\"https:\\\/\\\/blogit.gradia.fi\\\/jaroslavl\\\/#website\",\"url\":\"https:\\\/\\\/blogit.gradia.fi\\\/jaroslavl\\\/\",\"name\":\"Vieraanvaraisuutta vastavierailulla Jaroslavlissa Ven\u00e4j\u00e4ll\u00e4\",\"description\":\"Uusi ao-blogit -sivusto\",\"potentialAction\":[{\"@type\":\"SearchAction\",\"target\":{\"@type\":\"EntryPoint\",\"urlTemplate\":\"https:\\\/\\\/blogit.gradia.fi\\\/jaroslavl\\\/?s={search_term_string}\"},\"query-input\":{\"@type\":\"PropertyValueSpecification\",\"valueRequired\":true,\"valueName\":\"search_term_string\"}}],\"inLanguage\":\"fi\"}]}<\/script>\n<!-- \/ Yoast SEO plugin. -->","yoast_head_json":{"title":"Valokuvia - Vieraanvaraisuutta vastavierailulla Jaroslavlissa Ven\u00e4j\u00e4ll\u00e4","robots":{"index":"index","follow":"follow","max-snippet":"max-snippet:-1","max-image-preview":"max-image-preview:large","max-video-preview":"max-video-preview:-1"},"canonical":"https:\/\/blogit.gradia.fi\/jaroslavl\/valokuvia\/","og_locale":"fi_FI","og_type":"article","og_title":"Valokuvia - Vieraanvaraisuutta vastavierailulla Jaroslavlissa Ven\u00e4j\u00e4ll\u00e4","og_description":"&nbsp;","og_url":"https:\/\/blogit.gradia.fi\/jaroslavl\/valokuvia\/","og_site_name":"Vieraanvaraisuutta vastavierailulla Jaroslavlissa Ven\u00e4j\u00e4ll\u00e4","article_modified_time":"2016-11-01T10:02:12+00:00","og_image":[{"url":"https:\/\/blogit.gradia.fi\/jaroslavl\/wp-content\/uploads\/sites\/66\/2016\/10\/20161013_092244-150x150.jpg","type":"","width":"","height":""}],"twitter_card":"summary_large_image","schema":{"@context":"https:\/\/schema.org","@graph":[{"@type":"WebPage","@id":"https:\/\/blogit.gradia.fi\/jaroslavl\/valokuvia\/","url":"https:\/\/blogit.gradia.fi\/jaroslavl\/valokuvia\/","name":"Valokuvia - Vieraanvaraisuutta vastavierailulla Jaroslavlissa Ven\u00e4j\u00e4ll\u00e4","isPartOf":{"@id":"https:\/\/blogit.gradia.fi\/jaroslavl\/#website"},"datePublished":"2016-10-31T16:03:02+00:00","dateModified":"2016-11-01T10:02:12+00:00","inLanguage":"fi","potentialAction":[{"@type":"ReadAction","target":["https:\/\/blogit.gradia.fi\/jaroslavl\/valokuvia\/"]}]},{"@type":"WebSite","@id":"https:\/\/blogit.gradia.fi\/jaroslavl\/#website","url":"https:\/\/blogit.gradia.fi\/jaroslavl\/","name":"Vieraanvaraisuutta vastavierailulla Jaroslavlissa Ven\u00e4j\u00e4ll\u00e4","description":"Uusi ao-blogit -sivusto","potentialAction":[{"@type":"SearchAction","target":{"@type":"EntryPoint","urlTemplate":"https:\/\/blogit.gradia.fi\/jaroslavl\/?s={search_term_string}"},"query-input":{"@type":"PropertyValueSpecification","valueRequired":true,"valueName":"search_term_string"}}],"inLanguage":"fi"}]}},"uagb_featured_image_src":{"full":false,"thumbnail":false,"medium":false,"medium_large":false,"large":false,"1536x1536":false,"2048x2048":false,"post-thumbnail":false},"uagb_author_info":{"display_name":"Oona Huttunen","author_link":"https:\/\/blogit.gradia.fi\/jaroslavl\/author\/lk101388\/"},"uagb_comment_info":0,"uagb_excerpt":"&nbsp;","_links":{"self":[{"href":"https:\/\/blogit.gradia.fi\/jaroslavl\/wp-json\/wp\/v2\/pages\/74","targetHints":{"allow":["GET"]}}],"collection":[{"href":"https:\/\/blogit.gradia.fi\/jaroslavl\/wp-json\/wp\/v2\/pages"}],"about":[{"href":"https:\/\/blogit.gradia.fi\/jaroslavl\/wp-json\/wp\/v2\/types\/page"}],"author":[{"embeddable":true,"href":"https:\/\/blogit.gradia.fi\/jaroslavl\/wp-json\/wp\/v2\/users\/443"}],"replies":[{"embeddable":true,"href":"https:\/\/blogit.gradia.fi\/jaroslavl\/wp-json\/wp\/v2\/comments?post=74"}],"version-history":[{"count":0,"href":"https:\/\/blogit.gradia.fi\/jaroslavl\/wp-json\/wp\/v2\/pages\/74\/revisions"}],"wp:attachment":[{"href":"https:\/\/blogit.gradia.fi\/jaroslavl\/wp-json\/wp\/v2\/media?parent=74"}],"curies":[{"name":"wp","href":"https:\/\/api.w.org\/{rel}","templated":true}]}}