{"version":"1.0","provider_name":"Vieraanvaraisuutta vastavierailulla Jaroslavlissa Ven\u00e4j\u00e4ll\u00e4","provider_url":"https:\/\/blogit.gradia.fi\/jaroslavl","title":"L\u00e4hd\u00f6n paikkeilla - Vieraanvaraisuutta vastavierailulla Jaroslavlissa Ven\u00e4j\u00e4ll\u00e4","type":"rich","width":600,"height":338,"html":"<blockquote class=\"wp-embedded-content\" data-secret=\"SaAPMrW131\"><a href=\"https:\/\/blogit.gradia.fi\/jaroslavl\/2016\/10\/30\/lahdon-paikkeilla\/\">L\u00e4hd\u00f6n paikkeilla<\/a><\/blockquote><iframe sandbox=\"allow-scripts\" security=\"restricted\" src=\"https:\/\/blogit.gradia.fi\/jaroslavl\/2016\/10\/30\/lahdon-paikkeilla\/embed\/#?secret=SaAPMrW131\" width=\"600\" height=\"338\" title=\"&#8221;L\u00e4hd\u00f6n paikkeilla&#8221; &#8212; Vieraanvaraisuutta vastavierailulla Jaroslavlissa Ven\u00e4j\u00e4ll\u00e4\" data-secret=\"SaAPMrW131\" frameborder=\"0\" marginwidth=\"0\" marginheight=\"0\" scrolling=\"no\" class=\"wp-embedded-content\"><\/iframe><script type=\"text\/javascript\">\n\/* <![CDATA[ *\/\n\/*! This file is auto-generated *\/\n!function(d,l){\"use strict\";l.querySelector&&d.addEventListener&&\"undefined\"!=typeof URL&&(d.wp=d.wp||{},d.wp.receiveEmbedMessage||(d.wp.receiveEmbedMessage=function(e){var t=e.data;if((t||t.secret||t.message||t.value)&&!\/[^a-zA-Z0-9]\/.test(t.secret)){for(var s,r,n,a=l.querySelectorAll('iframe[data-secret=\"'+t.secret+'\"]'),o=l.querySelectorAll('blockquote[data-secret=\"'+t.secret+'\"]'),c=new RegExp(\"^https?:$\",\"i\"),i=0;i<o.length;i++)o[i].style.display=\"none\";for(i=0;i<a.length;i++)s=a[i],e.source===s.contentWindow&&(s.removeAttribute(\"style\"),\"height\"===t.message?(1e3<(r=parseInt(t.value,10))?r=1e3:~~r<200&&(r=200),s.height=r):\"link\"===t.message&&(r=new URL(s.getAttribute(\"src\")),n=new URL(t.value),c.test(n.protocol))&&n.host===r.host&&l.activeElement===s&&(d.top.location.href=t.value))}},d.addEventListener(\"message\",d.wp.receiveEmbedMessage,!1),l.addEventListener(\"DOMContentLoaded\",function(){for(var e,t,s=l.querySelectorAll(\"iframe.wp-embedded-content\"),r=0;r<s.length;r++)(t=(e=s[r]).getAttribute(\"data-secret\"))||(t=Math.random().toString(36).substring(2,12),e.src+=\"#?secret=\"+t,e.setAttribute(\"data-secret\",t)),e.contentWindow.postMessage({message:\"ready\",secret:t},\"*\")},!1)))}(window,document);\n\/\/# sourceURL=https:\/\/blogit.gradia.fi\/jaroslavl\/wp-includes\/js\/wp-embed.min.js\n\/* ]]> *\/\n<\/script>\n","description":"17.10.2016 Nelj\u00e4 p\u00e4iv\u00e4\u00e4 Jaroslavlissa takana, nelj\u00e4 p\u00e4iv\u00e4\u00e4 t\u00e4ynn\u00e4 muistoja ja viides p\u00e4iv\u00e4 t\u00e4ynn\u00e4 pient\u00e4 kaipuuta ja surua. Viidenten\u00e4 p\u00e4iv\u00e4n\u00e4 koitti siis l\u00e4ht\u00f6 takaisin Suomeen ja maanantai on p\u00e4iv\u00e4, josta min\u00e4 kirjoitan. Aamuher\u00e4tyksemme Anastasian kanssa soi noin kello puoli seits\u00e4m\u00e4n aikaan aamulla. Her\u00e4\u00e4minen oli hankalaa, sill\u00e4 olimme kummatkin menneet nukkumaan my\u00f6h\u00e4\u00e4n edellisin\u00e4 iltoina. Aamu sujui vikkel\u00e4sti [&hellip;]","thumbnail_url":"https:\/\/blogit.gradia.fi\/jaroslavl\/wp-content\/uploads\/sites\/66\/2016\/10\/IMG_20161017_132355-225x300.jpg"}