{"version":"1.0","provider_name":"Vieraanvaraisuutta vastavierailulla Jaroslavlissa Ven\u00e4j\u00e4ll\u00e4","provider_url":"https:\/\/blogit.gradia.fi\/jaroslavl","title":"Juhlap\u00e4iv\u00e4 - Vieraanvaraisuutta vastavierailulla Jaroslavlissa Ven\u00e4j\u00e4ll\u00e4","type":"rich","width":600,"height":338,"html":"<blockquote class=\"wp-embedded-content\" data-secret=\"EDSVzzCs80\"><a href=\"https:\/\/blogit.gradia.fi\/jaroslavl\/2016\/10\/27\/juhlapaiva\/\">Juhlap\u00e4iv\u00e4<\/a><\/blockquote><iframe sandbox=\"allow-scripts\" security=\"restricted\" src=\"https:\/\/blogit.gradia.fi\/jaroslavl\/2016\/10\/27\/juhlapaiva\/embed\/#?secret=EDSVzzCs80\" width=\"600\" height=\"338\" title=\"&#8221;Juhlap\u00e4iv\u00e4&#8221; &#8212; Vieraanvaraisuutta vastavierailulla Jaroslavlissa Ven\u00e4j\u00e4ll\u00e4\" data-secret=\"EDSVzzCs80\" frameborder=\"0\" marginwidth=\"0\" marginheight=\"0\" scrolling=\"no\" class=\"wp-embedded-content\"><\/iframe><script type=\"text\/javascript\">\n\/* <![CDATA[ *\/\n\/*! This file is auto-generated *\/\n!function(d,l){\"use strict\";l.querySelector&&d.addEventListener&&\"undefined\"!=typeof URL&&(d.wp=d.wp||{},d.wp.receiveEmbedMessage||(d.wp.receiveEmbedMessage=function(e){var t=e.data;if((t||t.secret||t.message||t.value)&&!\/[^a-zA-Z0-9]\/.test(t.secret)){for(var s,r,n,a=l.querySelectorAll('iframe[data-secret=\"'+t.secret+'\"]'),o=l.querySelectorAll('blockquote[data-secret=\"'+t.secret+'\"]'),c=new RegExp(\"^https?:$\",\"i\"),i=0;i<o.length;i++)o[i].style.display=\"none\";for(i=0;i<a.length;i++)s=a[i],e.source===s.contentWindow&&(s.removeAttribute(\"style\"),\"height\"===t.message?(1e3<(r=parseInt(t.value,10))?r=1e3:~~r<200&&(r=200),s.height=r):\"link\"===t.message&&(r=new URL(s.getAttribute(\"src\")),n=new URL(t.value),c.test(n.protocol))&&n.host===r.host&&l.activeElement===s&&(d.top.location.href=t.value))}},d.addEventListener(\"message\",d.wp.receiveEmbedMessage,!1),l.addEventListener(\"DOMContentLoaded\",function(){for(var e,t,s=l.querySelectorAll(\"iframe.wp-embedded-content\"),r=0;r<s.length;r++)(t=(e=s[r]).getAttribute(\"data-secret\"))||(t=Math.random().toString(36).substring(2,12),e.src+=\"#?secret=\"+t,e.setAttribute(\"data-secret\",t)),e.contentWindow.postMessage({message:\"ready\",secret:t},\"*\")},!1)))}(window,document);\n\/\/# sourceURL=https:\/\/blogit.gradia.fi\/jaroslavl\/wp-includes\/js\/wp-embed.min.js\n\/* ]]> *\/\n<\/script>\n","description":"Perjantaip\u00e4iv\u00e4lle oli suunniteltu meille runsaasti ohjelmaa. Jo heti aamusta kokoonnuimme yhdess\u00e4 koulun pihalle, josta l\u00e4hdettiin bussilla Jaroslavlin keskustaa kohti. Mukaan l\u00e4hti meid\u00e4n Lyseo-delegaation ja is\u00e4nt\u00e4\/em\u00e4nt\u00e4perheiden lis\u00e4ksi my\u00f6s joukko nuorempia opiskelijoita. Ilolla seurasin kuinka he rohkeasti meniv\u00e4t juttelemaan suomalaisille opettajille. Varsinkin Yrj\u00f6st\u00e4 ja Artosta tuli hyvinkin suositut paikallisten lasten keskuudessa. Lapset olivat kiinnostuneita suomalaisista opettajista Hyv\u00e4n [&hellip;]","thumbnail_url":"https:\/\/blogit.gradia.fi\/jaroslavl\/wp-content\/uploads\/sites\/66\/2016\/10\/20161014_101530-2-300x257.jpg"}