{"id":88,"date":"2021-04-26T13:11:06","date_gmt":"2021-04-26T10:11:06","guid":{"rendered":"https:\/\/blogit.gradia.fi\/hyvanmielenmessut\/?page_id=88"},"modified":"2022-05-06T09:45:55","modified_gmt":"2022-05-06T06:45:55","slug":"yhteistyossa","status":"publish","type":"page","link":"https:\/\/blogit.gradia.fi\/hyvanmielenmessut\/yhteistyossa\/","title":{"rendered":"Yhteisty\u00f6ss\u00e4"},"content":{"rendered":"<div class=\"yoast-breadcrumbs\"><span><span><a href=\"https:\/\/blogit.gradia.fi\/hyvanmielenmessut\/\">Etusivu<\/a><\/span> &raquo; <span class=\"breadcrumb_last\" aria-current=\"page\">Yhteisty\u00f6ss\u00e4<\/span><\/span><\/div>\n\n\n<p><\/p>\n\n\n\n<p>Matkailuala:<\/p>\n\n\n\n<p><\/p>\n\n\n\n<p><a href=\"https:\/\/www.akuliina.fi\/\" target=\"_blank\" rel=\"noreferrer noopener\">Kahvila Akuliina<\/a><\/p>\n\n\n\n<p><a href=\"https:\/\/www.akuliina.fi\/\" target=\"_blank\" rel=\"noreferrer noopener\">Er\u00e4opaspalvelu Talvi<\/a><\/p>\n\n\n\n<p><a href=\"https:\/\/m.facebook.com\/Erataival\/\" target=\"_blank\" rel=\"noreferrer noopener\">Outdoor Empire<\/a><\/p>\n\n\n\n<p><\/p>\n\n\n\n<p><\/p>\n\n\n\n<p>Mets\u00e4ala:<\/p>\n\n\n\n<p>Mets\u00e4 Group Oy <a href=\"https:\/\/www.metsagroup.com\/fi\/Pages\/default.aspx\" target=\"_blank\" rel=\"noreferrer noopener\">https:\/\/www.metsagroup.com\/fi\/Pages\/default.aspx<\/a><\/p>\n\n\n\n<p>UPM Oy <a href=\"https:\/\/www.upm.com\" target=\"_blank\" rel=\"noreferrer noopener\">https:\/\/www.upm.com<\/a><\/p>\n\n\n\n<p>Mets\u00e4nhoitoyhdistys P\u00e4ij\u00e4nne <a href=\"https:\/\/www.paijannemhy.fi\/\" target=\"_blank\" rel=\"noreferrer noopener\">https:\/\/www.paijannemhy.fi\/<\/a><\/p>\n\n\n\n<p>Mets\u00e4keskus <a href=\"https:\/\/www.metsakeskus.fi\/fi\" target=\"_blank\" rel=\"noreferrer noopener\">https:\/\/www.metsakeskus.fi\/fi<\/a><\/p>\n\n\n\n<p>Puumiehet ry <a href=\"https:\/\/puumies.fi\/\" target=\"_blank\" rel=\"noreferrer noopener\">https:\/\/puumies.fi\/<\/a><\/p>\n\n\n\n<p>POKE <a href=\"https:\/\/poke.fi\/\">https:\/\/poke.fi\/<\/a><\/p>\n\n\n\n<p>John Deere Forestry Oy <a href=\"https:\/\/www.deere.fi\/fi\/index.html\" target=\"_blank\" rel=\"noreferrer noopener\">https:\/\/www.deere.fi\/fi\/index.html<\/a><\/p>\n\n\n\n<p>J\u00e4ms\u00e4n seudun pystykorvat ry. &nbsp;<a href=\"https:\/\/eur03.safelinks.protection.outlook.com\/?url=https%3A%2F%2Fjspk.nettisivu.org%2F&amp;data=05%7C01%7Cgr251818%40gradia.fi%7Cbb43fd94bdee494a479908da277aa80b%7C4e1441812f68401faa869ec9e400e6b3%7C0%7C0%7C637865705002399025%7CUnknown%7CTWFpbGZsb3d8eyJWIjoiMC4wLjAwMDAiLCJQIjoiV2luMzIiLCJBTiI6Ik1haWwiLCJXVCI6Mn0%3D%7C3000%7C%7C%7C&amp;sdata=CqsOkC38kmYW%2BpkU160SbAaOXTsu2QP3XNOT5UAZ20o%3D&amp;reserved=0\" target=\"_blank\" rel=\"noreferrer noopener\">https:\/\/jspk.nettisivu.org\/<\/a><\/p>\n\n\n\n<p>J\u00e4ms\u00e4n seudun riistanhoitoyhdistys&nbsp;<a href=\"https:\/\/eur03.safelinks.protection.outlook.com\/?url=https%3A%2F%2Friista.fi%2F&amp;data=05%7C01%7Cgr251818%40gradia.fi%7Cbb43fd94bdee494a479908da277aa80b%7C4e1441812f68401faa869ec9e400e6b3%7C0%7C0%7C637865705002399025%7CUnknown%7CTWFpbGZsb3d8eyJWIjoiMC4wLjAwMDAiLCJQIjoiV2luMzIiLCJBTiI6Ik1haWwiLCJXVCI6Mn0%3D%7C3000%7C%7C%7C&amp;sdata=j4Be%2BJr%2B7KJ5g1lnIDjucfpvUlKosXrwy9oXPws1bMk%3D&amp;reserved=0\" target=\"_blank\" rel=\"noreferrer noopener\">https:\/\/riista.fi\/<\/a><\/p>\n\n\n\n<p>J\u00e4ms\u00e4n seudun ajokoirayhdistys ry.&nbsp;<a href=\"https:\/\/eur03.safelinks.protection.outlook.com\/?url=https%3A%2F%2Fwww.jamsanajokoirayhdistys.com%2Fhallitus%2F&amp;data=05%7C01%7Cgr251818%40gradia.fi%7Cbb43fd94bdee494a479908da277aa80b%7C4e1441812f68401faa869ec9e400e6b3%7C0%7C0%7C637865705002399025%7CUnknown%7CTWFpbGZsb3d8eyJWIjoiMC4wLjAwMDAiLCJQIjoiV2luMzIiLCJBTiI6Ik1haWwiLCJXVCI6Mn0%3D%7C3000%7C%7C%7C&amp;sdata=c7%2B1LZ%2BjLPgxXR3WCTjiGX9z4up84RbkNCW2d4%2F1IWE%3D&amp;reserved=0\" target=\"_blank\" rel=\"noreferrer noopener\">https:\/\/www.jamsanajokoirayhdistys.com\/hallitus\/<\/a><\/p>\n","protected":false},"excerpt":{"rendered":"<p>Matkailuala: Kahvila Akuliina Er\u00e4opaspalvelu Talvi Outdoor Empire Mets\u00e4ala: Mets\u00e4 Group Oy https:\/\/www.metsagroup.com\/fi\/Pages\/default.aspx UPM Oy https:\/\/www.upm.com Mets\u00e4nhoitoyhdistys P\u00e4ij\u00e4nne https:\/\/www.paijannemhy.fi\/ Mets\u00e4keskus https:\/\/www.metsakeskus.fi\/fi Puumiehet ry https:\/\/puumies.fi\/ POKE https:\/\/poke.fi\/ John Deere Forestry Oy https:\/\/www.deere.fi\/fi\/index.html J\u00e4ms\u00e4n seudun pystykorvat ry. &nbsp;https:\/\/jspk.nettisivu.org\/ J\u00e4ms\u00e4n seudun riistanhoitoyhdistys&nbsp;https:\/\/riista.fi\/ J\u00e4ms\u00e4n seudun ajokoirayhdistys ry.&nbsp;https:\/\/www.jamsanajokoirayhdistys.com\/hallitus\/<\/p>\n","protected":false},"author":730,"featured_media":0,"parent":0,"menu_order":0,"comment_status":"closed","ping_status":"closed","template":"","meta":{"_uag_custom_page_level_css":"","footnotes":""},"class_list":["post-88","page","type-page","status-publish","hentry"],"yoast_head":"<!-- This site is optimized with the Yoast SEO plugin v27.5 - https:\/\/yoast.com\/product\/yoast-seo-wordpress\/ -->\n<title>Yhteisty\u00f6ss\u00e4 - Hyv\u00e4n mielen messut 7.5.2022<\/title>\n<meta name=\"robots\" content=\"index, follow, max-snippet:-1, max-image-preview:large, max-video-preview:-1\" \/>\n<link rel=\"canonical\" href=\"https:\/\/blogit.gradia.fi\/hyvanmielenmessut\/yhteistyossa\/\" \/>\n<meta property=\"og:locale\" content=\"fi_FI\" \/>\n<meta property=\"og:type\" content=\"article\" \/>\n<meta property=\"og:title\" content=\"Yhteisty\u00f6ss\u00e4 - Hyv\u00e4n mielen messut 7.5.2022\" \/>\n<meta property=\"og:description\" content=\"Matkailuala: Kahvila Akuliina Er\u00e4opaspalvelu Talvi Outdoor Empire Mets\u00e4ala: Mets\u00e4 Group Oy https:\/\/www.metsagroup.com\/fi\/Pages\/default.aspx UPM Oy https:\/\/www.upm.com Mets\u00e4nhoitoyhdistys P\u00e4ij\u00e4nne https:\/\/www.paijannemhy.fi\/ Mets\u00e4keskus https:\/\/www.metsakeskus.fi\/fi Puumiehet ry https:\/\/puumies.fi\/ POKE https:\/\/poke.fi\/ John Deere Forestry Oy https:\/\/www.deere.fi\/fi\/index.html J\u00e4ms\u00e4n seudun pystykorvat ry. &nbsp;https:\/\/jspk.nettisivu.org\/ J\u00e4ms\u00e4n seudun riistanhoitoyhdistys&nbsp;https:\/\/riista.fi\/ J\u00e4ms\u00e4n seudun ajokoirayhdistys ry.&nbsp;https:\/\/www.jamsanajokoirayhdistys.com\/hallitus\/\" \/>\n<meta property=\"og:url\" content=\"https:\/\/blogit.gradia.fi\/hyvanmielenmessut\/yhteistyossa\/\" \/>\n<meta property=\"og:site_name\" content=\"Hyv\u00e4n mielen messut 7.5.2022\" \/>\n<meta property=\"article:publisher\" content=\"https:\/\/www.facebook.com\/liiketoimintajamsa\" \/>\n<meta property=\"article:modified_time\" content=\"2022-05-06T06:45:55+00:00\" \/>\n<meta name=\"twitter:card\" content=\"summary_large_image\" \/>\n<meta name=\"twitter:label1\" content=\"Arvioitu lukuaika\" \/>\n\t<meta name=\"twitter:data1\" content=\"1 minuutti\" \/>\n<script type=\"application\/ld+json\" class=\"yoast-schema-graph\">{\"@context\":\"https:\\\/\\\/schema.org\",\"@graph\":[{\"@type\":\"WebPage\",\"@id\":\"https:\\\/\\\/blogit.gradia.fi\\\/hyvanmielenmessut\\\/yhteistyossa\\\/\",\"url\":\"https:\\\/\\\/blogit.gradia.fi\\\/hyvanmielenmessut\\\/yhteistyossa\\\/\",\"name\":\"Yhteisty\u00f6ss\u00e4 - Hyv\u00e4n mielen messut 7.5.2022\",\"isPartOf\":{\"@id\":\"https:\\\/\\\/blogit.gradia.fi\\\/hyvanmielenmessut\\\/#website\"},\"datePublished\":\"2021-04-26T10:11:06+00:00\",\"dateModified\":\"2022-05-06T06:45:55+00:00\",\"breadcrumb\":{\"@id\":\"https:\\\/\\\/blogit.gradia.fi\\\/hyvanmielenmessut\\\/yhteistyossa\\\/#breadcrumb\"},\"inLanguage\":\"fi\",\"potentialAction\":[{\"@type\":\"ReadAction\",\"target\":[\"https:\\\/\\\/blogit.gradia.fi\\\/hyvanmielenmessut\\\/yhteistyossa\\\/\"]}]},{\"@type\":\"BreadcrumbList\",\"@id\":\"https:\\\/\\\/blogit.gradia.fi\\\/hyvanmielenmessut\\\/yhteistyossa\\\/#breadcrumb\",\"itemListElement\":[{\"@type\":\"ListItem\",\"position\":1,\"name\":\"Etusivu\",\"item\":\"https:\\\/\\\/blogit.gradia.fi\\\/hyvanmielenmessut\\\/\"},{\"@type\":\"ListItem\",\"position\":2,\"name\":\"Yhteisty\u00f6ss\u00e4\"}]},{\"@type\":\"WebSite\",\"@id\":\"https:\\\/\\\/blogit.gradia.fi\\\/hyvanmielenmessut\\\/#website\",\"url\":\"https:\\\/\\\/blogit.gradia.fi\\\/hyvanmielenmessut\\\/\",\"name\":\"Hyv\u00e4n mielen messut\",\"description\":\"Tule hyv\u00e4lle mielelle, Myllym\u00e4en kampukselle!\",\"publisher\":{\"@id\":\"https:\\\/\\\/blogit.gradia.fi\\\/hyvanmielenmessut\\\/#organization\"},\"potentialAction\":[{\"@type\":\"SearchAction\",\"target\":{\"@type\":\"EntryPoint\",\"urlTemplate\":\"https:\\\/\\\/blogit.gradia.fi\\\/hyvanmielenmessut\\\/?s={search_term_string}\"},\"query-input\":{\"@type\":\"PropertyValueSpecification\",\"valueRequired\":true,\"valueName\":\"search_term_string\"}}],\"inLanguage\":\"fi\"},{\"@type\":\"Organization\",\"@id\":\"https:\\\/\\\/blogit.gradia.fi\\\/hyvanmielenmessut\\\/#organization\",\"name\":\"Gradia\",\"url\":\"https:\\\/\\\/blogit.gradia.fi\\\/hyvanmielenmessut\\\/\",\"logo\":{\"@type\":\"ImageObject\",\"inLanguage\":\"fi\",\"@id\":\"https:\\\/\\\/blogit.gradia.fi\\\/hyvanmielenmessut\\\/#\\\/schema\\\/logo\\\/image\\\/\",\"url\":\"https:\\\/\\\/blogit.gradia.fi\\\/hyvanmielenmessut\\\/wp-content\\\/uploads\\\/sites\\\/195\\\/2021\\\/05\\\/Gradia-pink.jpg\",\"contentUrl\":\"https:\\\/\\\/blogit.gradia.fi\\\/hyvanmielenmessut\\\/wp-content\\\/uploads\\\/sites\\\/195\\\/2021\\\/05\\\/Gradia-pink.jpg\",\"width\":1653,\"height\":382,\"caption\":\"Gradia\"},\"image\":{\"@id\":\"https:\\\/\\\/blogit.gradia.fi\\\/hyvanmielenmessut\\\/#\\\/schema\\\/logo\\\/image\\\/\"},\"sameAs\":[\"https:\\\/\\\/www.facebook.com\\\/liiketoimintajamsa\",\"https:\\\/\\\/www.instagram.com\\\/gradiajamsaliiketoiminta\\\/\"]}]}<\/script>\n<!-- \/ Yoast SEO plugin. -->","yoast_head_json":{"title":"Yhteisty\u00f6ss\u00e4 - Hyv\u00e4n mielen messut 7.5.2022","robots":{"index":"index","follow":"follow","max-snippet":"max-snippet:-1","max-image-preview":"max-image-preview:large","max-video-preview":"max-video-preview:-1"},"canonical":"https:\/\/blogit.gradia.fi\/hyvanmielenmessut\/yhteistyossa\/","og_locale":"fi_FI","og_type":"article","og_title":"Yhteisty\u00f6ss\u00e4 - Hyv\u00e4n mielen messut 7.5.2022","og_description":"Matkailuala: Kahvila Akuliina Er\u00e4opaspalvelu Talvi Outdoor Empire Mets\u00e4ala: Mets\u00e4 Group Oy https:\/\/www.metsagroup.com\/fi\/Pages\/default.aspx UPM Oy https:\/\/www.upm.com Mets\u00e4nhoitoyhdistys P\u00e4ij\u00e4nne https:\/\/www.paijannemhy.fi\/ Mets\u00e4keskus https:\/\/www.metsakeskus.fi\/fi Puumiehet ry https:\/\/puumies.fi\/ POKE https:\/\/poke.fi\/ John Deere Forestry Oy https:\/\/www.deere.fi\/fi\/index.html J\u00e4ms\u00e4n seudun pystykorvat ry. &nbsp;https:\/\/jspk.nettisivu.org\/ J\u00e4ms\u00e4n seudun riistanhoitoyhdistys&nbsp;https:\/\/riista.fi\/ J\u00e4ms\u00e4n seudun ajokoirayhdistys ry.&nbsp;https:\/\/www.jamsanajokoirayhdistys.com\/hallitus\/","og_url":"https:\/\/blogit.gradia.fi\/hyvanmielenmessut\/yhteistyossa\/","og_site_name":"Hyv\u00e4n mielen messut 7.5.2022","article_publisher":"https:\/\/www.facebook.com\/liiketoimintajamsa","article_modified_time":"2022-05-06T06:45:55+00:00","twitter_card":"summary_large_image","twitter_misc":{"Arvioitu lukuaika":"1 minuutti"},"schema":{"@context":"https:\/\/schema.org","@graph":[{"@type":"WebPage","@id":"https:\/\/blogit.gradia.fi\/hyvanmielenmessut\/yhteistyossa\/","url":"https:\/\/blogit.gradia.fi\/hyvanmielenmessut\/yhteistyossa\/","name":"Yhteisty\u00f6ss\u00e4 - Hyv\u00e4n mielen messut 7.5.2022","isPartOf":{"@id":"https:\/\/blogit.gradia.fi\/hyvanmielenmessut\/#website"},"datePublished":"2021-04-26T10:11:06+00:00","dateModified":"2022-05-06T06:45:55+00:00","breadcrumb":{"@id":"https:\/\/blogit.gradia.fi\/hyvanmielenmessut\/yhteistyossa\/#breadcrumb"},"inLanguage":"fi","potentialAction":[{"@type":"ReadAction","target":["https:\/\/blogit.gradia.fi\/hyvanmielenmessut\/yhteistyossa\/"]}]},{"@type":"BreadcrumbList","@id":"https:\/\/blogit.gradia.fi\/hyvanmielenmessut\/yhteistyossa\/#breadcrumb","itemListElement":[{"@type":"ListItem","position":1,"name":"Etusivu","item":"https:\/\/blogit.gradia.fi\/hyvanmielenmessut\/"},{"@type":"ListItem","position":2,"name":"Yhteisty\u00f6ss\u00e4"}]},{"@type":"WebSite","@id":"https:\/\/blogit.gradia.fi\/hyvanmielenmessut\/#website","url":"https:\/\/blogit.gradia.fi\/hyvanmielenmessut\/","name":"Hyv\u00e4n mielen messut","description":"Tule hyv\u00e4lle mielelle, Myllym\u00e4en kampukselle!","publisher":{"@id":"https:\/\/blogit.gradia.fi\/hyvanmielenmessut\/#organization"},"potentialAction":[{"@type":"SearchAction","target":{"@type":"EntryPoint","urlTemplate":"https:\/\/blogit.gradia.fi\/hyvanmielenmessut\/?s={search_term_string}"},"query-input":{"@type":"PropertyValueSpecification","valueRequired":true,"valueName":"search_term_string"}}],"inLanguage":"fi"},{"@type":"Organization","@id":"https:\/\/blogit.gradia.fi\/hyvanmielenmessut\/#organization","name":"Gradia","url":"https:\/\/blogit.gradia.fi\/hyvanmielenmessut\/","logo":{"@type":"ImageObject","inLanguage":"fi","@id":"https:\/\/blogit.gradia.fi\/hyvanmielenmessut\/#\/schema\/logo\/image\/","url":"https:\/\/blogit.gradia.fi\/hyvanmielenmessut\/wp-content\/uploads\/sites\/195\/2021\/05\/Gradia-pink.jpg","contentUrl":"https:\/\/blogit.gradia.fi\/hyvanmielenmessut\/wp-content\/uploads\/sites\/195\/2021\/05\/Gradia-pink.jpg","width":1653,"height":382,"caption":"Gradia"},"image":{"@id":"https:\/\/blogit.gradia.fi\/hyvanmielenmessut\/#\/schema\/logo\/image\/"},"sameAs":["https:\/\/www.facebook.com\/liiketoimintajamsa","https:\/\/www.instagram.com\/gradiajamsaliiketoiminta\/"]}]}},"uagb_featured_image_src":{"full":false,"thumbnail":false,"medium":false,"medium_large":false,"large":false,"1536x1536":false,"2048x2048":false,"twentyseventeen-featured-image":false,"twentyseventeen-thumbnail-avatar":false},"uagb_author_info":{"display_name":"Rosa Heinonen","author_link":"https:\/\/blogit.gradia.fi\/hyvanmielenmessut\/author\/gr201289\/"},"uagb_comment_info":0,"uagb_excerpt":"Matkailuala: Kahvila Akuliina Er\u00e4opaspalvelu Talvi Outdoor Empire Mets\u00e4ala: Mets\u00e4 Group Oy https:\/\/www.metsagroup.com\/fi\/Pages\/default.aspx UPM Oy https:\/\/www.upm.com Mets\u00e4nhoitoyhdistys P\u00e4ij\u00e4nne https:\/\/www.paijannemhy.fi\/ Mets\u00e4keskus https:\/\/www.metsakeskus.fi\/fi Puumiehet ry https:\/\/puumies.fi\/ POKE https:\/\/poke.fi\/ John Deere Forestry Oy https:\/\/www.deere.fi\/fi\/index.html J\u00e4ms\u00e4n seudun pystykorvat ry. &nbsp;https:\/\/jspk.nettisivu.org\/ J\u00e4ms\u00e4n seudun riistanhoitoyhdistys&nbsp;https:\/\/riista.fi\/ J\u00e4ms\u00e4n seudun ajokoirayhdistys ry.&nbsp;https:\/\/www.jamsanajokoirayhdistys.com\/hallitus\/","_links":{"self":[{"href":"https:\/\/blogit.gradia.fi\/hyvanmielenmessut\/wp-json\/wp\/v2\/pages\/88","targetHints":{"allow":["GET"]}}],"collection":[{"href":"https:\/\/blogit.gradia.fi\/hyvanmielenmessut\/wp-json\/wp\/v2\/pages"}],"about":[{"href":"https:\/\/blogit.gradia.fi\/hyvanmielenmessut\/wp-json\/wp\/v2\/types\/page"}],"author":[{"embeddable":true,"href":"https:\/\/blogit.gradia.fi\/hyvanmielenmessut\/wp-json\/wp\/v2\/users\/730"}],"replies":[{"embeddable":true,"href":"https:\/\/blogit.gradia.fi\/hyvanmielenmessut\/wp-json\/wp\/v2\/comments?post=88"}],"version-history":[{"count":21,"href":"https:\/\/blogit.gradia.fi\/hyvanmielenmessut\/wp-json\/wp\/v2\/pages\/88\/revisions"}],"predecessor-version":[{"id":545,"href":"https:\/\/blogit.gradia.fi\/hyvanmielenmessut\/wp-json\/wp\/v2\/pages\/88\/revisions\/545"}],"wp:attachment":[{"href":"https:\/\/blogit.gradia.fi\/hyvanmielenmessut\/wp-json\/wp\/v2\/media?parent=88"}],"curies":[{"name":"wp","href":"https:\/\/api.w.org\/{rel}","templated":true}]}}