{"id":52,"date":"2021-04-26T10:42:58","date_gmt":"2021-04-26T07:42:58","guid":{"rendered":"https:\/\/blogit.gradia.fi\/hyvanmielenmessut\/?page_id=52"},"modified":"2022-05-06T18:00:54","modified_gmt":"2022-05-06T15:00:54","slug":"ohjelma","status":"publish","type":"page","link":"https:\/\/blogit.gradia.fi\/hyvanmielenmessut\/ohjelma\/","title":{"rendered":"Ohjelma"},"content":{"rendered":"<div class=\"yoast-breadcrumbs\"><span><span><a href=\"https:\/\/blogit.gradia.fi\/hyvanmielenmessut\/\">Etusivu<\/a><\/span> &raquo; <span class=\"breadcrumb_last\" aria-current=\"page\">Ohjelma<\/span><\/span><\/div>\n\n\n<p><\/p>\n\n\n\n<p>Tapahtuman ohjelma on eri alojen opiskelijoiden k\u00e4sialaa. Tapahtuman ohjelma ja alakohtaiset aktiviteetit l\u00f6ytyv\u00e4t alta. N\u00e4ht\u00e4v\u00e4\u00e4 ja teht\u00e4v\u00e4\u00e4 riitt\u00e4\u00e4 koko perheelle!<\/p>\n\n\n\n<p>Muutokset ohjelmaan mahdollisia.<\/p>\n\n\n\n<p>Mukana menossa eri alojen yritt\u00e4ji\u00e4 ja yhteisty\u00f6kumppaneita<\/p>\n\n\n\n<div class=\"wp-block-media-text alignwide has-media-on-the-right is-stacked-on-mobile\" style=\"grid-template-columns:auto 55%\"><figure class=\"wp-block-media-text__media\"><img loading=\"lazy\" decoding=\"async\" width=\"1024\" height=\"768\" src=\"https:\/\/blogit.gradia.fi\/hyvanmielenmessut\/wp-content\/uploads\/sites\/195\/2022\/04\/IMG_20201207_143108-1024x768.jpg\" alt=\"\" class=\"wp-image-540 size-full\" srcset=\"https:\/\/blogit.gradia.fi\/hyvanmielenmessut\/wp-content\/uploads\/sites\/195\/2022\/04\/IMG_20201207_143108-1024x768.jpg 1024w, https:\/\/blogit.gradia.fi\/hyvanmielenmessut\/wp-content\/uploads\/sites\/195\/2022\/04\/IMG_20201207_143108-300x225.jpg 300w, https:\/\/blogit.gradia.fi\/hyvanmielenmessut\/wp-content\/uploads\/sites\/195\/2022\/04\/IMG_20201207_143108-768x576.jpg 768w, https:\/\/blogit.gradia.fi\/hyvanmielenmessut\/wp-content\/uploads\/sites\/195\/2022\/04\/IMG_20201207_143108-1536x1152.jpg 1536w, https:\/\/blogit.gradia.fi\/hyvanmielenmessut\/wp-content\/uploads\/sites\/195\/2022\/04\/IMG_20201207_143108.jpg 1600w\" sizes=\"auto, (max-width: 767px) 89vw, (max-width: 1000px) 54vw, (max-width: 1071px) 543px, 580px\" \/><\/figure><div class=\"wp-block-media-text__content\">\n<p><strong>Mets\u00e4ala:<\/strong><\/p>\n\n\n\n<ul class=\"wp-block-list\"><li>Mets\u00e4konesimulaattori<\/li><li>Onnenpy\u00f6r\u00e4<\/li><li>Arviointikilpailu, montako kiloa puuta on kuormatraktorin kourassa?<\/li><li>Mets\u00e4koneiden esittely, mahdollisuus vierailla koneiden sis\u00e4ll\u00e4<\/li><li>Moottorisahan k\u00e4yt\u00f6nopastusta ja huolto<\/li><\/ul>\n<\/div><\/div>\n\n\n\n<div class=\"wp-block-media-text alignwide has-media-on-the-right is-stacked-on-mobile is-vertically-aligned-center\" style=\"grid-template-columns:auto 55%\"><figure class=\"wp-block-media-text__media\"><img loading=\"lazy\" decoding=\"async\" width=\"1024\" height=\"1024\" src=\"https:\/\/blogit.gradia.fi\/hyvanmielenmessut\/wp-content\/uploads\/sites\/195\/2022\/04\/DSCF1819-1024x1024.jpg\" alt=\"\" class=\"wp-image-504 size-full\" srcset=\"https:\/\/blogit.gradia.fi\/hyvanmielenmessut\/wp-content\/uploads\/sites\/195\/2022\/04\/DSCF1819-1024x1024.jpg 1024w, https:\/\/blogit.gradia.fi\/hyvanmielenmessut\/wp-content\/uploads\/sites\/195\/2022\/04\/DSCF1819-300x300.jpg 300w, https:\/\/blogit.gradia.fi\/hyvanmielenmessut\/wp-content\/uploads\/sites\/195\/2022\/04\/DSCF1819-150x150.jpg 150w, https:\/\/blogit.gradia.fi\/hyvanmielenmessut\/wp-content\/uploads\/sites\/195\/2022\/04\/DSCF1819-768x768.jpg 768w, https:\/\/blogit.gradia.fi\/hyvanmielenmessut\/wp-content\/uploads\/sites\/195\/2022\/04\/DSCF1819-1536x1536.jpg 1536w, https:\/\/blogit.gradia.fi\/hyvanmielenmessut\/wp-content\/uploads\/sites\/195\/2022\/04\/DSCF1819-2048x2048.jpg 2048w, https:\/\/blogit.gradia.fi\/hyvanmielenmessut\/wp-content\/uploads\/sites\/195\/2022\/04\/DSCF1819-100x100.jpg 100w\" sizes=\"auto, (max-width: 767px) 89vw, (max-width: 1000px) 54vw, (max-width: 1071px) 543px, 580px\" \/><\/figure><div class=\"wp-block-media-text__content\">\n<h6 class=\"wp-block-heading\">Logistiikka-ala:<\/h6>\n\n\n\n<ul class=\"wp-block-list\"><li>Esittelyss\u00e4 kalusto, tilat sek\u00e4 tominta<\/li><\/ul>\n\n\n\n<p class=\"has-large-font-size\"><\/p>\n<\/div><\/div>\n\n\n\n<div class=\"wp-block-media-text alignwide has-media-on-the-right is-stacked-on-mobile\" style=\"grid-template-columns:auto 55%\"><figure class=\"wp-block-media-text__media\"><img loading=\"lazy\" decoding=\"async\" width=\"768\" height=\"1024\" src=\"https:\/\/blogit.gradia.fi\/hyvanmielenmessut\/wp-content\/uploads\/sites\/195\/2022\/04\/thumbnail_Image-768x1024.jpg\" alt=\"\" class=\"wp-image-537 size-full\" srcset=\"https:\/\/blogit.gradia.fi\/hyvanmielenmessut\/wp-content\/uploads\/sites\/195\/2022\/04\/thumbnail_Image-768x1024.jpg 768w, https:\/\/blogit.gradia.fi\/hyvanmielenmessut\/wp-content\/uploads\/sites\/195\/2022\/04\/thumbnail_Image-225x300.jpg 225w, https:\/\/blogit.gradia.fi\/hyvanmielenmessut\/wp-content\/uploads\/sites\/195\/2022\/04\/thumbnail_Image.jpg 960w\" sizes=\"auto, (max-width: 767px) 89vw, (max-width: 1000px) 54vw, (max-width: 1071px) 543px, 580px\" \/><\/figure><div class=\"wp-block-media-text__content\">\n<p><strong>Autoala:<\/strong><\/p>\n\n\n\n<ul class=\"wp-block-list\"><li>S\u00e4hk\u00f6-, hybridi ja kaasuajoneuvojen esittely<\/li><li>Pienkoneiden esittely (m\u00f6nkij\u00e4t, moottoripy\u00f6r\u00e4t ja s\u00e4hk\u00f6py\u00f6r\u00e4t)<\/li><li>Pienkoneiden ja polkupy\u00f6rien huolton\u00e4yt\u00f6s<\/li><li>Harrasteajoneuvojen kokoontuminen<\/li><li>Auto ja pienkonetuotteiden esittely<\/li><li>Auton maalipinnan vahaus ja pinnoitus esittely<\/li><li>Auton sis\u00e4pintojen puhdistus<\/li><li>Frisbeegolf puttikisa<\/li><\/ul>\n<\/div><\/div>\n\n\n\n<div class=\"wp-block-media-text alignwide has-media-on-the-right is-stacked-on-mobile\" style=\"grid-template-columns:auto 55%\"><figure class=\"wp-block-media-text__media\"><img loading=\"lazy\" decoding=\"async\" width=\"1024\" height=\"1024\" src=\"https:\/\/blogit.gradia.fi\/hyvanmielenmessut\/wp-content\/uploads\/sites\/195\/2022\/04\/matkailumainos-1024x1024.jpg\" alt=\"\" class=\"wp-image-491 size-full\" srcset=\"https:\/\/blogit.gradia.fi\/hyvanmielenmessut\/wp-content\/uploads\/sites\/195\/2022\/04\/matkailumainos-1024x1024.jpg 1024w, https:\/\/blogit.gradia.fi\/hyvanmielenmessut\/wp-content\/uploads\/sites\/195\/2022\/04\/matkailumainos-300x300.jpg 300w, https:\/\/blogit.gradia.fi\/hyvanmielenmessut\/wp-content\/uploads\/sites\/195\/2022\/04\/matkailumainos-150x150.jpg 150w, https:\/\/blogit.gradia.fi\/hyvanmielenmessut\/wp-content\/uploads\/sites\/195\/2022\/04\/matkailumainos-768x768.jpg 768w, https:\/\/blogit.gradia.fi\/hyvanmielenmessut\/wp-content\/uploads\/sites\/195\/2022\/04\/matkailumainos-100x100.jpg 100w, https:\/\/blogit.gradia.fi\/hyvanmielenmessut\/wp-content\/uploads\/sites\/195\/2022\/04\/matkailumainos.jpg 1365w\" sizes=\"auto, (max-width: 767px) 89vw, (max-width: 1000px) 54vw, (max-width: 1071px) 543px, 580px\" \/><\/figure><div class=\"wp-block-media-text__content\">\n<p><strong>Matkailuala:<\/strong><\/p>\n\n\n\n<ul class=\"wp-block-list\"><li>\u200bToimintatorppa<\/li><li>Luontopakopeli<\/li><li>Korikiipeily<\/li><li>Ponik\u00e4rryajelua<\/li><li>Maatilan el\u00e4imi\u00e4<\/li><\/ul>\n<\/div><\/div>\n\n\n\n<div class=\"wp-block-media-text alignwide has-media-on-the-right is-stacked-on-mobile\" style=\"grid-template-columns:auto 55%\"><figure class=\"wp-block-media-text__media\"><img loading=\"lazy\" decoding=\"async\" width=\"872\" height=\"1024\" src=\"https:\/\/blogit.gradia.fi\/hyvanmielenmessut\/wp-content\/uploads\/sites\/195\/2022\/04\/Screenshot_20220223-130130_Gallery-872x1024.jpg\" alt=\"\" class=\"wp-image-523 size-full\" srcset=\"https:\/\/blogit.gradia.fi\/hyvanmielenmessut\/wp-content\/uploads\/sites\/195\/2022\/04\/Screenshot_20220223-130130_Gallery-872x1024.jpg 872w, https:\/\/blogit.gradia.fi\/hyvanmielenmessut\/wp-content\/uploads\/sites\/195\/2022\/04\/Screenshot_20220223-130130_Gallery-256x300.jpg 256w, https:\/\/blogit.gradia.fi\/hyvanmielenmessut\/wp-content\/uploads\/sites\/195\/2022\/04\/Screenshot_20220223-130130_Gallery-768x902.jpg 768w, https:\/\/blogit.gradia.fi\/hyvanmielenmessut\/wp-content\/uploads\/sites\/195\/2022\/04\/Screenshot_20220223-130130_Gallery.jpg 1080w\" sizes=\"auto, (max-width: 767px) 89vw, (max-width: 1000px) 54vw, (max-width: 1071px) 543px, 580px\" \/><\/figure><div class=\"wp-block-media-text__content\">\n<h6 class=\"wp-block-heading\">Urheiluvalmennus:<\/h6>\n\n\n\n<ul class=\"wp-block-list\"><li>VR-virtuaalilaseilla pelaamisen testaaminen<\/li><li>Speden pelit: pallonpotkaisukisa<\/li><li>Viivahyppelytesti: haasta nuorten Euroopan mestari Aarni Ronkainen&nbsp;<\/li><\/ul>\n\n\n\n<p class=\"has-large-font-size\"><\/p>\n<\/div><\/div>\n\n\n\n<div class=\"wp-block-media-text alignwide has-media-on-the-right is-stacked-on-mobile\" style=\"grid-template-columns:auto 55%\"><figure class=\"wp-block-media-text__media\"><img loading=\"lazy\" decoding=\"async\" width=\"1024\" height=\"768\" src=\"https:\/\/blogit.gradia.fi\/hyvanmielenmessut\/wp-content\/uploads\/sites\/195\/2022\/04\/thumbnail_image2-1024x768.jpg\" alt=\"\" class=\"wp-image-518 size-full\" srcset=\"https:\/\/blogit.gradia.fi\/hyvanmielenmessut\/wp-content\/uploads\/sites\/195\/2022\/04\/thumbnail_image2-1024x768.jpg 1024w, https:\/\/blogit.gradia.fi\/hyvanmielenmessut\/wp-content\/uploads\/sites\/195\/2022\/04\/thumbnail_image2-300x225.jpg 300w, https:\/\/blogit.gradia.fi\/hyvanmielenmessut\/wp-content\/uploads\/sites\/195\/2022\/04\/thumbnail_image2-768x576.jpg 768w, https:\/\/blogit.gradia.fi\/hyvanmielenmessut\/wp-content\/uploads\/sites\/195\/2022\/04\/thumbnail_image2.jpg 1280w\" sizes=\"auto, (max-width: 767px) 89vw, (max-width: 1000px) 54vw, (max-width: 1071px) 543px, 580px\" \/><\/figure><div class=\"wp-block-media-text__content\">\n<h6 class=\"wp-block-heading\">Liiketoiminta:<\/h6>\n\n\n\n<p><\/p>\n\n\n\n<ul class=\"wp-block-list\"><li>Kasvomaalauksia <\/li><li>Siirtotatuointeja<\/li><\/ul>\n<\/div><\/div>\n\n\n\n<div class=\"wp-block-media-text alignwide has-media-on-the-right is-stacked-on-mobile\" style=\"grid-template-columns:auto 55%\"><figure class=\"wp-block-media-text__media\"><img loading=\"lazy\" decoding=\"async\" width=\"768\" height=\"1024\" src=\"https:\/\/blogit.gradia.fi\/hyvanmielenmessut\/wp-content\/uploads\/sites\/195\/2022\/04\/thumbnail_IMG_20220328_120611-1-768x1024.jpg\" alt=\"\" class=\"wp-image-487 size-full\" srcset=\"https:\/\/blogit.gradia.fi\/hyvanmielenmessut\/wp-content\/uploads\/sites\/195\/2022\/04\/thumbnail_IMG_20220328_120611-1-768x1024.jpg 768w, https:\/\/blogit.gradia.fi\/hyvanmielenmessut\/wp-content\/uploads\/sites\/195\/2022\/04\/thumbnail_IMG_20220328_120611-1-225x300.jpg 225w, https:\/\/blogit.gradia.fi\/hyvanmielenmessut\/wp-content\/uploads\/sites\/195\/2022\/04\/thumbnail_IMG_20220328_120611-1.jpg 960w\" sizes=\"auto, (max-width: 767px) 89vw, (max-width: 1000px) 54vw, (max-width: 1071px) 543px, 580px\" \/><\/figure><div class=\"wp-block-media-text__content\">\n<p><strong>Puutarha-ala:<\/strong><\/p>\n\n\n\n<ul class=\"wp-block-list\"><li>Opetuskasvihuone avoinna, jossa myynniss\u00e4 mm. kes\u00e4kukkia sek\u00e4 tuoretta kurkkua<\/li><li>Kasvihuonetuotannon uudet tuulet<\/li><\/ul>\n<\/div><\/div>\n\n\n\n<p><\/p>\n\n\n\n<div class=\"wp-block-media-text alignwide has-media-on-the-right is-stacked-on-mobile\" style=\"grid-template-columns:auto 55%\"><figure class=\"wp-block-media-text__media\"><img loading=\"lazy\" decoding=\"async\" width=\"768\" height=\"1024\" src=\"https:\/\/blogit.gradia.fi\/hyvanmielenmessut\/wp-content\/uploads\/sites\/195\/2022\/04\/Koyden-paalla-istumassa-scaled-e1650357378661-768x1024.jpg\" alt=\"\" class=\"wp-image-498 size-full\" srcset=\"https:\/\/blogit.gradia.fi\/hyvanmielenmessut\/wp-content\/uploads\/sites\/195\/2022\/04\/Koyden-paalla-istumassa-scaled-e1650357378661-768x1024.jpg 768w, https:\/\/blogit.gradia.fi\/hyvanmielenmessut\/wp-content\/uploads\/sites\/195\/2022\/04\/Koyden-paalla-istumassa-scaled-e1650357378661-225x300.jpg 225w, https:\/\/blogit.gradia.fi\/hyvanmielenmessut\/wp-content\/uploads\/sites\/195\/2022\/04\/Koyden-paalla-istumassa-scaled-e1650357378661-1152x1536.jpg 1152w, https:\/\/blogit.gradia.fi\/hyvanmielenmessut\/wp-content\/uploads\/sites\/195\/2022\/04\/Koyden-paalla-istumassa-scaled-e1650357378661-1536x2048.jpg 1536w, https:\/\/blogit.gradia.fi\/hyvanmielenmessut\/wp-content\/uploads\/sites\/195\/2022\/04\/Koyden-paalla-istumassa-scaled-e1650357378661.jpg 1920w\" sizes=\"auto, (max-width: 767px) 89vw, (max-width: 1000px) 54vw, (max-width: 1071px) 543px, 580px\" \/><\/figure><div class=\"wp-block-media-text__content\">\n<p><strong>Kasvatus- ja ohjausala:<\/strong><\/p>\n\n\n\n<ul class=\"wp-block-list\"><li>Seikkailullinen toimintapiste yhdess\u00e4 luontoliikuntaohjaajien kanssa<\/li><li>Toiminnallinen luontorasti<\/li><\/ul>\n<\/div><\/div>\n\n\n\n<div class=\"wp-block-media-text alignwide has-media-on-the-right is-stacked-on-mobile\" style=\"grid-template-columns:auto 55%\"><figure class=\"wp-block-media-text__media\"><img loading=\"lazy\" decoding=\"async\" width=\"1024\" height=\"682\" src=\"https:\/\/blogit.gradia.fi\/hyvanmielenmessut\/wp-content\/uploads\/sites\/195\/2022\/04\/thumbnail_gradia-kuvitus-hires-6725-1024x682.jpg\" alt=\"\" class=\"wp-image-527 size-full\" srcset=\"https:\/\/blogit.gradia.fi\/hyvanmielenmessut\/wp-content\/uploads\/sites\/195\/2022\/04\/thumbnail_gradia-kuvitus-hires-6725-1024x682.jpg 1024w, https:\/\/blogit.gradia.fi\/hyvanmielenmessut\/wp-content\/uploads\/sites\/195\/2022\/04\/thumbnail_gradia-kuvitus-hires-6725-300x200.jpg 300w, https:\/\/blogit.gradia.fi\/hyvanmielenmessut\/wp-content\/uploads\/sites\/195\/2022\/04\/thumbnail_gradia-kuvitus-hires-6725-768x512.jpg 768w, https:\/\/blogit.gradia.fi\/hyvanmielenmessut\/wp-content\/uploads\/sites\/195\/2022\/04\/thumbnail_gradia-kuvitus-hires-6725.jpg 1280w\" sizes=\"auto, (max-width: 767px) 89vw, (max-width: 1000px) 54vw, (max-width: 1071px) 543px, 580px\" \/><\/figure><div class=\"wp-block-media-text__content\">\n<h6 class=\"wp-block-heading\">Gradian hakupalvelut:<\/h6>\n\n\n\n<ul class=\"wp-block-list\"><li>Ammattipeli<\/li><li>Koulutukseen hakeutuville ohjausta ja neuvontaa<\/li><\/ul>\n<\/div><\/div>\n\n\n\n<div class=\"wp-block-buttons is-layout-flex wp-block-buttons-is-layout-flex\">\n<div class=\"wp-block-button\"><a class=\"wp-block-button__link\" href=\"https:\/\/blogit.gradia.fi\/hyvanmielenmessut\/\">Takaisin etusivulle<\/a><\/div>\n<\/div>\n\n\n\n<p><\/p>\n","protected":false},"excerpt":{"rendered":"<p>Tapahtuman ohjelma on eri alojen opiskelijoiden k\u00e4sialaa. Tapahtuman ohjelma ja alakohtaiset aktiviteetit l\u00f6ytyv\u00e4t alta. N\u00e4ht\u00e4v\u00e4\u00e4 ja teht\u00e4v\u00e4\u00e4 riitt\u00e4\u00e4 koko perheelle! Muutokset ohjelmaan mahdollisia. Mukana menossa eri alojen yritt\u00e4ji\u00e4 ja yhteisty\u00f6kumppaneita Mets\u00e4ala: Mets\u00e4konesimulaattori Onnenpy\u00f6r\u00e4 Arviointikilpailu, montako kiloa puuta on kuormatraktorin kourassa? Mets\u00e4koneiden esittely, mahdollisuus vierailla koneiden sis\u00e4ll\u00e4 Moottorisahan k\u00e4yt\u00f6nopastusta ja huolto Logistiikka-ala: Esittelyss\u00e4 kalusto, tilat sek\u00e4 &hellip; <\/p>\n<p class=\"link-more\"><a href=\"https:\/\/blogit.gradia.fi\/hyvanmielenmessut\/ohjelma\/\" class=\"more-link\">Jatka lukemista<span class=\"screen-reader-text\"> &#8221;Ohjelma&#8221;<\/span><\/a><\/p>\n","protected":false},"author":833,"featured_media":0,"parent":0,"menu_order":0,"comment_status":"closed","ping_status":"closed","template":"","meta":{"_uag_custom_page_level_css":"","footnotes":""},"class_list":["post-52","page","type-page","status-publish","hentry"],"yoast_head":"<!-- This site is optimized with the Yoast SEO plugin v27.5 - https:\/\/yoast.com\/product\/yoast-seo-wordpress\/ -->\n<title>Ohjelma - Hyv\u00e4n mielen messut 7.5.2022 4.9.2021 Gradia J\u00e4ms\u00e4<\/title>\n<meta name=\"description\" content=\"Tapahtuman ohjelma on eri alojen opiskelijoiden k\u00e4sialaa. Tapahtuman ohjelma ja alakohtaiset aktiviteetit l\u00f6ytyv\u00e4t alta. Teht\u00e4v\u00e4\u00e4 riitt\u00e4\u00e4!\" \/>\n<meta name=\"robots\" content=\"index, follow, max-snippet:-1, max-image-preview:large, max-video-preview:-1\" \/>\n<link rel=\"canonical\" href=\"https:\/\/blogit.gradia.fi\/hyvanmielenmessut\/ohjelma\/\" \/>\n<meta property=\"og:locale\" content=\"fi_FI\" \/>\n<meta property=\"og:type\" content=\"article\" \/>\n<meta property=\"og:title\" content=\"Ohjelma - Hyv\u00e4n mielen messut 7.5.2022 4.9.2021 Gradia J\u00e4ms\u00e4\" \/>\n<meta property=\"og:description\" content=\"Tapahtuman ohjelma on eri alojen opiskelijoiden k\u00e4sialaa. Tapahtuman ohjelma ja alakohtaiset aktiviteetit l\u00f6ytyv\u00e4t alta. Teht\u00e4v\u00e4\u00e4 riitt\u00e4\u00e4!\" \/>\n<meta property=\"og:url\" content=\"https:\/\/blogit.gradia.fi\/hyvanmielenmessut\/ohjelma\/\" \/>\n<meta property=\"og:site_name\" content=\"Hyv\u00e4n mielen messut 7.5.2022\" \/>\n<meta property=\"article:publisher\" content=\"https:\/\/www.facebook.com\/liiketoimintajamsa\" \/>\n<meta property=\"article:modified_time\" content=\"2022-05-06T15:00:54+00:00\" \/>\n<meta property=\"og:image\" content=\"https:\/\/blogit.gradia.fi\/hyvanmielenmessut\/wp-content\/uploads\/sites\/195\/2022\/04\/IMG_20201207_143108-1024x768.jpg\" \/>\n<meta name=\"twitter:card\" content=\"summary_large_image\" \/>\n<meta name=\"twitter:label1\" content=\"Arvioitu lukuaika\" \/>\n\t<meta name=\"twitter:data1\" content=\"3 minuuttia\" \/>\n<script type=\"application\/ld+json\" class=\"yoast-schema-graph\">{\"@context\":\"https:\\\/\\\/schema.org\",\"@graph\":[{\"@type\":\"WebPage\",\"@id\":\"https:\\\/\\\/blogit.gradia.fi\\\/hyvanmielenmessut\\\/ohjelma\\\/\",\"url\":\"https:\\\/\\\/blogit.gradia.fi\\\/hyvanmielenmessut\\\/ohjelma\\\/\",\"name\":\"Ohjelma - Hyv\u00e4n mielen messut 7.5.2022 4.9.2021 Gradia J\u00e4ms\u00e4\",\"isPartOf\":{\"@id\":\"https:\\\/\\\/blogit.gradia.fi\\\/hyvanmielenmessut\\\/#website\"},\"primaryImageOfPage\":{\"@id\":\"https:\\\/\\\/blogit.gradia.fi\\\/hyvanmielenmessut\\\/ohjelma\\\/#primaryimage\"},\"image\":{\"@id\":\"https:\\\/\\\/blogit.gradia.fi\\\/hyvanmielenmessut\\\/ohjelma\\\/#primaryimage\"},\"thumbnailUrl\":\"https:\\\/\\\/blogit.gradia.fi\\\/hyvanmielenmessut\\\/wp-content\\\/uploads\\\/sites\\\/195\\\/2022\\\/04\\\/IMG_20201207_143108-1024x768.jpg\",\"datePublished\":\"2021-04-26T07:42:58+00:00\",\"dateModified\":\"2022-05-06T15:00:54+00:00\",\"description\":\"Tapahtuman ohjelma on eri alojen opiskelijoiden k\u00e4sialaa. Tapahtuman ohjelma ja alakohtaiset aktiviteetit l\u00f6ytyv\u00e4t alta. Teht\u00e4v\u00e4\u00e4 riitt\u00e4\u00e4!\",\"breadcrumb\":{\"@id\":\"https:\\\/\\\/blogit.gradia.fi\\\/hyvanmielenmessut\\\/ohjelma\\\/#breadcrumb\"},\"inLanguage\":\"fi\",\"potentialAction\":[{\"@type\":\"ReadAction\",\"target\":[\"https:\\\/\\\/blogit.gradia.fi\\\/hyvanmielenmessut\\\/ohjelma\\\/\"]}]},{\"@type\":\"ImageObject\",\"inLanguage\":\"fi\",\"@id\":\"https:\\\/\\\/blogit.gradia.fi\\\/hyvanmielenmessut\\\/ohjelma\\\/#primaryimage\",\"url\":\"https:\\\/\\\/blogit.gradia.fi\\\/hyvanmielenmessut\\\/wp-content\\\/uploads\\\/sites\\\/195\\\/2022\\\/04\\\/IMG_20201207_143108.jpg\",\"contentUrl\":\"https:\\\/\\\/blogit.gradia.fi\\\/hyvanmielenmessut\\\/wp-content\\\/uploads\\\/sites\\\/195\\\/2022\\\/04\\\/IMG_20201207_143108.jpg\",\"width\":1600,\"height\":1200},{\"@type\":\"BreadcrumbList\",\"@id\":\"https:\\\/\\\/blogit.gradia.fi\\\/hyvanmielenmessut\\\/ohjelma\\\/#breadcrumb\",\"itemListElement\":[{\"@type\":\"ListItem\",\"position\":1,\"name\":\"Etusivu\",\"item\":\"https:\\\/\\\/blogit.gradia.fi\\\/hyvanmielenmessut\\\/\"},{\"@type\":\"ListItem\",\"position\":2,\"name\":\"Ohjelma\"}]},{\"@type\":\"WebSite\",\"@id\":\"https:\\\/\\\/blogit.gradia.fi\\\/hyvanmielenmessut\\\/#website\",\"url\":\"https:\\\/\\\/blogit.gradia.fi\\\/hyvanmielenmessut\\\/\",\"name\":\"Hyv\u00e4n mielen messut\",\"description\":\"Tule hyv\u00e4lle mielelle, Myllym\u00e4en kampukselle!\",\"publisher\":{\"@id\":\"https:\\\/\\\/blogit.gradia.fi\\\/hyvanmielenmessut\\\/#organization\"},\"potentialAction\":[{\"@type\":\"SearchAction\",\"target\":{\"@type\":\"EntryPoint\",\"urlTemplate\":\"https:\\\/\\\/blogit.gradia.fi\\\/hyvanmielenmessut\\\/?s={search_term_string}\"},\"query-input\":{\"@type\":\"PropertyValueSpecification\",\"valueRequired\":true,\"valueName\":\"search_term_string\"}}],\"inLanguage\":\"fi\"},{\"@type\":\"Organization\",\"@id\":\"https:\\\/\\\/blogit.gradia.fi\\\/hyvanmielenmessut\\\/#organization\",\"name\":\"Gradia\",\"url\":\"https:\\\/\\\/blogit.gradia.fi\\\/hyvanmielenmessut\\\/\",\"logo\":{\"@type\":\"ImageObject\",\"inLanguage\":\"fi\",\"@id\":\"https:\\\/\\\/blogit.gradia.fi\\\/hyvanmielenmessut\\\/#\\\/schema\\\/logo\\\/image\\\/\",\"url\":\"https:\\\/\\\/blogit.gradia.fi\\\/hyvanmielenmessut\\\/wp-content\\\/uploads\\\/sites\\\/195\\\/2021\\\/05\\\/Gradia-pink.jpg\",\"contentUrl\":\"https:\\\/\\\/blogit.gradia.fi\\\/hyvanmielenmessut\\\/wp-content\\\/uploads\\\/sites\\\/195\\\/2021\\\/05\\\/Gradia-pink.jpg\",\"width\":1653,\"height\":382,\"caption\":\"Gradia\"},\"image\":{\"@id\":\"https:\\\/\\\/blogit.gradia.fi\\\/hyvanmielenmessut\\\/#\\\/schema\\\/logo\\\/image\\\/\"},\"sameAs\":[\"https:\\\/\\\/www.facebook.com\\\/liiketoimintajamsa\",\"https:\\\/\\\/www.instagram.com\\\/gradiajamsaliiketoiminta\\\/\"]}]}<\/script>\n<!-- \/ Yoast SEO plugin. -->","yoast_head_json":{"title":"Ohjelma - Hyv\u00e4n mielen messut 7.5.2022 4.9.2021 Gradia J\u00e4ms\u00e4","description":"Tapahtuman ohjelma on eri alojen opiskelijoiden k\u00e4sialaa. Tapahtuman ohjelma ja alakohtaiset aktiviteetit l\u00f6ytyv\u00e4t alta. Teht\u00e4v\u00e4\u00e4 riitt\u00e4\u00e4!","robots":{"index":"index","follow":"follow","max-snippet":"max-snippet:-1","max-image-preview":"max-image-preview:large","max-video-preview":"max-video-preview:-1"},"canonical":"https:\/\/blogit.gradia.fi\/hyvanmielenmessut\/ohjelma\/","og_locale":"fi_FI","og_type":"article","og_title":"Ohjelma - Hyv\u00e4n mielen messut 7.5.2022 4.9.2021 Gradia J\u00e4ms\u00e4","og_description":"Tapahtuman ohjelma on eri alojen opiskelijoiden k\u00e4sialaa. Tapahtuman ohjelma ja alakohtaiset aktiviteetit l\u00f6ytyv\u00e4t alta. Teht\u00e4v\u00e4\u00e4 riitt\u00e4\u00e4!","og_url":"https:\/\/blogit.gradia.fi\/hyvanmielenmessut\/ohjelma\/","og_site_name":"Hyv\u00e4n mielen messut 7.5.2022","article_publisher":"https:\/\/www.facebook.com\/liiketoimintajamsa","article_modified_time":"2022-05-06T15:00:54+00:00","og_image":[{"url":"https:\/\/blogit.gradia.fi\/hyvanmielenmessut\/wp-content\/uploads\/sites\/195\/2022\/04\/IMG_20201207_143108-1024x768.jpg","type":"","width":"","height":""}],"twitter_card":"summary_large_image","twitter_misc":{"Arvioitu lukuaika":"3 minuuttia"},"schema":{"@context":"https:\/\/schema.org","@graph":[{"@type":"WebPage","@id":"https:\/\/blogit.gradia.fi\/hyvanmielenmessut\/ohjelma\/","url":"https:\/\/blogit.gradia.fi\/hyvanmielenmessut\/ohjelma\/","name":"Ohjelma - Hyv\u00e4n mielen messut 7.5.2022 4.9.2021 Gradia J\u00e4ms\u00e4","isPartOf":{"@id":"https:\/\/blogit.gradia.fi\/hyvanmielenmessut\/#website"},"primaryImageOfPage":{"@id":"https:\/\/blogit.gradia.fi\/hyvanmielenmessut\/ohjelma\/#primaryimage"},"image":{"@id":"https:\/\/blogit.gradia.fi\/hyvanmielenmessut\/ohjelma\/#primaryimage"},"thumbnailUrl":"https:\/\/blogit.gradia.fi\/hyvanmielenmessut\/wp-content\/uploads\/sites\/195\/2022\/04\/IMG_20201207_143108-1024x768.jpg","datePublished":"2021-04-26T07:42:58+00:00","dateModified":"2022-05-06T15:00:54+00:00","description":"Tapahtuman ohjelma on eri alojen opiskelijoiden k\u00e4sialaa. Tapahtuman ohjelma ja alakohtaiset aktiviteetit l\u00f6ytyv\u00e4t alta. Teht\u00e4v\u00e4\u00e4 riitt\u00e4\u00e4!","breadcrumb":{"@id":"https:\/\/blogit.gradia.fi\/hyvanmielenmessut\/ohjelma\/#breadcrumb"},"inLanguage":"fi","potentialAction":[{"@type":"ReadAction","target":["https:\/\/blogit.gradia.fi\/hyvanmielenmessut\/ohjelma\/"]}]},{"@type":"ImageObject","inLanguage":"fi","@id":"https:\/\/blogit.gradia.fi\/hyvanmielenmessut\/ohjelma\/#primaryimage","url":"https:\/\/blogit.gradia.fi\/hyvanmielenmessut\/wp-content\/uploads\/sites\/195\/2022\/04\/IMG_20201207_143108.jpg","contentUrl":"https:\/\/blogit.gradia.fi\/hyvanmielenmessut\/wp-content\/uploads\/sites\/195\/2022\/04\/IMG_20201207_143108.jpg","width":1600,"height":1200},{"@type":"BreadcrumbList","@id":"https:\/\/blogit.gradia.fi\/hyvanmielenmessut\/ohjelma\/#breadcrumb","itemListElement":[{"@type":"ListItem","position":1,"name":"Etusivu","item":"https:\/\/blogit.gradia.fi\/hyvanmielenmessut\/"},{"@type":"ListItem","position":2,"name":"Ohjelma"}]},{"@type":"WebSite","@id":"https:\/\/blogit.gradia.fi\/hyvanmielenmessut\/#website","url":"https:\/\/blogit.gradia.fi\/hyvanmielenmessut\/","name":"Hyv\u00e4n mielen messut","description":"Tule hyv\u00e4lle mielelle, Myllym\u00e4en kampukselle!","publisher":{"@id":"https:\/\/blogit.gradia.fi\/hyvanmielenmessut\/#organization"},"potentialAction":[{"@type":"SearchAction","target":{"@type":"EntryPoint","urlTemplate":"https:\/\/blogit.gradia.fi\/hyvanmielenmessut\/?s={search_term_string}"},"query-input":{"@type":"PropertyValueSpecification","valueRequired":true,"valueName":"search_term_string"}}],"inLanguage":"fi"},{"@type":"Organization","@id":"https:\/\/blogit.gradia.fi\/hyvanmielenmessut\/#organization","name":"Gradia","url":"https:\/\/blogit.gradia.fi\/hyvanmielenmessut\/","logo":{"@type":"ImageObject","inLanguage":"fi","@id":"https:\/\/blogit.gradia.fi\/hyvanmielenmessut\/#\/schema\/logo\/image\/","url":"https:\/\/blogit.gradia.fi\/hyvanmielenmessut\/wp-content\/uploads\/sites\/195\/2021\/05\/Gradia-pink.jpg","contentUrl":"https:\/\/blogit.gradia.fi\/hyvanmielenmessut\/wp-content\/uploads\/sites\/195\/2021\/05\/Gradia-pink.jpg","width":1653,"height":382,"caption":"Gradia"},"image":{"@id":"https:\/\/blogit.gradia.fi\/hyvanmielenmessut\/#\/schema\/logo\/image\/"},"sameAs":["https:\/\/www.facebook.com\/liiketoimintajamsa","https:\/\/www.instagram.com\/gradiajamsaliiketoiminta\/"]}]}},"uagb_featured_image_src":{"full":false,"thumbnail":false,"medium":false,"medium_large":false,"large":false,"1536x1536":false,"2048x2048":false,"twentyseventeen-featured-image":false,"twentyseventeen-thumbnail-avatar":false},"uagb_author_info":{"display_name":"gr251818","author_link":"https:\/\/blogit.gradia.fi\/hyvanmielenmessut\/author\/gr251818\/"},"uagb_comment_info":0,"uagb_excerpt":"Tapahtuman ohjelma on eri alojen opiskelijoiden k\u00e4sialaa. Tapahtuman ohjelma ja alakohtaiset aktiviteetit l\u00f6ytyv\u00e4t alta. N\u00e4ht\u00e4v\u00e4\u00e4 ja teht\u00e4v\u00e4\u00e4 riitt\u00e4\u00e4 koko perheelle! Muutokset ohjelmaan mahdollisia. Mukana menossa eri alojen yritt\u00e4ji\u00e4 ja yhteisty\u00f6kumppaneita Mets\u00e4ala: Mets\u00e4konesimulaattori Onnenpy\u00f6r\u00e4 Arviointikilpailu, montako kiloa puuta on kuormatraktorin kourassa? Mets\u00e4koneiden esittely, mahdollisuus vierailla koneiden sis\u00e4ll\u00e4 Moottorisahan k\u00e4yt\u00f6nopastusta ja huolto Logistiikka-ala: Esittelyss\u00e4 kalusto, tilat sek\u00e4&hellip;","_links":{"self":[{"href":"https:\/\/blogit.gradia.fi\/hyvanmielenmessut\/wp-json\/wp\/v2\/pages\/52","targetHints":{"allow":["GET"]}}],"collection":[{"href":"https:\/\/blogit.gradia.fi\/hyvanmielenmessut\/wp-json\/wp\/v2\/pages"}],"about":[{"href":"https:\/\/blogit.gradia.fi\/hyvanmielenmessut\/wp-json\/wp\/v2\/types\/page"}],"author":[{"embeddable":true,"href":"https:\/\/blogit.gradia.fi\/hyvanmielenmessut\/wp-json\/wp\/v2\/users\/833"}],"replies":[{"embeddable":true,"href":"https:\/\/blogit.gradia.fi\/hyvanmielenmessut\/wp-json\/wp\/v2\/comments?post=52"}],"version-history":[{"count":49,"href":"https:\/\/blogit.gradia.fi\/hyvanmielenmessut\/wp-json\/wp\/v2\/pages\/52\/revisions"}],"predecessor-version":[{"id":548,"href":"https:\/\/blogit.gradia.fi\/hyvanmielenmessut\/wp-json\/wp\/v2\/pages\/52\/revisions\/548"}],"wp:attachment":[{"href":"https:\/\/blogit.gradia.fi\/hyvanmielenmessut\/wp-json\/wp\/v2\/media?parent=52"}],"curies":[{"name":"wp","href":"https:\/\/api.w.org\/{rel}","templated":true}]}}