{"id":142,"date":"2021-04-27T13:26:35","date_gmt":"2021-04-27T10:26:35","guid":{"rendered":"https:\/\/blogit.gradia.fi\/hyvanmielenmessut\/?page_id=142"},"modified":"2022-04-26T16:09:04","modified_gmt":"2022-04-26T13:09:04","slug":"etusivu","status":"publish","type":"page","link":"https:\/\/blogit.gradia.fi\/hyvanmielenmessut\/","title":{"rendered":"Tervetuloa Hyv\u00e4n mielen messujen etusivulle!"},"content":{"rendered":"\n<p><\/p>\n\n\n\n<p><\/p>\n\n\n<div class=\"yoast-breadcrumbs\"><span><span><a href=\"https:\/\/blogit.gradia.fi\/hyvanmielenmessut\/\">Etusivu<\/a><\/span> &raquo; <span class=\"breadcrumb_last\" aria-current=\"page\">Tervetuloa Hyv\u00e4n mielen messujen etusivulle!<\/span><\/span><\/div>\n\n\n<p><\/p>\n\n\n\n<p class=\"has-text-align-left\"><mark class=\"has-inline-color has-black-color\">Tule viett\u00e4m\u00e4\u00e4n koko perheen mukavaa tapahtumap\u00e4iv\u00e4\u00e4 Hyv\u00e4n mielen messuille  Gradia J\u00e4ms\u00e4n, Myllym\u00e4en yl\u00e4kampuksen luonnonl\u00e4heiseen ymp\u00e4rist\u00f6\u00f6n, lauantaina <strong>7.5.2022! <\/strong>Pakkaa mukaan reilusti iloista mielt\u00e4 ja suuntaa nokka kohti J\u00e4ms\u00e4nkoskea!<\/mark> <\/p>\n\n\n\n<p>Tapahtuman portit aukeavat klo 10:00 ja sulkeutuvat 15:00.<\/p>\n\n\n\n<p>Tapahtuman tarkoituksena on j\u00e4rjest\u00e4\u00e4 yhteist\u00e4 tekemist\u00e4 perheille ja samalla tarjota mahdollisuus tutustua Gradia J\u00e4ms\u00e4n  koulutustarjontaan sek\u00e4 yritysyhteisty\u00f6h\u00f6n.&nbsp;<\/p>\n\n\n\n<p class=\"has-text-align-left\">Tapahtuman j\u00e4rjest\u00e4\u00e4 Gradia J\u00e4ms\u00e4  yhdess\u00e4 eri alojen opiskelijoiden kanssa.<\/p>\n\n\n\n<p>Er\u00e4kahviosta voit ostaa itsellesi pient\u00e4 purtavaa. Varaa siis k\u00e4teist\u00e4 mukaan!<\/p>\n\n\n\n<p><strong><span class=\"has-inline-color has-black-color\">Tapahtuma on kaikille ilmainen<\/span>!<\/strong><\/p>\n\n\n\n<div class=\"wp-block-buttons is-layout-flex wp-block-buttons-is-layout-flex\">\n<div class=\"wp-block-button\"><a class=\"wp-block-button__link\" href=\"https:\/\/blogit.gradia.fi\/hyvanmielenmessut\/?page_id=52\">Ohjelma<\/a><\/div>\n\n\n\n<div class=\"wp-block-button\"><a class=\"wp-block-button__link\" href=\"https:\/\/www.gradia.fi\/\" target=\"_blank\" rel=\"noreferrer noopener\">Lis\u00e4tietoa Gradian toiminnasta <\/a><\/div>\n<\/div>\n\n\n\n<p><\/p>\n\n\n\n<figure class=\"wp-block-gallery has-nested-images columns-2 is-cropped wp-block-gallery-1 is-layout-flex wp-block-gallery-is-layout-flex\">\n<figure class=\"wp-block-image size-large\"><img loading=\"lazy\" decoding=\"async\" width=\"1024\" height=\"768\" data-id=\"493\" src=\"https:\/\/blogit.gradia.fi\/hyvanmielenmessut\/wp-content\/uploads\/sites\/195\/2022\/04\/fudis-1024x768.jpg\" alt=\"\" class=\"wp-image-493\" srcset=\"https:\/\/blogit.gradia.fi\/hyvanmielenmessut\/wp-content\/uploads\/sites\/195\/2022\/04\/fudis-1024x768.jpg 1024w, https:\/\/blogit.gradia.fi\/hyvanmielenmessut\/wp-content\/uploads\/sites\/195\/2022\/04\/fudis-300x225.jpg 300w, https:\/\/blogit.gradia.fi\/hyvanmielenmessut\/wp-content\/uploads\/sites\/195\/2022\/04\/fudis-768x576.jpg 768w, https:\/\/blogit.gradia.fi\/hyvanmielenmessut\/wp-content\/uploads\/sites\/195\/2022\/04\/fudis-1536x1152.jpg 1536w, https:\/\/blogit.gradia.fi\/hyvanmielenmessut\/wp-content\/uploads\/sites\/195\/2022\/04\/fudis.jpg 2048w\" sizes=\"auto, (max-width: 767px) 89vw, (max-width: 1000px) 54vw, (max-width: 1071px) 543px, 580px\" \/><\/figure>\n\n\n\n<figure class=\"wp-block-image size-large\"><img loading=\"lazy\" decoding=\"async\" width=\"1024\" height=\"682\" data-id=\"409\" src=\"https:\/\/blogit.gradia.fi\/hyvanmielenmessut\/wp-content\/uploads\/sites\/195\/2021\/05\/Keltainen-metsakone-puiden-takana-muokattu-1-1024x682.jpg\" alt=\"Keltainen mets\u00e4kone\" class=\"wp-image-409\" srcset=\"https:\/\/blogit.gradia.fi\/hyvanmielenmessut\/wp-content\/uploads\/sites\/195\/2021\/05\/Keltainen-metsakone-puiden-takana-muokattu-1-1024x682.jpg 1024w, https:\/\/blogit.gradia.fi\/hyvanmielenmessut\/wp-content\/uploads\/sites\/195\/2021\/05\/Keltainen-metsakone-puiden-takana-muokattu-1-300x200.jpg 300w, https:\/\/blogit.gradia.fi\/hyvanmielenmessut\/wp-content\/uploads\/sites\/195\/2021\/05\/Keltainen-metsakone-puiden-takana-muokattu-1-768x511.jpg 768w, https:\/\/blogit.gradia.fi\/hyvanmielenmessut\/wp-content\/uploads\/sites\/195\/2021\/05\/Keltainen-metsakone-puiden-takana-muokattu-1-1536x1022.jpg 1536w, https:\/\/blogit.gradia.fi\/hyvanmielenmessut\/wp-content\/uploads\/sites\/195\/2021\/05\/Keltainen-metsakone-puiden-takana-muokattu-1-2048x1363.jpg 2048w\" sizes=\"auto, (max-width: 767px) 89vw, (max-width: 1000px) 54vw, (max-width: 1071px) 543px, 580px\" \/><\/figure>\n\n\n\n<figure class=\"wp-block-image size-large\"><img loading=\"lazy\" decoding=\"async\" width=\"1024\" height=\"682\" data-id=\"410\" src=\"https:\/\/blogit.gradia.fi\/hyvanmielenmessut\/wp-content\/uploads\/sites\/195\/2021\/05\/IMG_1788-1-1024x682.jpg\" alt=\"Keltaiset kukat\" class=\"wp-image-410\" srcset=\"https:\/\/blogit.gradia.fi\/hyvanmielenmessut\/wp-content\/uploads\/sites\/195\/2021\/05\/IMG_1788-1-1024x682.jpg 1024w, https:\/\/blogit.gradia.fi\/hyvanmielenmessut\/wp-content\/uploads\/sites\/195\/2021\/05\/IMG_1788-1-300x200.jpg 300w, https:\/\/blogit.gradia.fi\/hyvanmielenmessut\/wp-content\/uploads\/sites\/195\/2021\/05\/IMG_1788-1-768x511.jpg 768w, https:\/\/blogit.gradia.fi\/hyvanmielenmessut\/wp-content\/uploads\/sites\/195\/2021\/05\/IMG_1788-1-1536x1022.jpg 1536w, https:\/\/blogit.gradia.fi\/hyvanmielenmessut\/wp-content\/uploads\/sites\/195\/2021\/05\/IMG_1788-1-2048x1363.jpg 2048w\" sizes=\"auto, (max-width: 767px) 89vw, (max-width: 1000px) 54vw, (max-width: 1071px) 543px, 580px\" \/><\/figure>\n\n\n\n<figure class=\"wp-block-image size-large\"><img loading=\"lazy\" decoding=\"async\" width=\"682\" height=\"1024\" data-id=\"408\" src=\"https:\/\/blogit.gradia.fi\/hyvanmielenmessut\/wp-content\/uploads\/sites\/195\/2021\/05\/IMG_1756-1-682x1024.jpg\" alt=\"Puutarha-alan opiskelijat opetuskasvihuoneessa\" class=\"wp-image-408\" srcset=\"https:\/\/blogit.gradia.fi\/hyvanmielenmessut\/wp-content\/uploads\/sites\/195\/2021\/05\/IMG_1756-1-682x1024.jpg 682w, https:\/\/blogit.gradia.fi\/hyvanmielenmessut\/wp-content\/uploads\/sites\/195\/2021\/05\/IMG_1756-1-200x300.jpg 200w, https:\/\/blogit.gradia.fi\/hyvanmielenmessut\/wp-content\/uploads\/sites\/195\/2021\/05\/IMG_1756-1-768x1154.jpg 768w, https:\/\/blogit.gradia.fi\/hyvanmielenmessut\/wp-content\/uploads\/sites\/195\/2021\/05\/IMG_1756-1-1022x1536.jpg 1022w, https:\/\/blogit.gradia.fi\/hyvanmielenmessut\/wp-content\/uploads\/sites\/195\/2021\/05\/IMG_1756-1-1363x2048.jpg 1363w, https:\/\/blogit.gradia.fi\/hyvanmielenmessut\/wp-content\/uploads\/sites\/195\/2021\/05\/IMG_1756-1-scaled.jpg 1704w\" sizes=\"auto, (max-width: 682px) 100vw, 682px\" \/><\/figure>\n\n\n\n<figure class=\"wp-block-image size-large\"><img loading=\"lazy\" decoding=\"async\" width=\"1024\" height=\"682\" data-id=\"201\" src=\"https:\/\/blogit.gradia.fi\/hyvanmielenmessut\/wp-content\/uploads\/sites\/195\/2021\/05\/E00B5408-4A9A-4CD7-A9BA-28333795BAD3-1024x682.jpeg\" alt=\"Nuotio\" class=\"wp-image-201\" srcset=\"https:\/\/blogit.gradia.fi\/hyvanmielenmessut\/wp-content\/uploads\/sites\/195\/2021\/05\/E00B5408-4A9A-4CD7-A9BA-28333795BAD3-1024x682.jpeg 1024w, https:\/\/blogit.gradia.fi\/hyvanmielenmessut\/wp-content\/uploads\/sites\/195\/2021\/05\/E00B5408-4A9A-4CD7-A9BA-28333795BAD3-300x200.jpeg 300w, https:\/\/blogit.gradia.fi\/hyvanmielenmessut\/wp-content\/uploads\/sites\/195\/2021\/05\/E00B5408-4A9A-4CD7-A9BA-28333795BAD3-768x511.jpeg 768w, https:\/\/blogit.gradia.fi\/hyvanmielenmessut\/wp-content\/uploads\/sites\/195\/2021\/05\/E00B5408-4A9A-4CD7-A9BA-28333795BAD3-1536x1022.jpeg 1536w, https:\/\/blogit.gradia.fi\/hyvanmielenmessut\/wp-content\/uploads\/sites\/195\/2021\/05\/E00B5408-4A9A-4CD7-A9BA-28333795BAD3-2048x1363.jpeg 2048w\" sizes=\"auto, (max-width: 767px) 89vw, (max-width: 1000px) 54vw, (max-width: 1071px) 543px, 580px\" \/><\/figure>\n\n\n\n<figure class=\"wp-block-image size-large\"><img loading=\"lazy\" decoding=\"async\" width=\"682\" height=\"1024\" data-id=\"389\" src=\"https:\/\/blogit.gradia.fi\/hyvanmielenmessut\/wp-content\/uploads\/sites\/195\/2021\/05\/Kota-muokattu-682x1024.jpg\" alt=\"kota\" class=\"wp-image-389\" srcset=\"https:\/\/blogit.gradia.fi\/hyvanmielenmessut\/wp-content\/uploads\/sites\/195\/2021\/05\/Kota-muokattu-682x1024.jpg 682w, https:\/\/blogit.gradia.fi\/hyvanmielenmessut\/wp-content\/uploads\/sites\/195\/2021\/05\/Kota-muokattu-200x300.jpg 200w, https:\/\/blogit.gradia.fi\/hyvanmielenmessut\/wp-content\/uploads\/sites\/195\/2021\/05\/Kota-muokattu-768x1154.jpg 768w, https:\/\/blogit.gradia.fi\/hyvanmielenmessut\/wp-content\/uploads\/sites\/195\/2021\/05\/Kota-muokattu-1022x1536.jpg 1022w, https:\/\/blogit.gradia.fi\/hyvanmielenmessut\/wp-content\/uploads\/sites\/195\/2021\/05\/Kota-muokattu-1363x2048.jpg 1363w, https:\/\/blogit.gradia.fi\/hyvanmielenmessut\/wp-content\/uploads\/sites\/195\/2021\/05\/Kota-muokattu-scaled.jpg 1704w\" sizes=\"auto, (max-width: 682px) 100vw, 682px\" \/><\/figure>\n\n\n\n<figure class=\"wp-block-image size-large\"><img loading=\"lazy\" decoding=\"async\" width=\"1024\" height=\"682\" data-id=\"388\" src=\"https:\/\/blogit.gradia.fi\/hyvanmielenmessut\/wp-content\/uploads\/sites\/195\/2021\/05\/Autohalli-muokattu-1024x682.jpg\" alt=\"Uusi autohalli\" class=\"wp-image-388\" srcset=\"https:\/\/blogit.gradia.fi\/hyvanmielenmessut\/wp-content\/uploads\/sites\/195\/2021\/05\/Autohalli-muokattu-1024x682.jpg 1024w, https:\/\/blogit.gradia.fi\/hyvanmielenmessut\/wp-content\/uploads\/sites\/195\/2021\/05\/Autohalli-muokattu-300x200.jpg 300w, https:\/\/blogit.gradia.fi\/hyvanmielenmessut\/wp-content\/uploads\/sites\/195\/2021\/05\/Autohalli-muokattu-768x511.jpg 768w, https:\/\/blogit.gradia.fi\/hyvanmielenmessut\/wp-content\/uploads\/sites\/195\/2021\/05\/Autohalli-muokattu-1536x1023.jpg 1536w, https:\/\/blogit.gradia.fi\/hyvanmielenmessut\/wp-content\/uploads\/sites\/195\/2021\/05\/Autohalli-muokattu-2048x1363.jpg 2048w\" sizes=\"auto, (max-width: 767px) 89vw, (max-width: 1000px) 54vw, (max-width: 1071px) 543px, 580px\" \/><\/figure>\n\n\n\n<figure class=\"wp-block-image size-large\"><img loading=\"lazy\" decoding=\"async\" width=\"1024\" height=\"682\" data-id=\"412\" src=\"https:\/\/blogit.gradia.fi\/hyvanmielenmessut\/wp-content\/uploads\/sites\/195\/2021\/05\/Kasvihuone-muokattu-1024x682.jpg\" alt=\"Opetuskasvihuone\" class=\"wp-image-412\" srcset=\"https:\/\/blogit.gradia.fi\/hyvanmielenmessut\/wp-content\/uploads\/sites\/195\/2021\/05\/Kasvihuone-muokattu-1024x682.jpg 1024w, https:\/\/blogit.gradia.fi\/hyvanmielenmessut\/wp-content\/uploads\/sites\/195\/2021\/05\/Kasvihuone-muokattu-300x200.jpg 300w, https:\/\/blogit.gradia.fi\/hyvanmielenmessut\/wp-content\/uploads\/sites\/195\/2021\/05\/Kasvihuone-muokattu-768x511.jpg 768w, https:\/\/blogit.gradia.fi\/hyvanmielenmessut\/wp-content\/uploads\/sites\/195\/2021\/05\/Kasvihuone-muokattu-1536x1022.jpg 1536w, https:\/\/blogit.gradia.fi\/hyvanmielenmessut\/wp-content\/uploads\/sites\/195\/2021\/05\/Kasvihuone-muokattu-2048x1363.jpg 2048w\" sizes=\"auto, (max-width: 767px) 89vw, (max-width: 1000px) 54vw, (max-width: 1071px) 543px, 580px\" \/><\/figure>\n\n\n\n<figure class=\"wp-block-image size-large\"><img loading=\"lazy\" decoding=\"async\" width=\"1024\" height=\"682\" data-id=\"416\" src=\"https:\/\/blogit.gradia.fi\/hyvanmielenmessut\/wp-content\/uploads\/sites\/195\/2021\/05\/IMG_1764-1024x682.jpg\" alt=\"Opetuskasvihuoneen kukkia\" class=\"wp-image-416\" srcset=\"https:\/\/blogit.gradia.fi\/hyvanmielenmessut\/wp-content\/uploads\/sites\/195\/2021\/05\/IMG_1764-1024x682.jpg 1024w, https:\/\/blogit.gradia.fi\/hyvanmielenmessut\/wp-content\/uploads\/sites\/195\/2021\/05\/IMG_1764-300x200.jpg 300w, https:\/\/blogit.gradia.fi\/hyvanmielenmessut\/wp-content\/uploads\/sites\/195\/2021\/05\/IMG_1764-768x511.jpg 768w, https:\/\/blogit.gradia.fi\/hyvanmielenmessut\/wp-content\/uploads\/sites\/195\/2021\/05\/IMG_1764-1536x1023.jpg 1536w, https:\/\/blogit.gradia.fi\/hyvanmielenmessut\/wp-content\/uploads\/sites\/195\/2021\/05\/IMG_1764-2048x1363.jpg 2048w\" sizes=\"auto, (max-width: 767px) 89vw, (max-width: 1000px) 54vw, (max-width: 1071px) 543px, 580px\" \/><\/figure>\n\n\n\n<figure class=\"wp-block-image size-large\"><img loading=\"lazy\" decoding=\"async\" width=\"769\" height=\"1024\" data-id=\"531\" src=\"https:\/\/blogit.gradia.fi\/hyvanmielenmessut\/wp-content\/uploads\/sites\/195\/2022\/04\/IMG_20220419_180601-769x1024.jpg\" alt=\"\" class=\"wp-image-531\" srcset=\"https:\/\/blogit.gradia.fi\/hyvanmielenmessut\/wp-content\/uploads\/sites\/195\/2022\/04\/IMG_20220419_180601-769x1024.jpg 769w, https:\/\/blogit.gradia.fi\/hyvanmielenmessut\/wp-content\/uploads\/sites\/195\/2022\/04\/IMG_20220419_180601-225x300.jpg 225w, https:\/\/blogit.gradia.fi\/hyvanmielenmessut\/wp-content\/uploads\/sites\/195\/2022\/04\/IMG_20220419_180601-768x1023.jpg 768w, https:\/\/blogit.gradia.fi\/hyvanmielenmessut\/wp-content\/uploads\/sites\/195\/2022\/04\/IMG_20220419_180601-1153x1536.jpg 1153w, https:\/\/blogit.gradia.fi\/hyvanmielenmessut\/wp-content\/uploads\/sites\/195\/2022\/04\/IMG_20220419_180601-1538x2048.jpg 1538w, https:\/\/blogit.gradia.fi\/hyvanmielenmessut\/wp-content\/uploads\/sites\/195\/2022\/04\/IMG_20220419_180601-scaled.jpg 1922w\" sizes=\"auto, (max-width: 767px) 89vw, (max-width: 1000px) 54vw, (max-width: 1071px) 543px, 580px\" \/><\/figure>\n\n\n\n<figure class=\"wp-block-image size-large\"><img loading=\"lazy\" decoding=\"async\" width=\"766\" height=\"1024\" data-id=\"534\" src=\"https:\/\/blogit.gradia.fi\/hyvanmielenmessut\/wp-content\/uploads\/sites\/195\/2022\/04\/IMG_20210719_110414712_HDR-766x1024.jpg\" alt=\"\" class=\"wp-image-534\" srcset=\"https:\/\/blogit.gradia.fi\/hyvanmielenmessut\/wp-content\/uploads\/sites\/195\/2022\/04\/IMG_20210719_110414712_HDR-766x1024.jpg 766w, https:\/\/blogit.gradia.fi\/hyvanmielenmessut\/wp-content\/uploads\/sites\/195\/2022\/04\/IMG_20210719_110414712_HDR-224x300.jpg 224w, https:\/\/blogit.gradia.fi\/hyvanmielenmessut\/wp-content\/uploads\/sites\/195\/2022\/04\/IMG_20210719_110414712_HDR-768x1026.jpg 768w, https:\/\/blogit.gradia.fi\/hyvanmielenmessut\/wp-content\/uploads\/sites\/195\/2022\/04\/IMG_20210719_110414712_HDR-1149x1536.jpg 1149w, https:\/\/blogit.gradia.fi\/hyvanmielenmessut\/wp-content\/uploads\/sites\/195\/2022\/04\/IMG_20210719_110414712_HDR-1532x2048.jpg 1532w, https:\/\/blogit.gradia.fi\/hyvanmielenmessut\/wp-content\/uploads\/sites\/195\/2022\/04\/IMG_20210719_110414712_HDR-scaled.jpg 1916w\" sizes=\"auto, (max-width: 706px) 89vw, (max-width: 767px) 82vw, 740px\" \/><\/figure>\n\n\n\n<figure class=\"wp-block-image size-large\"><img loading=\"lazy\" decoding=\"async\" width=\"1024\" height=\"682\" data-id=\"415\" src=\"https:\/\/blogit.gradia.fi\/hyvanmielenmessut\/wp-content\/uploads\/sites\/195\/2021\/05\/Mini-metsakone-muokattu-1024x682.jpg\" alt=\"Pieni mets\u00e4kone\" class=\"wp-image-415\" srcset=\"https:\/\/blogit.gradia.fi\/hyvanmielenmessut\/wp-content\/uploads\/sites\/195\/2021\/05\/Mini-metsakone-muokattu-1024x682.jpg 1024w, https:\/\/blogit.gradia.fi\/hyvanmielenmessut\/wp-content\/uploads\/sites\/195\/2021\/05\/Mini-metsakone-muokattu-300x200.jpg 300w, https:\/\/blogit.gradia.fi\/hyvanmielenmessut\/wp-content\/uploads\/sites\/195\/2021\/05\/Mini-metsakone-muokattu-768x511.jpg 768w, https:\/\/blogit.gradia.fi\/hyvanmielenmessut\/wp-content\/uploads\/sites\/195\/2021\/05\/Mini-metsakone-muokattu-1536x1022.jpg 1536w, https:\/\/blogit.gradia.fi\/hyvanmielenmessut\/wp-content\/uploads\/sites\/195\/2021\/05\/Mini-metsakone-muokattu-2048x1363.jpg 2048w\" sizes=\"auto, (max-width: 767px) 89vw, (max-width: 1000px) 54vw, (max-width: 1071px) 543px, 580px\" \/><\/figure>\n\n\n\n<figure class=\"wp-block-image size-large\"><img loading=\"lazy\" decoding=\"async\" width=\"1024\" height=\"724\" data-id=\"417\" src=\"https:\/\/blogit.gradia.fi\/hyvanmielenmessut\/wp-content\/uploads\/sites\/195\/2021\/05\/Jarvi-muokattu-1024x724.jpg\" alt=\"J\u00e4rvimaisema\" class=\"wp-image-417\" srcset=\"https:\/\/blogit.gradia.fi\/hyvanmielenmessut\/wp-content\/uploads\/sites\/195\/2021\/05\/Jarvi-muokattu-1024x724.jpg 1024w, https:\/\/blogit.gradia.fi\/hyvanmielenmessut\/wp-content\/uploads\/sites\/195\/2021\/05\/Jarvi-muokattu-300x212.jpg 300w, https:\/\/blogit.gradia.fi\/hyvanmielenmessut\/wp-content\/uploads\/sites\/195\/2021\/05\/Jarvi-muokattu-768x543.jpg 768w, https:\/\/blogit.gradia.fi\/hyvanmielenmessut\/wp-content\/uploads\/sites\/195\/2021\/05\/Jarvi-muokattu-1536x1085.jpg 1536w, https:\/\/blogit.gradia.fi\/hyvanmielenmessut\/wp-content\/uploads\/sites\/195\/2021\/05\/Jarvi-muokattu-2048x1447.jpg 2048w\" sizes=\"auto, (max-width: 767px) 89vw, (max-width: 1000px) 54vw, (max-width: 1071px) 543px, 580px\" \/><\/figure>\n<\/figure>\n\n\n\n<ul class=\"wp-block-social-links has-large-icon-size is-style-logos-only is-layout-flex wp-block-social-links-is-layout-flex\"><li class=\"wp-social-link wp-social-link-instagram  wp-block-social-link\"><a rel=\"noopener nofollow\" target=\"_blank\" href=\"https:\/\/www.instagram.com\/gradiajamsaliiketoiminta\/\" class=\"wp-block-social-link-anchor\"><svg width=\"24\" height=\"24\" viewBox=\"0 0 24 24\" version=\"1.1\" xmlns=\"http:\/\/www.w3.org\/2000\/svg\" aria-hidden=\"true\" focusable=\"false\"><path d=\"M12,4.622c2.403,0,2.688,0.009,3.637,0.052c0.877,0.04,1.354,0.187,1.671,0.31c0.42,0.163,0.72,0.358,1.035,0.673 c0.315,0.315,0.51,0.615,0.673,1.035c0.123,0.317,0.27,0.794,0.31,1.671c0.043,0.949,0.052,1.234,0.052,3.637 s-0.009,2.688-0.052,3.637c-0.04,0.877-0.187,1.354-0.31,1.671c-0.163,0.42-0.358,0.72-0.673,1.035 c-0.315,0.315-0.615,0.51-1.035,0.673c-0.317,0.123-0.794,0.27-1.671,0.31c-0.949,0.043-1.233,0.052-3.637,0.052 s-2.688-0.009-3.637-0.052c-0.877-0.04-1.354-0.187-1.671-0.31c-0.42-0.163-0.72-0.358-1.035-0.673 c-0.315-0.315-0.51-0.615-0.673-1.035c-0.123-0.317-0.27-0.794-0.31-1.671C4.631,14.688,4.622,14.403,4.622,12 s0.009-2.688,0.052-3.637c0.04-0.877,0.187-1.354,0.31-1.671c0.163-0.42,0.358-0.72,0.673-1.035 c0.315-0.315,0.615-0.51,1.035-0.673c0.317-0.123,0.794-0.27,1.671-0.31C9.312,4.631,9.597,4.622,12,4.622 M12,3 C9.556,3,9.249,3.01,8.289,3.054C7.331,3.098,6.677,3.25,6.105,3.472C5.513,3.702,5.011,4.01,4.511,4.511 c-0.5,0.5-0.808,1.002-1.038,1.594C3.25,6.677,3.098,7.331,3.054,8.289C3.01,9.249,3,9.556,3,12c0,2.444,0.01,2.751,0.054,3.711 c0.044,0.958,0.196,1.612,0.418,2.185c0.23,0.592,0.538,1.094,1.038,1.594c0.5,0.5,1.002,0.808,1.594,1.038 c0.572,0.222,1.227,0.375,2.185,0.418C9.249,20.99,9.556,21,12,21s2.751-0.01,3.711-0.054c0.958-0.044,1.612-0.196,2.185-0.418 c0.592-0.23,1.094-0.538,1.594-1.038c0.5-0.5,0.808-1.002,1.038-1.594c0.222-0.572,0.375-1.227,0.418-2.185 C20.99,14.751,21,14.444,21,12s-0.01-2.751-0.054-3.711c-0.044-0.958-0.196-1.612-0.418-2.185c-0.23-0.592-0.538-1.094-1.038-1.594 c-0.5-0.5-1.002-0.808-1.594-1.038c-0.572-0.222-1.227-0.375-2.185-0.418C14.751,3.01,14.444,3,12,3L12,3z M12,7.378 c-2.552,0-4.622,2.069-4.622,4.622S9.448,16.622,12,16.622s4.622-2.069,4.622-4.622S14.552,7.378,12,7.378z M12,15 c-1.657,0-3-1.343-3-3s1.343-3,3-3s3,1.343,3,3S13.657,15,12,15z M16.804,6.116c-0.596,0-1.08,0.484-1.08,1.08 s0.484,1.08,1.08,1.08c0.596,0,1.08-0.484,1.08-1.08S17.401,6.116,16.804,6.116z\"><\/path><\/svg><span class=\"wp-block-social-link-label screen-reader-text\">@gradiajamsaliiketoiminta<\/span><\/a><\/li>\n\n<li class=\"wp-social-link wp-social-link-facebook  wp-block-social-link\"><a rel=\"noopener nofollow\" target=\"_blank\" href=\"https:\/\/www.facebook.com\/liiketoimintajamsa\/\" class=\"wp-block-social-link-anchor\"><svg width=\"24\" height=\"24\" viewBox=\"0 0 24 24\" version=\"1.1\" xmlns=\"http:\/\/www.w3.org\/2000\/svg\" aria-hidden=\"true\" focusable=\"false\"><path d=\"M12 2C6.5 2 2 6.5 2 12c0 5 3.7 9.1 8.4 9.9v-7H7.9V12h2.5V9.8c0-2.5 1.5-3.9 3.8-3.9 1.1 0 2.2.2 2.2.2v2.5h-1.3c-1.2 0-1.6.8-1.6 1.6V12h2.8l-.4 2.9h-2.3v7C18.3 21.1 22 17 22 12c0-5.5-4.5-10-10-10z\"><\/path><\/svg><span class=\"wp-block-social-link-label screen-reader-text\">@liiketoimintajamsa<\/span><\/a><\/li><\/ul>\n","protected":false},"excerpt":{"rendered":"<p>Tule viett\u00e4m\u00e4\u00e4n koko perheen mukavaa tapahtumap\u00e4iv\u00e4\u00e4 Hyv\u00e4n mielen messuille Gradia J\u00e4ms\u00e4n, Myllym\u00e4en yl\u00e4kampuksen luonnonl\u00e4heiseen ymp\u00e4rist\u00f6\u00f6n, lauantaina 7.5.2022! Pakkaa mukaan reilusti iloista mielt\u00e4 ja suuntaa nokka kohti J\u00e4ms\u00e4nkoskea! Tapahtuman portit aukeavat klo 10:00 ja sulkeutuvat 15:00. Tapahtuman tarkoituksena on j\u00e4rjest\u00e4\u00e4 yhteist\u00e4 tekemist\u00e4 perheille ja samalla tarjota mahdollisuus tutustua Gradia J\u00e4ms\u00e4n koulutustarjontaan sek\u00e4 yritysyhteisty\u00f6h\u00f6n.&nbsp; Tapahtuman j\u00e4rjest\u00e4\u00e4 Gradia &hellip; <\/p>\n<p class=\"link-more\"><a href=\"https:\/\/blogit.gradia.fi\/hyvanmielenmessut\/\" class=\"more-link\">Jatka lukemista<span class=\"screen-reader-text\"> &#8221;Tervetuloa Hyv\u00e4n mielen messujen etusivulle!&#8221;<\/span><\/a><\/p>\n","protected":false},"author":730,"featured_media":0,"parent":0,"menu_order":0,"comment_status":"closed","ping_status":"closed","template":"","meta":{"_uag_custom_page_level_css":"","footnotes":""},"class_list":["post-142","page","type-page","status-publish","hentry"],"yoast_head":"<!-- This site is optimized with the Yoast SEO plugin v27.5 - https:\/\/yoast.com\/product\/yoast-seo-wordpress\/ -->\n<title>Tervetuloa Hyv\u00e4n mielen messujen etusivulle! - Hyv\u00e4n mielen messut 7.5.2022<\/title>\n<meta name=\"description\" content=\"Tervetuloa tapahtuman etusivulle! Pakkaa mukaan reilusti iloista mielt\u00e4 ja suuntaa nokka kohti J\u00e4ms\u00e4nkoskea ja Gradia J\u00e4ms\u00e4n Myllym\u00e4en kampusta!\" \/>\n<meta name=\"robots\" content=\"index, follow, max-snippet:-1, max-image-preview:large, max-video-preview:-1\" \/>\n<link rel=\"canonical\" href=\"https:\/\/blogit.gradia.fi\/hyvanmielenmessut\/\" \/>\n<meta property=\"og:locale\" content=\"fi_FI\" \/>\n<meta property=\"og:type\" content=\"article\" \/>\n<meta property=\"og:title\" content=\"Tervetuloa Hyv\u00e4n mielen messujen etusivulle! - Hyv\u00e4n mielen messut 7.5.2022\" \/>\n<meta property=\"og:description\" content=\"Tervetuloa tapahtuman etusivulle! Pakkaa mukaan reilusti iloista mielt\u00e4 ja suuntaa nokka kohti J\u00e4ms\u00e4nkoskea ja Gradia J\u00e4ms\u00e4n Myllym\u00e4en kampusta!\" \/>\n<meta property=\"og:url\" content=\"https:\/\/blogit.gradia.fi\/hyvanmielenmessut\/\" \/>\n<meta property=\"og:site_name\" content=\"Hyv\u00e4n mielen messut 7.5.2022\" \/>\n<meta property=\"article:publisher\" content=\"https:\/\/www.facebook.com\/liiketoimintajamsa\" \/>\n<meta property=\"article:modified_time\" content=\"2022-04-26T13:09:04+00:00\" \/>\n<meta property=\"og:image\" content=\"https:\/\/blogit.gradia.fi\/hyvanmielenmessut\/wp-content\/uploads\/sites\/195\/2022\/04\/fudis-1024x768.jpg\" \/>\n<meta name=\"twitter:card\" content=\"summary_large_image\" \/>\n<meta name=\"twitter:label1\" content=\"Arvioitu lukuaika\" \/>\n\t<meta name=\"twitter:data1\" content=\"4 minuuttia\" \/>\n<script type=\"application\/ld+json\" class=\"yoast-schema-graph\">{\"@context\":\"https:\\\/\\\/schema.org\",\"@graph\":[{\"@type\":\"WebPage\",\"@id\":\"https:\\\/\\\/blogit.gradia.fi\\\/hyvanmielenmessut\\\/\",\"url\":\"https:\\\/\\\/blogit.gradia.fi\\\/hyvanmielenmessut\\\/\",\"name\":\"Tervetuloa Hyv\u00e4n mielen messujen etusivulle! - Hyv\u00e4n mielen messut 7.5.2022\",\"isPartOf\":{\"@id\":\"https:\\\/\\\/blogit.gradia.fi\\\/hyvanmielenmessut\\\/#website\"},\"primaryImageOfPage\":{\"@id\":\"https:\\\/\\\/blogit.gradia.fi\\\/hyvanmielenmessut\\\/#primaryimage\"},\"image\":{\"@id\":\"https:\\\/\\\/blogit.gradia.fi\\\/hyvanmielenmessut\\\/#primaryimage\"},\"thumbnailUrl\":\"https:\\\/\\\/blogit.gradia.fi\\\/hyvanmielenmessut\\\/wp-content\\\/uploads\\\/sites\\\/195\\\/2022\\\/04\\\/fudis-1024x768.jpg\",\"datePublished\":\"2021-04-27T10:26:35+00:00\",\"dateModified\":\"2022-04-26T13:09:04+00:00\",\"description\":\"Tervetuloa tapahtuman etusivulle! Pakkaa mukaan reilusti iloista mielt\u00e4 ja suuntaa nokka kohti J\u00e4ms\u00e4nkoskea ja Gradia J\u00e4ms\u00e4n Myllym\u00e4en kampusta!\",\"breadcrumb\":{\"@id\":\"https:\\\/\\\/blogit.gradia.fi\\\/hyvanmielenmessut\\\/#breadcrumb\"},\"inLanguage\":\"fi\",\"potentialAction\":[{\"@type\":\"ReadAction\",\"target\":[\"https:\\\/\\\/blogit.gradia.fi\\\/hyvanmielenmessut\\\/\"]}]},{\"@type\":\"ImageObject\",\"inLanguage\":\"fi\",\"@id\":\"https:\\\/\\\/blogit.gradia.fi\\\/hyvanmielenmessut\\\/#primaryimage\",\"url\":\"https:\\\/\\\/blogit.gradia.fi\\\/hyvanmielenmessut\\\/wp-content\\\/uploads\\\/sites\\\/195\\\/2022\\\/04\\\/fudis.jpg\",\"contentUrl\":\"https:\\\/\\\/blogit.gradia.fi\\\/hyvanmielenmessut\\\/wp-content\\\/uploads\\\/sites\\\/195\\\/2022\\\/04\\\/fudis.jpg\",\"width\":2048,\"height\":1536},{\"@type\":\"BreadcrumbList\",\"@id\":\"https:\\\/\\\/blogit.gradia.fi\\\/hyvanmielenmessut\\\/#breadcrumb\",\"itemListElement\":[{\"@type\":\"ListItem\",\"position\":1,\"name\":\"Etusivu\",\"item\":\"https:\\\/\\\/blogit.gradia.fi\\\/hyvanmielenmessut\\\/\"},{\"@type\":\"ListItem\",\"position\":2,\"name\":\"Tervetuloa Hyv\u00e4n mielen messujen etusivulle!\"}]},{\"@type\":\"WebSite\",\"@id\":\"https:\\\/\\\/blogit.gradia.fi\\\/hyvanmielenmessut\\\/#website\",\"url\":\"https:\\\/\\\/blogit.gradia.fi\\\/hyvanmielenmessut\\\/\",\"name\":\"Hyv\u00e4n mielen messut\",\"description\":\"Tule hyv\u00e4lle mielelle, Myllym\u00e4en kampukselle!\",\"publisher\":{\"@id\":\"https:\\\/\\\/blogit.gradia.fi\\\/hyvanmielenmessut\\\/#organization\"},\"potentialAction\":[{\"@type\":\"SearchAction\",\"target\":{\"@type\":\"EntryPoint\",\"urlTemplate\":\"https:\\\/\\\/blogit.gradia.fi\\\/hyvanmielenmessut\\\/?s={search_term_string}\"},\"query-input\":{\"@type\":\"PropertyValueSpecification\",\"valueRequired\":true,\"valueName\":\"search_term_string\"}}],\"inLanguage\":\"fi\"},{\"@type\":\"Organization\",\"@id\":\"https:\\\/\\\/blogit.gradia.fi\\\/hyvanmielenmessut\\\/#organization\",\"name\":\"Gradia\",\"url\":\"https:\\\/\\\/blogit.gradia.fi\\\/hyvanmielenmessut\\\/\",\"logo\":{\"@type\":\"ImageObject\",\"inLanguage\":\"fi\",\"@id\":\"https:\\\/\\\/blogit.gradia.fi\\\/hyvanmielenmessut\\\/#\\\/schema\\\/logo\\\/image\\\/\",\"url\":\"https:\\\/\\\/blogit.gradia.fi\\\/hyvanmielenmessut\\\/wp-content\\\/uploads\\\/sites\\\/195\\\/2021\\\/05\\\/Gradia-pink.jpg\",\"contentUrl\":\"https:\\\/\\\/blogit.gradia.fi\\\/hyvanmielenmessut\\\/wp-content\\\/uploads\\\/sites\\\/195\\\/2021\\\/05\\\/Gradia-pink.jpg\",\"width\":1653,\"height\":382,\"caption\":\"Gradia\"},\"image\":{\"@id\":\"https:\\\/\\\/blogit.gradia.fi\\\/hyvanmielenmessut\\\/#\\\/schema\\\/logo\\\/image\\\/\"},\"sameAs\":[\"https:\\\/\\\/www.facebook.com\\\/liiketoimintajamsa\",\"https:\\\/\\\/www.instagram.com\\\/gradiajamsaliiketoiminta\\\/\"]}]}<\/script>\n<!-- \/ Yoast SEO plugin. -->","yoast_head_json":{"title":"Tervetuloa Hyv\u00e4n mielen messujen etusivulle! - Hyv\u00e4n mielen messut 7.5.2022","description":"Tervetuloa tapahtuman etusivulle! Pakkaa mukaan reilusti iloista mielt\u00e4 ja suuntaa nokka kohti J\u00e4ms\u00e4nkoskea ja Gradia J\u00e4ms\u00e4n Myllym\u00e4en kampusta!","robots":{"index":"index","follow":"follow","max-snippet":"max-snippet:-1","max-image-preview":"max-image-preview:large","max-video-preview":"max-video-preview:-1"},"canonical":"https:\/\/blogit.gradia.fi\/hyvanmielenmessut\/","og_locale":"fi_FI","og_type":"article","og_title":"Tervetuloa Hyv\u00e4n mielen messujen etusivulle! - Hyv\u00e4n mielen messut 7.5.2022","og_description":"Tervetuloa tapahtuman etusivulle! Pakkaa mukaan reilusti iloista mielt\u00e4 ja suuntaa nokka kohti J\u00e4ms\u00e4nkoskea ja Gradia J\u00e4ms\u00e4n Myllym\u00e4en kampusta!","og_url":"https:\/\/blogit.gradia.fi\/hyvanmielenmessut\/","og_site_name":"Hyv\u00e4n mielen messut 7.5.2022","article_publisher":"https:\/\/www.facebook.com\/liiketoimintajamsa","article_modified_time":"2022-04-26T13:09:04+00:00","og_image":[{"url":"https:\/\/blogit.gradia.fi\/hyvanmielenmessut\/wp-content\/uploads\/sites\/195\/2022\/04\/fudis-1024x768.jpg","type":"","width":"","height":""}],"twitter_card":"summary_large_image","twitter_misc":{"Arvioitu lukuaika":"4 minuuttia"},"schema":{"@context":"https:\/\/schema.org","@graph":[{"@type":"WebPage","@id":"https:\/\/blogit.gradia.fi\/hyvanmielenmessut\/","url":"https:\/\/blogit.gradia.fi\/hyvanmielenmessut\/","name":"Tervetuloa Hyv\u00e4n mielen messujen etusivulle! - Hyv\u00e4n mielen messut 7.5.2022","isPartOf":{"@id":"https:\/\/blogit.gradia.fi\/hyvanmielenmessut\/#website"},"primaryImageOfPage":{"@id":"https:\/\/blogit.gradia.fi\/hyvanmielenmessut\/#primaryimage"},"image":{"@id":"https:\/\/blogit.gradia.fi\/hyvanmielenmessut\/#primaryimage"},"thumbnailUrl":"https:\/\/blogit.gradia.fi\/hyvanmielenmessut\/wp-content\/uploads\/sites\/195\/2022\/04\/fudis-1024x768.jpg","datePublished":"2021-04-27T10:26:35+00:00","dateModified":"2022-04-26T13:09:04+00:00","description":"Tervetuloa tapahtuman etusivulle! Pakkaa mukaan reilusti iloista mielt\u00e4 ja suuntaa nokka kohti J\u00e4ms\u00e4nkoskea ja Gradia J\u00e4ms\u00e4n Myllym\u00e4en kampusta!","breadcrumb":{"@id":"https:\/\/blogit.gradia.fi\/hyvanmielenmessut\/#breadcrumb"},"inLanguage":"fi","potentialAction":[{"@type":"ReadAction","target":["https:\/\/blogit.gradia.fi\/hyvanmielenmessut\/"]}]},{"@type":"ImageObject","inLanguage":"fi","@id":"https:\/\/blogit.gradia.fi\/hyvanmielenmessut\/#primaryimage","url":"https:\/\/blogit.gradia.fi\/hyvanmielenmessut\/wp-content\/uploads\/sites\/195\/2022\/04\/fudis.jpg","contentUrl":"https:\/\/blogit.gradia.fi\/hyvanmielenmessut\/wp-content\/uploads\/sites\/195\/2022\/04\/fudis.jpg","width":2048,"height":1536},{"@type":"BreadcrumbList","@id":"https:\/\/blogit.gradia.fi\/hyvanmielenmessut\/#breadcrumb","itemListElement":[{"@type":"ListItem","position":1,"name":"Etusivu","item":"https:\/\/blogit.gradia.fi\/hyvanmielenmessut\/"},{"@type":"ListItem","position":2,"name":"Tervetuloa Hyv\u00e4n mielen messujen etusivulle!"}]},{"@type":"WebSite","@id":"https:\/\/blogit.gradia.fi\/hyvanmielenmessut\/#website","url":"https:\/\/blogit.gradia.fi\/hyvanmielenmessut\/","name":"Hyv\u00e4n mielen messut","description":"Tule hyv\u00e4lle mielelle, Myllym\u00e4en kampukselle!","publisher":{"@id":"https:\/\/blogit.gradia.fi\/hyvanmielenmessut\/#organization"},"potentialAction":[{"@type":"SearchAction","target":{"@type":"EntryPoint","urlTemplate":"https:\/\/blogit.gradia.fi\/hyvanmielenmessut\/?s={search_term_string}"},"query-input":{"@type":"PropertyValueSpecification","valueRequired":true,"valueName":"search_term_string"}}],"inLanguage":"fi"},{"@type":"Organization","@id":"https:\/\/blogit.gradia.fi\/hyvanmielenmessut\/#organization","name":"Gradia","url":"https:\/\/blogit.gradia.fi\/hyvanmielenmessut\/","logo":{"@type":"ImageObject","inLanguage":"fi","@id":"https:\/\/blogit.gradia.fi\/hyvanmielenmessut\/#\/schema\/logo\/image\/","url":"https:\/\/blogit.gradia.fi\/hyvanmielenmessut\/wp-content\/uploads\/sites\/195\/2021\/05\/Gradia-pink.jpg","contentUrl":"https:\/\/blogit.gradia.fi\/hyvanmielenmessut\/wp-content\/uploads\/sites\/195\/2021\/05\/Gradia-pink.jpg","width":1653,"height":382,"caption":"Gradia"},"image":{"@id":"https:\/\/blogit.gradia.fi\/hyvanmielenmessut\/#\/schema\/logo\/image\/"},"sameAs":["https:\/\/www.facebook.com\/liiketoimintajamsa","https:\/\/www.instagram.com\/gradiajamsaliiketoiminta\/"]}]}},"uagb_featured_image_src":{"full":false,"thumbnail":false,"medium":false,"medium_large":false,"large":false,"1536x1536":false,"2048x2048":false,"twentyseventeen-featured-image":false,"twentyseventeen-thumbnail-avatar":false},"uagb_author_info":{"display_name":"Rosa Heinonen","author_link":"https:\/\/blogit.gradia.fi\/hyvanmielenmessut\/author\/gr201289\/"},"uagb_comment_info":0,"uagb_excerpt":"Tule viett\u00e4m\u00e4\u00e4n koko perheen mukavaa tapahtumap\u00e4iv\u00e4\u00e4 Hyv\u00e4n mielen messuille Gradia J\u00e4ms\u00e4n, Myllym\u00e4en yl\u00e4kampuksen luonnonl\u00e4heiseen ymp\u00e4rist\u00f6\u00f6n, lauantaina 7.5.2022! Pakkaa mukaan reilusti iloista mielt\u00e4 ja suuntaa nokka kohti J\u00e4ms\u00e4nkoskea! Tapahtuman portit aukeavat klo 10:00 ja sulkeutuvat 15:00. Tapahtuman tarkoituksena on j\u00e4rjest\u00e4\u00e4 yhteist\u00e4 tekemist\u00e4 perheille ja samalla tarjota mahdollisuus tutustua Gradia J\u00e4ms\u00e4n koulutustarjontaan sek\u00e4 yritysyhteisty\u00f6h\u00f6n.&nbsp; Tapahtuman j\u00e4rjest\u00e4\u00e4 Gradia&hellip;","_links":{"self":[{"href":"https:\/\/blogit.gradia.fi\/hyvanmielenmessut\/wp-json\/wp\/v2\/pages\/142","targetHints":{"allow":["GET"]}}],"collection":[{"href":"https:\/\/blogit.gradia.fi\/hyvanmielenmessut\/wp-json\/wp\/v2\/pages"}],"about":[{"href":"https:\/\/blogit.gradia.fi\/hyvanmielenmessut\/wp-json\/wp\/v2\/types\/page"}],"author":[{"embeddable":true,"href":"https:\/\/blogit.gradia.fi\/hyvanmielenmessut\/wp-json\/wp\/v2\/users\/730"}],"replies":[{"embeddable":true,"href":"https:\/\/blogit.gradia.fi\/hyvanmielenmessut\/wp-json\/wp\/v2\/comments?post=142"}],"version-history":[{"count":44,"href":"https:\/\/blogit.gradia.fi\/hyvanmielenmessut\/wp-json\/wp\/v2\/pages\/142\/revisions"}],"predecessor-version":[{"id":535,"href":"https:\/\/blogit.gradia.fi\/hyvanmielenmessut\/wp-json\/wp\/v2\/pages\/142\/revisions\/535"}],"wp:attachment":[{"href":"https:\/\/blogit.gradia.fi\/hyvanmielenmessut\/wp-json\/wp\/v2\/media?parent=142"}],"curies":[{"name":"wp","href":"https:\/\/api.w.org\/{rel}","templated":true}]}}