{"id":84,"date":"2020-02-11T23:24:08","date_gmt":"2020-02-11T21:24:08","guid":{"rendered":"https:\/\/blogit.gradia.fi\/hengitysvaikeus\/?page_id=84"},"modified":"2020-02-14T22:59:19","modified_gmt":"2020-02-14T20:59:19","slug":"jatkohoito","status":"publish","type":"page","link":"https:\/\/blogit.gradia.fi\/hengitysvaikeus\/potilascase-2\/jatkohoito\/","title":{"rendered":"Jatkohoito"},"content":{"rendered":"\n<p>Lasten l\u00e4kare tutki potilaan ja totesi t\u00e4ll\u00e4 astma (<em>lat. asthma<\/em>), joka on keuhkoputkien limakalvojen tulehdussairaus, mik\u00e4 aiheutta keuhkoputkien supistumista. Kotihoito-ohjeiksi PEF-mittaukset, l\u00e4\u00e4kityksen\u00e4 aloitetaan l\u00e4\u00e4k\u00e4ri ohjeella keuhkoputkia avaava l\u00e4\u00e4ke Salbutamoli annostuksella x, sek\u00e4 keuhkoputkien tulehdusta hillitsev\u00e4n\u00e4 l\u00e4\u00e4kkeen\u00e4 kortikosteroidi inhalaatiot. Potilasta hoitava lasten l\u00e4\u00e4k\u00e4ri p\u00e4\u00e4tt\u00e4\u00e4 hoidon tehon seurannasta l\u00e4hi tulevaisuudessa.<\/p>\n\n\n\n<p> &#8221;<em>Astmakohtauksen ilmaantuessa l\u00e4\u00e4kityst\u00e4 lis\u00e4t\u00e4\u00e4n niin, ett\u00e4 lyhytvaikutteista avaavaa l\u00e4\u00e4kett\u00e4 annostellaan 4\u20136 kertaa vuorokaudessa ja my\u00f6s kortikosteroidiannosta lis\u00e4t\u00e4\u00e4n etuk\u00e4teen annettujen ohjeiden mukaisesti. Astmalasten tulee k\u00e4yd\u00e4 s\u00e4\u00e4nn\u00f6llisesti kontrolleissa, jolloin l\u00e4\u00e4kityksen tarve aina arvioidaan yksil\u00f6llisesti.<\/em> &#8221; (<a href=\"https:\/\/www.terveyskirjasto.fi\/terveyskirjasto\/tk.koti?p_artikkeli=dlk00113\">https:\/\/www.terveyskirjasto.fi\/terveyskirjasto\/tk.koti?p_artikkeli=dlk00113<\/a>)<\/p>\n\n\n\n<figure class=\"wp-block-image size-large\"><img decoding=\"async\" src=\"https:\/\/blogit.gradia.fi\/03ef2f14-322e-448d-917e-828057f67464\" alt=\"Hoitoty\u00f6nsuunnitelma\" \/><\/figure>\n\n\n\n<figure class=\"wp-block-gallery columns-1 is-cropped wp-block-gallery-1 is-layout-flex wp-block-gallery-is-layout-flex\"><ul class=\"blocks-gallery-grid\"><li class=\"blocks-gallery-item\"><figure><img loading=\"lazy\" decoding=\"async\" width=\"724\" height=\"1024\" src=\"https:\/\/blogit.gradia.fi\/hengitysvaikeus\/wp-content\/uploads\/sites\/164\/2020\/02\/EAPKL_hoitoty\u00f6n_suunnitelma-724x1024.jpg\" alt=\"\" data-id=\"170\" class=\"wp-image-170\" srcset=\"https:\/\/blogit.gradia.fi\/hengitysvaikeus\/wp-content\/uploads\/sites\/164\/2020\/02\/EAPKL_hoitoty\u00f6n_suunnitelma-724x1024.jpg 724w, https:\/\/blogit.gradia.fi\/hengitysvaikeus\/wp-content\/uploads\/sites\/164\/2020\/02\/EAPKL_hoitoty\u00f6n_suunnitelma-212x300.jpg 212w, https:\/\/blogit.gradia.fi\/hengitysvaikeus\/wp-content\/uploads\/sites\/164\/2020\/02\/EAPKL_hoitoty\u00f6n_suunnitelma-768x1087.jpg 768w, https:\/\/blogit.gradia.fi\/hengitysvaikeus\/wp-content\/uploads\/sites\/164\/2020\/02\/EAPKL_hoitoty\u00f6n_suunnitelma-1085x1536.jpg 1085w, https:\/\/blogit.gradia.fi\/hengitysvaikeus\/wp-content\/uploads\/sites\/164\/2020\/02\/EAPKL_hoitoty\u00f6n_suunnitelma-1447x2048.jpg 1447w, https:\/\/blogit.gradia.fi\/hengitysvaikeus\/wp-content\/uploads\/sites\/164\/2020\/02\/EAPKL_hoitoty\u00f6n_suunnitelma-620x877.jpg 620w, https:\/\/blogit.gradia.fi\/hengitysvaikeus\/wp-content\/uploads\/sites\/164\/2020\/02\/EAPKL_hoitoty\u00f6n_suunnitelma-scaled.jpg 1809w\" sizes=\"auto, (max-width: 724px) 100vw, 724px\" \/><figcaption class=\"blocks-gallery-item__caption\">&#8221;&#8221;&#8221;&#8221;&#8221;&#8221;&#8221;&#8221;&#8221;&#8221;&#8221;&#8221;&#8221;&#8221;&#8221;&#8221;&#8221;&#8221;&#8221;&#8221;T\u00c4M\u00c4 TUTKINTA -SIVULLE! &#8221;&#8221;&#8221;&#8221;&#8221;&#8221;&#8221;<\/figcaption><\/figure><\/li><\/ul><\/figure>\n","protected":false},"excerpt":{"rendered":"<p>Lasten l\u00e4kare tutki potilaan ja totesi t\u00e4ll\u00e4 astma (lat. asthma), joka on keuhkoputkien limakalvojen tulehdussairaus, mik\u00e4 aiheutta keuhkoputkien supistumista. Kotihoito-ohjeiksi PEF-mittaukset, l\u00e4\u00e4kityksen\u00e4 aloitetaan l\u00e4\u00e4k\u00e4ri ohjeella keuhkoputkia avaava l\u00e4\u00e4ke Salbutamoli annostuksella x, sek\u00e4 keuhkoputkien tulehdusta hillitsev\u00e4n\u00e4 l\u00e4\u00e4kkeen\u00e4 kortikosteroidi inhalaatiot. Potilasta hoitava lasten l\u00e4\u00e4k\u00e4ri p\u00e4\u00e4tt\u00e4\u00e4 hoidon tehon seurannasta l\u00e4hi tulevaisuudessa. &#8221;Astmakohtauksen ilmaantuessa l\u00e4\u00e4kityst\u00e4 lis\u00e4t\u00e4\u00e4n niin, ett\u00e4 lyhytvaikutteista [&hellip;]<\/p>\n","protected":false},"author":677,"featured_media":0,"parent":78,"menu_order":2,"comment_status":"closed","ping_status":"closed","template":"","meta":{"_uag_custom_page_level_css":"","footnotes":""},"class_list":["post-84","page","type-page","status-publish","hentry"],"yoast_head":"<!-- This site is optimized with the Yoast SEO plugin v27.4 - https:\/\/yoast.com\/product\/yoast-seo-wordpress\/ -->\n<title>Jatkohoito - Hengitysvaikeus<\/title>\n<meta name=\"robots\" content=\"index, follow, max-snippet:-1, max-image-preview:large, max-video-preview:-1\" \/>\n<link rel=\"canonical\" href=\"https:\/\/blogit.gradia.fi\/hengitysvaikeus\/potilascase-2\/jatkohoito\/\" \/>\n<meta property=\"og:locale\" content=\"fi_FI\" \/>\n<meta property=\"og:type\" content=\"article\" \/>\n<meta property=\"og:title\" content=\"Jatkohoito - Hengitysvaikeus\" \/>\n<meta property=\"og:description\" content=\"Lasten l\u00e4kare tutki potilaan ja totesi t\u00e4ll\u00e4 astma (lat. asthma), joka on keuhkoputkien limakalvojen tulehdussairaus, mik\u00e4 aiheutta keuhkoputkien supistumista. Kotihoito-ohjeiksi PEF-mittaukset, l\u00e4\u00e4kityksen\u00e4 aloitetaan l\u00e4\u00e4k\u00e4ri ohjeella keuhkoputkia avaava l\u00e4\u00e4ke Salbutamoli annostuksella x, sek\u00e4 keuhkoputkien tulehdusta hillitsev\u00e4n\u00e4 l\u00e4\u00e4kkeen\u00e4 kortikosteroidi inhalaatiot. Potilasta hoitava lasten l\u00e4\u00e4k\u00e4ri p\u00e4\u00e4tt\u00e4\u00e4 hoidon tehon seurannasta l\u00e4hi tulevaisuudessa. &#8221;Astmakohtauksen ilmaantuessa l\u00e4\u00e4kityst\u00e4 lis\u00e4t\u00e4\u00e4n niin, ett\u00e4 lyhytvaikutteista [&hellip;]\" \/>\n<meta property=\"og:url\" content=\"https:\/\/blogit.gradia.fi\/hengitysvaikeus\/potilascase-2\/jatkohoito\/\" \/>\n<meta property=\"og:site_name\" content=\"Hengitysvaikeus\" \/>\n<meta property=\"article:modified_time\" content=\"2020-02-14T20:59:19+00:00\" \/>\n<meta property=\"og:image\" content=\"https:\/\/blogit.gradia.fi\/03ef2f14-322e-448d-917e-828057f67464\" \/>\n<meta name=\"twitter:card\" content=\"summary_large_image\" \/>\n<meta name=\"twitter:label1\" content=\"Arvioitu lukuaika\" \/>\n\t<meta name=\"twitter:data1\" content=\"1 minuutti\" \/>\n<script type=\"application\/ld+json\" class=\"yoast-schema-graph\">{\"@context\":\"https:\\\/\\\/schema.org\",\"@graph\":[{\"@type\":\"WebPage\",\"@id\":\"https:\\\/\\\/blogit.gradia.fi\\\/hengitysvaikeus\\\/potilascase-2\\\/jatkohoito\\\/\",\"url\":\"https:\\\/\\\/blogit.gradia.fi\\\/hengitysvaikeus\\\/potilascase-2\\\/jatkohoito\\\/\",\"name\":\"Jatkohoito - Hengitysvaikeus\",\"isPartOf\":{\"@id\":\"https:\\\/\\\/blogit.gradia.fi\\\/hengitysvaikeus\\\/#website\"},\"primaryImageOfPage\":{\"@id\":\"https:\\\/\\\/blogit.gradia.fi\\\/hengitysvaikeus\\\/potilascase-2\\\/jatkohoito\\\/#primaryimage\"},\"image\":{\"@id\":\"https:\\\/\\\/blogit.gradia.fi\\\/hengitysvaikeus\\\/potilascase-2\\\/jatkohoito\\\/#primaryimage\"},\"thumbnailUrl\":\"https:\\\/\\\/blogit.gradia.fi\\\/03ef2f14-322e-448d-917e-828057f67464\",\"datePublished\":\"2020-02-11T21:24:08+00:00\",\"dateModified\":\"2020-02-14T20:59:19+00:00\",\"breadcrumb\":{\"@id\":\"https:\\\/\\\/blogit.gradia.fi\\\/hengitysvaikeus\\\/potilascase-2\\\/jatkohoito\\\/#breadcrumb\"},\"inLanguage\":\"fi\",\"potentialAction\":[{\"@type\":\"ReadAction\",\"target\":[\"https:\\\/\\\/blogit.gradia.fi\\\/hengitysvaikeus\\\/potilascase-2\\\/jatkohoito\\\/\"]}]},{\"@type\":\"ImageObject\",\"inLanguage\":\"fi\",\"@id\":\"https:\\\/\\\/blogit.gradia.fi\\\/hengitysvaikeus\\\/potilascase-2\\\/jatkohoito\\\/#primaryimage\",\"url\":\"https:\\\/\\\/blogit.gradia.fi\\\/03ef2f14-322e-448d-917e-828057f67464\",\"contentUrl\":\"https:\\\/\\\/blogit.gradia.fi\\\/03ef2f14-322e-448d-917e-828057f67464\"},{\"@type\":\"BreadcrumbList\",\"@id\":\"https:\\\/\\\/blogit.gradia.fi\\\/hengitysvaikeus\\\/potilascase-2\\\/jatkohoito\\\/#breadcrumb\",\"itemListElement\":[{\"@type\":\"ListItem\",\"position\":1,\"name\":\"Home\",\"item\":\"https:\\\/\\\/blogit.gradia.fi\\\/hengitysvaikeus\\\/\"},{\"@type\":\"ListItem\",\"position\":2,\"name\":\"Potilascase\",\"item\":\"https:\\\/\\\/blogit.gradia.fi\\\/hengitysvaikeus\\\/\"},{\"@type\":\"ListItem\",\"position\":3,\"name\":\"Jatkohoito\"}]},{\"@type\":\"WebSite\",\"@id\":\"https:\\\/\\\/blogit.gradia.fi\\\/hengitysvaikeus\\\/#website\",\"url\":\"https:\\\/\\\/blogit.gradia.fi\\\/hengitysvaikeus\\\/\",\"name\":\"Hengitysvaikeus\",\"description\":\"\",\"potentialAction\":[{\"@type\":\"SearchAction\",\"target\":{\"@type\":\"EntryPoint\",\"urlTemplate\":\"https:\\\/\\\/blogit.gradia.fi\\\/hengitysvaikeus\\\/?s={search_term_string}\"},\"query-input\":{\"@type\":\"PropertyValueSpecification\",\"valueRequired\":true,\"valueName\":\"search_term_string\"}}],\"inLanguage\":\"fi\"}]}<\/script>\n<!-- \/ Yoast SEO plugin. -->","yoast_head_json":{"title":"Jatkohoito - Hengitysvaikeus","robots":{"index":"index","follow":"follow","max-snippet":"max-snippet:-1","max-image-preview":"max-image-preview:large","max-video-preview":"max-video-preview:-1"},"canonical":"https:\/\/blogit.gradia.fi\/hengitysvaikeus\/potilascase-2\/jatkohoito\/","og_locale":"fi_FI","og_type":"article","og_title":"Jatkohoito - Hengitysvaikeus","og_description":"Lasten l\u00e4kare tutki potilaan ja totesi t\u00e4ll\u00e4 astma (lat. asthma), joka on keuhkoputkien limakalvojen tulehdussairaus, mik\u00e4 aiheutta keuhkoputkien supistumista. Kotihoito-ohjeiksi PEF-mittaukset, l\u00e4\u00e4kityksen\u00e4 aloitetaan l\u00e4\u00e4k\u00e4ri ohjeella keuhkoputkia avaava l\u00e4\u00e4ke Salbutamoli annostuksella x, sek\u00e4 keuhkoputkien tulehdusta hillitsev\u00e4n\u00e4 l\u00e4\u00e4kkeen\u00e4 kortikosteroidi inhalaatiot. Potilasta hoitava lasten l\u00e4\u00e4k\u00e4ri p\u00e4\u00e4tt\u00e4\u00e4 hoidon tehon seurannasta l\u00e4hi tulevaisuudessa. &#8221;Astmakohtauksen ilmaantuessa l\u00e4\u00e4kityst\u00e4 lis\u00e4t\u00e4\u00e4n niin, ett\u00e4 lyhytvaikutteista [&hellip;]","og_url":"https:\/\/blogit.gradia.fi\/hengitysvaikeus\/potilascase-2\/jatkohoito\/","og_site_name":"Hengitysvaikeus","article_modified_time":"2020-02-14T20:59:19+00:00","og_image":[{"url":"https:\/\/blogit.gradia.fi\/03ef2f14-322e-448d-917e-828057f67464","type":"","width":"","height":""}],"twitter_card":"summary_large_image","twitter_misc":{"Arvioitu lukuaika":"1 minuutti"},"schema":{"@context":"https:\/\/schema.org","@graph":[{"@type":"WebPage","@id":"https:\/\/blogit.gradia.fi\/hengitysvaikeus\/potilascase-2\/jatkohoito\/","url":"https:\/\/blogit.gradia.fi\/hengitysvaikeus\/potilascase-2\/jatkohoito\/","name":"Jatkohoito - Hengitysvaikeus","isPartOf":{"@id":"https:\/\/blogit.gradia.fi\/hengitysvaikeus\/#website"},"primaryImageOfPage":{"@id":"https:\/\/blogit.gradia.fi\/hengitysvaikeus\/potilascase-2\/jatkohoito\/#primaryimage"},"image":{"@id":"https:\/\/blogit.gradia.fi\/hengitysvaikeus\/potilascase-2\/jatkohoito\/#primaryimage"},"thumbnailUrl":"https:\/\/blogit.gradia.fi\/03ef2f14-322e-448d-917e-828057f67464","datePublished":"2020-02-11T21:24:08+00:00","dateModified":"2020-02-14T20:59:19+00:00","breadcrumb":{"@id":"https:\/\/blogit.gradia.fi\/hengitysvaikeus\/potilascase-2\/jatkohoito\/#breadcrumb"},"inLanguage":"fi","potentialAction":[{"@type":"ReadAction","target":["https:\/\/blogit.gradia.fi\/hengitysvaikeus\/potilascase-2\/jatkohoito\/"]}]},{"@type":"ImageObject","inLanguage":"fi","@id":"https:\/\/blogit.gradia.fi\/hengitysvaikeus\/potilascase-2\/jatkohoito\/#primaryimage","url":"https:\/\/blogit.gradia.fi\/03ef2f14-322e-448d-917e-828057f67464","contentUrl":"https:\/\/blogit.gradia.fi\/03ef2f14-322e-448d-917e-828057f67464"},{"@type":"BreadcrumbList","@id":"https:\/\/blogit.gradia.fi\/hengitysvaikeus\/potilascase-2\/jatkohoito\/#breadcrumb","itemListElement":[{"@type":"ListItem","position":1,"name":"Home","item":"https:\/\/blogit.gradia.fi\/hengitysvaikeus\/"},{"@type":"ListItem","position":2,"name":"Potilascase","item":"https:\/\/blogit.gradia.fi\/hengitysvaikeus\/"},{"@type":"ListItem","position":3,"name":"Jatkohoito"}]},{"@type":"WebSite","@id":"https:\/\/blogit.gradia.fi\/hengitysvaikeus\/#website","url":"https:\/\/blogit.gradia.fi\/hengitysvaikeus\/","name":"Hengitysvaikeus","description":"","potentialAction":[{"@type":"SearchAction","target":{"@type":"EntryPoint","urlTemplate":"https:\/\/blogit.gradia.fi\/hengitysvaikeus\/?s={search_term_string}"},"query-input":{"@type":"PropertyValueSpecification","valueRequired":true,"valueName":"search_term_string"}}],"inLanguage":"fi"}]}},"uagb_featured_image_src":{"full":false,"thumbnail":false,"medium":false,"medium_large":false,"large":false,"1536x1536":false,"2048x2048":false,"post-thumbnail":false},"uagb_author_info":{"display_name":"Martti Ruokonen","author_link":"https:\/\/blogit.gradia.fi\/hengitysvaikeus\/author\/gr191912\/"},"uagb_comment_info":0,"uagb_excerpt":"Lasten l\u00e4kare tutki potilaan ja totesi t\u00e4ll\u00e4 astma (lat. asthma), joka on keuhkoputkien limakalvojen tulehdussairaus, mik\u00e4 aiheutta keuhkoputkien supistumista. Kotihoito-ohjeiksi PEF-mittaukset, l\u00e4\u00e4kityksen\u00e4 aloitetaan l\u00e4\u00e4k\u00e4ri ohjeella keuhkoputkia avaava l\u00e4\u00e4ke Salbutamoli annostuksella x, sek\u00e4 keuhkoputkien tulehdusta hillitsev\u00e4n\u00e4 l\u00e4\u00e4kkeen\u00e4 kortikosteroidi inhalaatiot. Potilasta hoitava lasten l\u00e4\u00e4k\u00e4ri p\u00e4\u00e4tt\u00e4\u00e4 hoidon tehon seurannasta l\u00e4hi tulevaisuudessa. &#8221;Astmakohtauksen ilmaantuessa l\u00e4\u00e4kityst\u00e4 lis\u00e4t\u00e4\u00e4n niin, ett\u00e4 lyhytvaikutteista&hellip;","_links":{"self":[{"href":"https:\/\/blogit.gradia.fi\/hengitysvaikeus\/wp-json\/wp\/v2\/pages\/84","targetHints":{"allow":["GET"]}}],"collection":[{"href":"https:\/\/blogit.gradia.fi\/hengitysvaikeus\/wp-json\/wp\/v2\/pages"}],"about":[{"href":"https:\/\/blogit.gradia.fi\/hengitysvaikeus\/wp-json\/wp\/v2\/types\/page"}],"author":[{"embeddable":true,"href":"https:\/\/blogit.gradia.fi\/hengitysvaikeus\/wp-json\/wp\/v2\/users\/677"}],"replies":[{"embeddable":true,"href":"https:\/\/blogit.gradia.fi\/hengitysvaikeus\/wp-json\/wp\/v2\/comments?post=84"}],"version-history":[{"count":5,"href":"https:\/\/blogit.gradia.fi\/hengitysvaikeus\/wp-json\/wp\/v2\/pages\/84\/revisions"}],"predecessor-version":[{"id":182,"href":"https:\/\/blogit.gradia.fi\/hengitysvaikeus\/wp-json\/wp\/v2\/pages\/84\/revisions\/182"}],"up":[{"embeddable":true,"href":"https:\/\/blogit.gradia.fi\/hengitysvaikeus\/wp-json\/wp\/v2\/pages\/78"}],"wp:attachment":[{"href":"https:\/\/blogit.gradia.fi\/hengitysvaikeus\/wp-json\/wp\/v2\/media?parent=84"}],"curies":[{"name":"wp","href":"https:\/\/api.w.org\/{rel}","templated":true}]}}