{"id":82,"date":"2020-02-11T23:22:23","date_gmt":"2020-02-11T21:22:23","guid":{"rendered":"https:\/\/blogit.gradia.fi\/hengitysvaikeus\/?page_id=82"},"modified":"2020-02-17T12:04:53","modified_gmt":"2020-02-17T10:04:53","slug":"dagnoosi","status":"publish","type":"page","link":"https:\/\/blogit.gradia.fi\/hengitysvaikeus\/potilascase-2\/dagnoosi\/","title":{"rendered":"Tutkiminen"},"content":{"rendered":"\n<h2 class=\"wp-block-heading\">Status:<\/h2>\n\n\n\n<p>Vitaalit: RR 110\/65, p. 105\/min, SpO2 94% hi, HF 23\/min, l\u00e4mp\u00f6 36.5c t.oto, B-Gluk 5.0, GCS 15. <\/p>\n\n\n\n<p>RAD+, nopea, verenpaineet ok. Hengitys avointa, pinnallista, HT koholla, uloshengitt\u00e4ess\u00e4 vinkunaa. Puhuu lauseita. Kasvot kalpeat, ei syanoosin merkkej\u00e4. Ruumiinl\u00e4mp\u00f6 ok. Olemus voipunut ja hiljainen, ei sekavuutta, ei pahoinvointia. Iho l\/k, periferia viile\u00e4hk\u00f6 (johtunee ulkona oleilusta).<br>Ei aikaisemmin todettuja perussairauksia, ei l\u00e4\u00e4kityksi\u00e4. <\/p>\n\n\n\n<p>Tehd\u00e4\u00e4n viel\u00e4 PEF-mittaus huomioiden  hyv\u00e4 potilasohjaus mittaukseen, avaavan l\u00e4\u00e4kkeen inhalointiin ja tulosten kirjaamiseen.  <\/p>\n\n\n\n<ul class=\"wp-block-list\"><li>Nollaa mittari <\/li><li>Ved\u00e4 keuhkot mahdollisimman t\u00e4yteen ilmaa <\/li><li>Laita mittarin suukappale tiiviisti huulten ja hampaiden v\u00e4liin <\/li><li>Puhalla mittariin lyhyt, maksimaalisen voimakas puhallus <\/li><li>Kirjaa tulos muistiin <\/li><li>Tee mittaus mieluiten seisten, jos mahdollista.<\/li><li>Huom! Mittaukset aina samassa asennossa <\/li><\/ul>\n\n\n\n<p>PEF-mittauksen tulos: 150. Annetaan l\u00e4\u00e4k\u00e4rin suosituksesta keuhkoputkia avaavaa l\u00e4\u00e4kett\u00e4 (Salbutamoli) tilanjatkeella  inhaloiden. T\u00e4m\u00e4 tuntuu potilasta auttavan, SpO2 nousee 98% (hi) l\u00e4\u00e4kkeenannon j\u00e4lkeen. Nyt potilaan tila vakaa, siirret\u00e4\u00e4n odottamaan lasten l\u00e4\u00e4k\u00e4rille p\u00e4\u00e4sy\u00e4, joka toteaa potilaan taudin ja antaa jatkohoito-ohjeet. Kysyt\u00e4\u00e4n viel\u00e4 l\u00e4\u00e4k\u00e4rilt\u00e4, selvitt\u00e4isik\u00f6 onko allergioita, jotka voisivat mahdollisesti pahentaa oireita.<\/p>\n","protected":false},"excerpt":{"rendered":"<p>Status: Vitaalit: RR 110\/65, p. 105\/min, SpO2 94% hi, HF 23\/min, l\u00e4mp\u00f6 36.5c t.oto, B-Gluk 5.0, GCS 15. RAD+, nopea, verenpaineet ok. Hengitys avointa, pinnallista, HT koholla, uloshengitt\u00e4ess\u00e4 vinkunaa. Puhuu lauseita. Kasvot kalpeat, ei syanoosin merkkej\u00e4. Ruumiinl\u00e4mp\u00f6 ok. Olemus voipunut ja hiljainen, ei sekavuutta, ei pahoinvointia. Iho l\/k, periferia viile\u00e4hk\u00f6 (johtunee ulkona oleilusta).Ei aikaisemmin todettuja [&hellip;]<\/p>\n","protected":false},"author":677,"featured_media":139,"parent":78,"menu_order":1,"comment_status":"closed","ping_status":"closed","template":"","meta":{"_uag_custom_page_level_css":"","footnotes":""},"class_list":["post-82","page","type-page","status-publish","has-post-thumbnail","hentry"],"yoast_head":"<!-- This site is optimized with the Yoast SEO plugin v27.4 - https:\/\/yoast.com\/product\/yoast-seo-wordpress\/ -->\n<title>Tutkiminen - Hengitysvaikeus<\/title>\n<meta name=\"robots\" content=\"index, follow, max-snippet:-1, max-image-preview:large, max-video-preview:-1\" \/>\n<link rel=\"canonical\" href=\"https:\/\/blogit.gradia.fi\/hengitysvaikeus\/potilascase-2\/dagnoosi\/\" \/>\n<meta property=\"og:locale\" content=\"fi_FI\" \/>\n<meta property=\"og:type\" content=\"article\" \/>\n<meta property=\"og:title\" content=\"Tutkiminen - Hengitysvaikeus\" \/>\n<meta property=\"og:description\" content=\"Status: Vitaalit: RR 110\/65, p. 105\/min, SpO2 94% hi, HF 23\/min, l\u00e4mp\u00f6 36.5c t.oto, B-Gluk 5.0, GCS 15. RAD+, nopea, verenpaineet ok. Hengitys avointa, pinnallista, HT koholla, uloshengitt\u00e4ess\u00e4 vinkunaa. Puhuu lauseita. Kasvot kalpeat, ei syanoosin merkkej\u00e4. Ruumiinl\u00e4mp\u00f6 ok. Olemus voipunut ja hiljainen, ei sekavuutta, ei pahoinvointia. Iho l\/k, periferia viile\u00e4hk\u00f6 (johtunee ulkona oleilusta).Ei aikaisemmin todettuja [&hellip;]\" \/>\n<meta property=\"og:url\" content=\"https:\/\/blogit.gradia.fi\/hengitysvaikeus\/potilascase-2\/dagnoosi\/\" \/>\n<meta property=\"og:site_name\" content=\"Hengitysvaikeus\" \/>\n<meta property=\"article:modified_time\" content=\"2020-02-17T10:04:53+00:00\" \/>\n<meta property=\"og:image\" content=\"https:\/\/blogit.gradia.fi\/hengitysvaikeus\/wp-content\/uploads\/sites\/164\/2020\/02\/476BA209-BCD8-4B0A-8D8A-64441776196D.jpeg\" \/>\n\t<meta property=\"og:image:width\" content=\"996\" \/>\n\t<meta property=\"og:image:height\" content=\"1012\" \/>\n\t<meta property=\"og:image:type\" content=\"image\/jpeg\" \/>\n<meta name=\"twitter:card\" content=\"summary_large_image\" \/>\n<meta name=\"twitter:label1\" content=\"Arvioitu lukuaika\" \/>\n\t<meta name=\"twitter:data1\" content=\"1 minuutti\" \/>\n<script type=\"application\/ld+json\" class=\"yoast-schema-graph\">{\"@context\":\"https:\\\/\\\/schema.org\",\"@graph\":[{\"@type\":\"WebPage\",\"@id\":\"https:\\\/\\\/blogit.gradia.fi\\\/hengitysvaikeus\\\/potilascase-2\\\/dagnoosi\\\/\",\"url\":\"https:\\\/\\\/blogit.gradia.fi\\\/hengitysvaikeus\\\/potilascase-2\\\/dagnoosi\\\/\",\"name\":\"Tutkiminen - Hengitysvaikeus\",\"isPartOf\":{\"@id\":\"https:\\\/\\\/blogit.gradia.fi\\\/hengitysvaikeus\\\/#website\"},\"primaryImageOfPage\":{\"@id\":\"https:\\\/\\\/blogit.gradia.fi\\\/hengitysvaikeus\\\/potilascase-2\\\/dagnoosi\\\/#primaryimage\"},\"image\":{\"@id\":\"https:\\\/\\\/blogit.gradia.fi\\\/hengitysvaikeus\\\/potilascase-2\\\/dagnoosi\\\/#primaryimage\"},\"thumbnailUrl\":\"https:\\\/\\\/blogit.gradia.fi\\\/hengitysvaikeus\\\/wp-content\\\/uploads\\\/sites\\\/164\\\/2020\\\/02\\\/476BA209-BCD8-4B0A-8D8A-64441776196D.jpeg\",\"datePublished\":\"2020-02-11T21:22:23+00:00\",\"dateModified\":\"2020-02-17T10:04:53+00:00\",\"breadcrumb\":{\"@id\":\"https:\\\/\\\/blogit.gradia.fi\\\/hengitysvaikeus\\\/potilascase-2\\\/dagnoosi\\\/#breadcrumb\"},\"inLanguage\":\"fi\",\"potentialAction\":[{\"@type\":\"ReadAction\",\"target\":[\"https:\\\/\\\/blogit.gradia.fi\\\/hengitysvaikeus\\\/potilascase-2\\\/dagnoosi\\\/\"]}]},{\"@type\":\"ImageObject\",\"inLanguage\":\"fi\",\"@id\":\"https:\\\/\\\/blogit.gradia.fi\\\/hengitysvaikeus\\\/potilascase-2\\\/dagnoosi\\\/#primaryimage\",\"url\":\"https:\\\/\\\/blogit.gradia.fi\\\/hengitysvaikeus\\\/wp-content\\\/uploads\\\/sites\\\/164\\\/2020\\\/02\\\/476BA209-BCD8-4B0A-8D8A-64441776196D.jpeg\",\"contentUrl\":\"https:\\\/\\\/blogit.gradia.fi\\\/hengitysvaikeus\\\/wp-content\\\/uploads\\\/sites\\\/164\\\/2020\\\/02\\\/476BA209-BCD8-4B0A-8D8A-64441776196D.jpeg\",\"width\":996,\"height\":1012},{\"@type\":\"BreadcrumbList\",\"@id\":\"https:\\\/\\\/blogit.gradia.fi\\\/hengitysvaikeus\\\/potilascase-2\\\/dagnoosi\\\/#breadcrumb\",\"itemListElement\":[{\"@type\":\"ListItem\",\"position\":1,\"name\":\"Home\",\"item\":\"https:\\\/\\\/blogit.gradia.fi\\\/hengitysvaikeus\\\/\"},{\"@type\":\"ListItem\",\"position\":2,\"name\":\"Potilascase\",\"item\":\"https:\\\/\\\/blogit.gradia.fi\\\/hengitysvaikeus\\\/\"},{\"@type\":\"ListItem\",\"position\":3,\"name\":\"Tutkiminen\"}]},{\"@type\":\"WebSite\",\"@id\":\"https:\\\/\\\/blogit.gradia.fi\\\/hengitysvaikeus\\\/#website\",\"url\":\"https:\\\/\\\/blogit.gradia.fi\\\/hengitysvaikeus\\\/\",\"name\":\"Hengitysvaikeus\",\"description\":\"\",\"potentialAction\":[{\"@type\":\"SearchAction\",\"target\":{\"@type\":\"EntryPoint\",\"urlTemplate\":\"https:\\\/\\\/blogit.gradia.fi\\\/hengitysvaikeus\\\/?s={search_term_string}\"},\"query-input\":{\"@type\":\"PropertyValueSpecification\",\"valueRequired\":true,\"valueName\":\"search_term_string\"}}],\"inLanguage\":\"fi\"}]}<\/script>\n<!-- \/ Yoast SEO plugin. -->","yoast_head_json":{"title":"Tutkiminen - Hengitysvaikeus","robots":{"index":"index","follow":"follow","max-snippet":"max-snippet:-1","max-image-preview":"max-image-preview:large","max-video-preview":"max-video-preview:-1"},"canonical":"https:\/\/blogit.gradia.fi\/hengitysvaikeus\/potilascase-2\/dagnoosi\/","og_locale":"fi_FI","og_type":"article","og_title":"Tutkiminen - Hengitysvaikeus","og_description":"Status: Vitaalit: RR 110\/65, p. 105\/min, SpO2 94% hi, HF 23\/min, l\u00e4mp\u00f6 36.5c t.oto, B-Gluk 5.0, GCS 15. RAD+, nopea, verenpaineet ok. Hengitys avointa, pinnallista, HT koholla, uloshengitt\u00e4ess\u00e4 vinkunaa. Puhuu lauseita. Kasvot kalpeat, ei syanoosin merkkej\u00e4. Ruumiinl\u00e4mp\u00f6 ok. Olemus voipunut ja hiljainen, ei sekavuutta, ei pahoinvointia. Iho l\/k, periferia viile\u00e4hk\u00f6 (johtunee ulkona oleilusta).Ei aikaisemmin todettuja [&hellip;]","og_url":"https:\/\/blogit.gradia.fi\/hengitysvaikeus\/potilascase-2\/dagnoosi\/","og_site_name":"Hengitysvaikeus","article_modified_time":"2020-02-17T10:04:53+00:00","og_image":[{"width":996,"height":1012,"url":"https:\/\/blogit.gradia.fi\/hengitysvaikeus\/wp-content\/uploads\/sites\/164\/2020\/02\/476BA209-BCD8-4B0A-8D8A-64441776196D.jpeg","type":"image\/jpeg"}],"twitter_card":"summary_large_image","twitter_misc":{"Arvioitu lukuaika":"1 minuutti"},"schema":{"@context":"https:\/\/schema.org","@graph":[{"@type":"WebPage","@id":"https:\/\/blogit.gradia.fi\/hengitysvaikeus\/potilascase-2\/dagnoosi\/","url":"https:\/\/blogit.gradia.fi\/hengitysvaikeus\/potilascase-2\/dagnoosi\/","name":"Tutkiminen - Hengitysvaikeus","isPartOf":{"@id":"https:\/\/blogit.gradia.fi\/hengitysvaikeus\/#website"},"primaryImageOfPage":{"@id":"https:\/\/blogit.gradia.fi\/hengitysvaikeus\/potilascase-2\/dagnoosi\/#primaryimage"},"image":{"@id":"https:\/\/blogit.gradia.fi\/hengitysvaikeus\/potilascase-2\/dagnoosi\/#primaryimage"},"thumbnailUrl":"https:\/\/blogit.gradia.fi\/hengitysvaikeus\/wp-content\/uploads\/sites\/164\/2020\/02\/476BA209-BCD8-4B0A-8D8A-64441776196D.jpeg","datePublished":"2020-02-11T21:22:23+00:00","dateModified":"2020-02-17T10:04:53+00:00","breadcrumb":{"@id":"https:\/\/blogit.gradia.fi\/hengitysvaikeus\/potilascase-2\/dagnoosi\/#breadcrumb"},"inLanguage":"fi","potentialAction":[{"@type":"ReadAction","target":["https:\/\/blogit.gradia.fi\/hengitysvaikeus\/potilascase-2\/dagnoosi\/"]}]},{"@type":"ImageObject","inLanguage":"fi","@id":"https:\/\/blogit.gradia.fi\/hengitysvaikeus\/potilascase-2\/dagnoosi\/#primaryimage","url":"https:\/\/blogit.gradia.fi\/hengitysvaikeus\/wp-content\/uploads\/sites\/164\/2020\/02\/476BA209-BCD8-4B0A-8D8A-64441776196D.jpeg","contentUrl":"https:\/\/blogit.gradia.fi\/hengitysvaikeus\/wp-content\/uploads\/sites\/164\/2020\/02\/476BA209-BCD8-4B0A-8D8A-64441776196D.jpeg","width":996,"height":1012},{"@type":"BreadcrumbList","@id":"https:\/\/blogit.gradia.fi\/hengitysvaikeus\/potilascase-2\/dagnoosi\/#breadcrumb","itemListElement":[{"@type":"ListItem","position":1,"name":"Home","item":"https:\/\/blogit.gradia.fi\/hengitysvaikeus\/"},{"@type":"ListItem","position":2,"name":"Potilascase","item":"https:\/\/blogit.gradia.fi\/hengitysvaikeus\/"},{"@type":"ListItem","position":3,"name":"Tutkiminen"}]},{"@type":"WebSite","@id":"https:\/\/blogit.gradia.fi\/hengitysvaikeus\/#website","url":"https:\/\/blogit.gradia.fi\/hengitysvaikeus\/","name":"Hengitysvaikeus","description":"","potentialAction":[{"@type":"SearchAction","target":{"@type":"EntryPoint","urlTemplate":"https:\/\/blogit.gradia.fi\/hengitysvaikeus\/?s={search_term_string}"},"query-input":{"@type":"PropertyValueSpecification","valueRequired":true,"valueName":"search_term_string"}}],"inLanguage":"fi"}]}},"uagb_featured_image_src":{"full":["https:\/\/blogit.gradia.fi\/hengitysvaikeus\/wp-content\/uploads\/sites\/164\/2020\/02\/476BA209-BCD8-4B0A-8D8A-64441776196D.jpeg",996,1012,false],"thumbnail":["https:\/\/blogit.gradia.fi\/hengitysvaikeus\/wp-content\/uploads\/sites\/164\/2020\/02\/476BA209-BCD8-4B0A-8D8A-64441776196D-150x150.jpeg",150,150,true],"medium":["https:\/\/blogit.gradia.fi\/hengitysvaikeus\/wp-content\/uploads\/sites\/164\/2020\/02\/476BA209-BCD8-4B0A-8D8A-64441776196D-295x300.jpeg",295,300,true],"medium_large":["https:\/\/blogit.gradia.fi\/hengitysvaikeus\/wp-content\/uploads\/sites\/164\/2020\/02\/476BA209-BCD8-4B0A-8D8A-64441776196D-768x780.jpeg",620,630,true],"large":["https:\/\/blogit.gradia.fi\/hengitysvaikeus\/wp-content\/uploads\/sites\/164\/2020\/02\/476BA209-BCD8-4B0A-8D8A-64441776196D.jpeg",620,630,false],"1536x1536":["https:\/\/blogit.gradia.fi\/hengitysvaikeus\/wp-content\/uploads\/sites\/164\/2020\/02\/476BA209-BCD8-4B0A-8D8A-64441776196D.jpeg",996,1012,false],"2048x2048":["https:\/\/blogit.gradia.fi\/hengitysvaikeus\/wp-content\/uploads\/sites\/164\/2020\/02\/476BA209-BCD8-4B0A-8D8A-64441776196D.jpeg",996,1012,false],"post-thumbnail":["https:\/\/blogit.gradia.fi\/hengitysvaikeus\/wp-content\/uploads\/sites\/164\/2020\/02\/476BA209-BCD8-4B0A-8D8A-64441776196D-620x630.jpeg",620,630,true]},"uagb_author_info":{"display_name":"Martti Ruokonen","author_link":"https:\/\/blogit.gradia.fi\/hengitysvaikeus\/author\/gr191912\/"},"uagb_comment_info":0,"uagb_excerpt":"Status: Vitaalit: RR 110\/65, p. 105\/min, SpO2 94% hi, HF 23\/min, l\u00e4mp\u00f6 36.5c t.oto, B-Gluk 5.0, GCS 15. RAD+, nopea, verenpaineet ok. Hengitys avointa, pinnallista, HT koholla, uloshengitt\u00e4ess\u00e4 vinkunaa. Puhuu lauseita. Kasvot kalpeat, ei syanoosin merkkej\u00e4. Ruumiinl\u00e4mp\u00f6 ok. Olemus voipunut ja hiljainen, ei sekavuutta, ei pahoinvointia. Iho l\/k, periferia viile\u00e4hk\u00f6 (johtunee ulkona oleilusta).Ei aikaisemmin todettuja&hellip;","_links":{"self":[{"href":"https:\/\/blogit.gradia.fi\/hengitysvaikeus\/wp-json\/wp\/v2\/pages\/82","targetHints":{"allow":["GET"]}}],"collection":[{"href":"https:\/\/blogit.gradia.fi\/hengitysvaikeus\/wp-json\/wp\/v2\/pages"}],"about":[{"href":"https:\/\/blogit.gradia.fi\/hengitysvaikeus\/wp-json\/wp\/v2\/types\/page"}],"author":[{"embeddable":true,"href":"https:\/\/blogit.gradia.fi\/hengitysvaikeus\/wp-json\/wp\/v2\/users\/677"}],"replies":[{"embeddable":true,"href":"https:\/\/blogit.gradia.fi\/hengitysvaikeus\/wp-json\/wp\/v2\/comments?post=82"}],"version-history":[{"count":4,"href":"https:\/\/blogit.gradia.fi\/hengitysvaikeus\/wp-json\/wp\/v2\/pages\/82\/revisions"}],"predecessor-version":[{"id":183,"href":"https:\/\/blogit.gradia.fi\/hengitysvaikeus\/wp-json\/wp\/v2\/pages\/82\/revisions\/183"}],"up":[{"embeddable":true,"href":"https:\/\/blogit.gradia.fi\/hengitysvaikeus\/wp-json\/wp\/v2\/pages\/78"}],"wp:featuredmedia":[{"embeddable":true,"href":"https:\/\/blogit.gradia.fi\/hengitysvaikeus\/wp-json\/wp\/v2\/media\/139"}],"wp:attachment":[{"href":"https:\/\/blogit.gradia.fi\/hengitysvaikeus\/wp-json\/wp\/v2\/media?parent=82"}],"curies":[{"name":"wp","href":"https:\/\/api.w.org\/{rel}","templated":true}]}}