{"id":78,"date":"2020-02-11T23:17:53","date_gmt":"2020-02-11T21:17:53","guid":{"rendered":"https:\/\/blogit.gradia.fi\/hengitysvaikeus\/?page_id=78"},"modified":"2020-02-17T12:09:30","modified_gmt":"2020-02-17T10:09:30","slug":"potilascase-2","status":"publish","type":"page","link":"https:\/\/blogit.gradia.fi\/hengitysvaikeus\/","title":{"rendered":"Potilascase"},"content":{"rendered":"\n<p>8-vuotias tytt\u00f6 tulee kotoa p\u00e4ivystykseen \u00e4itins\u00e4 ja t\u00e4m\u00e4n kahden siskon kanssa autolla. Ulkona leikin yhteydess\u00e4 alkanut hengitysvaikeus ja kuiva yskiminen.<\/p>\n\n\n\n<p>Hengitys avointa, pinnallista, HT koholla, uloshengitt\u00e4ess\u00e4 vinkunaa. Puhuu lauseita. Kasvot kalpeat, ei syanoosin merkkej\u00e4. RAD+, syke nopea. Olemus voipunut ja hiljainen, ei sekavuutta, ei pahoinvointia. Iho l\/k, periferia viile\u00e4hk\u00f6.<br>Ei aikaisemmin todettuja perussairauksia, ei l\u00e4\u00e4kityksi\u00e4.<\/p>\n\n\n\n<p>Vitaalit: RR 110\/65, p. 105\/min, SpO2 94% hi, HF 23\/min, l\u00e4mp\u00f6 36.5c t.oto, B-Gluk 5.0, PEF 100-150 ?, GCS 15.<\/p>\n\n\n\n<p>Muuta: \u00c4iti ja t\u00e4m\u00e4n sisarukset h\u00e4t\u00e4\u00e4ntyneit\u00e4, puhuvat p\u00e4\u00e4llekk\u00e4in. Ohjataan uteliaat t\u00e4dit sivummalle odottamaan. Haastatellaan lyhyesti \u00e4iti\u00e4, rauhoitellaan tilannetta ja kerrotaan ettei lapsella ole h\u00e4t\u00e4\u00e4.<br>Lapsi haluaisi is\u00e4ns\u00e4 paikalle. \u00c4iti kuitenkin sit\u00e4 mielt\u00e4, ettei kerrottaisi samalla paikkakunnalla asuvalle yhteishuoltajuuden jakavalle is\u00e4lle.<br>Kerrotaan \u00e4idille, ett\u00e4 is\u00e4ll\u00e4 on oikeus tiet\u00e4\u00e4 lapsensa tilanteesta, koska vanhemmilla on yhteishuoltajuus. \u00c4iti suostuu siihen, ett\u00e4 is\u00e4lle soitetaan ja kerrotaan asiasta sek\u00e4 kysyt\u00e4\u00e4n, p\u00e4\u00e4sisik\u00f6 mahdollisesti paikalle \u00e4idin lis\u00e4ksi lapsen turvaksi. Ei kuitenkaan halua itse lapsen is\u00e4lle soittaa. Soitetaan lapsen is\u00e4lle ja kerrotaan tilanteesta. Is\u00e4 kertoo ettei nyt paikalle p\u00e4\u00e4se, haluaa kuitenkin tiet\u00e4\u00e4 jos tilanne muuttuu\/kun lapsi kotiutuu.<br>Vanhempien taustaa:<br>Vanhemmat eronneet riitaisesti, riita vanhempien v\u00e4linen, ei muuta h\u00e4iri\u00f6k\u00e4ytt\u00e4ytymist\u00e4, rikosrekisteri\u00e4 tms.<br>Huom. \u00e4idin mukana olevat sisarukset<br>Vanhemmilla yhteishuoltajuus<br>\u00c4iti haluaa ettei samalla paikkakunnalla asuvalle is\u00e4lle kerrota asiasta.<\/p>\n\n\n\n<p>Triage: haastatellaan \u00e4iti ja tyt\u00e4r tarkemmin<\/p>\n\n\n\n<figure class=\"wp-block-image size-large\"><img loading=\"lazy\" decoding=\"async\" width=\"720\" height=\"720\" src=\"https:\/\/blogit.gradia.fi\/hengitysvaikeus\/wp-content\/uploads\/sites\/164\/2020\/02\/A1B98D22-56E1-4DA0-ACBD-161BD9528564.png\" alt=\"\" class=\"wp-image-140\" srcset=\"https:\/\/blogit.gradia.fi\/hengitysvaikeus\/wp-content\/uploads\/sites\/164\/2020\/02\/A1B98D22-56E1-4DA0-ACBD-161BD9528564.png 720w, https:\/\/blogit.gradia.fi\/hengitysvaikeus\/wp-content\/uploads\/sites\/164\/2020\/02\/A1B98D22-56E1-4DA0-ACBD-161BD9528564-300x300.png 300w, https:\/\/blogit.gradia.fi\/hengitysvaikeus\/wp-content\/uploads\/sites\/164\/2020\/02\/A1B98D22-56E1-4DA0-ACBD-161BD9528564-150x150.png 150w, https:\/\/blogit.gradia.fi\/hengitysvaikeus\/wp-content\/uploads\/sites\/164\/2020\/02\/A1B98D22-56E1-4DA0-ACBD-161BD9528564-620x620.png 620w\" sizes=\"auto, (max-width: 720px) 100vw, 720px\" \/><\/figure>\n","protected":false},"excerpt":{"rendered":"<p>8-vuotias tytt\u00f6 tulee kotoa p\u00e4ivystykseen \u00e4itins\u00e4 ja t\u00e4m\u00e4n kahden siskon kanssa autolla. Ulkona leikin yhteydess\u00e4 alkanut hengitysvaikeus ja kuiva yskiminen. Hengitys avointa, pinnallista, HT koholla, uloshengitt\u00e4ess\u00e4 vinkunaa. Puhuu lauseita. Kasvot kalpeat, ei syanoosin merkkej\u00e4. RAD+, syke nopea. Olemus voipunut ja hiljainen, ei sekavuutta, ei pahoinvointia. Iho l\/k, periferia viile\u00e4hk\u00f6.Ei aikaisemmin todettuja perussairauksia, ei l\u00e4\u00e4kityksi\u00e4. Vitaalit: [&hellip;]<\/p>\n","protected":false},"author":677,"featured_media":0,"parent":0,"menu_order":0,"comment_status":"closed","ping_status":"closed","template":"","meta":{"_uag_custom_page_level_css":"","footnotes":""},"class_list":["post-78","page","type-page","status-publish","hentry"],"yoast_head":"<!-- This site is optimized with the Yoast SEO plugin v27.4 - https:\/\/yoast.com\/product\/yoast-seo-wordpress\/ -->\n<title>Potilascase - Hengitysvaikeus<\/title>\n<meta name=\"robots\" content=\"index, follow, max-snippet:-1, max-image-preview:large, max-video-preview:-1\" \/>\n<link rel=\"canonical\" href=\"https:\/\/blogit.gradia.fi\/hengitysvaikeus\/\" \/>\n<meta property=\"og:locale\" content=\"fi_FI\" \/>\n<meta property=\"og:type\" content=\"article\" \/>\n<meta property=\"og:title\" content=\"Potilascase - Hengitysvaikeus\" \/>\n<meta property=\"og:description\" content=\"8-vuotias tytt\u00f6 tulee kotoa p\u00e4ivystykseen \u00e4itins\u00e4 ja t\u00e4m\u00e4n kahden siskon kanssa autolla. Ulkona leikin yhteydess\u00e4 alkanut hengitysvaikeus ja kuiva yskiminen. Hengitys avointa, pinnallista, HT koholla, uloshengitt\u00e4ess\u00e4 vinkunaa. Puhuu lauseita. Kasvot kalpeat, ei syanoosin merkkej\u00e4. RAD+, syke nopea. Olemus voipunut ja hiljainen, ei sekavuutta, ei pahoinvointia. Iho l\/k, periferia viile\u00e4hk\u00f6.Ei aikaisemmin todettuja perussairauksia, ei l\u00e4\u00e4kityksi\u00e4. Vitaalit: [&hellip;]\" \/>\n<meta property=\"og:url\" content=\"https:\/\/blogit.gradia.fi\/hengitysvaikeus\/\" \/>\n<meta property=\"og:site_name\" content=\"Hengitysvaikeus\" \/>\n<meta property=\"article:modified_time\" content=\"2020-02-17T10:09:30+00:00\" \/>\n<meta property=\"og:image\" content=\"https:\/\/blogit.gradia.fi\/hengitysvaikeus\/wp-content\/uploads\/sites\/164\/2020\/02\/A1B98D22-56E1-4DA0-ACBD-161BD9528564.png\" \/>\n<meta name=\"twitter:card\" content=\"summary_large_image\" \/>\n<meta name=\"twitter:label1\" content=\"Arvioitu lukuaika\" \/>\n\t<meta name=\"twitter:data1\" content=\"1 minuutti\" \/>\n<script type=\"application\/ld+json\" class=\"yoast-schema-graph\">{\"@context\":\"https:\\\/\\\/schema.org\",\"@graph\":[{\"@type\":\"WebPage\",\"@id\":\"https:\\\/\\\/blogit.gradia.fi\\\/hengitysvaikeus\\\/\",\"url\":\"https:\\\/\\\/blogit.gradia.fi\\\/hengitysvaikeus\\\/\",\"name\":\"Potilascase - Hengitysvaikeus\",\"isPartOf\":{\"@id\":\"https:\\\/\\\/blogit.gradia.fi\\\/hengitysvaikeus\\\/#website\"},\"primaryImageOfPage\":{\"@id\":\"https:\\\/\\\/blogit.gradia.fi\\\/hengitysvaikeus\\\/#primaryimage\"},\"image\":{\"@id\":\"https:\\\/\\\/blogit.gradia.fi\\\/hengitysvaikeus\\\/#primaryimage\"},\"thumbnailUrl\":\"https:\\\/\\\/blogit.gradia.fi\\\/hengitysvaikeus\\\/wp-content\\\/uploads\\\/sites\\\/164\\\/2020\\\/02\\\/A1B98D22-56E1-4DA0-ACBD-161BD9528564.png\",\"datePublished\":\"2020-02-11T21:17:53+00:00\",\"dateModified\":\"2020-02-17T10:09:30+00:00\",\"breadcrumb\":{\"@id\":\"https:\\\/\\\/blogit.gradia.fi\\\/hengitysvaikeus\\\/#breadcrumb\"},\"inLanguage\":\"fi\",\"potentialAction\":[{\"@type\":\"ReadAction\",\"target\":[\"https:\\\/\\\/blogit.gradia.fi\\\/hengitysvaikeus\\\/\"]}]},{\"@type\":\"ImageObject\",\"inLanguage\":\"fi\",\"@id\":\"https:\\\/\\\/blogit.gradia.fi\\\/hengitysvaikeus\\\/#primaryimage\",\"url\":\"https:\\\/\\\/blogit.gradia.fi\\\/hengitysvaikeus\\\/wp-content\\\/uploads\\\/sites\\\/164\\\/2020\\\/02\\\/A1B98D22-56E1-4DA0-ACBD-161BD9528564.png\",\"contentUrl\":\"https:\\\/\\\/blogit.gradia.fi\\\/hengitysvaikeus\\\/wp-content\\\/uploads\\\/sites\\\/164\\\/2020\\\/02\\\/A1B98D22-56E1-4DA0-ACBD-161BD9528564.png\",\"width\":720,\"height\":720},{\"@type\":\"BreadcrumbList\",\"@id\":\"https:\\\/\\\/blogit.gradia.fi\\\/hengitysvaikeus\\\/#breadcrumb\",\"itemListElement\":[{\"@type\":\"ListItem\",\"position\":1,\"name\":\"Home\",\"item\":\"https:\\\/\\\/blogit.gradia.fi\\\/hengitysvaikeus\\\/\"},{\"@type\":\"ListItem\",\"position\":2,\"name\":\"Potilascase\"}]},{\"@type\":\"WebSite\",\"@id\":\"https:\\\/\\\/blogit.gradia.fi\\\/hengitysvaikeus\\\/#website\",\"url\":\"https:\\\/\\\/blogit.gradia.fi\\\/hengitysvaikeus\\\/\",\"name\":\"Hengitysvaikeus\",\"description\":\"\",\"potentialAction\":[{\"@type\":\"SearchAction\",\"target\":{\"@type\":\"EntryPoint\",\"urlTemplate\":\"https:\\\/\\\/blogit.gradia.fi\\\/hengitysvaikeus\\\/?s={search_term_string}\"},\"query-input\":{\"@type\":\"PropertyValueSpecification\",\"valueRequired\":true,\"valueName\":\"search_term_string\"}}],\"inLanguage\":\"fi\"}]}<\/script>\n<!-- \/ Yoast SEO plugin. -->","yoast_head_json":{"title":"Potilascase - Hengitysvaikeus","robots":{"index":"index","follow":"follow","max-snippet":"max-snippet:-1","max-image-preview":"max-image-preview:large","max-video-preview":"max-video-preview:-1"},"canonical":"https:\/\/blogit.gradia.fi\/hengitysvaikeus\/","og_locale":"fi_FI","og_type":"article","og_title":"Potilascase - Hengitysvaikeus","og_description":"8-vuotias tytt\u00f6 tulee kotoa p\u00e4ivystykseen \u00e4itins\u00e4 ja t\u00e4m\u00e4n kahden siskon kanssa autolla. Ulkona leikin yhteydess\u00e4 alkanut hengitysvaikeus ja kuiva yskiminen. Hengitys avointa, pinnallista, HT koholla, uloshengitt\u00e4ess\u00e4 vinkunaa. Puhuu lauseita. Kasvot kalpeat, ei syanoosin merkkej\u00e4. RAD+, syke nopea. Olemus voipunut ja hiljainen, ei sekavuutta, ei pahoinvointia. Iho l\/k, periferia viile\u00e4hk\u00f6.Ei aikaisemmin todettuja perussairauksia, ei l\u00e4\u00e4kityksi\u00e4. Vitaalit: [&hellip;]","og_url":"https:\/\/blogit.gradia.fi\/hengitysvaikeus\/","og_site_name":"Hengitysvaikeus","article_modified_time":"2020-02-17T10:09:30+00:00","og_image":[{"url":"https:\/\/blogit.gradia.fi\/hengitysvaikeus\/wp-content\/uploads\/sites\/164\/2020\/02\/A1B98D22-56E1-4DA0-ACBD-161BD9528564.png","type":"","width":"","height":""}],"twitter_card":"summary_large_image","twitter_misc":{"Arvioitu lukuaika":"1 minuutti"},"schema":{"@context":"https:\/\/schema.org","@graph":[{"@type":"WebPage","@id":"https:\/\/blogit.gradia.fi\/hengitysvaikeus\/","url":"https:\/\/blogit.gradia.fi\/hengitysvaikeus\/","name":"Potilascase - Hengitysvaikeus","isPartOf":{"@id":"https:\/\/blogit.gradia.fi\/hengitysvaikeus\/#website"},"primaryImageOfPage":{"@id":"https:\/\/blogit.gradia.fi\/hengitysvaikeus\/#primaryimage"},"image":{"@id":"https:\/\/blogit.gradia.fi\/hengitysvaikeus\/#primaryimage"},"thumbnailUrl":"https:\/\/blogit.gradia.fi\/hengitysvaikeus\/wp-content\/uploads\/sites\/164\/2020\/02\/A1B98D22-56E1-4DA0-ACBD-161BD9528564.png","datePublished":"2020-02-11T21:17:53+00:00","dateModified":"2020-02-17T10:09:30+00:00","breadcrumb":{"@id":"https:\/\/blogit.gradia.fi\/hengitysvaikeus\/#breadcrumb"},"inLanguage":"fi","potentialAction":[{"@type":"ReadAction","target":["https:\/\/blogit.gradia.fi\/hengitysvaikeus\/"]}]},{"@type":"ImageObject","inLanguage":"fi","@id":"https:\/\/blogit.gradia.fi\/hengitysvaikeus\/#primaryimage","url":"https:\/\/blogit.gradia.fi\/hengitysvaikeus\/wp-content\/uploads\/sites\/164\/2020\/02\/A1B98D22-56E1-4DA0-ACBD-161BD9528564.png","contentUrl":"https:\/\/blogit.gradia.fi\/hengitysvaikeus\/wp-content\/uploads\/sites\/164\/2020\/02\/A1B98D22-56E1-4DA0-ACBD-161BD9528564.png","width":720,"height":720},{"@type":"BreadcrumbList","@id":"https:\/\/blogit.gradia.fi\/hengitysvaikeus\/#breadcrumb","itemListElement":[{"@type":"ListItem","position":1,"name":"Home","item":"https:\/\/blogit.gradia.fi\/hengitysvaikeus\/"},{"@type":"ListItem","position":2,"name":"Potilascase"}]},{"@type":"WebSite","@id":"https:\/\/blogit.gradia.fi\/hengitysvaikeus\/#website","url":"https:\/\/blogit.gradia.fi\/hengitysvaikeus\/","name":"Hengitysvaikeus","description":"","potentialAction":[{"@type":"SearchAction","target":{"@type":"EntryPoint","urlTemplate":"https:\/\/blogit.gradia.fi\/hengitysvaikeus\/?s={search_term_string}"},"query-input":{"@type":"PropertyValueSpecification","valueRequired":true,"valueName":"search_term_string"}}],"inLanguage":"fi"}]}},"uagb_featured_image_src":{"full":false,"thumbnail":false,"medium":false,"medium_large":false,"large":false,"1536x1536":false,"2048x2048":false,"post-thumbnail":false},"uagb_author_info":{"display_name":"Martti Ruokonen","author_link":"https:\/\/blogit.gradia.fi\/hengitysvaikeus\/author\/gr191912\/"},"uagb_comment_info":0,"uagb_excerpt":"8-vuotias tytt\u00f6 tulee kotoa p\u00e4ivystykseen \u00e4itins\u00e4 ja t\u00e4m\u00e4n kahden siskon kanssa autolla. Ulkona leikin yhteydess\u00e4 alkanut hengitysvaikeus ja kuiva yskiminen. Hengitys avointa, pinnallista, HT koholla, uloshengitt\u00e4ess\u00e4 vinkunaa. Puhuu lauseita. Kasvot kalpeat, ei syanoosin merkkej\u00e4. RAD+, syke nopea. Olemus voipunut ja hiljainen, ei sekavuutta, ei pahoinvointia. Iho l\/k, periferia viile\u00e4hk\u00f6.Ei aikaisemmin todettuja perussairauksia, ei l\u00e4\u00e4kityksi\u00e4. Vitaalit:&hellip;","_links":{"self":[{"href":"https:\/\/blogit.gradia.fi\/hengitysvaikeus\/wp-json\/wp\/v2\/pages\/78","targetHints":{"allow":["GET"]}}],"collection":[{"href":"https:\/\/blogit.gradia.fi\/hengitysvaikeus\/wp-json\/wp\/v2\/pages"}],"about":[{"href":"https:\/\/blogit.gradia.fi\/hengitysvaikeus\/wp-json\/wp\/v2\/types\/page"}],"author":[{"embeddable":true,"href":"https:\/\/blogit.gradia.fi\/hengitysvaikeus\/wp-json\/wp\/v2\/users\/677"}],"replies":[{"embeddable":true,"href":"https:\/\/blogit.gradia.fi\/hengitysvaikeus\/wp-json\/wp\/v2\/comments?post=78"}],"version-history":[{"count":7,"href":"https:\/\/blogit.gradia.fi\/hengitysvaikeus\/wp-json\/wp\/v2\/pages\/78\/revisions"}],"predecessor-version":[{"id":213,"href":"https:\/\/blogit.gradia.fi\/hengitysvaikeus\/wp-json\/wp\/v2\/pages\/78\/revisions\/213"}],"wp:attachment":[{"href":"https:\/\/blogit.gradia.fi\/hengitysvaikeus\/wp-json\/wp\/v2\/media?parent=78"}],"curies":[{"name":"wp","href":"https:\/\/api.w.org\/{rel}","templated":true}]}}