{"id":155,"date":"2020-02-12T18:17:42","date_gmt":"2020-02-12T16:17:42","guid":{"rendered":"https:\/\/blogit.gradia.fi\/hengitysvaikeus\/?page_id=155"},"modified":"2020-02-17T11:54:51","modified_gmt":"2020-02-17T09:54:51","slug":"tyoturvallisuus","status":"publish","type":"page","link":"https:\/\/blogit.gradia.fi\/hengitysvaikeus\/potilascase\/tyoturvallisuus\/","title":{"rendered":"Ty\u00f6turvallisuus"},"content":{"rendered":"\n<h3 class=\"wp-block-heading\">HaiPro poikkeamailmoitus<\/h3>\n\n\n\n<p>Ty\u00f6turvallisuuden poikkeamailmoitukset tehd\u00e4\u00e4n HaiPro j\u00e4rjestelm\u00e4\u00e4n.&nbsp; Esimerkkej\u00e4 HaiPro j\u00e4rjestelm\u00e4\u00e4n teht\u00e4vist\u00e4 ilmoituksista:&nbsp;<\/p>\n\n\n\n<ul class=\"wp-block-list\"><li>L\u00e4helt\u00e4 pititapahtumat&nbsp;<\/li><\/ul>\n\n\n\n<ul class=\"wp-block-list\"><li>Vaaratapahtuma,\n joka olisi voinut aiheuttaa haittaa potilaalle. Haitalta v\u00e4ltyttiin \njoko sattumalta tai siksi, ett\u00e4 poikkeama tai vaaratilanne havaittiin ja\n haitalliset seuraukset pystyttiin est\u00e4m\u00e4\u00e4n ajoissa. Esimerkiksi: \n\u201dTapahtuma, joka sis\u00e4lsi vaaran potilasturvallisuudelle, joka ei \nkuitenkaan t\u00e4ss\u00e4 tilanteessa realisoitunut\u201d.&nbsp;<\/li><\/ul>\n\n\n\n<ul class=\"wp-block-list\"><li>Haittatapahtumat&nbsp;<\/li><\/ul>\n\n\n\n<ul class=\"wp-block-list\"><li>Vaaratapahtuma, joka aiheuttaa haittaa potilaalle.&nbsp;<\/li><\/ul>\n\n\n\n<p><a href=\"https:\/\/uusi.medikes.fi\/public\/default.aspx?nodeid=37840\">https:\/\/uusi.medikes.fi\/public\/default.aspx?nodeid=37840<\/a><\/p>\n\n\n\n<p><em>\u201cVarsinais-Suomen  sairaanhoitopiiriss\u00e4 tehd\u00e4\u00e4n vuosittain tapahtumailmoituksia ty\u00f6h\u00f6n  kuulumattomista poikkeavista tilanteista yli 600 kappaletta.  Tapahtumista yli puolet k\u00e4sittelee tilanteita, jossa ty\u00f6ntekij\u00e4 kokee  henkisen tai fyysisen v\u00e4kivallan uhkaa.\u201d<\/em>\u00a0<\/p>\n\n\n\n<p><a href=\"https:\/\/www.theseus.fi\/bitstream\/handle\/10024\/33186\/Vahamaki_Anne.pdf?sequence=1&amp;isAllowed=y\">https:\/\/www.theseus.fi\/bitstream\/handle\/10024\/33186\/Vahamaki_Anne.pdf?sequence=1&amp;isAllowed=y<\/a><\/p>\n\n\n\n<h3 class=\"wp-block-heading\">Vanhempien rooli p\u00e4ivystyksest\u00e4<\/h3>\n\n\n\n<p>Vanhempien ja koko perheen rooli on merkitt\u00e4v\u00e4 lapsen ollessa sairaalassa. Perhekeskeisyys\n on lapsen hoitoty\u00f6n merkitt\u00e4vin erityispiirre. Muita erityispiirteit\u00e4 \novat yksil\u00f6llisyys, omatoimisuus, jatkuvuus, turvallisuus, sek\u00e4 kasvun \nja kehityksen turvaaminen. Lapsen akuutti sairaus ja sairaalaan \njoutuminen on aina j\u00e4rkytys koko perheell\u00e4. Mahdollisesta kiireest\u00e4 \nhuolimatta on t\u00e4rke\u00e4\u00e4 huomioida koko perhe tilanteessa. Vanhempien ja \nlapsen t\u00e4ytyy luottaa hoitohenkil\u00f6kunnan toimintaan. (Lehtinen &amp; \nRavi 2009; Ivanoff ym. 2007, 94.)&nbsp;<\/p>\n\n\n\n<p>Vain\n harva vanhemmista oli pettynyt saamaansa apuun, mutta kuitenkin suuri \njoukko ilmaisi, ettei ollut tietoinen siit\u00e4, mit\u00e4 lapsen hoidossa \ntapahtuu. Moni koki my\u00f6s, ettei perheen tilannetta tunnettu ja huomioitu\n riitt\u00e4v\u00e4n hyvin hoidon aikana. Yli nelj\u00e4sosan mielest\u00e4 yhteisty\u00f6t\u00e4 \nl\u00e4\u00e4k\u00e4reiden kanssa oli liian v\u00e4h\u00e4n. Vanhempien kokemukset olivat siis \nkuitenkin p\u00e4\u00e4- Lapsi p\u00e4ivystyksess\u00e4 \u2013ohje vanhemmille 13 osin \nmy\u00f6nteisi\u00e4, kuitenkin tulokset viittaavat siihen, ett\u00e4 tiedon antamiseen\n ja yhteisty\u00f6n riitt\u00e4vyyteen on kiinnitett\u00e4v\u00e4 huomiota. My\u00f6s \naikaisemmissa tutkimuksissa on ollut samankaltaisia lopputuloksia. (Maijala ym. 2011, 19\u201320.)&nbsp;<\/p>\n","protected":false},"excerpt":{"rendered":"<p>HaiPro poikkeamailmoitus Ty\u00f6turvallisuuden poikkeamailmoitukset tehd\u00e4\u00e4n HaiPro j\u00e4rjestelm\u00e4\u00e4n.&nbsp; Esimerkkej\u00e4 HaiPro j\u00e4rjestelm\u00e4\u00e4n teht\u00e4vist\u00e4 ilmoituksista:&nbsp; L\u00e4helt\u00e4 pititapahtumat&nbsp; Vaaratapahtuma, joka olisi voinut aiheuttaa haittaa potilaalle. Haitalta v\u00e4ltyttiin joko sattumalta tai siksi, ett\u00e4 poikkeama tai vaaratilanne havaittiin ja haitalliset seuraukset pystyttiin est\u00e4m\u00e4\u00e4n ajoissa. Esimerkiksi: \u201dTapahtuma, joka sis\u00e4lsi vaaran potilasturvallisuudelle, joka ei kuitenkaan t\u00e4ss\u00e4 tilanteessa realisoitunut\u201d.&nbsp; Haittatapahtumat&nbsp; Vaaratapahtuma, joka aiheuttaa haittaa [&hellip;]<\/p>\n","protected":false},"author":672,"featured_media":0,"parent":73,"menu_order":0,"comment_status":"closed","ping_status":"closed","template":"","meta":{"_uag_custom_page_level_css":"","footnotes":""},"class_list":["post-155","page","type-page","status-publish","hentry"],"yoast_head":"<!-- This site is optimized with the Yoast SEO plugin v27.4 - https:\/\/yoast.com\/product\/yoast-seo-wordpress\/ -->\n<title>Ty\u00f6turvallisuus - Hengitysvaikeus<\/title>\n<meta name=\"robots\" content=\"index, follow, max-snippet:-1, max-image-preview:large, max-video-preview:-1\" \/>\n<link rel=\"canonical\" href=\"https:\/\/blogit.gradia.fi\/hengitysvaikeus\/potilascase\/tyoturvallisuus\/\" \/>\n<meta property=\"og:locale\" content=\"fi_FI\" \/>\n<meta property=\"og:type\" content=\"article\" \/>\n<meta property=\"og:title\" content=\"Ty\u00f6turvallisuus - Hengitysvaikeus\" \/>\n<meta property=\"og:description\" content=\"HaiPro poikkeamailmoitus Ty\u00f6turvallisuuden poikkeamailmoitukset tehd\u00e4\u00e4n HaiPro j\u00e4rjestelm\u00e4\u00e4n.&nbsp; Esimerkkej\u00e4 HaiPro j\u00e4rjestelm\u00e4\u00e4n teht\u00e4vist\u00e4 ilmoituksista:&nbsp; L\u00e4helt\u00e4 pititapahtumat&nbsp; Vaaratapahtuma, joka olisi voinut aiheuttaa haittaa potilaalle. Haitalta v\u00e4ltyttiin joko sattumalta tai siksi, ett\u00e4 poikkeama tai vaaratilanne havaittiin ja haitalliset seuraukset pystyttiin est\u00e4m\u00e4\u00e4n ajoissa. Esimerkiksi: \u201dTapahtuma, joka sis\u00e4lsi vaaran potilasturvallisuudelle, joka ei kuitenkaan t\u00e4ss\u00e4 tilanteessa realisoitunut\u201d.&nbsp; Haittatapahtumat&nbsp; Vaaratapahtuma, joka aiheuttaa haittaa [&hellip;]\" \/>\n<meta property=\"og:url\" content=\"https:\/\/blogit.gradia.fi\/hengitysvaikeus\/potilascase\/tyoturvallisuus\/\" \/>\n<meta property=\"og:site_name\" content=\"Hengitysvaikeus\" \/>\n<meta property=\"article:modified_time\" content=\"2020-02-17T09:54:51+00:00\" \/>\n<meta name=\"twitter:card\" content=\"summary_large_image\" \/>\n<meta name=\"twitter:label1\" content=\"Arvioitu lukuaika\" \/>\n\t<meta name=\"twitter:data1\" content=\"1 minuutti\" \/>\n<script type=\"application\/ld+json\" class=\"yoast-schema-graph\">{\"@context\":\"https:\\\/\\\/schema.org\",\"@graph\":[{\"@type\":\"WebPage\",\"@id\":\"https:\\\/\\\/blogit.gradia.fi\\\/hengitysvaikeus\\\/potilascase\\\/tyoturvallisuus\\\/\",\"url\":\"https:\\\/\\\/blogit.gradia.fi\\\/hengitysvaikeus\\\/potilascase\\\/tyoturvallisuus\\\/\",\"name\":\"Ty\u00f6turvallisuus - Hengitysvaikeus\",\"isPartOf\":{\"@id\":\"https:\\\/\\\/blogit.gradia.fi\\\/hengitysvaikeus\\\/#website\"},\"datePublished\":\"2020-02-12T16:17:42+00:00\",\"dateModified\":\"2020-02-17T09:54:51+00:00\",\"breadcrumb\":{\"@id\":\"https:\\\/\\\/blogit.gradia.fi\\\/hengitysvaikeus\\\/potilascase\\\/tyoturvallisuus\\\/#breadcrumb\"},\"inLanguage\":\"fi\",\"potentialAction\":[{\"@type\":\"ReadAction\",\"target\":[\"https:\\\/\\\/blogit.gradia.fi\\\/hengitysvaikeus\\\/potilascase\\\/tyoturvallisuus\\\/\"]}]},{\"@type\":\"BreadcrumbList\",\"@id\":\"https:\\\/\\\/blogit.gradia.fi\\\/hengitysvaikeus\\\/potilascase\\\/tyoturvallisuus\\\/#breadcrumb\",\"itemListElement\":[{\"@type\":\"ListItem\",\"position\":1,\"name\":\"Home\",\"item\":\"https:\\\/\\\/blogit.gradia.fi\\\/hengitysvaikeus\\\/\"},{\"@type\":\"ListItem\",\"position\":2,\"name\":\"Toimintaperiaatteet\",\"item\":\"https:\\\/\\\/blogit.gradia.fi\\\/hengitysvaikeus\\\/potilascase\\\/\"},{\"@type\":\"ListItem\",\"position\":3,\"name\":\"Ty\u00f6turvallisuus\"}]},{\"@type\":\"WebSite\",\"@id\":\"https:\\\/\\\/blogit.gradia.fi\\\/hengitysvaikeus\\\/#website\",\"url\":\"https:\\\/\\\/blogit.gradia.fi\\\/hengitysvaikeus\\\/\",\"name\":\"Hengitysvaikeus\",\"description\":\"\",\"potentialAction\":[{\"@type\":\"SearchAction\",\"target\":{\"@type\":\"EntryPoint\",\"urlTemplate\":\"https:\\\/\\\/blogit.gradia.fi\\\/hengitysvaikeus\\\/?s={search_term_string}\"},\"query-input\":{\"@type\":\"PropertyValueSpecification\",\"valueRequired\":true,\"valueName\":\"search_term_string\"}}],\"inLanguage\":\"fi\"}]}<\/script>\n<!-- \/ Yoast SEO plugin. -->","yoast_head_json":{"title":"Ty\u00f6turvallisuus - Hengitysvaikeus","robots":{"index":"index","follow":"follow","max-snippet":"max-snippet:-1","max-image-preview":"max-image-preview:large","max-video-preview":"max-video-preview:-1"},"canonical":"https:\/\/blogit.gradia.fi\/hengitysvaikeus\/potilascase\/tyoturvallisuus\/","og_locale":"fi_FI","og_type":"article","og_title":"Ty\u00f6turvallisuus - Hengitysvaikeus","og_description":"HaiPro poikkeamailmoitus Ty\u00f6turvallisuuden poikkeamailmoitukset tehd\u00e4\u00e4n HaiPro j\u00e4rjestelm\u00e4\u00e4n.&nbsp; Esimerkkej\u00e4 HaiPro j\u00e4rjestelm\u00e4\u00e4n teht\u00e4vist\u00e4 ilmoituksista:&nbsp; L\u00e4helt\u00e4 pititapahtumat&nbsp; Vaaratapahtuma, joka olisi voinut aiheuttaa haittaa potilaalle. Haitalta v\u00e4ltyttiin joko sattumalta tai siksi, ett\u00e4 poikkeama tai vaaratilanne havaittiin ja haitalliset seuraukset pystyttiin est\u00e4m\u00e4\u00e4n ajoissa. Esimerkiksi: \u201dTapahtuma, joka sis\u00e4lsi vaaran potilasturvallisuudelle, joka ei kuitenkaan t\u00e4ss\u00e4 tilanteessa realisoitunut\u201d.&nbsp; Haittatapahtumat&nbsp; Vaaratapahtuma, joka aiheuttaa haittaa [&hellip;]","og_url":"https:\/\/blogit.gradia.fi\/hengitysvaikeus\/potilascase\/tyoturvallisuus\/","og_site_name":"Hengitysvaikeus","article_modified_time":"2020-02-17T09:54:51+00:00","twitter_card":"summary_large_image","twitter_misc":{"Arvioitu lukuaika":"1 minuutti"},"schema":{"@context":"https:\/\/schema.org","@graph":[{"@type":"WebPage","@id":"https:\/\/blogit.gradia.fi\/hengitysvaikeus\/potilascase\/tyoturvallisuus\/","url":"https:\/\/blogit.gradia.fi\/hengitysvaikeus\/potilascase\/tyoturvallisuus\/","name":"Ty\u00f6turvallisuus - Hengitysvaikeus","isPartOf":{"@id":"https:\/\/blogit.gradia.fi\/hengitysvaikeus\/#website"},"datePublished":"2020-02-12T16:17:42+00:00","dateModified":"2020-02-17T09:54:51+00:00","breadcrumb":{"@id":"https:\/\/blogit.gradia.fi\/hengitysvaikeus\/potilascase\/tyoturvallisuus\/#breadcrumb"},"inLanguage":"fi","potentialAction":[{"@type":"ReadAction","target":["https:\/\/blogit.gradia.fi\/hengitysvaikeus\/potilascase\/tyoturvallisuus\/"]}]},{"@type":"BreadcrumbList","@id":"https:\/\/blogit.gradia.fi\/hengitysvaikeus\/potilascase\/tyoturvallisuus\/#breadcrumb","itemListElement":[{"@type":"ListItem","position":1,"name":"Home","item":"https:\/\/blogit.gradia.fi\/hengitysvaikeus\/"},{"@type":"ListItem","position":2,"name":"Toimintaperiaatteet","item":"https:\/\/blogit.gradia.fi\/hengitysvaikeus\/potilascase\/"},{"@type":"ListItem","position":3,"name":"Ty\u00f6turvallisuus"}]},{"@type":"WebSite","@id":"https:\/\/blogit.gradia.fi\/hengitysvaikeus\/#website","url":"https:\/\/blogit.gradia.fi\/hengitysvaikeus\/","name":"Hengitysvaikeus","description":"","potentialAction":[{"@type":"SearchAction","target":{"@type":"EntryPoint","urlTemplate":"https:\/\/blogit.gradia.fi\/hengitysvaikeus\/?s={search_term_string}"},"query-input":{"@type":"PropertyValueSpecification","valueRequired":true,"valueName":"search_term_string"}}],"inLanguage":"fi"}]}},"uagb_featured_image_src":{"full":false,"thumbnail":false,"medium":false,"medium_large":false,"large":false,"1536x1536":false,"2048x2048":false,"post-thumbnail":false},"uagb_author_info":{"display_name":"Samuli \u00d6ljym\u00e4ki","author_link":"https:\/\/blogit.gradia.fi\/hengitysvaikeus\/author\/gr188119\/"},"uagb_comment_info":0,"uagb_excerpt":"HaiPro poikkeamailmoitus Ty\u00f6turvallisuuden poikkeamailmoitukset tehd\u00e4\u00e4n HaiPro j\u00e4rjestelm\u00e4\u00e4n.&nbsp; Esimerkkej\u00e4 HaiPro j\u00e4rjestelm\u00e4\u00e4n teht\u00e4vist\u00e4 ilmoituksista:&nbsp; L\u00e4helt\u00e4 pititapahtumat&nbsp; Vaaratapahtuma, joka olisi voinut aiheuttaa haittaa potilaalle. Haitalta v\u00e4ltyttiin joko sattumalta tai siksi, ett\u00e4 poikkeama tai vaaratilanne havaittiin ja haitalliset seuraukset pystyttiin est\u00e4m\u00e4\u00e4n ajoissa. Esimerkiksi: \u201dTapahtuma, joka sis\u00e4lsi vaaran potilasturvallisuudelle, joka ei kuitenkaan t\u00e4ss\u00e4 tilanteessa realisoitunut\u201d.&nbsp; Haittatapahtumat&nbsp; Vaaratapahtuma, joka aiheuttaa haittaa&hellip;","_links":{"self":[{"href":"https:\/\/blogit.gradia.fi\/hengitysvaikeus\/wp-json\/wp\/v2\/pages\/155","targetHints":{"allow":["GET"]}}],"collection":[{"href":"https:\/\/blogit.gradia.fi\/hengitysvaikeus\/wp-json\/wp\/v2\/pages"}],"about":[{"href":"https:\/\/blogit.gradia.fi\/hengitysvaikeus\/wp-json\/wp\/v2\/types\/page"}],"author":[{"embeddable":true,"href":"https:\/\/blogit.gradia.fi\/hengitysvaikeus\/wp-json\/wp\/v2\/users\/672"}],"replies":[{"embeddable":true,"href":"https:\/\/blogit.gradia.fi\/hengitysvaikeus\/wp-json\/wp\/v2\/comments?post=155"}],"version-history":[{"count":3,"href":"https:\/\/blogit.gradia.fi\/hengitysvaikeus\/wp-json\/wp\/v2\/pages\/155\/revisions"}],"predecessor-version":[{"id":206,"href":"https:\/\/blogit.gradia.fi\/hengitysvaikeus\/wp-json\/wp\/v2\/pages\/155\/revisions\/206"}],"up":[{"embeddable":true,"href":"https:\/\/blogit.gradia.fi\/hengitysvaikeus\/wp-json\/wp\/v2\/pages\/73"}],"wp:attachment":[{"href":"https:\/\/blogit.gradia.fi\/hengitysvaikeus\/wp-json\/wp\/v2\/media?parent=155"}],"curies":[{"name":"wp","href":"https:\/\/api.w.org\/{rel}","templated":true}]}}