{"id":147,"date":"2020-02-12T18:11:11","date_gmt":"2020-02-12T16:11:11","guid":{"rendered":"https:\/\/blogit.gradia.fi\/hengitysvaikeus\/?page_id=147"},"modified":"2020-02-20T08:18:25","modified_gmt":"2020-02-20T06:18:25","slug":"tietosuoja","status":"publish","type":"page","link":"https:\/\/blogit.gradia.fi\/hengitysvaikeus\/paivystystoimintaa-koskevat-saadokset-ja-lainsaadanto\/tietosuoja\/","title":{"rendered":"Tietosuoja"},"content":{"rendered":"\n<h2 class=\"wp-block-heading\">Tietosuoja <\/h2>\n\n\n\n<p><strong>Tietosuoja<\/strong>n tarkoituksena on turvata henkil\u00f6n yksityisyys henkil\u00f6tietoja k\u00e4sitelt\u00e4ess\u00e4. Tietosuojalla minimoidaan tietojen v\u00e4\u00e4rink\u00e4yt\u00f6n mahdollisuudet, sek\u00e4 varmistetaan, ett\u00e4 henkil\u00f6tietoja k\u00e4sitell\u00e4\u00e4n lainmukaisesti vain silloin kun sille on peruste. Tietosuoja on osa perustuslaissa m\u00e4\u00e4ritelty\u00e4 yksityisyydensuojaa.<\/p>\n\n\n\n<p>Keski-Suomen sairaanhoitopiiri noudattaa henkil\u00f6tietojen k\u00e4sittelyss\u00e4 EU:n yleist\u00e4 tietosuoja-asetusta (GDPR), Suomen lakia, sek\u00e4 viranomaism\u00e4\u00e4r\u00e4yksi\u00e4 ja -ohjeita.<\/p>\n\n\n\n<p>KSSHP:n potilasrekisteriin tallennetaan hoidossa syntyvi\u00e4 henkil\u00f6- ja hoitotietoja, eli potilastietoja ja -asiakirjoja, jotka ovat salassa pidett\u00e4vi\u00e4. N\u00e4it\u00e4 k\u00e4ytet\u00e4\u00e4n potilaan hoidon j\u00e4rjest\u00e4miseen, suunnitteluun, toteuttamiseen ja seurantaan, hoidon laadun varmistamiseen, laskutukseen, tilastointiin, opetukseen ja tieteelliseen tutkimustoimintaan.<\/p>\n\n\n\n<p>Tietojen k\u00e4sittely perustuu potilaan tutkimusta ja hoitoa koskeviin lakeihin ja asetuksiin:<\/p>\n\n\n\n<ul class=\"wp-block-list\"><li>terveydenhuoltolaki<\/li><li>laki sosiaali- ja terveydenhuollon asiakastietojen s\u00e4hk\u00f6isest\u00e4 k\u00e4sittelyst\u00e4<\/li><li>erikoissairaanhoitolaki<\/li><li>mielenterveyslaki<\/li><li>henkil\u00f6tietolaki\/voimaantuleva tietosuojalaki ja EU:n tietosuoja-asetus<\/li><li>laki ja asetus terveydenhuollon ammattihenkil\u00f6ist\u00e4<\/li><li>laki potilaan asemasta ja oikeuksista<\/li><li>sosiaali- ja terveysministeri\u00f6n asetus potilasasiakirjoista<\/li><li>arkistolaki<\/li><\/ul>\n\n\n\n<p><a href=\"https:\/\/www.ksshp.fi\/fi-FI\/Sairaanhoitopiiri\/Tietosuoja\/Henkilotietojen_kasittely(57542)\">KSSHP \u2013 Henkil\u00f6tietojen k\u00e4sittely<\/a><\/p>\n\n\n\n<p>EU:n yleinen tietosuoja-asetus (GDPR, General Data Protection Regulation) 679\/2016<\/p>\n\n\n\n<p><a href=\"https:\/\/www.finlex.fi\/fi\/laki\/alkup\/2018\/20181050#Pidp446692960\">Tietosuojalaki 1050\/2018<\/a><\/p>\n","protected":false},"excerpt":{"rendered":"<p>Tietosuoja Tietosuojan tarkoituksena on turvata henkil\u00f6n yksityisyys henkil\u00f6tietoja k\u00e4sitelt\u00e4ess\u00e4. Tietosuojalla minimoidaan tietojen v\u00e4\u00e4rink\u00e4yt\u00f6n mahdollisuudet, sek\u00e4 varmistetaan, ett\u00e4 henkil\u00f6tietoja k\u00e4sitell\u00e4\u00e4n lainmukaisesti vain silloin kun sille on peruste. Tietosuoja on osa perustuslaissa m\u00e4\u00e4ritelty\u00e4 yksityisyydensuojaa. Keski-Suomen sairaanhoitopiiri noudattaa henkil\u00f6tietojen k\u00e4sittelyss\u00e4 EU:n yleist\u00e4 tietosuoja-asetusta (GDPR), Suomen lakia, sek\u00e4 viranomaism\u00e4\u00e4r\u00e4yksi\u00e4 ja -ohjeita. KSSHP:n potilasrekisteriin tallennetaan hoidossa syntyvi\u00e4 henkil\u00f6- ja hoitotietoja, [&hellip;]<\/p>\n","protected":false},"author":672,"featured_media":0,"parent":101,"menu_order":0,"comment_status":"closed","ping_status":"closed","template":"","meta":{"_uag_custom_page_level_css":"","footnotes":""},"class_list":["post-147","page","type-page","status-publish","hentry"],"yoast_head":"<!-- This site is optimized with the Yoast SEO plugin v27.4 - https:\/\/yoast.com\/product\/yoast-seo-wordpress\/ -->\n<title>Tietosuoja - Hengitysvaikeus<\/title>\n<meta name=\"robots\" content=\"index, follow, max-snippet:-1, max-image-preview:large, max-video-preview:-1\" \/>\n<link rel=\"canonical\" href=\"https:\/\/blogit.gradia.fi\/hengitysvaikeus\/paivystystoimintaa-koskevat-saadokset-ja-lainsaadanto\/tietosuoja\/\" \/>\n<meta property=\"og:locale\" content=\"fi_FI\" \/>\n<meta property=\"og:type\" content=\"article\" \/>\n<meta property=\"og:title\" content=\"Tietosuoja - Hengitysvaikeus\" \/>\n<meta property=\"og:description\" content=\"Tietosuoja Tietosuojan tarkoituksena on turvata henkil\u00f6n yksityisyys henkil\u00f6tietoja k\u00e4sitelt\u00e4ess\u00e4. Tietosuojalla minimoidaan tietojen v\u00e4\u00e4rink\u00e4yt\u00f6n mahdollisuudet, sek\u00e4 varmistetaan, ett\u00e4 henkil\u00f6tietoja k\u00e4sitell\u00e4\u00e4n lainmukaisesti vain silloin kun sille on peruste. Tietosuoja on osa perustuslaissa m\u00e4\u00e4ritelty\u00e4 yksityisyydensuojaa. Keski-Suomen sairaanhoitopiiri noudattaa henkil\u00f6tietojen k\u00e4sittelyss\u00e4 EU:n yleist\u00e4 tietosuoja-asetusta (GDPR), Suomen lakia, sek\u00e4 viranomaism\u00e4\u00e4r\u00e4yksi\u00e4 ja -ohjeita. KSSHP:n potilasrekisteriin tallennetaan hoidossa syntyvi\u00e4 henkil\u00f6- ja hoitotietoja, [&hellip;]\" \/>\n<meta property=\"og:url\" content=\"https:\/\/blogit.gradia.fi\/hengitysvaikeus\/paivystystoimintaa-koskevat-saadokset-ja-lainsaadanto\/tietosuoja\/\" \/>\n<meta property=\"og:site_name\" content=\"Hengitysvaikeus\" \/>\n<meta property=\"article:modified_time\" content=\"2020-02-20T06:18:25+00:00\" \/>\n<meta name=\"twitter:card\" content=\"summary_large_image\" \/>\n<meta name=\"twitter:label1\" content=\"Arvioitu lukuaika\" \/>\n\t<meta name=\"twitter:data1\" content=\"1 minuutti\" \/>\n<script type=\"application\/ld+json\" class=\"yoast-schema-graph\">{\"@context\":\"https:\\\/\\\/schema.org\",\"@graph\":[{\"@type\":\"WebPage\",\"@id\":\"https:\\\/\\\/blogit.gradia.fi\\\/hengitysvaikeus\\\/paivystystoimintaa-koskevat-saadokset-ja-lainsaadanto\\\/tietosuoja\\\/\",\"url\":\"https:\\\/\\\/blogit.gradia.fi\\\/hengitysvaikeus\\\/paivystystoimintaa-koskevat-saadokset-ja-lainsaadanto\\\/tietosuoja\\\/\",\"name\":\"Tietosuoja - Hengitysvaikeus\",\"isPartOf\":{\"@id\":\"https:\\\/\\\/blogit.gradia.fi\\\/hengitysvaikeus\\\/#website\"},\"datePublished\":\"2020-02-12T16:11:11+00:00\",\"dateModified\":\"2020-02-20T06:18:25+00:00\",\"breadcrumb\":{\"@id\":\"https:\\\/\\\/blogit.gradia.fi\\\/hengitysvaikeus\\\/paivystystoimintaa-koskevat-saadokset-ja-lainsaadanto\\\/tietosuoja\\\/#breadcrumb\"},\"inLanguage\":\"fi\",\"potentialAction\":[{\"@type\":\"ReadAction\",\"target\":[\"https:\\\/\\\/blogit.gradia.fi\\\/hengitysvaikeus\\\/paivystystoimintaa-koskevat-saadokset-ja-lainsaadanto\\\/tietosuoja\\\/\"]}]},{\"@type\":\"BreadcrumbList\",\"@id\":\"https:\\\/\\\/blogit.gradia.fi\\\/hengitysvaikeus\\\/paivystystoimintaa-koskevat-saadokset-ja-lainsaadanto\\\/tietosuoja\\\/#breadcrumb\",\"itemListElement\":[{\"@type\":\"ListItem\",\"position\":1,\"name\":\"Home\",\"item\":\"https:\\\/\\\/blogit.gradia.fi\\\/hengitysvaikeus\\\/\"},{\"@type\":\"ListItem\",\"position\":2,\"name\":\"P\u00e4ivystystoimintaa koskevat s\u00e4\u00e4d\u00f6kset ja lains\u00e4\u00e4d\u00e4nt\u00f6\",\"item\":\"https:\\\/\\\/blogit.gradia.fi\\\/hengitysvaikeus\\\/paivystystoimintaa-koskevat-saadokset-ja-lainsaadanto\\\/\"},{\"@type\":\"ListItem\",\"position\":3,\"name\":\"Tietosuoja\"}]},{\"@type\":\"WebSite\",\"@id\":\"https:\\\/\\\/blogit.gradia.fi\\\/hengitysvaikeus\\\/#website\",\"url\":\"https:\\\/\\\/blogit.gradia.fi\\\/hengitysvaikeus\\\/\",\"name\":\"Hengitysvaikeus\",\"description\":\"\",\"potentialAction\":[{\"@type\":\"SearchAction\",\"target\":{\"@type\":\"EntryPoint\",\"urlTemplate\":\"https:\\\/\\\/blogit.gradia.fi\\\/hengitysvaikeus\\\/?s={search_term_string}\"},\"query-input\":{\"@type\":\"PropertyValueSpecification\",\"valueRequired\":true,\"valueName\":\"search_term_string\"}}],\"inLanguage\":\"fi\"}]}<\/script>\n<!-- \/ Yoast SEO plugin. -->","yoast_head_json":{"title":"Tietosuoja - Hengitysvaikeus","robots":{"index":"index","follow":"follow","max-snippet":"max-snippet:-1","max-image-preview":"max-image-preview:large","max-video-preview":"max-video-preview:-1"},"canonical":"https:\/\/blogit.gradia.fi\/hengitysvaikeus\/paivystystoimintaa-koskevat-saadokset-ja-lainsaadanto\/tietosuoja\/","og_locale":"fi_FI","og_type":"article","og_title":"Tietosuoja - Hengitysvaikeus","og_description":"Tietosuoja Tietosuojan tarkoituksena on turvata henkil\u00f6n yksityisyys henkil\u00f6tietoja k\u00e4sitelt\u00e4ess\u00e4. Tietosuojalla minimoidaan tietojen v\u00e4\u00e4rink\u00e4yt\u00f6n mahdollisuudet, sek\u00e4 varmistetaan, ett\u00e4 henkil\u00f6tietoja k\u00e4sitell\u00e4\u00e4n lainmukaisesti vain silloin kun sille on peruste. Tietosuoja on osa perustuslaissa m\u00e4\u00e4ritelty\u00e4 yksityisyydensuojaa. Keski-Suomen sairaanhoitopiiri noudattaa henkil\u00f6tietojen k\u00e4sittelyss\u00e4 EU:n yleist\u00e4 tietosuoja-asetusta (GDPR), Suomen lakia, sek\u00e4 viranomaism\u00e4\u00e4r\u00e4yksi\u00e4 ja -ohjeita. KSSHP:n potilasrekisteriin tallennetaan hoidossa syntyvi\u00e4 henkil\u00f6- ja hoitotietoja, [&hellip;]","og_url":"https:\/\/blogit.gradia.fi\/hengitysvaikeus\/paivystystoimintaa-koskevat-saadokset-ja-lainsaadanto\/tietosuoja\/","og_site_name":"Hengitysvaikeus","article_modified_time":"2020-02-20T06:18:25+00:00","twitter_card":"summary_large_image","twitter_misc":{"Arvioitu lukuaika":"1 minuutti"},"schema":{"@context":"https:\/\/schema.org","@graph":[{"@type":"WebPage","@id":"https:\/\/blogit.gradia.fi\/hengitysvaikeus\/paivystystoimintaa-koskevat-saadokset-ja-lainsaadanto\/tietosuoja\/","url":"https:\/\/blogit.gradia.fi\/hengitysvaikeus\/paivystystoimintaa-koskevat-saadokset-ja-lainsaadanto\/tietosuoja\/","name":"Tietosuoja - Hengitysvaikeus","isPartOf":{"@id":"https:\/\/blogit.gradia.fi\/hengitysvaikeus\/#website"},"datePublished":"2020-02-12T16:11:11+00:00","dateModified":"2020-02-20T06:18:25+00:00","breadcrumb":{"@id":"https:\/\/blogit.gradia.fi\/hengitysvaikeus\/paivystystoimintaa-koskevat-saadokset-ja-lainsaadanto\/tietosuoja\/#breadcrumb"},"inLanguage":"fi","potentialAction":[{"@type":"ReadAction","target":["https:\/\/blogit.gradia.fi\/hengitysvaikeus\/paivystystoimintaa-koskevat-saadokset-ja-lainsaadanto\/tietosuoja\/"]}]},{"@type":"BreadcrumbList","@id":"https:\/\/blogit.gradia.fi\/hengitysvaikeus\/paivystystoimintaa-koskevat-saadokset-ja-lainsaadanto\/tietosuoja\/#breadcrumb","itemListElement":[{"@type":"ListItem","position":1,"name":"Home","item":"https:\/\/blogit.gradia.fi\/hengitysvaikeus\/"},{"@type":"ListItem","position":2,"name":"P\u00e4ivystystoimintaa koskevat s\u00e4\u00e4d\u00f6kset ja lains\u00e4\u00e4d\u00e4nt\u00f6","item":"https:\/\/blogit.gradia.fi\/hengitysvaikeus\/paivystystoimintaa-koskevat-saadokset-ja-lainsaadanto\/"},{"@type":"ListItem","position":3,"name":"Tietosuoja"}]},{"@type":"WebSite","@id":"https:\/\/blogit.gradia.fi\/hengitysvaikeus\/#website","url":"https:\/\/blogit.gradia.fi\/hengitysvaikeus\/","name":"Hengitysvaikeus","description":"","potentialAction":[{"@type":"SearchAction","target":{"@type":"EntryPoint","urlTemplate":"https:\/\/blogit.gradia.fi\/hengitysvaikeus\/?s={search_term_string}"},"query-input":{"@type":"PropertyValueSpecification","valueRequired":true,"valueName":"search_term_string"}}],"inLanguage":"fi"}]}},"uagb_featured_image_src":{"full":false,"thumbnail":false,"medium":false,"medium_large":false,"large":false,"1536x1536":false,"2048x2048":false,"post-thumbnail":false},"uagb_author_info":{"display_name":"Samuli \u00d6ljym\u00e4ki","author_link":"https:\/\/blogit.gradia.fi\/hengitysvaikeus\/author\/gr188119\/"},"uagb_comment_info":0,"uagb_excerpt":"Tietosuoja Tietosuojan tarkoituksena on turvata henkil\u00f6n yksityisyys henkil\u00f6tietoja k\u00e4sitelt\u00e4ess\u00e4. Tietosuojalla minimoidaan tietojen v\u00e4\u00e4rink\u00e4yt\u00f6n mahdollisuudet, sek\u00e4 varmistetaan, ett\u00e4 henkil\u00f6tietoja k\u00e4sitell\u00e4\u00e4n lainmukaisesti vain silloin kun sille on peruste. Tietosuoja on osa perustuslaissa m\u00e4\u00e4ritelty\u00e4 yksityisyydensuojaa. Keski-Suomen sairaanhoitopiiri noudattaa henkil\u00f6tietojen k\u00e4sittelyss\u00e4 EU:n yleist\u00e4 tietosuoja-asetusta (GDPR), Suomen lakia, sek\u00e4 viranomaism\u00e4\u00e4r\u00e4yksi\u00e4 ja -ohjeita. KSSHP:n potilasrekisteriin tallennetaan hoidossa syntyvi\u00e4 henkil\u00f6- ja hoitotietoja,&hellip;","_links":{"self":[{"href":"https:\/\/blogit.gradia.fi\/hengitysvaikeus\/wp-json\/wp\/v2\/pages\/147","targetHints":{"allow":["GET"]}}],"collection":[{"href":"https:\/\/blogit.gradia.fi\/hengitysvaikeus\/wp-json\/wp\/v2\/pages"}],"about":[{"href":"https:\/\/blogit.gradia.fi\/hengitysvaikeus\/wp-json\/wp\/v2\/types\/page"}],"author":[{"embeddable":true,"href":"https:\/\/blogit.gradia.fi\/hengitysvaikeus\/wp-json\/wp\/v2\/users\/672"}],"replies":[{"embeddable":true,"href":"https:\/\/blogit.gradia.fi\/hengitysvaikeus\/wp-json\/wp\/v2\/comments?post=147"}],"version-history":[{"count":2,"href":"https:\/\/blogit.gradia.fi\/hengitysvaikeus\/wp-json\/wp\/v2\/pages\/147\/revisions"}],"predecessor-version":[{"id":259,"href":"https:\/\/blogit.gradia.fi\/hengitysvaikeus\/wp-json\/wp\/v2\/pages\/147\/revisions\/259"}],"up":[{"embeddable":true,"href":"https:\/\/blogit.gradia.fi\/hengitysvaikeus\/wp-json\/wp\/v2\/pages\/101"}],"wp:attachment":[{"href":"https:\/\/blogit.gradia.fi\/hengitysvaikeus\/wp-json\/wp\/v2\/media?parent=147"}],"curies":[{"name":"wp","href":"https:\/\/api.w.org\/{rel}","templated":true}]}}