{"id":145,"date":"2020-02-12T18:10:00","date_gmt":"2020-02-12T16:10:00","guid":{"rendered":"https:\/\/blogit.gradia.fi\/hengitysvaikeus\/?page_id=145"},"modified":"2020-02-20T08:19:10","modified_gmt":"2020-02-20T06:19:10","slug":"potilasta-koskevat-saadokset-ja-lait","status":"publish","type":"page","link":"https:\/\/blogit.gradia.fi\/hengitysvaikeus\/paivystystoimintaa-koskevat-saadokset-ja-lainsaadanto\/potilasta-koskevat-saadokset-ja-lait\/","title":{"rendered":"Potilasta koskevat s\u00e4\u00e4d\u00f6kset ja lait"},"content":{"rendered":"\n<h2 class=\"wp-block-heading\">Potilasta koskevat s\u00e4\u00e4d\u00f6kset ja lait <\/h2>\n\n\n\n<p>Potilaan itsem\u00e4\u00e4r\u00e4\u00e4misoikeudesta<\/p>\n\n\n\n<p>Potilasta on hoidettava yhteisymm\u00e4rryksess\u00e4 h\u00e4nen kanssaan, potilaan kielt\u00e4ytyess\u00e4 hoidosta tai hoitotoimenpiteest\u00e4 h\u00e4nt\u00e4 on mahdollisuuksien mukaan hoidettava yhteisymm\u00e4rryksess\u00e4 muulla l\u00e4\u00e4ketieteellisesti hyv\u00e4ksytt\u00e4v\u00e4ll\u00e4 tavalla.<\/p>\n\n\n\n<p>Jos t\u00e4ysi-ik\u00e4inen potilas ei mielenterveydenh\u00e4iri\u00f6n, kehitysvammaisuuden tai muun syyn vuoksi pysty p\u00e4\u00e4tt\u00e4m\u00e4\u00e4n hoidostaan potilasta on hoidettava tavalla, jota voidaan pit\u00e4\u00e4 h\u00e4nen henkil\u00f6kohtaisen etunsa mukaisena.<\/p>\n\n\n\n<p>Alaik\u00e4isen potilaan asema<\/p>\n\n\n\n<p>Jos alaik\u00e4inen ik\u00e4ns\u00e4 ja kehitystasonsa perusteella kykenee p\u00e4\u00e4tt\u00e4m\u00e4\u00e4n hoidostaan, h\u00e4nt\u00e4 on hoidettava yhteisymm\u00e4rryksess\u00e4 h\u00e4nen kanssaan, muutoin  h\u00e4nt\u00e4 on hoidettava yhteisymm\u00e4rryksess\u00e4 h\u00e4nen huoltajansa tai muun laillisen edustajansa kanssa. <\/p>\n\n\n\n<p>Tiedonsaantioikeus ja toimivalta<\/p>\n\n\n\n<p>Potilaan laillisella edustajalla taikka l\u00e4hiomaisella tai muulla l\u00e4heisell\u00e4 on 6 \u00a7:n 2 ja 3 momentissa tarkoitetussa tapauksessa oikeus saada kuulemista ja suostumuksen antamista varten tarpeelliset tiedot potilaan terveydentilasta. (9.4.1999\/489)<\/p>\n\n\n\n<p>Jos alaik\u00e4inen potilas kykenee p\u00e4\u00e4tt\u00e4m\u00e4\u00e4n hoidostaan, h\u00e4nell\u00e4 on oikeus kielt\u00e4\u00e4 terveydentilaansa ja hoitoansa koskevien tietojen antaminen huoltajalleen tai muulle lailliselle edustajalleen.<\/p>\n\n\n\n<p>Alaik\u00e4isen tai 6 \u00a7:n 2 momentissa tarkoitetun potilaan huoltajalla tai muulla laillisella edustajalla ei ole oikeutta kielt\u00e4\u00e4 potilaan henke\u00e4 tai terveytt\u00e4 uhkaavan vaaran torjumiseksi annettavaa tarpeellista hoitoa. (9.4.1999\/489)<\/p>\n\n\n\n<p><a href=\"https:\/\/www.valvira.fi\/documents\/14444\/784076\/Potilaan_oikeudet_2016_suomi.pdf\/92a2b4b2-2d36-4f26-b939-e363a69f4913\">Valviran esite: Potilaan oikeudet (pdf)<\/a><\/p>\n\n\n\n<p>Potilaan oikeuksiin liittyvi\u00e4 asioita on muun muassa seuraavissa laeissa:<\/p>\n\n\n\n<p>Suomen perustuslaki (731\/1999)<\/p>\n\n\n\n<p>Laki potilaan asemasta ja oikeuksista (785\/1992)<\/p>\n\n\n\n<p>Terveydenhuoltolaki (1326\/2010)<\/p>\n\n\n\n<p>Mielenterveyslaki (1116\/1990)<\/p>\n\n\n\n<p>Potilasvahinkolaki (585\/1986)<\/p>\n\n\n\n<p><a href=\"https:\/\/www.finlex.fi\/fi\/laki\/ajantasa\/1992\/19920785\"><strong>Laki potilaan asemasta ja oikeuksista<\/strong><\/a>(785\/1992)<\/p>\n\n\n<p><!--EndFragment--><\/p>","protected":false},"excerpt":{"rendered":"<p>Potilasta koskevat s\u00e4\u00e4d\u00f6kset ja lait Potilaan itsem\u00e4\u00e4r\u00e4\u00e4misoikeudesta Potilasta on hoidettava yhteisymm\u00e4rryksess\u00e4 h\u00e4nen kanssaan, potilaan kielt\u00e4ytyess\u00e4 hoidosta tai hoitotoimenpiteest\u00e4 h\u00e4nt\u00e4 on mahdollisuuksien mukaan hoidettava yhteisymm\u00e4rryksess\u00e4 muulla l\u00e4\u00e4ketieteellisesti hyv\u00e4ksytt\u00e4v\u00e4ll\u00e4 tavalla. Jos t\u00e4ysi-ik\u00e4inen potilas ei mielenterveydenh\u00e4iri\u00f6n, kehitysvammaisuuden tai muun syyn vuoksi pysty p\u00e4\u00e4tt\u00e4m\u00e4\u00e4n hoidostaan potilasta on hoidettava tavalla, jota voidaan pit\u00e4\u00e4 h\u00e4nen henkil\u00f6kohtaisen etunsa mukaisena. Alaik\u00e4isen potilaan asema [&hellip;]<\/p>\n","protected":false},"author":672,"featured_media":140,"parent":101,"menu_order":0,"comment_status":"closed","ping_status":"closed","template":"","meta":{"_uag_custom_page_level_css":"","footnotes":""},"class_list":["post-145","page","type-page","status-publish","has-post-thumbnail","hentry"],"yoast_head":"<!-- This site is optimized with the Yoast SEO plugin v27.4 - https:\/\/yoast.com\/product\/yoast-seo-wordpress\/ -->\n<title>Potilasta koskevat s\u00e4\u00e4d\u00f6kset ja lait - Hengitysvaikeus<\/title>\n<meta name=\"robots\" content=\"index, follow, max-snippet:-1, max-image-preview:large, max-video-preview:-1\" \/>\n<link rel=\"canonical\" href=\"https:\/\/blogit.gradia.fi\/hengitysvaikeus\/paivystystoimintaa-koskevat-saadokset-ja-lainsaadanto\/potilasta-koskevat-saadokset-ja-lait\/\" \/>\n<meta property=\"og:locale\" content=\"fi_FI\" \/>\n<meta property=\"og:type\" content=\"article\" \/>\n<meta property=\"og:title\" content=\"Potilasta koskevat s\u00e4\u00e4d\u00f6kset ja lait - Hengitysvaikeus\" \/>\n<meta property=\"og:description\" content=\"Potilasta koskevat s\u00e4\u00e4d\u00f6kset ja lait Potilaan itsem\u00e4\u00e4r\u00e4\u00e4misoikeudesta Potilasta on hoidettava yhteisymm\u00e4rryksess\u00e4 h\u00e4nen kanssaan, potilaan kielt\u00e4ytyess\u00e4 hoidosta tai hoitotoimenpiteest\u00e4 h\u00e4nt\u00e4 on mahdollisuuksien mukaan hoidettava yhteisymm\u00e4rryksess\u00e4 muulla l\u00e4\u00e4ketieteellisesti hyv\u00e4ksytt\u00e4v\u00e4ll\u00e4 tavalla. Jos t\u00e4ysi-ik\u00e4inen potilas ei mielenterveydenh\u00e4iri\u00f6n, kehitysvammaisuuden tai muun syyn vuoksi pysty p\u00e4\u00e4tt\u00e4m\u00e4\u00e4n hoidostaan potilasta on hoidettava tavalla, jota voidaan pit\u00e4\u00e4 h\u00e4nen henkil\u00f6kohtaisen etunsa mukaisena. Alaik\u00e4isen potilaan asema [&hellip;]\" \/>\n<meta property=\"og:url\" content=\"https:\/\/blogit.gradia.fi\/hengitysvaikeus\/paivystystoimintaa-koskevat-saadokset-ja-lainsaadanto\/potilasta-koskevat-saadokset-ja-lait\/\" \/>\n<meta property=\"og:site_name\" content=\"Hengitysvaikeus\" \/>\n<meta property=\"article:modified_time\" content=\"2020-02-20T06:19:10+00:00\" \/>\n<meta property=\"og:image\" content=\"https:\/\/blogit.gradia.fi\/hengitysvaikeus\/wp-content\/uploads\/sites\/164\/2020\/02\/A1B98D22-56E1-4DA0-ACBD-161BD9528564.png\" \/>\n\t<meta property=\"og:image:width\" content=\"720\" \/>\n\t<meta property=\"og:image:height\" content=\"720\" \/>\n\t<meta property=\"og:image:type\" content=\"image\/png\" \/>\n<meta name=\"twitter:card\" content=\"summary_large_image\" \/>\n<meta name=\"twitter:label1\" content=\"Arvioitu lukuaika\" \/>\n\t<meta name=\"twitter:data1\" content=\"1 minuutti\" \/>\n<script type=\"application\/ld+json\" class=\"yoast-schema-graph\">{\"@context\":\"https:\\\/\\\/schema.org\",\"@graph\":[{\"@type\":\"WebPage\",\"@id\":\"https:\\\/\\\/blogit.gradia.fi\\\/hengitysvaikeus\\\/paivystystoimintaa-koskevat-saadokset-ja-lainsaadanto\\\/potilasta-koskevat-saadokset-ja-lait\\\/\",\"url\":\"https:\\\/\\\/blogit.gradia.fi\\\/hengitysvaikeus\\\/paivystystoimintaa-koskevat-saadokset-ja-lainsaadanto\\\/potilasta-koskevat-saadokset-ja-lait\\\/\",\"name\":\"Potilasta koskevat s\u00e4\u00e4d\u00f6kset ja lait - Hengitysvaikeus\",\"isPartOf\":{\"@id\":\"https:\\\/\\\/blogit.gradia.fi\\\/hengitysvaikeus\\\/#website\"},\"primaryImageOfPage\":{\"@id\":\"https:\\\/\\\/blogit.gradia.fi\\\/hengitysvaikeus\\\/paivystystoimintaa-koskevat-saadokset-ja-lainsaadanto\\\/potilasta-koskevat-saadokset-ja-lait\\\/#primaryimage\"},\"image\":{\"@id\":\"https:\\\/\\\/blogit.gradia.fi\\\/hengitysvaikeus\\\/paivystystoimintaa-koskevat-saadokset-ja-lainsaadanto\\\/potilasta-koskevat-saadokset-ja-lait\\\/#primaryimage\"},\"thumbnailUrl\":\"https:\\\/\\\/blogit.gradia.fi\\\/hengitysvaikeus\\\/wp-content\\\/uploads\\\/sites\\\/164\\\/2020\\\/02\\\/A1B98D22-56E1-4DA0-ACBD-161BD9528564.png\",\"datePublished\":\"2020-02-12T16:10:00+00:00\",\"dateModified\":\"2020-02-20T06:19:10+00:00\",\"breadcrumb\":{\"@id\":\"https:\\\/\\\/blogit.gradia.fi\\\/hengitysvaikeus\\\/paivystystoimintaa-koskevat-saadokset-ja-lainsaadanto\\\/potilasta-koskevat-saadokset-ja-lait\\\/#breadcrumb\"},\"inLanguage\":\"fi\",\"potentialAction\":[{\"@type\":\"ReadAction\",\"target\":[\"https:\\\/\\\/blogit.gradia.fi\\\/hengitysvaikeus\\\/paivystystoimintaa-koskevat-saadokset-ja-lainsaadanto\\\/potilasta-koskevat-saadokset-ja-lait\\\/\"]}]},{\"@type\":\"ImageObject\",\"inLanguage\":\"fi\",\"@id\":\"https:\\\/\\\/blogit.gradia.fi\\\/hengitysvaikeus\\\/paivystystoimintaa-koskevat-saadokset-ja-lainsaadanto\\\/potilasta-koskevat-saadokset-ja-lait\\\/#primaryimage\",\"url\":\"https:\\\/\\\/blogit.gradia.fi\\\/hengitysvaikeus\\\/wp-content\\\/uploads\\\/sites\\\/164\\\/2020\\\/02\\\/A1B98D22-56E1-4DA0-ACBD-161BD9528564.png\",\"contentUrl\":\"https:\\\/\\\/blogit.gradia.fi\\\/hengitysvaikeus\\\/wp-content\\\/uploads\\\/sites\\\/164\\\/2020\\\/02\\\/A1B98D22-56E1-4DA0-ACBD-161BD9528564.png\",\"width\":720,\"height\":720},{\"@type\":\"BreadcrumbList\",\"@id\":\"https:\\\/\\\/blogit.gradia.fi\\\/hengitysvaikeus\\\/paivystystoimintaa-koskevat-saadokset-ja-lainsaadanto\\\/potilasta-koskevat-saadokset-ja-lait\\\/#breadcrumb\",\"itemListElement\":[{\"@type\":\"ListItem\",\"position\":1,\"name\":\"Home\",\"item\":\"https:\\\/\\\/blogit.gradia.fi\\\/hengitysvaikeus\\\/\"},{\"@type\":\"ListItem\",\"position\":2,\"name\":\"P\u00e4ivystystoimintaa koskevat s\u00e4\u00e4d\u00f6kset ja lains\u00e4\u00e4d\u00e4nt\u00f6\",\"item\":\"https:\\\/\\\/blogit.gradia.fi\\\/hengitysvaikeus\\\/paivystystoimintaa-koskevat-saadokset-ja-lainsaadanto\\\/\"},{\"@type\":\"ListItem\",\"position\":3,\"name\":\"Potilasta koskevat s\u00e4\u00e4d\u00f6kset ja lait\"}]},{\"@type\":\"WebSite\",\"@id\":\"https:\\\/\\\/blogit.gradia.fi\\\/hengitysvaikeus\\\/#website\",\"url\":\"https:\\\/\\\/blogit.gradia.fi\\\/hengitysvaikeus\\\/\",\"name\":\"Hengitysvaikeus\",\"description\":\"\",\"potentialAction\":[{\"@type\":\"SearchAction\",\"target\":{\"@type\":\"EntryPoint\",\"urlTemplate\":\"https:\\\/\\\/blogit.gradia.fi\\\/hengitysvaikeus\\\/?s={search_term_string}\"},\"query-input\":{\"@type\":\"PropertyValueSpecification\",\"valueRequired\":true,\"valueName\":\"search_term_string\"}}],\"inLanguage\":\"fi\"}]}<\/script>\n<!-- \/ Yoast SEO plugin. -->","yoast_head_json":{"title":"Potilasta koskevat s\u00e4\u00e4d\u00f6kset ja lait - Hengitysvaikeus","robots":{"index":"index","follow":"follow","max-snippet":"max-snippet:-1","max-image-preview":"max-image-preview:large","max-video-preview":"max-video-preview:-1"},"canonical":"https:\/\/blogit.gradia.fi\/hengitysvaikeus\/paivystystoimintaa-koskevat-saadokset-ja-lainsaadanto\/potilasta-koskevat-saadokset-ja-lait\/","og_locale":"fi_FI","og_type":"article","og_title":"Potilasta koskevat s\u00e4\u00e4d\u00f6kset ja lait - Hengitysvaikeus","og_description":"Potilasta koskevat s\u00e4\u00e4d\u00f6kset ja lait Potilaan itsem\u00e4\u00e4r\u00e4\u00e4misoikeudesta Potilasta on hoidettava yhteisymm\u00e4rryksess\u00e4 h\u00e4nen kanssaan, potilaan kielt\u00e4ytyess\u00e4 hoidosta tai hoitotoimenpiteest\u00e4 h\u00e4nt\u00e4 on mahdollisuuksien mukaan hoidettava yhteisymm\u00e4rryksess\u00e4 muulla l\u00e4\u00e4ketieteellisesti hyv\u00e4ksytt\u00e4v\u00e4ll\u00e4 tavalla. Jos t\u00e4ysi-ik\u00e4inen potilas ei mielenterveydenh\u00e4iri\u00f6n, kehitysvammaisuuden tai muun syyn vuoksi pysty p\u00e4\u00e4tt\u00e4m\u00e4\u00e4n hoidostaan potilasta on hoidettava tavalla, jota voidaan pit\u00e4\u00e4 h\u00e4nen henkil\u00f6kohtaisen etunsa mukaisena. Alaik\u00e4isen potilaan asema [&hellip;]","og_url":"https:\/\/blogit.gradia.fi\/hengitysvaikeus\/paivystystoimintaa-koskevat-saadokset-ja-lainsaadanto\/potilasta-koskevat-saadokset-ja-lait\/","og_site_name":"Hengitysvaikeus","article_modified_time":"2020-02-20T06:19:10+00:00","og_image":[{"width":720,"height":720,"url":"https:\/\/blogit.gradia.fi\/hengitysvaikeus\/wp-content\/uploads\/sites\/164\/2020\/02\/A1B98D22-56E1-4DA0-ACBD-161BD9528564.png","type":"image\/png"}],"twitter_card":"summary_large_image","twitter_misc":{"Arvioitu lukuaika":"1 minuutti"},"schema":{"@context":"https:\/\/schema.org","@graph":[{"@type":"WebPage","@id":"https:\/\/blogit.gradia.fi\/hengitysvaikeus\/paivystystoimintaa-koskevat-saadokset-ja-lainsaadanto\/potilasta-koskevat-saadokset-ja-lait\/","url":"https:\/\/blogit.gradia.fi\/hengitysvaikeus\/paivystystoimintaa-koskevat-saadokset-ja-lainsaadanto\/potilasta-koskevat-saadokset-ja-lait\/","name":"Potilasta koskevat s\u00e4\u00e4d\u00f6kset ja lait - Hengitysvaikeus","isPartOf":{"@id":"https:\/\/blogit.gradia.fi\/hengitysvaikeus\/#website"},"primaryImageOfPage":{"@id":"https:\/\/blogit.gradia.fi\/hengitysvaikeus\/paivystystoimintaa-koskevat-saadokset-ja-lainsaadanto\/potilasta-koskevat-saadokset-ja-lait\/#primaryimage"},"image":{"@id":"https:\/\/blogit.gradia.fi\/hengitysvaikeus\/paivystystoimintaa-koskevat-saadokset-ja-lainsaadanto\/potilasta-koskevat-saadokset-ja-lait\/#primaryimage"},"thumbnailUrl":"https:\/\/blogit.gradia.fi\/hengitysvaikeus\/wp-content\/uploads\/sites\/164\/2020\/02\/A1B98D22-56E1-4DA0-ACBD-161BD9528564.png","datePublished":"2020-02-12T16:10:00+00:00","dateModified":"2020-02-20T06:19:10+00:00","breadcrumb":{"@id":"https:\/\/blogit.gradia.fi\/hengitysvaikeus\/paivystystoimintaa-koskevat-saadokset-ja-lainsaadanto\/potilasta-koskevat-saadokset-ja-lait\/#breadcrumb"},"inLanguage":"fi","potentialAction":[{"@type":"ReadAction","target":["https:\/\/blogit.gradia.fi\/hengitysvaikeus\/paivystystoimintaa-koskevat-saadokset-ja-lainsaadanto\/potilasta-koskevat-saadokset-ja-lait\/"]}]},{"@type":"ImageObject","inLanguage":"fi","@id":"https:\/\/blogit.gradia.fi\/hengitysvaikeus\/paivystystoimintaa-koskevat-saadokset-ja-lainsaadanto\/potilasta-koskevat-saadokset-ja-lait\/#primaryimage","url":"https:\/\/blogit.gradia.fi\/hengitysvaikeus\/wp-content\/uploads\/sites\/164\/2020\/02\/A1B98D22-56E1-4DA0-ACBD-161BD9528564.png","contentUrl":"https:\/\/blogit.gradia.fi\/hengitysvaikeus\/wp-content\/uploads\/sites\/164\/2020\/02\/A1B98D22-56E1-4DA0-ACBD-161BD9528564.png","width":720,"height":720},{"@type":"BreadcrumbList","@id":"https:\/\/blogit.gradia.fi\/hengitysvaikeus\/paivystystoimintaa-koskevat-saadokset-ja-lainsaadanto\/potilasta-koskevat-saadokset-ja-lait\/#breadcrumb","itemListElement":[{"@type":"ListItem","position":1,"name":"Home","item":"https:\/\/blogit.gradia.fi\/hengitysvaikeus\/"},{"@type":"ListItem","position":2,"name":"P\u00e4ivystystoimintaa koskevat s\u00e4\u00e4d\u00f6kset ja lains\u00e4\u00e4d\u00e4nt\u00f6","item":"https:\/\/blogit.gradia.fi\/hengitysvaikeus\/paivystystoimintaa-koskevat-saadokset-ja-lainsaadanto\/"},{"@type":"ListItem","position":3,"name":"Potilasta koskevat s\u00e4\u00e4d\u00f6kset ja lait"}]},{"@type":"WebSite","@id":"https:\/\/blogit.gradia.fi\/hengitysvaikeus\/#website","url":"https:\/\/blogit.gradia.fi\/hengitysvaikeus\/","name":"Hengitysvaikeus","description":"","potentialAction":[{"@type":"SearchAction","target":{"@type":"EntryPoint","urlTemplate":"https:\/\/blogit.gradia.fi\/hengitysvaikeus\/?s={search_term_string}"},"query-input":{"@type":"PropertyValueSpecification","valueRequired":true,"valueName":"search_term_string"}}],"inLanguage":"fi"}]}},"uagb_featured_image_src":{"full":["https:\/\/blogit.gradia.fi\/hengitysvaikeus\/wp-content\/uploads\/sites\/164\/2020\/02\/A1B98D22-56E1-4DA0-ACBD-161BD9528564.png",720,720,false],"thumbnail":["https:\/\/blogit.gradia.fi\/hengitysvaikeus\/wp-content\/uploads\/sites\/164\/2020\/02\/A1B98D22-56E1-4DA0-ACBD-161BD9528564-150x150.png",150,150,true],"medium":["https:\/\/blogit.gradia.fi\/hengitysvaikeus\/wp-content\/uploads\/sites\/164\/2020\/02\/A1B98D22-56E1-4DA0-ACBD-161BD9528564-300x300.png",300,300,true],"medium_large":["https:\/\/blogit.gradia.fi\/hengitysvaikeus\/wp-content\/uploads\/sites\/164\/2020\/02\/A1B98D22-56E1-4DA0-ACBD-161BD9528564.png",620,620,false],"large":["https:\/\/blogit.gradia.fi\/hengitysvaikeus\/wp-content\/uploads\/sites\/164\/2020\/02\/A1B98D22-56E1-4DA0-ACBD-161BD9528564.png",620,620,false],"1536x1536":["https:\/\/blogit.gradia.fi\/hengitysvaikeus\/wp-content\/uploads\/sites\/164\/2020\/02\/A1B98D22-56E1-4DA0-ACBD-161BD9528564.png",720,720,false],"2048x2048":["https:\/\/blogit.gradia.fi\/hengitysvaikeus\/wp-content\/uploads\/sites\/164\/2020\/02\/A1B98D22-56E1-4DA0-ACBD-161BD9528564.png",720,720,false],"post-thumbnail":["https:\/\/blogit.gradia.fi\/hengitysvaikeus\/wp-content\/uploads\/sites\/164\/2020\/02\/A1B98D22-56E1-4DA0-ACBD-161BD9528564-620x620.png",620,620,true]},"uagb_author_info":{"display_name":"Samuli \u00d6ljym\u00e4ki","author_link":"https:\/\/blogit.gradia.fi\/hengitysvaikeus\/author\/gr188119\/"},"uagb_comment_info":0,"uagb_excerpt":"Potilasta koskevat s\u00e4\u00e4d\u00f6kset ja lait Potilaan itsem\u00e4\u00e4r\u00e4\u00e4misoikeudesta Potilasta on hoidettava yhteisymm\u00e4rryksess\u00e4 h\u00e4nen kanssaan, potilaan kielt\u00e4ytyess\u00e4 hoidosta tai hoitotoimenpiteest\u00e4 h\u00e4nt\u00e4 on mahdollisuuksien mukaan hoidettava yhteisymm\u00e4rryksess\u00e4 muulla l\u00e4\u00e4ketieteellisesti hyv\u00e4ksytt\u00e4v\u00e4ll\u00e4 tavalla. Jos t\u00e4ysi-ik\u00e4inen potilas ei mielenterveydenh\u00e4iri\u00f6n, kehitysvammaisuuden tai muun syyn vuoksi pysty p\u00e4\u00e4tt\u00e4m\u00e4\u00e4n hoidostaan potilasta on hoidettava tavalla, jota voidaan pit\u00e4\u00e4 h\u00e4nen henkil\u00f6kohtaisen etunsa mukaisena. Alaik\u00e4isen potilaan asema&hellip;","_links":{"self":[{"href":"https:\/\/blogit.gradia.fi\/hengitysvaikeus\/wp-json\/wp\/v2\/pages\/145","targetHints":{"allow":["GET"]}}],"collection":[{"href":"https:\/\/blogit.gradia.fi\/hengitysvaikeus\/wp-json\/wp\/v2\/pages"}],"about":[{"href":"https:\/\/blogit.gradia.fi\/hengitysvaikeus\/wp-json\/wp\/v2\/types\/page"}],"author":[{"embeddable":true,"href":"https:\/\/blogit.gradia.fi\/hengitysvaikeus\/wp-json\/wp\/v2\/users\/672"}],"replies":[{"embeddable":true,"href":"https:\/\/blogit.gradia.fi\/hengitysvaikeus\/wp-json\/wp\/v2\/comments?post=145"}],"version-history":[{"count":4,"href":"https:\/\/blogit.gradia.fi\/hengitysvaikeus\/wp-json\/wp\/v2\/pages\/145\/revisions"}],"predecessor-version":[{"id":260,"href":"https:\/\/blogit.gradia.fi\/hengitysvaikeus\/wp-json\/wp\/v2\/pages\/145\/revisions\/260"}],"up":[{"embeddable":true,"href":"https:\/\/blogit.gradia.fi\/hengitysvaikeus\/wp-json\/wp\/v2\/pages\/101"}],"wp:featuredmedia":[{"embeddable":true,"href":"https:\/\/blogit.gradia.fi\/hengitysvaikeus\/wp-json\/wp\/v2\/media\/140"}],"wp:attachment":[{"href":"https:\/\/blogit.gradia.fi\/hengitysvaikeus\/wp-json\/wp\/v2\/media?parent=145"}],"curies":[{"name":"wp","href":"https:\/\/api.w.org\/{rel}","templated":true}]}}