{"id":143,"date":"2020-02-12T18:07:58","date_gmt":"2020-02-12T16:07:58","guid":{"rendered":"https:\/\/blogit.gradia.fi\/hengitysvaikeus\/?page_id=143"},"modified":"2020-02-12T18:08:55","modified_gmt":"2020-02-12T16:08:55","slug":"hoitajaa-koskevat-saadokset-ja-lait","status":"publish","type":"page","link":"https:\/\/blogit.gradia.fi\/hengitysvaikeus\/paivystystoimintaa-koskevat-saadokset-ja-lainsaadanto\/hoitajaa-koskevat-saadokset-ja-lait\/","title":{"rendered":"Hoitajaa koskevat s\u00e4\u00e4d\u00f6kset ja lait"},"content":{"rendered":"\n<h2 class=\"wp-block-heading\">Hoitajaa koskevat s\u00e4\u00e4d\u00f6kset ja lait (Oskari)<\/h2>\n\n\n\n<h4 class=\"wp-block-heading\">S\u00e4\u00e4d\u00f6kset<\/h4>\n\n\n\n<p>Alan s\u00e4\u00e4d\u00f6kset ja ammattieettiset periaatteet ohjaavat ammattilaisten toimintaa.<\/p>\n\n\n\n<p>Hoitajan ty\u00f6 on potilaan ja asiakkaan fyysisiin, psyykkisiin, sosiaalisiin sek\u00e4 henkisiin ja hengellisiin tarpeisiin perustuvaa tukemista, ohjausta, hoitoa, huolenpitoa, kasvatusta sek\u00e4 terveyden ja kuntoutumisen edist\u00e4mist\u00e4. Hoitajan tulee kunnioittaa yksil\u00f6iden ja perheiden yksil\u00f6llisyytt\u00e4 sek\u00e4 ryhmien ja yhteis\u00f6jen etnist\u00e4 ja kulttuurista moninaisuutta. Hoitaja kunnioittaa asiakkaan ja potilaan itsem\u00e4\u00e4r\u00e4\u00e4misoikeutta. Ty\u00f6ntekij\u00e4n velvollisuus on kohdella kaikkia potilaita ja asiakkaita tasa-arvoisesti riippumatta heid\u00e4n i\u00e4st\u00e4\u00e4n, kulttuuristaan, sukupuolestaan, siviilis\u00e4\u00e4dyst\u00e4\u00e4n, kyvyist\u00e4\u00e4n, yhteiskunnallisesta tai taloudellisesta asemastaan, poliittisista mielipiteist\u00e4\u00e4n, ihonv\u00e4rist\u00e4\u00e4n tai muista fyysisist\u00e4 ominaisuuksistaan, sukupuolisesta suuntautumisestaan, uskonnostaan tai vakaumuksestaan.<\/p>\n\n\n\n<p>Hoitajilta vaaditaan hyvi\u00e4 ihmissuhde- ja vuorovaikutustaitoja, rehellisyytt\u00e4 sek\u00e4 kyky\u00e4 toimia erilaisten ihmisten kanssa. Oman ty\u00f6n osaamisen ja kehitt\u00e4minen t\u00e4rke\u00e4ss\u00e4 roolissa. Ty\u00f6ntekij\u00f6it\u00e4 sitovat lain edellytt\u00e4m\u00e4 salassapitovelvollisuus ja tietosuoja. Salassapitos\u00e4\u00e4d\u00f6kset koskevat my\u00f6s sosiaalista mediaa.<\/p>\n\n\n\n<p>Lakis\u00e4\u00e4teinen ilmoitusvelvollisuus puolestaan edellytt\u00e4\u00e4 salassapitos\u00e4\u00e4nn\u00f6sten est\u00e4m\u00e4tt\u00e4 ammattihenkil\u00f6n tekem\u00e4\u00e4n tarvittaessa lastensuojeluilmoitus tai ilmoitus sosiaalihuollon tarpeessa olevasta ja i\u00e4kk\u00e4\u00e4n palvelun tarpeesta.<\/p>\n\n\n\n<h4 class=\"wp-block-heading\"><strong>Lait<\/strong><\/h4>\n\n\n\n<p>Hoitajaa koskevat erilaiset salassapito, tietojen luovutus- ja s\u00e4ilytysaikas\u00e4\u00e4nn\u00f6kset.&nbsp; Hoitajalla pit\u00e4\u00e4 olla ammattitoiminnan edellytt\u00e4m\u00e4 koulutus, muu riitt\u00e4v\u00e4 ammatillinen p\u00e4tevyys ja ammattitoiminnan edellytt\u00e4m\u00e4t muut valmiudet.<\/p>\n","protected":false},"excerpt":{"rendered":"<p>Hoitajaa koskevat s\u00e4\u00e4d\u00f6kset ja lait (Oskari) S\u00e4\u00e4d\u00f6kset Alan s\u00e4\u00e4d\u00f6kset ja ammattieettiset periaatteet ohjaavat ammattilaisten toimintaa. Hoitajan ty\u00f6 on potilaan ja asiakkaan fyysisiin, psyykkisiin, sosiaalisiin sek\u00e4 henkisiin ja hengellisiin tarpeisiin perustuvaa tukemista, ohjausta, hoitoa, huolenpitoa, kasvatusta sek\u00e4 terveyden ja kuntoutumisen edist\u00e4mist\u00e4. Hoitajan tulee kunnioittaa yksil\u00f6iden ja perheiden yksil\u00f6llisyytt\u00e4 sek\u00e4 ryhmien ja yhteis\u00f6jen etnist\u00e4 ja kulttuurista moninaisuutta. [&hellip;]<\/p>\n","protected":false},"author":672,"featured_media":0,"parent":101,"menu_order":0,"comment_status":"closed","ping_status":"closed","template":"template-full-width.php","meta":{"_uag_custom_page_level_css":"","footnotes":""},"class_list":["post-143","page","type-page","status-publish","hentry"],"yoast_head":"<!-- This site is optimized with the Yoast SEO plugin v27.4 - https:\/\/yoast.com\/product\/yoast-seo-wordpress\/ -->\n<title>Hoitajaa koskevat s\u00e4\u00e4d\u00f6kset ja lait - Hengitysvaikeus<\/title>\n<meta name=\"robots\" content=\"index, follow, max-snippet:-1, max-image-preview:large, max-video-preview:-1\" \/>\n<link rel=\"canonical\" href=\"https:\/\/blogit.gradia.fi\/hengitysvaikeus\/paivystystoimintaa-koskevat-saadokset-ja-lainsaadanto\/hoitajaa-koskevat-saadokset-ja-lait\/\" \/>\n<meta property=\"og:locale\" content=\"fi_FI\" \/>\n<meta property=\"og:type\" content=\"article\" \/>\n<meta property=\"og:title\" content=\"Hoitajaa koskevat s\u00e4\u00e4d\u00f6kset ja lait - Hengitysvaikeus\" \/>\n<meta property=\"og:description\" content=\"Hoitajaa koskevat s\u00e4\u00e4d\u00f6kset ja lait (Oskari) S\u00e4\u00e4d\u00f6kset Alan s\u00e4\u00e4d\u00f6kset ja ammattieettiset periaatteet ohjaavat ammattilaisten toimintaa. Hoitajan ty\u00f6 on potilaan ja asiakkaan fyysisiin, psyykkisiin, sosiaalisiin sek\u00e4 henkisiin ja hengellisiin tarpeisiin perustuvaa tukemista, ohjausta, hoitoa, huolenpitoa, kasvatusta sek\u00e4 terveyden ja kuntoutumisen edist\u00e4mist\u00e4. Hoitajan tulee kunnioittaa yksil\u00f6iden ja perheiden yksil\u00f6llisyytt\u00e4 sek\u00e4 ryhmien ja yhteis\u00f6jen etnist\u00e4 ja kulttuurista moninaisuutta. [&hellip;]\" \/>\n<meta property=\"og:url\" content=\"https:\/\/blogit.gradia.fi\/hengitysvaikeus\/paivystystoimintaa-koskevat-saadokset-ja-lainsaadanto\/hoitajaa-koskevat-saadokset-ja-lait\/\" \/>\n<meta property=\"og:site_name\" content=\"Hengitysvaikeus\" \/>\n<meta property=\"article:modified_time\" content=\"2020-02-12T16:08:55+00:00\" \/>\n<meta name=\"twitter:card\" content=\"summary_large_image\" \/>\n<meta name=\"twitter:label1\" content=\"Arvioitu lukuaika\" \/>\n\t<meta name=\"twitter:data1\" content=\"1 minuutti\" \/>\n<script type=\"application\/ld+json\" class=\"yoast-schema-graph\">{\"@context\":\"https:\\\/\\\/schema.org\",\"@graph\":[{\"@type\":\"WebPage\",\"@id\":\"https:\\\/\\\/blogit.gradia.fi\\\/hengitysvaikeus\\\/paivystystoimintaa-koskevat-saadokset-ja-lainsaadanto\\\/hoitajaa-koskevat-saadokset-ja-lait\\\/\",\"url\":\"https:\\\/\\\/blogit.gradia.fi\\\/hengitysvaikeus\\\/paivystystoimintaa-koskevat-saadokset-ja-lainsaadanto\\\/hoitajaa-koskevat-saadokset-ja-lait\\\/\",\"name\":\"Hoitajaa koskevat s\u00e4\u00e4d\u00f6kset ja lait - Hengitysvaikeus\",\"isPartOf\":{\"@id\":\"https:\\\/\\\/blogit.gradia.fi\\\/hengitysvaikeus\\\/#website\"},\"datePublished\":\"2020-02-12T16:07:58+00:00\",\"dateModified\":\"2020-02-12T16:08:55+00:00\",\"breadcrumb\":{\"@id\":\"https:\\\/\\\/blogit.gradia.fi\\\/hengitysvaikeus\\\/paivystystoimintaa-koskevat-saadokset-ja-lainsaadanto\\\/hoitajaa-koskevat-saadokset-ja-lait\\\/#breadcrumb\"},\"inLanguage\":\"fi\",\"potentialAction\":[{\"@type\":\"ReadAction\",\"target\":[\"https:\\\/\\\/blogit.gradia.fi\\\/hengitysvaikeus\\\/paivystystoimintaa-koskevat-saadokset-ja-lainsaadanto\\\/hoitajaa-koskevat-saadokset-ja-lait\\\/\"]}]},{\"@type\":\"BreadcrumbList\",\"@id\":\"https:\\\/\\\/blogit.gradia.fi\\\/hengitysvaikeus\\\/paivystystoimintaa-koskevat-saadokset-ja-lainsaadanto\\\/hoitajaa-koskevat-saadokset-ja-lait\\\/#breadcrumb\",\"itemListElement\":[{\"@type\":\"ListItem\",\"position\":1,\"name\":\"Home\",\"item\":\"https:\\\/\\\/blogit.gradia.fi\\\/hengitysvaikeus\\\/\"},{\"@type\":\"ListItem\",\"position\":2,\"name\":\"P\u00e4ivystystoimintaa koskevat s\u00e4\u00e4d\u00f6kset ja lains\u00e4\u00e4d\u00e4nt\u00f6\",\"item\":\"https:\\\/\\\/blogit.gradia.fi\\\/hengitysvaikeus\\\/paivystystoimintaa-koskevat-saadokset-ja-lainsaadanto\\\/\"},{\"@type\":\"ListItem\",\"position\":3,\"name\":\"Hoitajaa koskevat s\u00e4\u00e4d\u00f6kset ja lait\"}]},{\"@type\":\"WebSite\",\"@id\":\"https:\\\/\\\/blogit.gradia.fi\\\/hengitysvaikeus\\\/#website\",\"url\":\"https:\\\/\\\/blogit.gradia.fi\\\/hengitysvaikeus\\\/\",\"name\":\"Hengitysvaikeus\",\"description\":\"\",\"potentialAction\":[{\"@type\":\"SearchAction\",\"target\":{\"@type\":\"EntryPoint\",\"urlTemplate\":\"https:\\\/\\\/blogit.gradia.fi\\\/hengitysvaikeus\\\/?s={search_term_string}\"},\"query-input\":{\"@type\":\"PropertyValueSpecification\",\"valueRequired\":true,\"valueName\":\"search_term_string\"}}],\"inLanguage\":\"fi\"}]}<\/script>\n<!-- \/ Yoast SEO plugin. -->","yoast_head_json":{"title":"Hoitajaa koskevat s\u00e4\u00e4d\u00f6kset ja lait - Hengitysvaikeus","robots":{"index":"index","follow":"follow","max-snippet":"max-snippet:-1","max-image-preview":"max-image-preview:large","max-video-preview":"max-video-preview:-1"},"canonical":"https:\/\/blogit.gradia.fi\/hengitysvaikeus\/paivystystoimintaa-koskevat-saadokset-ja-lainsaadanto\/hoitajaa-koskevat-saadokset-ja-lait\/","og_locale":"fi_FI","og_type":"article","og_title":"Hoitajaa koskevat s\u00e4\u00e4d\u00f6kset ja lait - Hengitysvaikeus","og_description":"Hoitajaa koskevat s\u00e4\u00e4d\u00f6kset ja lait (Oskari) S\u00e4\u00e4d\u00f6kset Alan s\u00e4\u00e4d\u00f6kset ja ammattieettiset periaatteet ohjaavat ammattilaisten toimintaa. Hoitajan ty\u00f6 on potilaan ja asiakkaan fyysisiin, psyykkisiin, sosiaalisiin sek\u00e4 henkisiin ja hengellisiin tarpeisiin perustuvaa tukemista, ohjausta, hoitoa, huolenpitoa, kasvatusta sek\u00e4 terveyden ja kuntoutumisen edist\u00e4mist\u00e4. Hoitajan tulee kunnioittaa yksil\u00f6iden ja perheiden yksil\u00f6llisyytt\u00e4 sek\u00e4 ryhmien ja yhteis\u00f6jen etnist\u00e4 ja kulttuurista moninaisuutta. [&hellip;]","og_url":"https:\/\/blogit.gradia.fi\/hengitysvaikeus\/paivystystoimintaa-koskevat-saadokset-ja-lainsaadanto\/hoitajaa-koskevat-saadokset-ja-lait\/","og_site_name":"Hengitysvaikeus","article_modified_time":"2020-02-12T16:08:55+00:00","twitter_card":"summary_large_image","twitter_misc":{"Arvioitu lukuaika":"1 minuutti"},"schema":{"@context":"https:\/\/schema.org","@graph":[{"@type":"WebPage","@id":"https:\/\/blogit.gradia.fi\/hengitysvaikeus\/paivystystoimintaa-koskevat-saadokset-ja-lainsaadanto\/hoitajaa-koskevat-saadokset-ja-lait\/","url":"https:\/\/blogit.gradia.fi\/hengitysvaikeus\/paivystystoimintaa-koskevat-saadokset-ja-lainsaadanto\/hoitajaa-koskevat-saadokset-ja-lait\/","name":"Hoitajaa koskevat s\u00e4\u00e4d\u00f6kset ja lait - Hengitysvaikeus","isPartOf":{"@id":"https:\/\/blogit.gradia.fi\/hengitysvaikeus\/#website"},"datePublished":"2020-02-12T16:07:58+00:00","dateModified":"2020-02-12T16:08:55+00:00","breadcrumb":{"@id":"https:\/\/blogit.gradia.fi\/hengitysvaikeus\/paivystystoimintaa-koskevat-saadokset-ja-lainsaadanto\/hoitajaa-koskevat-saadokset-ja-lait\/#breadcrumb"},"inLanguage":"fi","potentialAction":[{"@type":"ReadAction","target":["https:\/\/blogit.gradia.fi\/hengitysvaikeus\/paivystystoimintaa-koskevat-saadokset-ja-lainsaadanto\/hoitajaa-koskevat-saadokset-ja-lait\/"]}]},{"@type":"BreadcrumbList","@id":"https:\/\/blogit.gradia.fi\/hengitysvaikeus\/paivystystoimintaa-koskevat-saadokset-ja-lainsaadanto\/hoitajaa-koskevat-saadokset-ja-lait\/#breadcrumb","itemListElement":[{"@type":"ListItem","position":1,"name":"Home","item":"https:\/\/blogit.gradia.fi\/hengitysvaikeus\/"},{"@type":"ListItem","position":2,"name":"P\u00e4ivystystoimintaa koskevat s\u00e4\u00e4d\u00f6kset ja lains\u00e4\u00e4d\u00e4nt\u00f6","item":"https:\/\/blogit.gradia.fi\/hengitysvaikeus\/paivystystoimintaa-koskevat-saadokset-ja-lainsaadanto\/"},{"@type":"ListItem","position":3,"name":"Hoitajaa koskevat s\u00e4\u00e4d\u00f6kset ja lait"}]},{"@type":"WebSite","@id":"https:\/\/blogit.gradia.fi\/hengitysvaikeus\/#website","url":"https:\/\/blogit.gradia.fi\/hengitysvaikeus\/","name":"Hengitysvaikeus","description":"","potentialAction":[{"@type":"SearchAction","target":{"@type":"EntryPoint","urlTemplate":"https:\/\/blogit.gradia.fi\/hengitysvaikeus\/?s={search_term_string}"},"query-input":{"@type":"PropertyValueSpecification","valueRequired":true,"valueName":"search_term_string"}}],"inLanguage":"fi"}]}},"uagb_featured_image_src":{"full":false,"thumbnail":false,"medium":false,"medium_large":false,"large":false,"1536x1536":false,"2048x2048":false,"post-thumbnail":false},"uagb_author_info":{"display_name":"Samuli \u00d6ljym\u00e4ki","author_link":"https:\/\/blogit.gradia.fi\/hengitysvaikeus\/author\/gr188119\/"},"uagb_comment_info":0,"uagb_excerpt":"Hoitajaa koskevat s\u00e4\u00e4d\u00f6kset ja lait (Oskari) S\u00e4\u00e4d\u00f6kset Alan s\u00e4\u00e4d\u00f6kset ja ammattieettiset periaatteet ohjaavat ammattilaisten toimintaa. Hoitajan ty\u00f6 on potilaan ja asiakkaan fyysisiin, psyykkisiin, sosiaalisiin sek\u00e4 henkisiin ja hengellisiin tarpeisiin perustuvaa tukemista, ohjausta, hoitoa, huolenpitoa, kasvatusta sek\u00e4 terveyden ja kuntoutumisen edist\u00e4mist\u00e4. Hoitajan tulee kunnioittaa yksil\u00f6iden ja perheiden yksil\u00f6llisyytt\u00e4 sek\u00e4 ryhmien ja yhteis\u00f6jen etnist\u00e4 ja kulttuurista moninaisuutta.&hellip;","_links":{"self":[{"href":"https:\/\/blogit.gradia.fi\/hengitysvaikeus\/wp-json\/wp\/v2\/pages\/143","targetHints":{"allow":["GET"]}}],"collection":[{"href":"https:\/\/blogit.gradia.fi\/hengitysvaikeus\/wp-json\/wp\/v2\/pages"}],"about":[{"href":"https:\/\/blogit.gradia.fi\/hengitysvaikeus\/wp-json\/wp\/v2\/types\/page"}],"author":[{"embeddable":true,"href":"https:\/\/blogit.gradia.fi\/hengitysvaikeus\/wp-json\/wp\/v2\/users\/672"}],"replies":[{"embeddable":true,"href":"https:\/\/blogit.gradia.fi\/hengitysvaikeus\/wp-json\/wp\/v2\/comments?post=143"}],"version-history":[{"count":1,"href":"https:\/\/blogit.gradia.fi\/hengitysvaikeus\/wp-json\/wp\/v2\/pages\/143\/revisions"}],"predecessor-version":[{"id":144,"href":"https:\/\/blogit.gradia.fi\/hengitysvaikeus\/wp-json\/wp\/v2\/pages\/143\/revisions\/144"}],"up":[{"embeddable":true,"href":"https:\/\/blogit.gradia.fi\/hengitysvaikeus\/wp-json\/wp\/v2\/pages\/101"}],"wp:attachment":[{"href":"https:\/\/blogit.gradia.fi\/hengitysvaikeus\/wp-json\/wp\/v2\/media?parent=143"}],"curies":[{"name":"wp","href":"https:\/\/api.w.org\/{rel}","templated":true}]}}