{"id":109,"date":"2020-02-12T17:18:55","date_gmt":"2020-02-12T15:18:55","guid":{"rendered":"https:\/\/blogit.gradia.fi\/hengitysvaikeus\/?page_id=109"},"modified":"2020-02-17T12:11:38","modified_gmt":"2020-02-17T10:11:38","slug":"eettiset-periaatteet-ja-arvot-perustason-ensihoitajan-tyossa-paivystyksessa","status":"publish","type":"page","link":"https:\/\/blogit.gradia.fi\/hengitysvaikeus\/eettiset-periaatteet-ja-arvot-perustason-ensihoitajan-tyossa-paivystyksessa\/","title":{"rendered":"Eettiset periaatteet ja arvot perustason ensihoitajan ty\u00f6ss\u00e4 p\u00e4ivystyksess\u00e4"},"content":{"rendered":"\n<p>Eettisyys hoitoty\u00f6ss\u00e4<\/p>\n\n\n\n<p>L\u00e4hihoitajan lupaus<br>Lupaan l\u00e4hihoitajana tehd\u00e4 ty\u00f6t\u00e4ni asiakkaan ihmisarvoa kunnioittaen ja hyv\u00e4\u00e4 el\u00e4m\u00e4\u00e4 edist\u00e4en.<br>Lupaan tukea ihmisen kasvua ja kehityst\u00e4, toimintakyky\u00e4 ja omatoimisuutta sek\u00e4 edist\u00e4\u00e4 terveytt\u00e4 ja hoitaa sairaita.<br>Lupaan pit\u00e4\u00e4 huolta apua tarvitsevista, ehk\u00e4ist\u00e4 syrj\u00e4ytymist\u00e4, lievitt\u00e4\u00e4 inhimillist\u00e4 k\u00e4rsimyst\u00e4 el\u00e4m\u00e4n alusta kuolemaan saakka.<br>Lupaan noudattaa ammattieettisi\u00e4 periaatteita ja salassapitovelvollisuutta, kehitt\u00e4\u00e4 ammattitaitoani sek\u00e4 edist\u00e4\u00e4 omaa ja ty\u00f6yhteis\u00f6ni ty\u00f6hyvinvointia.<br>Sitoudun ty\u00f6yhteis\u00f6ni sek\u00e4 sosiaali- ja terveysalan kehitt\u00e4miseen.<br>https:\/\/www.superliitto.fi\/site\/assets\/files\/4599\/superliitto-lahihoitajan-eettiset-ohjeet-2019.pdf<\/p>\n\n\n\n<p>ITSEM\u00c4\u00c4R\u00c4\u00c4MISOIKEUS<br>L\u00e4hihoitaja kunnioittaa ihmisen itsem\u00e4\u00e4r\u00e4\u00e4misoikeutta ja edist\u00e4\u00e4 ihmisen oikeutta itsen\u00e4iseen, hyv\u00e4\u00e4n el\u00e4m\u00e4\u00e4n ja itse\u00e4\u00e4n ja hoitoaan koskevaan p\u00e4\u00e4t\u00f6ksentekoon. L\u00e4hihoitaja edist\u00e4\u00e4 potilaan ja asiakkaan osallisuuden tunnetta ja huolehtii omalta osaltaan siit\u00e4, ett\u00e4 asiakasta ja potilasta hoidetaan yhteisymm\u00e4rryksess\u00e4 h\u00e4nen kanssaan. Osallisuudessa on kyse kokonaisuudesta, johon liittyy todellisuuden kaikkien eri puolten n\u00e4keminen ja tunnustaminen. L\u00e4ht\u00f6kohtana on, ett\u00e4 my\u00f6s niiden asiakkaiden ja potilaiden tahtoa on kunnioitettava, jotka eiv\u00e4t kykene p\u00e4\u00e4tt\u00e4m\u00e4\u00e4n hoidostaan. Heid\u00e4n tahtonsa tulee selvitt\u00e4\u00e4 mahdollisuuksien mukaan. Hoitotahtoa on kunnioitettava. L\u00e4hihoitaja noudattaa itsem\u00e4\u00e4r\u00e4\u00e4misoikeutta koskevia s\u00e4\u00e4d\u00f6ksi\u00e4 ja lakeja, ja rajoitustoimenpiteiss\u00e4 h\u00e4n toimii aina asiakkaan edun mukaisesti<\/p>\n\n\n\n<figure class=\"wp-block-image size-large\"><img loading=\"lazy\" decoding=\"async\" width=\"346\" height=\"352\" src=\"https:\/\/blogit.gradia.fi\/hengitysvaikeus\/wp-content\/uploads\/sites\/164\/2020\/02\/kuva-2.png\" alt=\"\" class=\"wp-image-218\" srcset=\"https:\/\/blogit.gradia.fi\/hengitysvaikeus\/wp-content\/uploads\/sites\/164\/2020\/02\/kuva-2.png 346w, https:\/\/blogit.gradia.fi\/hengitysvaikeus\/wp-content\/uploads\/sites\/164\/2020\/02\/kuva-2-295x300.png 295w\" sizes=\"auto, (max-width: 346px) 100vw, 346px\" \/><\/figure>\n","protected":false},"excerpt":{"rendered":"<p>Eettisyys hoitoty\u00f6ss\u00e4 L\u00e4hihoitajan lupausLupaan l\u00e4hihoitajana tehd\u00e4 ty\u00f6t\u00e4ni asiakkaan ihmisarvoa kunnioittaen ja hyv\u00e4\u00e4 el\u00e4m\u00e4\u00e4 edist\u00e4en.Lupaan tukea ihmisen kasvua ja kehityst\u00e4, toimintakyky\u00e4 ja omatoimisuutta sek\u00e4 edist\u00e4\u00e4 terveytt\u00e4 ja hoitaa sairaita.Lupaan pit\u00e4\u00e4 huolta apua tarvitsevista, ehk\u00e4ist\u00e4 syrj\u00e4ytymist\u00e4, lievitt\u00e4\u00e4 inhimillist\u00e4 k\u00e4rsimyst\u00e4 el\u00e4m\u00e4n alusta kuolemaan saakka.Lupaan noudattaa ammattieettisi\u00e4 periaatteita ja salassapitovelvollisuutta, kehitt\u00e4\u00e4 ammattitaitoani sek\u00e4 edist\u00e4\u00e4 omaa ja ty\u00f6yhteis\u00f6ni ty\u00f6hyvinvointia.Sitoudun ty\u00f6yhteis\u00f6ni [&hellip;]<\/p>\n","protected":false},"author":672,"featured_media":0,"parent":0,"menu_order":0,"comment_status":"closed","ping_status":"closed","template":"","meta":{"_uag_custom_page_level_css":"","footnotes":""},"class_list":["post-109","page","type-page","status-publish","hentry"],"yoast_head":"<!-- This site is optimized with the Yoast SEO plugin v27.4 - https:\/\/yoast.com\/product\/yoast-seo-wordpress\/ -->\n<title>Eettiset periaatteet ja arvot perustason ensihoitajan ty\u00f6ss\u00e4 p\u00e4ivystyksess\u00e4 - Hengitysvaikeus<\/title>\n<meta name=\"robots\" content=\"index, follow, max-snippet:-1, max-image-preview:large, max-video-preview:-1\" \/>\n<link rel=\"canonical\" href=\"https:\/\/blogit.gradia.fi\/hengitysvaikeus\/eettiset-periaatteet-ja-arvot-perustason-ensihoitajan-tyossa-paivystyksessa\/\" \/>\n<meta property=\"og:locale\" content=\"fi_FI\" \/>\n<meta property=\"og:type\" content=\"article\" \/>\n<meta property=\"og:title\" content=\"Eettiset periaatteet ja arvot perustason ensihoitajan ty\u00f6ss\u00e4 p\u00e4ivystyksess\u00e4 - Hengitysvaikeus\" \/>\n<meta property=\"og:description\" content=\"Eettisyys hoitoty\u00f6ss\u00e4 L\u00e4hihoitajan lupausLupaan l\u00e4hihoitajana tehd\u00e4 ty\u00f6t\u00e4ni asiakkaan ihmisarvoa kunnioittaen ja hyv\u00e4\u00e4 el\u00e4m\u00e4\u00e4 edist\u00e4en.Lupaan tukea ihmisen kasvua ja kehityst\u00e4, toimintakyky\u00e4 ja omatoimisuutta sek\u00e4 edist\u00e4\u00e4 terveytt\u00e4 ja hoitaa sairaita.Lupaan pit\u00e4\u00e4 huolta apua tarvitsevista, ehk\u00e4ist\u00e4 syrj\u00e4ytymist\u00e4, lievitt\u00e4\u00e4 inhimillist\u00e4 k\u00e4rsimyst\u00e4 el\u00e4m\u00e4n alusta kuolemaan saakka.Lupaan noudattaa ammattieettisi\u00e4 periaatteita ja salassapitovelvollisuutta, kehitt\u00e4\u00e4 ammattitaitoani sek\u00e4 edist\u00e4\u00e4 omaa ja ty\u00f6yhteis\u00f6ni ty\u00f6hyvinvointia.Sitoudun ty\u00f6yhteis\u00f6ni [&hellip;]\" \/>\n<meta property=\"og:url\" content=\"https:\/\/blogit.gradia.fi\/hengitysvaikeus\/eettiset-periaatteet-ja-arvot-perustason-ensihoitajan-tyossa-paivystyksessa\/\" \/>\n<meta property=\"og:site_name\" content=\"Hengitysvaikeus\" \/>\n<meta property=\"article:modified_time\" content=\"2020-02-17T10:11:38+00:00\" \/>\n<meta property=\"og:image\" content=\"https:\/\/blogit.gradia.fi\/hengitysvaikeus\/wp-content\/uploads\/sites\/164\/2020\/02\/kuva-2.png\" \/>\n<meta name=\"twitter:card\" content=\"summary_large_image\" \/>\n<meta name=\"twitter:label1\" content=\"Arvioitu lukuaika\" \/>\n\t<meta name=\"twitter:data1\" content=\"1 minuutti\" \/>\n<script type=\"application\/ld+json\" class=\"yoast-schema-graph\">{\"@context\":\"https:\\\/\\\/schema.org\",\"@graph\":[{\"@type\":\"WebPage\",\"@id\":\"https:\\\/\\\/blogit.gradia.fi\\\/hengitysvaikeus\\\/eettiset-periaatteet-ja-arvot-perustason-ensihoitajan-tyossa-paivystyksessa\\\/\",\"url\":\"https:\\\/\\\/blogit.gradia.fi\\\/hengitysvaikeus\\\/eettiset-periaatteet-ja-arvot-perustason-ensihoitajan-tyossa-paivystyksessa\\\/\",\"name\":\"Eettiset periaatteet ja arvot perustason ensihoitajan ty\u00f6ss\u00e4 p\u00e4ivystyksess\u00e4 - Hengitysvaikeus\",\"isPartOf\":{\"@id\":\"https:\\\/\\\/blogit.gradia.fi\\\/hengitysvaikeus\\\/#website\"},\"primaryImageOfPage\":{\"@id\":\"https:\\\/\\\/blogit.gradia.fi\\\/hengitysvaikeus\\\/eettiset-periaatteet-ja-arvot-perustason-ensihoitajan-tyossa-paivystyksessa\\\/#primaryimage\"},\"image\":{\"@id\":\"https:\\\/\\\/blogit.gradia.fi\\\/hengitysvaikeus\\\/eettiset-periaatteet-ja-arvot-perustason-ensihoitajan-tyossa-paivystyksessa\\\/#primaryimage\"},\"thumbnailUrl\":\"https:\\\/\\\/blogit.gradia.fi\\\/hengitysvaikeus\\\/wp-content\\\/uploads\\\/sites\\\/164\\\/2020\\\/02\\\/kuva-2.png\",\"datePublished\":\"2020-02-12T15:18:55+00:00\",\"dateModified\":\"2020-02-17T10:11:38+00:00\",\"breadcrumb\":{\"@id\":\"https:\\\/\\\/blogit.gradia.fi\\\/hengitysvaikeus\\\/eettiset-periaatteet-ja-arvot-perustason-ensihoitajan-tyossa-paivystyksessa\\\/#breadcrumb\"},\"inLanguage\":\"fi\",\"potentialAction\":[{\"@type\":\"ReadAction\",\"target\":[\"https:\\\/\\\/blogit.gradia.fi\\\/hengitysvaikeus\\\/eettiset-periaatteet-ja-arvot-perustason-ensihoitajan-tyossa-paivystyksessa\\\/\"]}]},{\"@type\":\"ImageObject\",\"inLanguage\":\"fi\",\"@id\":\"https:\\\/\\\/blogit.gradia.fi\\\/hengitysvaikeus\\\/eettiset-periaatteet-ja-arvot-perustason-ensihoitajan-tyossa-paivystyksessa\\\/#primaryimage\",\"url\":\"https:\\\/\\\/blogit.gradia.fi\\\/hengitysvaikeus\\\/wp-content\\\/uploads\\\/sites\\\/164\\\/2020\\\/02\\\/kuva-2.png\",\"contentUrl\":\"https:\\\/\\\/blogit.gradia.fi\\\/hengitysvaikeus\\\/wp-content\\\/uploads\\\/sites\\\/164\\\/2020\\\/02\\\/kuva-2.png\",\"width\":346,\"height\":352},{\"@type\":\"BreadcrumbList\",\"@id\":\"https:\\\/\\\/blogit.gradia.fi\\\/hengitysvaikeus\\\/eettiset-periaatteet-ja-arvot-perustason-ensihoitajan-tyossa-paivystyksessa\\\/#breadcrumb\",\"itemListElement\":[{\"@type\":\"ListItem\",\"position\":1,\"name\":\"Home\",\"item\":\"https:\\\/\\\/blogit.gradia.fi\\\/hengitysvaikeus\\\/\"},{\"@type\":\"ListItem\",\"position\":2,\"name\":\"Eettiset periaatteet ja arvot perustason ensihoitajan ty\u00f6ss\u00e4 p\u00e4ivystyksess\u00e4\"}]},{\"@type\":\"WebSite\",\"@id\":\"https:\\\/\\\/blogit.gradia.fi\\\/hengitysvaikeus\\\/#website\",\"url\":\"https:\\\/\\\/blogit.gradia.fi\\\/hengitysvaikeus\\\/\",\"name\":\"Hengitysvaikeus\",\"description\":\"\",\"potentialAction\":[{\"@type\":\"SearchAction\",\"target\":{\"@type\":\"EntryPoint\",\"urlTemplate\":\"https:\\\/\\\/blogit.gradia.fi\\\/hengitysvaikeus\\\/?s={search_term_string}\"},\"query-input\":{\"@type\":\"PropertyValueSpecification\",\"valueRequired\":true,\"valueName\":\"search_term_string\"}}],\"inLanguage\":\"fi\"}]}<\/script>\n<!-- \/ Yoast SEO plugin. -->","yoast_head_json":{"title":"Eettiset periaatteet ja arvot perustason ensihoitajan ty\u00f6ss\u00e4 p\u00e4ivystyksess\u00e4 - Hengitysvaikeus","robots":{"index":"index","follow":"follow","max-snippet":"max-snippet:-1","max-image-preview":"max-image-preview:large","max-video-preview":"max-video-preview:-1"},"canonical":"https:\/\/blogit.gradia.fi\/hengitysvaikeus\/eettiset-periaatteet-ja-arvot-perustason-ensihoitajan-tyossa-paivystyksessa\/","og_locale":"fi_FI","og_type":"article","og_title":"Eettiset periaatteet ja arvot perustason ensihoitajan ty\u00f6ss\u00e4 p\u00e4ivystyksess\u00e4 - Hengitysvaikeus","og_description":"Eettisyys hoitoty\u00f6ss\u00e4 L\u00e4hihoitajan lupausLupaan l\u00e4hihoitajana tehd\u00e4 ty\u00f6t\u00e4ni asiakkaan ihmisarvoa kunnioittaen ja hyv\u00e4\u00e4 el\u00e4m\u00e4\u00e4 edist\u00e4en.Lupaan tukea ihmisen kasvua ja kehityst\u00e4, toimintakyky\u00e4 ja omatoimisuutta sek\u00e4 edist\u00e4\u00e4 terveytt\u00e4 ja hoitaa sairaita.Lupaan pit\u00e4\u00e4 huolta apua tarvitsevista, ehk\u00e4ist\u00e4 syrj\u00e4ytymist\u00e4, lievitt\u00e4\u00e4 inhimillist\u00e4 k\u00e4rsimyst\u00e4 el\u00e4m\u00e4n alusta kuolemaan saakka.Lupaan noudattaa ammattieettisi\u00e4 periaatteita ja salassapitovelvollisuutta, kehitt\u00e4\u00e4 ammattitaitoani sek\u00e4 edist\u00e4\u00e4 omaa ja ty\u00f6yhteis\u00f6ni ty\u00f6hyvinvointia.Sitoudun ty\u00f6yhteis\u00f6ni [&hellip;]","og_url":"https:\/\/blogit.gradia.fi\/hengitysvaikeus\/eettiset-periaatteet-ja-arvot-perustason-ensihoitajan-tyossa-paivystyksessa\/","og_site_name":"Hengitysvaikeus","article_modified_time":"2020-02-17T10:11:38+00:00","og_image":[{"url":"https:\/\/blogit.gradia.fi\/hengitysvaikeus\/wp-content\/uploads\/sites\/164\/2020\/02\/kuva-2.png","type":"","width":"","height":""}],"twitter_card":"summary_large_image","twitter_misc":{"Arvioitu lukuaika":"1 minuutti"},"schema":{"@context":"https:\/\/schema.org","@graph":[{"@type":"WebPage","@id":"https:\/\/blogit.gradia.fi\/hengitysvaikeus\/eettiset-periaatteet-ja-arvot-perustason-ensihoitajan-tyossa-paivystyksessa\/","url":"https:\/\/blogit.gradia.fi\/hengitysvaikeus\/eettiset-periaatteet-ja-arvot-perustason-ensihoitajan-tyossa-paivystyksessa\/","name":"Eettiset periaatteet ja arvot perustason ensihoitajan ty\u00f6ss\u00e4 p\u00e4ivystyksess\u00e4 - Hengitysvaikeus","isPartOf":{"@id":"https:\/\/blogit.gradia.fi\/hengitysvaikeus\/#website"},"primaryImageOfPage":{"@id":"https:\/\/blogit.gradia.fi\/hengitysvaikeus\/eettiset-periaatteet-ja-arvot-perustason-ensihoitajan-tyossa-paivystyksessa\/#primaryimage"},"image":{"@id":"https:\/\/blogit.gradia.fi\/hengitysvaikeus\/eettiset-periaatteet-ja-arvot-perustason-ensihoitajan-tyossa-paivystyksessa\/#primaryimage"},"thumbnailUrl":"https:\/\/blogit.gradia.fi\/hengitysvaikeus\/wp-content\/uploads\/sites\/164\/2020\/02\/kuva-2.png","datePublished":"2020-02-12T15:18:55+00:00","dateModified":"2020-02-17T10:11:38+00:00","breadcrumb":{"@id":"https:\/\/blogit.gradia.fi\/hengitysvaikeus\/eettiset-periaatteet-ja-arvot-perustason-ensihoitajan-tyossa-paivystyksessa\/#breadcrumb"},"inLanguage":"fi","potentialAction":[{"@type":"ReadAction","target":["https:\/\/blogit.gradia.fi\/hengitysvaikeus\/eettiset-periaatteet-ja-arvot-perustason-ensihoitajan-tyossa-paivystyksessa\/"]}]},{"@type":"ImageObject","inLanguage":"fi","@id":"https:\/\/blogit.gradia.fi\/hengitysvaikeus\/eettiset-periaatteet-ja-arvot-perustason-ensihoitajan-tyossa-paivystyksessa\/#primaryimage","url":"https:\/\/blogit.gradia.fi\/hengitysvaikeus\/wp-content\/uploads\/sites\/164\/2020\/02\/kuva-2.png","contentUrl":"https:\/\/blogit.gradia.fi\/hengitysvaikeus\/wp-content\/uploads\/sites\/164\/2020\/02\/kuva-2.png","width":346,"height":352},{"@type":"BreadcrumbList","@id":"https:\/\/blogit.gradia.fi\/hengitysvaikeus\/eettiset-periaatteet-ja-arvot-perustason-ensihoitajan-tyossa-paivystyksessa\/#breadcrumb","itemListElement":[{"@type":"ListItem","position":1,"name":"Home","item":"https:\/\/blogit.gradia.fi\/hengitysvaikeus\/"},{"@type":"ListItem","position":2,"name":"Eettiset periaatteet ja arvot perustason ensihoitajan ty\u00f6ss\u00e4 p\u00e4ivystyksess\u00e4"}]},{"@type":"WebSite","@id":"https:\/\/blogit.gradia.fi\/hengitysvaikeus\/#website","url":"https:\/\/blogit.gradia.fi\/hengitysvaikeus\/","name":"Hengitysvaikeus","description":"","potentialAction":[{"@type":"SearchAction","target":{"@type":"EntryPoint","urlTemplate":"https:\/\/blogit.gradia.fi\/hengitysvaikeus\/?s={search_term_string}"},"query-input":{"@type":"PropertyValueSpecification","valueRequired":true,"valueName":"search_term_string"}}],"inLanguage":"fi"}]}},"uagb_featured_image_src":{"full":false,"thumbnail":false,"medium":false,"medium_large":false,"large":false,"1536x1536":false,"2048x2048":false,"post-thumbnail":false},"uagb_author_info":{"display_name":"Samuli \u00d6ljym\u00e4ki","author_link":"https:\/\/blogit.gradia.fi\/hengitysvaikeus\/author\/gr188119\/"},"uagb_comment_info":0,"uagb_excerpt":"Eettisyys hoitoty\u00f6ss\u00e4 L\u00e4hihoitajan lupausLupaan l\u00e4hihoitajana tehd\u00e4 ty\u00f6t\u00e4ni asiakkaan ihmisarvoa kunnioittaen ja hyv\u00e4\u00e4 el\u00e4m\u00e4\u00e4 edist\u00e4en.Lupaan tukea ihmisen kasvua ja kehityst\u00e4, toimintakyky\u00e4 ja omatoimisuutta sek\u00e4 edist\u00e4\u00e4 terveytt\u00e4 ja hoitaa sairaita.Lupaan pit\u00e4\u00e4 huolta apua tarvitsevista, ehk\u00e4ist\u00e4 syrj\u00e4ytymist\u00e4, lievitt\u00e4\u00e4 inhimillist\u00e4 k\u00e4rsimyst\u00e4 el\u00e4m\u00e4n alusta kuolemaan saakka.Lupaan noudattaa ammattieettisi\u00e4 periaatteita ja salassapitovelvollisuutta, kehitt\u00e4\u00e4 ammattitaitoani sek\u00e4 edist\u00e4\u00e4 omaa ja ty\u00f6yhteis\u00f6ni ty\u00f6hyvinvointia.Sitoudun ty\u00f6yhteis\u00f6ni&hellip;","_links":{"self":[{"href":"https:\/\/blogit.gradia.fi\/hengitysvaikeus\/wp-json\/wp\/v2\/pages\/109","targetHints":{"allow":["GET"]}}],"collection":[{"href":"https:\/\/blogit.gradia.fi\/hengitysvaikeus\/wp-json\/wp\/v2\/pages"}],"about":[{"href":"https:\/\/blogit.gradia.fi\/hengitysvaikeus\/wp-json\/wp\/v2\/types\/page"}],"author":[{"embeddable":true,"href":"https:\/\/blogit.gradia.fi\/hengitysvaikeus\/wp-json\/wp\/v2\/users\/672"}],"replies":[{"embeddable":true,"href":"https:\/\/blogit.gradia.fi\/hengitysvaikeus\/wp-json\/wp\/v2\/comments?post=109"}],"version-history":[{"count":3,"href":"https:\/\/blogit.gradia.fi\/hengitysvaikeus\/wp-json\/wp\/v2\/pages\/109\/revisions"}],"predecessor-version":[{"id":219,"href":"https:\/\/blogit.gradia.fi\/hengitysvaikeus\/wp-json\/wp\/v2\/pages\/109\/revisions\/219"}],"wp:attachment":[{"href":"https:\/\/blogit.gradia.fi\/hengitysvaikeus\/wp-json\/wp\/v2\/media?parent=109"}],"curies":[{"name":"wp","href":"https:\/\/api.w.org\/{rel}","templated":true}]}}