{"id":101,"date":"2020-02-12T17:14:41","date_gmt":"2020-02-12T15:14:41","guid":{"rendered":"https:\/\/blogit.gradia.fi\/hengitysvaikeus\/?page_id=101"},"modified":"2020-02-12T17:32:38","modified_gmt":"2020-02-12T15:32:38","slug":"paivystystoimintaa-koskevat-saadokset-ja-lainsaadanto","status":"publish","type":"page","link":"https:\/\/blogit.gradia.fi\/hengitysvaikeus\/paivystystoimintaa-koskevat-saadokset-ja-lainsaadanto\/","title":{"rendered":"P\u00e4ivystystoimintaa koskevat s\u00e4\u00e4d\u00f6kset ja lains\u00e4\u00e4d\u00e4nt\u00f6"},"content":{"rendered":"\n<h2 class=\"wp-block-heading\">Hoitajaa koskevat s\u00e4\u00e4d\u00f6kset ja lait (Oskari)<\/h2>\n\n\n\n<h4 class=\"wp-block-heading\">S\u00e4\u00e4d\u00f6kset<\/h4>\n\n\n\n<p>Alan s\u00e4\u00e4d\u00f6kset ja ammattieettiset periaatteet ohjaavat ammattilaisten toimintaa.<\/p>\n\n\n\n<p>Hoitajan ty\u00f6 on potilaan ja asiakkaan fyysisiin, psyykkisiin, sosiaalisiin sek\u00e4 henkisiin ja hengellisiin tarpeisiin perustuvaa tukemista, ohjausta, hoitoa, huolenpitoa, kasvatusta sek\u00e4 terveyden ja kuntoutumisen edist\u00e4mist\u00e4. Hoitajan tulee kunnioittaa yksil\u00f6iden ja perheiden yksil\u00f6llisyytt\u00e4 sek\u00e4 ryhmien ja yhteis\u00f6jen etnist\u00e4 ja kulttuurista moninaisuutta. Hoitaja kunnioittaa asiakkaan ja potilaan itsem\u00e4\u00e4r\u00e4\u00e4misoikeutta. Ty\u00f6ntekij\u00e4n velvollisuus on kohdella kaikkia potilaita ja asiakkaita tasa-arvoisesti riippumatta heid\u00e4n i\u00e4st\u00e4\u00e4n, kulttuuristaan, sukupuolestaan, siviilis\u00e4\u00e4dyst\u00e4\u00e4n, kyvyist\u00e4\u00e4n, yhteiskunnallisesta tai taloudellisesta asemastaan, poliittisista mielipiteist\u00e4\u00e4n, ihonv\u00e4rist\u00e4\u00e4n tai muista fyysisist\u00e4 ominaisuuksistaan, sukupuolisesta suuntautumisestaan, uskonnostaan tai vakaumuksestaan.<\/p>\n\n\n\n<p>Hoitajilta vaaditaan hyvi\u00e4 ihmissuhde- ja vuorovaikutustaitoja, rehellisyytt\u00e4 sek\u00e4 kyky\u00e4 toimia erilaisten ihmisten kanssa. Oman ty\u00f6n osaamisen ja kehitt\u00e4minen t\u00e4rke\u00e4ss\u00e4 roolissa. Ty\u00f6ntekij\u00f6it\u00e4 sitovat lain edellytt\u00e4m\u00e4 salassapitovelvollisuus ja tietosuoja. Salassapitos\u00e4\u00e4d\u00f6kset koskevat my\u00f6s sosiaalista mediaa.<\/p>\n\n\n\n<p>Lakis\u00e4\u00e4teinen ilmoitusvelvollisuus puolestaan edellytt\u00e4\u00e4 salassapitos\u00e4\u00e4nn\u00f6sten est\u00e4m\u00e4tt\u00e4 ammattihenkil\u00f6n tekem\u00e4\u00e4n tarvittaessa lastensuojeluilmoitus tai ilmoitus sosiaalihuollon tarpeessa olevasta ja i\u00e4kk\u00e4\u00e4n palvelun tarpeesta.<\/p>\n\n\n\n<h4 class=\"wp-block-heading\"><strong>Lait<\/strong><\/h4>\n\n\n\n<p>Hoitajaa koskevat erilaiset salassapito, tietojen luovutus- ja s\u00e4ilytysaikas\u00e4\u00e4nn\u00f6kset.&nbsp; Hoitajalla pit\u00e4\u00e4 olla ammattitoiminnan edellytt\u00e4m\u00e4 koulutus, muu riitt\u00e4v\u00e4 ammatillinen p\u00e4tevyys ja ammattitoiminnan edellytt\u00e4m\u00e4t muut valmiudet.<\/p>\n\n\n\n<h2 class=\"wp-block-heading\">Potilasta koskevat s\u00e4\u00e4d\u00f6kset ja lait (MR)<\/h2>\n\n\n\n<p>Potilaan oikeuksiin liittyvi\u00e4 asioita on muun muassa seuraavissa laeissa:<\/p>\n\n\n\n<p>Suomen perustuslaki (731\/1999)<\/p>\n\n\n\n<p>Laki potilaan asemasta ja oikeuksista (785\/1992)<\/p>\n\n\n\n<p>Terveydenhuoltolaki (1326\/2010)<\/p>\n\n\n\n<p>Mielenterveyslaki (1116\/1990)<\/p>\n\n\n\n<p>Potilasvahinkolaki (585\/1986)<\/p>\n\n\n\n<p><a href=\"https:\/\/www.finlex.fi\/fi\/laki\/ajantasa\/1992\/19920785\"><strong>Laki potilaan asemasta ja oikeuksista<\/strong><\/a>(785\/1992)<\/p>\n\n\n\n<p>6 \u00a7&nbsp;Potilaan itsem\u00e4\u00e4r\u00e4\u00e4misoikeus<\/p>\n\n\n\n<p>Potilasta on hoidettava yhteisymm\u00e4rryksess\u00e4 h\u00e4nen kanssaan. Jos potilas kielt\u00e4ytyy tietyst\u00e4 hoidosta tai hoitotoimenpiteest\u00e4, h\u00e4nt\u00e4 on mahdollisuuksien mukaan hoidettava yhteisymm\u00e4rryksess\u00e4 h\u00e4nen kanssaan muulla l\u00e4\u00e4ketieteellisesti hyv\u00e4ksytt\u00e4v\u00e4ll\u00e4 tavalla.<\/p>\n\n\n\n<p>Jos t\u00e4ysi-ik\u00e4inen potilas ei mielenterveydenh\u00e4iri\u00f6n, kehitysvammaisuuden tai muun syyn vuoksi pysty p\u00e4\u00e4tt\u00e4m\u00e4\u00e4n hoidostaan, potilaan laillista edustajaa taikka l\u00e4hiomaista tai muuta l\u00e4heist\u00e4 on ennen t\u00e4rke\u00e4n hoitop\u00e4\u00e4t\u00f6ksen tekemist\u00e4 kuultava sen selvitt\u00e4miseksi, millainen hoito parhaiten vastaisi potilaan tahtoa. Jos t\u00e4st\u00e4 ei saada selvityst\u00e4, potilasta on hoidettava tavalla, jota voidaan pit\u00e4\u00e4 h\u00e4nen henkil\u00f6kohtaisen etunsa mukaisena.<\/p>\n\n\n\n<p>Tapauksissa, joita 2 momentissa tarkoitetaan, tulee hoitoon saada potilaan laillisen edustajan taikka l\u00e4hiomaisen tai muun l\u00e4heisen suostumus. Laillisen edustajan, l\u00e4hiomaisen ja muun l\u00e4heisen tulee suostumusta antaessaan ottaa huomioon potilaan aiemmin ilmaisema tahto tai, jos hoitotahtoa ei ole ilmaistu, h\u00e4nen henkil\u00f6kohtainen etunsa. Jos laillinen edustaja, l\u00e4hiomainen tai muu l\u00e4heinen kielt\u00e4\u00e4 hoidon antamisen tai hoitotoimenpiteen tekemisen potilaalle, potilasta on mahdollisuuksien mukaan hoidettava yhteisymm\u00e4rryksess\u00e4 suostumisesta kielt\u00e4ytyv\u00e4n henkil\u00f6n kanssa muulla l\u00e4\u00e4ketieteellisesti hyv\u00e4ksytt\u00e4v\u00e4ll\u00e4 tavalla. Jos laillisen edustajan, l\u00e4hiomaisen tai muun l\u00e4heisen n\u00e4kemykset hoidosta eroavat toisistaan, potilasta on hoidettava tavalla, jota voidaan pit\u00e4\u00e4 h\u00e4nen henkil\u00f6kohtaisen etunsa mukaisena. (9.4.1999\/489)<\/p>\n\n\n\n<p>Potilaan tahdosta riippumatta annettavasta hoidosta on voimassa, mit\u00e4 siit\u00e4 mielenterveyslaissa, p\u00e4ihdehuoltolaissa (41\/86), tartuntatautilaissa ja kehitysvammaisten erityishuollosta annetussa laissa (519\/77) s\u00e4\u00e4det\u00e4\u00e4n.<\/p>\n\n\n\n<p>7 \u00a7&nbsp;Alaik\u00e4isen potilaan asema<\/p>\n\n\n\n<p>Alaik\u00e4isen potilaan mielipide hoitotoimenpiteeseen on selvitett\u00e4v\u00e4 silloin, kun se on h\u00e4nen ik\u00e4\u00e4ns\u00e4 ja kehitystasoonsa n\u00e4hden mahdollista. Jos alaik\u00e4inen ik\u00e4ns\u00e4 ja kehitystasonsa perusteella kykenee p\u00e4\u00e4tt\u00e4m\u00e4\u00e4n hoidostaan, h\u00e4nt\u00e4 on hoidettava yhteisymm\u00e4rryksess\u00e4 h\u00e4nen kanssaan.<\/p>\n\n\n\n<p>Jos alaik\u00e4inen ei kykene p\u00e4\u00e4tt\u00e4m\u00e4\u00e4n hoidostaan, h\u00e4nt\u00e4 on hoidettava yhteisymm\u00e4rryksess\u00e4 h\u00e4nen huoltajansa tai muun laillisen edustajansa kanssa.<\/p>\n\n\n\n<p>8 \u00a7&nbsp;Kiireellinen hoito<\/p>\n\n\n\n<p>Potilaalle on annettava h\u00e4nen henke\u00e4\u00e4n tai terveytt\u00e4\u00e4n uhkaavan vaaran torjumiseksi tarpeellinen hoito, vaikka potilaan tahdosta ei tajuttomuuden tai muun syyn vuoksi voi saada selvityst\u00e4. Jos potilas on aikaisemmin vakaasti ja p\u00e4tev\u00e4sti ilmaissut hoitoa koskevan tahtonsa, potilaalle ei kuitenkaan saa antaa sellaista hoitoa, joka on vastoin h\u00e4nen tahtoaan.<\/p>\n\n\n\n<p>9 \u00a7&nbsp;Tiedonsaantioikeus ja toimivalta<\/p>\n\n\n\n<p>Potilaan laillisella edustajalla taikka l\u00e4hiomaisella tai muulla l\u00e4heisell\u00e4 on 6 \u00a7:n 2 ja 3 momentissa tarkoitetussa tapauksessa oikeus saada kuulemista ja suostumuksen antamista varten tarpeelliset tiedot potilaan terveydentilasta. (9.4.1999\/489)<\/p>\n\n\n\n<p>Jos alaik\u00e4inen potilas ik\u00e4\u00e4ns\u00e4 ja kehitystasoonsa n\u00e4hden kykenee p\u00e4\u00e4tt\u00e4m\u00e4\u00e4n hoidostaan, h\u00e4nell\u00e4 on oikeus kielt\u00e4\u00e4 terveydentilaansa ja hoitoansa koskevien tietojen antaminen huoltajalleen tai muulle lailliselle edustajalleen.<\/p>\n\n\n\n<p>Edell\u00e4 5 \u00a7:n 1 ja 2 momentissa tarkoitettu selvitys on 7 \u00a7:n 2 momentissa tarkoitetussa tapauksessa annettava alaik\u00e4isen potilaan huoltajalle tai muulle lailliselle edustajalle.<\/p>\n\n\n\n<p>Alaik\u00e4isen tai 6 \u00a7:n 2 momentissa tarkoitetun potilaan huoltajalla tai muulla laillisella edustajalla ei ole oikeutta kielt\u00e4\u00e4 potilaan henke\u00e4 tai terveytt\u00e4 uhkaavan vaaran torjumiseksi annettavaa tarpeellista hoitoa. (9.4.1999\/489)<\/p>\n\n\n\n<p><a href=\"https:\/\/www.valvira.fi\/documents\/14444\/784076\/Potilaan_oikeudet_2016_suomi.pdf\/92a2b4b2-2d36-4f26-b939-e363a69f4913\">Valviran esite: Potilaan oikeudet (pdf)<\/a><\/p>\n\n\n\n<h2 class=\"wp-block-heading\">Tietosuoja (Samuli)<\/h2>\n\n\n\n<p><strong>Tietosuoja<\/strong>n tarkoituksena on turvata henkil\u00f6n yksityisyys henkil\u00f6tietoja k\u00e4sitelt\u00e4ess\u00e4. Tietosuojalla minimoidaan tietojen v\u00e4\u00e4rink\u00e4yt\u00f6n mahdollisuudet, sek\u00e4 varmistetaan, ett\u00e4 henkil\u00f6tietoja k\u00e4sitell\u00e4\u00e4n lainmukaisesti vain silloin kun sille on peruste. Tietosuoja on osa perustuslaissa m\u00e4\u00e4ritelty\u00e4 yksityisyydensuojaa.<\/p>\n\n\n\n<p>Keski-Suomen sairaanhoitopiiri noudattaa henkil\u00f6tietojen k\u00e4sittelyss\u00e4 EU:n yleist\u00e4 tietosuoja-asetusta (GDPR), Suomen lakia, sek\u00e4 viranomaism\u00e4\u00e4r\u00e4yksi\u00e4 ja -ohjeita.<\/p>\n\n\n\n<p>KSSHP:n potilasrekisteriin tallennetaan hoidossa syntyvi\u00e4 henkil\u00f6- ja hoitotietoja, eli potilastietoja ja -asiakirjoja, jotka ovat salassa pidett\u00e4vi\u00e4. N\u00e4it\u00e4 k\u00e4ytet\u00e4\u00e4n potilaan hoidon j\u00e4rjest\u00e4miseen, suunnitteluun, toteuttamiseen ja seurantaan, hoidon laadun varmistamiseen, laskutukseen, tilastointiin, opetukseen ja tieteelliseen tutkimustoimintaan.<\/p>\n\n\n\n<p>Tietojen k\u00e4sittely perustuu potilaan tutkimusta ja hoitoa koskeviin lakeihin ja asetuksiin:<\/p>\n\n\n\n<ul class=\"wp-block-list\"><li>terveydenhuoltolaki<\/li><li>laki sosiaali- ja terveydenhuollon asiakastietojen s\u00e4hk\u00f6isest\u00e4 k\u00e4sittelyst\u00e4<\/li><li>erikoissairaanhoitolaki<\/li><li>mielenterveyslaki<\/li><li>henkil\u00f6tietolaki\/voimaantuleva tietosuojalaki ja EU:n tietosuoja-asetus<\/li><li>laki ja asetus terveydenhuollon ammattihenkil\u00f6ist\u00e4<\/li><li>laki potilaan asemasta ja oikeuksista<\/li><li>sosiaali- ja terveysministeri\u00f6n asetus potilasasiakirjoista<\/li><li>arkistolaki<\/li><\/ul>\n\n\n\n<p><a href=\"https:\/\/www.ksshp.fi\/fi-FI\/Sairaanhoitopiiri\/Tietosuoja\/Henkilotietojen_kasittely(57542)\">KSSHP &#8211; Henkil\u00f6tietojen k\u00e4sittely<\/a><\/p>\n\n\n\n<p>EU:n yleinen tietosuoja-asetus (GDPR, General Data Protection Regulation) 679\/2016<\/p>\n\n\n\n<p><a href=\"https:\/\/www.finlex.fi\/fi\/laki\/alkup\/2018\/20181050#Pidp446692960\">Tietosuojalaki 1050\/2018<\/a><\/p>\n\n\n\n<h2 class=\"wp-block-heading\">Salassapito (Samuli)<\/h2>\n\n\n\n<p><strong>Salassapito<\/strong>&#8211; ja vaitiolovelvollisuudesta s\u00e4\u00e4det\u00e4\u00e4n seuraavissa laeissa:<\/p>\n\n\n\n<p><a href=\"https:\/\/www.finlex.fi\/fi\/laki\/ajantasa\/1994\/19940559\">Laki terveydenhuollon ammattihenkil\u00f6ist\u00e4<\/a>, jonka tarkoituksena onedist\u00e4\u00e4 potilasturvallisuutta sek\u00e4 terveydenhuollon palvelujen laatua<\/p>\n\n\n\n<p><a href=\"https:\/\/www.finlex.fi\/fi\/laki\/ajantasa\/1992\/19920785\">Laki potilaan asemasta ja oikeuksista<\/a><\/p>\n\n\n\n<p><a href=\"https:\/\/www.finlex.fi\/fi\/laki\/ajantasa\/1999\/19990621\">Laki viranomaisen toiminnan julkisuudesta<\/a><\/p>\n\n\n\n<p><a href=\"https:\/\/www.finlex.fi\/fi\/laki\/ajantasa\/1990\/19900152\">Laki yksityisest\u00e4 terveydenhuollossa<\/a><\/p>\n\n\n\n<p>Salassapidosta saa poiketa ja salassapidett\u00e4vi\u00e4 tietoja saa antaa sivulliselle ainoastaan potilaan nimenomaisella suostumuksella tai jos tiedon antamisesta tai oikeudesta tiedon saamiseen on erikseen laissa s\u00e4\u00e4detty.<\/p>\n\n\n\n<p>Terveydenhuollon ammattihenkil\u00f6t eiv\u00e4t saa l\u00e4ht\u00f6kohtaisesti k\u00e4sitell\u00e4 salassa pidett\u00e4vi\u00e4 potilastietoja kuin varsinaiseen hoitosuhteeseen liittyviss\u00e4 tilanteissa.<\/p>\n","protected":false},"excerpt":{"rendered":"<p>Hoitajaa koskevat s\u00e4\u00e4d\u00f6kset ja lait (Oskari) S\u00e4\u00e4d\u00f6kset Alan s\u00e4\u00e4d\u00f6kset ja ammattieettiset periaatteet ohjaavat ammattilaisten toimintaa. Hoitajan ty\u00f6 on potilaan ja asiakkaan fyysisiin, psyykkisiin, sosiaalisiin sek\u00e4 henkisiin ja hengellisiin tarpeisiin perustuvaa tukemista, ohjausta, hoitoa, huolenpitoa, kasvatusta sek\u00e4 terveyden ja kuntoutumisen edist\u00e4mist\u00e4. Hoitajan tulee kunnioittaa yksil\u00f6iden ja perheiden yksil\u00f6llisyytt\u00e4 sek\u00e4 ryhmien ja yhteis\u00f6jen etnist\u00e4 ja kulttuurista moninaisuutta. [&hellip;]<\/p>\n","protected":false},"author":672,"featured_media":0,"parent":0,"menu_order":0,"comment_status":"closed","ping_status":"closed","template":"","meta":{"_uag_custom_page_level_css":"","footnotes":""},"class_list":["post-101","page","type-page","status-publish","hentry"],"yoast_head":"<!-- This site is optimized with the Yoast SEO plugin v27.4 - https:\/\/yoast.com\/product\/yoast-seo-wordpress\/ -->\n<title>P\u00e4ivystystoimintaa koskevat s\u00e4\u00e4d\u00f6kset ja lains\u00e4\u00e4d\u00e4nt\u00f6 - Hengitysvaikeus<\/title>\n<meta name=\"robots\" content=\"index, follow, max-snippet:-1, max-image-preview:large, max-video-preview:-1\" \/>\n<link rel=\"canonical\" href=\"https:\/\/blogit.gradia.fi\/hengitysvaikeus\/paivystystoimintaa-koskevat-saadokset-ja-lainsaadanto\/\" \/>\n<meta property=\"og:locale\" content=\"fi_FI\" \/>\n<meta property=\"og:type\" content=\"article\" \/>\n<meta property=\"og:title\" content=\"P\u00e4ivystystoimintaa koskevat s\u00e4\u00e4d\u00f6kset ja lains\u00e4\u00e4d\u00e4nt\u00f6 - Hengitysvaikeus\" \/>\n<meta property=\"og:description\" content=\"Hoitajaa koskevat s\u00e4\u00e4d\u00f6kset ja lait (Oskari) S\u00e4\u00e4d\u00f6kset Alan s\u00e4\u00e4d\u00f6kset ja ammattieettiset periaatteet ohjaavat ammattilaisten toimintaa. Hoitajan ty\u00f6 on potilaan ja asiakkaan fyysisiin, psyykkisiin, sosiaalisiin sek\u00e4 henkisiin ja hengellisiin tarpeisiin perustuvaa tukemista, ohjausta, hoitoa, huolenpitoa, kasvatusta sek\u00e4 terveyden ja kuntoutumisen edist\u00e4mist\u00e4. Hoitajan tulee kunnioittaa yksil\u00f6iden ja perheiden yksil\u00f6llisyytt\u00e4 sek\u00e4 ryhmien ja yhteis\u00f6jen etnist\u00e4 ja kulttuurista moninaisuutta. [&hellip;]\" \/>\n<meta property=\"og:url\" content=\"https:\/\/blogit.gradia.fi\/hengitysvaikeus\/paivystystoimintaa-koskevat-saadokset-ja-lainsaadanto\/\" \/>\n<meta property=\"og:site_name\" content=\"Hengitysvaikeus\" \/>\n<meta property=\"article:modified_time\" content=\"2020-02-12T15:32:38+00:00\" \/>\n<meta name=\"twitter:card\" content=\"summary_large_image\" \/>\n<meta name=\"twitter:label1\" content=\"Arvioitu lukuaika\" \/>\n\t<meta name=\"twitter:data1\" content=\"5 minuuttia\" \/>\n<script type=\"application\/ld+json\" class=\"yoast-schema-graph\">{\"@context\":\"https:\\\/\\\/schema.org\",\"@graph\":[{\"@type\":\"WebPage\",\"@id\":\"https:\\\/\\\/blogit.gradia.fi\\\/hengitysvaikeus\\\/paivystystoimintaa-koskevat-saadokset-ja-lainsaadanto\\\/\",\"url\":\"https:\\\/\\\/blogit.gradia.fi\\\/hengitysvaikeus\\\/paivystystoimintaa-koskevat-saadokset-ja-lainsaadanto\\\/\",\"name\":\"P\u00e4ivystystoimintaa koskevat s\u00e4\u00e4d\u00f6kset ja lains\u00e4\u00e4d\u00e4nt\u00f6 - Hengitysvaikeus\",\"isPartOf\":{\"@id\":\"https:\\\/\\\/blogit.gradia.fi\\\/hengitysvaikeus\\\/#website\"},\"datePublished\":\"2020-02-12T15:14:41+00:00\",\"dateModified\":\"2020-02-12T15:32:38+00:00\",\"breadcrumb\":{\"@id\":\"https:\\\/\\\/blogit.gradia.fi\\\/hengitysvaikeus\\\/paivystystoimintaa-koskevat-saadokset-ja-lainsaadanto\\\/#breadcrumb\"},\"inLanguage\":\"fi\",\"potentialAction\":[{\"@type\":\"ReadAction\",\"target\":[\"https:\\\/\\\/blogit.gradia.fi\\\/hengitysvaikeus\\\/paivystystoimintaa-koskevat-saadokset-ja-lainsaadanto\\\/\"]}]},{\"@type\":\"BreadcrumbList\",\"@id\":\"https:\\\/\\\/blogit.gradia.fi\\\/hengitysvaikeus\\\/paivystystoimintaa-koskevat-saadokset-ja-lainsaadanto\\\/#breadcrumb\",\"itemListElement\":[{\"@type\":\"ListItem\",\"position\":1,\"name\":\"Home\",\"item\":\"https:\\\/\\\/blogit.gradia.fi\\\/hengitysvaikeus\\\/\"},{\"@type\":\"ListItem\",\"position\":2,\"name\":\"P\u00e4ivystystoimintaa koskevat s\u00e4\u00e4d\u00f6kset ja lains\u00e4\u00e4d\u00e4nt\u00f6\"}]},{\"@type\":\"WebSite\",\"@id\":\"https:\\\/\\\/blogit.gradia.fi\\\/hengitysvaikeus\\\/#website\",\"url\":\"https:\\\/\\\/blogit.gradia.fi\\\/hengitysvaikeus\\\/\",\"name\":\"Hengitysvaikeus\",\"description\":\"\",\"potentialAction\":[{\"@type\":\"SearchAction\",\"target\":{\"@type\":\"EntryPoint\",\"urlTemplate\":\"https:\\\/\\\/blogit.gradia.fi\\\/hengitysvaikeus\\\/?s={search_term_string}\"},\"query-input\":{\"@type\":\"PropertyValueSpecification\",\"valueRequired\":true,\"valueName\":\"search_term_string\"}}],\"inLanguage\":\"fi\"}]}<\/script>\n<!-- \/ Yoast SEO plugin. -->","yoast_head_json":{"title":"P\u00e4ivystystoimintaa koskevat s\u00e4\u00e4d\u00f6kset ja lains\u00e4\u00e4d\u00e4nt\u00f6 - Hengitysvaikeus","robots":{"index":"index","follow":"follow","max-snippet":"max-snippet:-1","max-image-preview":"max-image-preview:large","max-video-preview":"max-video-preview:-1"},"canonical":"https:\/\/blogit.gradia.fi\/hengitysvaikeus\/paivystystoimintaa-koskevat-saadokset-ja-lainsaadanto\/","og_locale":"fi_FI","og_type":"article","og_title":"P\u00e4ivystystoimintaa koskevat s\u00e4\u00e4d\u00f6kset ja lains\u00e4\u00e4d\u00e4nt\u00f6 - Hengitysvaikeus","og_description":"Hoitajaa koskevat s\u00e4\u00e4d\u00f6kset ja lait (Oskari) S\u00e4\u00e4d\u00f6kset Alan s\u00e4\u00e4d\u00f6kset ja ammattieettiset periaatteet ohjaavat ammattilaisten toimintaa. Hoitajan ty\u00f6 on potilaan ja asiakkaan fyysisiin, psyykkisiin, sosiaalisiin sek\u00e4 henkisiin ja hengellisiin tarpeisiin perustuvaa tukemista, ohjausta, hoitoa, huolenpitoa, kasvatusta sek\u00e4 terveyden ja kuntoutumisen edist\u00e4mist\u00e4. Hoitajan tulee kunnioittaa yksil\u00f6iden ja perheiden yksil\u00f6llisyytt\u00e4 sek\u00e4 ryhmien ja yhteis\u00f6jen etnist\u00e4 ja kulttuurista moninaisuutta. [&hellip;]","og_url":"https:\/\/blogit.gradia.fi\/hengitysvaikeus\/paivystystoimintaa-koskevat-saadokset-ja-lainsaadanto\/","og_site_name":"Hengitysvaikeus","article_modified_time":"2020-02-12T15:32:38+00:00","twitter_card":"summary_large_image","twitter_misc":{"Arvioitu lukuaika":"5 minuuttia"},"schema":{"@context":"https:\/\/schema.org","@graph":[{"@type":"WebPage","@id":"https:\/\/blogit.gradia.fi\/hengitysvaikeus\/paivystystoimintaa-koskevat-saadokset-ja-lainsaadanto\/","url":"https:\/\/blogit.gradia.fi\/hengitysvaikeus\/paivystystoimintaa-koskevat-saadokset-ja-lainsaadanto\/","name":"P\u00e4ivystystoimintaa koskevat s\u00e4\u00e4d\u00f6kset ja lains\u00e4\u00e4d\u00e4nt\u00f6 - Hengitysvaikeus","isPartOf":{"@id":"https:\/\/blogit.gradia.fi\/hengitysvaikeus\/#website"},"datePublished":"2020-02-12T15:14:41+00:00","dateModified":"2020-02-12T15:32:38+00:00","breadcrumb":{"@id":"https:\/\/blogit.gradia.fi\/hengitysvaikeus\/paivystystoimintaa-koskevat-saadokset-ja-lainsaadanto\/#breadcrumb"},"inLanguage":"fi","potentialAction":[{"@type":"ReadAction","target":["https:\/\/blogit.gradia.fi\/hengitysvaikeus\/paivystystoimintaa-koskevat-saadokset-ja-lainsaadanto\/"]}]},{"@type":"BreadcrumbList","@id":"https:\/\/blogit.gradia.fi\/hengitysvaikeus\/paivystystoimintaa-koskevat-saadokset-ja-lainsaadanto\/#breadcrumb","itemListElement":[{"@type":"ListItem","position":1,"name":"Home","item":"https:\/\/blogit.gradia.fi\/hengitysvaikeus\/"},{"@type":"ListItem","position":2,"name":"P\u00e4ivystystoimintaa koskevat s\u00e4\u00e4d\u00f6kset ja lains\u00e4\u00e4d\u00e4nt\u00f6"}]},{"@type":"WebSite","@id":"https:\/\/blogit.gradia.fi\/hengitysvaikeus\/#website","url":"https:\/\/blogit.gradia.fi\/hengitysvaikeus\/","name":"Hengitysvaikeus","description":"","potentialAction":[{"@type":"SearchAction","target":{"@type":"EntryPoint","urlTemplate":"https:\/\/blogit.gradia.fi\/hengitysvaikeus\/?s={search_term_string}"},"query-input":{"@type":"PropertyValueSpecification","valueRequired":true,"valueName":"search_term_string"}}],"inLanguage":"fi"}]}},"uagb_featured_image_src":{"full":false,"thumbnail":false,"medium":false,"medium_large":false,"large":false,"1536x1536":false,"2048x2048":false,"post-thumbnail":false},"uagb_author_info":{"display_name":"Samuli \u00d6ljym\u00e4ki","author_link":"https:\/\/blogit.gradia.fi\/hengitysvaikeus\/author\/gr188119\/"},"uagb_comment_info":0,"uagb_excerpt":"Hoitajaa koskevat s\u00e4\u00e4d\u00f6kset ja lait (Oskari) S\u00e4\u00e4d\u00f6kset Alan s\u00e4\u00e4d\u00f6kset ja ammattieettiset periaatteet ohjaavat ammattilaisten toimintaa. Hoitajan ty\u00f6 on potilaan ja asiakkaan fyysisiin, psyykkisiin, sosiaalisiin sek\u00e4 henkisiin ja hengellisiin tarpeisiin perustuvaa tukemista, ohjausta, hoitoa, huolenpitoa, kasvatusta sek\u00e4 terveyden ja kuntoutumisen edist\u00e4mist\u00e4. Hoitajan tulee kunnioittaa yksil\u00f6iden ja perheiden yksil\u00f6llisyytt\u00e4 sek\u00e4 ryhmien ja yhteis\u00f6jen etnist\u00e4 ja kulttuurista moninaisuutta.&hellip;","_links":{"self":[{"href":"https:\/\/blogit.gradia.fi\/hengitysvaikeus\/wp-json\/wp\/v2\/pages\/101","targetHints":{"allow":["GET"]}}],"collection":[{"href":"https:\/\/blogit.gradia.fi\/hengitysvaikeus\/wp-json\/wp\/v2\/pages"}],"about":[{"href":"https:\/\/blogit.gradia.fi\/hengitysvaikeus\/wp-json\/wp\/v2\/types\/page"}],"author":[{"embeddable":true,"href":"https:\/\/blogit.gradia.fi\/hengitysvaikeus\/wp-json\/wp\/v2\/users\/672"}],"replies":[{"embeddable":true,"href":"https:\/\/blogit.gradia.fi\/hengitysvaikeus\/wp-json\/wp\/v2\/comments?post=101"}],"version-history":[{"count":6,"href":"https:\/\/blogit.gradia.fi\/hengitysvaikeus\/wp-json\/wp\/v2\/pages\/101\/revisions"}],"predecessor-version":[{"id":120,"href":"https:\/\/blogit.gradia.fi\/hengitysvaikeus\/wp-json\/wp\/v2\/pages\/101\/revisions\/120"}],"wp:attachment":[{"href":"https:\/\/blogit.gradia.fi\/hengitysvaikeus\/wp-json\/wp\/v2\/media?parent=101"}],"curies":[{"name":"wp","href":"https:\/\/api.w.org\/{rel}","templated":true}]}}