{"version":"1.0","provider_name":"Ty\u00f6el\u00e4m\u00e4n sek\u00e4 koulun yhdist\u00e4minen opiskelijan silmin.","provider_url":"https:\/\/blogit.gradia.fi\/anniinatuomijarvi","title":"Heijastinliivien lanseeraus. - Ty\u00f6el\u00e4m\u00e4n sek\u00e4 koulun yhdist\u00e4minen opiskelijan silmin.","type":"rich","width":600,"height":338,"html":"<blockquote class=\"wp-embedded-content\" data-secret=\"wCjixR9sbP\"><a href=\"https:\/\/blogit.gradia.fi\/anniinatuomijarvi\/ylisopojen-lasten-heijastinliivien-lanseeraus\/\">Heijastinliivien lanseeraus.<\/a><\/blockquote><iframe sandbox=\"allow-scripts\" security=\"restricted\" src=\"https:\/\/blogit.gradia.fi\/anniinatuomijarvi\/ylisopojen-lasten-heijastinliivien-lanseeraus\/embed\/#?secret=wCjixR9sbP\" width=\"600\" height=\"338\" title=\"&#8221;Heijastinliivien lanseeraus.&#8221; &#8212; Ty\u00f6el\u00e4m\u00e4n sek\u00e4 koulun yhdist\u00e4minen opiskelijan silmin.\" data-secret=\"wCjixR9sbP\" frameborder=\"0\" marginwidth=\"0\" marginheight=\"0\" scrolling=\"no\" class=\"wp-embedded-content\"><\/iframe><script>\n\/*! This file is auto-generated *\/\n!function(d,l){\"use strict\";l.querySelector&&d.addEventListener&&\"undefined\"!=typeof URL&&(d.wp=d.wp||{},d.wp.receiveEmbedMessage||(d.wp.receiveEmbedMessage=function(e){var t=e.data;if((t||t.secret||t.message||t.value)&&!\/[^a-zA-Z0-9]\/.test(t.secret)){for(var s,r,n,a=l.querySelectorAll('iframe[data-secret=\"'+t.secret+'\"]'),o=l.querySelectorAll('blockquote[data-secret=\"'+t.secret+'\"]'),c=new RegExp(\"^https?:$\",\"i\"),i=0;i<o.length;i++)o[i].style.display=\"none\";for(i=0;i<a.length;i++)s=a[i],e.source===s.contentWindow&&(s.removeAttribute(\"style\"),\"height\"===t.message?(1e3<(r=parseInt(t.value,10))?r=1e3:~~r<200&&(r=200),s.height=r):\"link\"===t.message&&(r=new URL(s.getAttribute(\"src\")),n=new URL(t.value),c.test(n.protocol))&&n.host===r.host&&l.activeElement===s&&(d.top.location.href=t.value))}},d.addEventListener(\"message\",d.wp.receiveEmbedMessage,!1),l.addEventListener(\"DOMContentLoaded\",function(){for(var e,t,s=l.querySelectorAll(\"iframe.wp-embedded-content\"),r=0;r<s.length;r++)(t=(e=s[r]).getAttribute(\"data-secret\"))||(t=Math.random().toString(36).substring(2,12),e.src+=\"#?secret=\"+t,e.setAttribute(\"data-secret\",t)),e.contentWindow.postMessage({message:\"ready\",secret:t},\"*\")},!1)))}(window,document);\n\/\/# sourceURL=https:\/\/blogit.gradia.fi\/anniinatuomijarvi\/wp-includes\/js\/wp-embed.min.js\n<\/script>\n","description":"T\u00e4n\u00e4\u00e4n t\u00f6iss\u00e4 oli huippu p\u00e4iv\u00e4 ! Ohjelmassa oli siis Kreetta Ahosen ensimm\u00e4isen tuotteen, Vinkeen lasten heijastinliivien,\u00a0 lanseeraus ja siihen liittyv\u00e4t j\u00e4rjestelyt. Aluksi meille tuotiin j\u00e4rkytt\u00e4v\u00e4n kokoinen laatikollinen heijastinliivej\u00e4, ne piti purkaa tietenkin ja putsata viel\u00e4 varulta teippiharjalla. Sen j\u00e4lkeen niihin lis\u00e4ttiin tuoteselosteet ja tarkastettiin ett\u00e4 kaikki tuotteet olivat saapuneet paikalle. T\u00e4ss\u00e4 v\u00e4liss\u00e4 tyhjennettiin my\u00f6s yksi &hellip; Jatka lukemista &rarr;","thumbnail_url":"https:\/\/blogit.gradia.fi\/anniinatuomijarvi\/wp-content\/uploads\/sites\/94\/2013\/09\/WP_000023.jpg"}