{"version":"1.0","provider_name":"Ty\u00f6el\u00e4m\u00e4n sek\u00e4 koulun yhdist\u00e4minen opiskelijan silmin.","provider_url":"https:\/\/blogit.gradia.fi\/anniinatuomijarvi","title":"Priimus ja Movia vierailut - Ty\u00f6el\u00e4m\u00e4n sek\u00e4 koulun yhdist\u00e4minen opiskelijan silmin.","type":"rich","width":600,"height":338,"html":"<blockquote class=\"wp-embedded-content\" data-secret=\"V9KVkOAlXg\"><a href=\"https:\/\/blogit.gradia.fi\/anniinatuomijarvi\/sepityksia-viime-viikosta-priimus-ja-movia\/\">Priimus ja Movia vierailut<\/a><\/blockquote><iframe sandbox=\"allow-scripts\" security=\"restricted\" src=\"https:\/\/blogit.gradia.fi\/anniinatuomijarvi\/sepityksia-viime-viikosta-priimus-ja-movia\/embed\/#?secret=V9KVkOAlXg\" width=\"600\" height=\"338\" title=\"&#8221;Priimus ja Movia vierailut&#8221; &#8212; Ty\u00f6el\u00e4m\u00e4n sek\u00e4 koulun yhdist\u00e4minen opiskelijan silmin.\" data-secret=\"V9KVkOAlXg\" frameborder=\"0\" marginwidth=\"0\" marginheight=\"0\" scrolling=\"no\" class=\"wp-embedded-content\"><\/iframe><script>\n\/*! This file is auto-generated *\/\n!function(d,l){\"use strict\";l.querySelector&&d.addEventListener&&\"undefined\"!=typeof URL&&(d.wp=d.wp||{},d.wp.receiveEmbedMessage||(d.wp.receiveEmbedMessage=function(e){var t=e.data;if((t||t.secret||t.message||t.value)&&!\/[^a-zA-Z0-9]\/.test(t.secret)){for(var s,r,n,a=l.querySelectorAll('iframe[data-secret=\"'+t.secret+'\"]'),o=l.querySelectorAll('blockquote[data-secret=\"'+t.secret+'\"]'),c=new RegExp(\"^https?:$\",\"i\"),i=0;i<o.length;i++)o[i].style.display=\"none\";for(i=0;i<a.length;i++)s=a[i],e.source===s.contentWindow&&(s.removeAttribute(\"style\"),\"height\"===t.message?(1e3<(r=parseInt(t.value,10))?r=1e3:~~r<200&&(r=200),s.height=r):\"link\"===t.message&&(r=new URL(s.getAttribute(\"src\")),n=new URL(t.value),c.test(n.protocol))&&n.host===r.host&&l.activeElement===s&&(d.top.location.href=t.value))}},d.addEventListener(\"message\",d.wp.receiveEmbedMessage,!1),l.addEventListener(\"DOMContentLoaded\",function(){for(var e,t,s=l.querySelectorAll(\"iframe.wp-embedded-content\"),r=0;r<s.length;r++)(t=(e=s[r]).getAttribute(\"data-secret\"))||(t=Math.random().toString(36).substring(2,12),e.src+=\"#?secret=\"+t,e.setAttribute(\"data-secret\",t)),e.contentWindow.postMessage({message:\"ready\",secret:t},\"*\")},!1)))}(window,document);\n\/\/# sourceURL=https:\/\/blogit.gradia.fi\/anniinatuomijarvi\/wp-includes\/js\/wp-embed.min.js\n<\/script>\n","description":"Moikka ! V\u00e4h\u00e4n my\u00f6h\u00e4ss\u00e4 ajattelin teille kertoa viime viikosta kun k\u00e4vimme luokan kanssa Priimuksella sy\u00f6m\u00e4ss\u00e4 kolmen ruokalajin p\u00e4iv\u00e4llisen sek\u00e4 tutustumassa autokoulu Moviaan. Eli ensin menimme Priimukselle ja p\u00e4iv\u00e4 alkoi erilaisilla teht\u00e4vill\u00e4 pieniss\u00e4 ryhmiss\u00e4. Opettelimme menu-korttien tekoa, servettien taittelua, yleistietoa &#8221;ty\u00f6v\u00e4lineist\u00e4&#8221; ja ravintola k\u00e4ytt\u00e4ytymisest\u00e4. Saimme my\u00f6s tavata kaksi kolmosvuoden opiskelija tytt\u00f6\u00e4 jotka valmistelivat kattausta SM-kisoihin. Puolen &hellip; Jatka lukemista &rarr;","thumbnail_url":"https:\/\/blogit.gradia.fi\/anniinatuomijarvi\/wp-content\/uploads\/sites\/94\/2013\/12\/nimet\u00f6n1.png"}