{"version":"1.0","provider_name":"Ty\u00f6el\u00e4m\u00e4n sek\u00e4 koulun yhdist\u00e4minen opiskelijan silmin.","provider_url":"https:\/\/blogit.gradia.fi\/anniinatuomijarvi","title":"Sannin ja Anniinan yhteiset ty\u00f6p\u00e4iv\u00e4t; Kimperi. - Ty\u00f6el\u00e4m\u00e4n sek\u00e4 koulun yhdist\u00e4minen opiskelijan silmin.","type":"rich","width":600,"height":338,"html":"<blockquote class=\"wp-embedded-content\" data-secret=\"C3aERwuLBO\"><a href=\"https:\/\/blogit.gradia.fi\/anniinatuomijarvi\/sannin-ja-anniinan-yhteiset-tyopaivat-kimperi\/\">Sannin ja Anniinan yhteiset ty\u00f6p\u00e4iv\u00e4t; Kimperi.<\/a><\/blockquote><iframe sandbox=\"allow-scripts\" security=\"restricted\" src=\"https:\/\/blogit.gradia.fi\/anniinatuomijarvi\/sannin-ja-anniinan-yhteiset-tyopaivat-kimperi\/embed\/#?secret=C3aERwuLBO\" width=\"600\" height=\"338\" title=\"&#8221;Sannin ja Anniinan yhteiset ty\u00f6p\u00e4iv\u00e4t; Kimperi.&#8221; &#8212; Ty\u00f6el\u00e4m\u00e4n sek\u00e4 koulun yhdist\u00e4minen opiskelijan silmin.\" data-secret=\"C3aERwuLBO\" frameborder=\"0\" marginwidth=\"0\" marginheight=\"0\" scrolling=\"no\" class=\"wp-embedded-content\"><\/iframe><script>\n\/*! This file is auto-generated *\/\n!function(d,l){\"use strict\";l.querySelector&&d.addEventListener&&\"undefined\"!=typeof URL&&(d.wp=d.wp||{},d.wp.receiveEmbedMessage||(d.wp.receiveEmbedMessage=function(e){var t=e.data;if((t||t.secret||t.message||t.value)&&!\/[^a-zA-Z0-9]\/.test(t.secret)){for(var s,r,n,a=l.querySelectorAll('iframe[data-secret=\"'+t.secret+'\"]'),o=l.querySelectorAll('blockquote[data-secret=\"'+t.secret+'\"]'),c=new RegExp(\"^https?:$\",\"i\"),i=0;i<o.length;i++)o[i].style.display=\"none\";for(i=0;i<a.length;i++)s=a[i],e.source===s.contentWindow&&(s.removeAttribute(\"style\"),\"height\"===t.message?(1e3<(r=parseInt(t.value,10))?r=1e3:~~r<200&&(r=200),s.height=r):\"link\"===t.message&&(r=new URL(s.getAttribute(\"src\")),n=new URL(t.value),c.test(n.protocol))&&n.host===r.host&&l.activeElement===s&&(d.top.location.href=t.value))}},d.addEventListener(\"message\",d.wp.receiveEmbedMessage,!1),l.addEventListener(\"DOMContentLoaded\",function(){for(var e,t,s=l.querySelectorAll(\"iframe.wp-embedded-content\"),r=0;r<s.length;r++)(t=(e=s[r]).getAttribute(\"data-secret\"))||(t=Math.random().toString(36).substring(2,12),e.src+=\"#?secret=\"+t,e.setAttribute(\"data-secret\",t)),e.contentWindow.postMessage({message:\"ready\",secret:t},\"*\")},!1)))}(window,document);\n\/\/# sourceURL=https:\/\/blogit.gradia.fi\/anniinatuomijarvi\/wp-includes\/js\/wp-embed.min.js\n<\/script>\n","description":"Hellou ! Elikk\u00e4s pointtina t\u00e4ss\u00e4 poustauksessa oli kertoa teille minun ja Sannin (https:\/\/blogit.gradia.fi\/sannimakinen) yhteisist\u00e4 ty\u00f6p\u00e4ivist\u00e4, joita oli siis kaksi kappaletta. Eilen, siis tiistaina 5.11. Sanni tuli minun ty\u00f6paikalleni Kimperille ja p\u00e4iv\u00e4 meni tosi hyvin. Teimme yhdess\u00e4 n\u00e4yteikkunan (kuvakooste alhaalla), olimme kassalla ja teimme my\u00f6s v\u00e4h\u00e4n messuj\u00e4rjestelyj\u00e4 jo valmiiksi. Elikk\u00e4 parin viikon p\u00e4\u00e4st\u00e4 Kimperi l\u00e4htee Tampereelle &hellip; Jatka lukemista &rarr;","thumbnail_url":"https:\/\/blogit.gradia.fi\/anniinatuomijarvi\/wp-content\/uploads\/sites\/94\/2013\/11\/valmiit-nuket.png"}