{"version":"1.0","provider_name":"Ty\u00f6el\u00e4m\u00e4n sek\u00e4 koulun yhdist\u00e4minen opiskelijan silmin.","provider_url":"https:\/\/blogit.gradia.fi\/anniinatuomijarvi","title":"Poustaus p\u00e4iv\u00e4st\u00e4 1.11.2013, vaatetuspuolen vierailu - Ty\u00f6el\u00e4m\u00e4n sek\u00e4 koulun yhdist\u00e4minen opiskelijan silmin.","type":"rich","width":600,"height":338,"html":"<blockquote class=\"wp-embedded-content\" data-secret=\"gqt2Vn7BeL\"><a href=\"https:\/\/blogit.gradia.fi\/anniinatuomijarvi\/poustaus-paivasta-1-11-2013\/\">Poustaus p\u00e4iv\u00e4st\u00e4 1.11.2013, vaatetuspuolen vierailu<\/a><\/blockquote><iframe sandbox=\"allow-scripts\" security=\"restricted\" src=\"https:\/\/blogit.gradia.fi\/anniinatuomijarvi\/poustaus-paivasta-1-11-2013\/embed\/#?secret=gqt2Vn7BeL\" width=\"600\" height=\"338\" title=\"&#8221;Poustaus p\u00e4iv\u00e4st\u00e4 1.11.2013, vaatetuspuolen vierailu&#8221; &#8212; Ty\u00f6el\u00e4m\u00e4n sek\u00e4 koulun yhdist\u00e4minen opiskelijan silmin.\" data-secret=\"gqt2Vn7BeL\" frameborder=\"0\" marginwidth=\"0\" marginheight=\"0\" scrolling=\"no\" class=\"wp-embedded-content\"><\/iframe><script>\n\/*! This file is auto-generated *\/\n!function(d,l){\"use strict\";l.querySelector&&d.addEventListener&&\"undefined\"!=typeof URL&&(d.wp=d.wp||{},d.wp.receiveEmbedMessage||(d.wp.receiveEmbedMessage=function(e){var t=e.data;if((t||t.secret||t.message||t.value)&&!\/[^a-zA-Z0-9]\/.test(t.secret)){for(var s,r,n,a=l.querySelectorAll('iframe[data-secret=\"'+t.secret+'\"]'),o=l.querySelectorAll('blockquote[data-secret=\"'+t.secret+'\"]'),c=new RegExp(\"^https?:$\",\"i\"),i=0;i<o.length;i++)o[i].style.display=\"none\";for(i=0;i<a.length;i++)s=a[i],e.source===s.contentWindow&&(s.removeAttribute(\"style\"),\"height\"===t.message?(1e3<(r=parseInt(t.value,10))?r=1e3:~~r<200&&(r=200),s.height=r):\"link\"===t.message&&(r=new URL(s.getAttribute(\"src\")),n=new URL(t.value),c.test(n.protocol))&&n.host===r.host&&l.activeElement===s&&(d.top.location.href=t.value))}},d.addEventListener(\"message\",d.wp.receiveEmbedMessage,!1),l.addEventListener(\"DOMContentLoaded\",function(){for(var e,t,s=l.querySelectorAll(\"iframe.wp-embedded-content\"),r=0;r<s.length;r++)(t=(e=s[r]).getAttribute(\"data-secret\"))||(t=Math.random().toString(36).substring(2,12),e.src+=\"#?secret=\"+t,e.setAttribute(\"data-secret\",t)),e.contentWindow.postMessage({message:\"ready\",secret:t},\"*\")},!1)))}(window,document);\n\/\/# sourceURL=https:\/\/blogit.gradia.fi\/anniinatuomijarvi\/wp-includes\/js\/wp-embed.min.js\n<\/script>\n","description":"Elikk\u00e4s t\u00e4m\u00e4n viikon perjantaina meid\u00e4n tunneilla k\u00e4vi vaatetuspuolen ykk\u00f6s vuoden opiskelijoita ja katselimme muutamia heid\u00e4n tekemi\u00e4\u00e4n blogeja ja samoin he kiersiv\u00e4t katsomassa muutaman meid\u00e4n blogeja, esimerkiksi minun. Paljon sain kehuja hyvist\u00e4 aiheista ja kuvista ja toivon ett\u00e4 t\u00e4st\u00e4 olisi ollut heille jotain hy\u00f6ty\u00e4 ! Itse sain heid\u00e4n blogeistaan todella paljon irti ! Kuvat ja niiden &hellip; Jatka lukemista &rarr;"}