{"id":832,"date":"2021-09-23T09:00:00","date_gmt":"2021-09-23T06:00:00","guid":{"rendered":"https:\/\/blogit.gradia.fi\/ageom\/?page_id=832"},"modified":"2021-09-29T06:55:03","modified_gmt":"2021-09-29T03:55:03","slug":"kertaus-26-9","status":"publish","type":"page","link":"https:\/\/blogit.gradia.fi\/ageom\/kertaus-26-9\/","title":{"rendered":"Kertaus (28.9.)"},"content":{"rendered":"\n<p>Osoitteessa <a href=\"http:\/\/otava.fi\/juuridigi\" target=\"_blank\" rel=\"noreferrer noopener\">otava.fi\/juuridigi<\/a> on<\/p>\n\n\n\n<ul class=\"wp-block-list\"><li>kirjantekij\u00f6iden ratkaisut <a rel=\"noreferrer noopener\" href=\"https:\/\/oppimisenpalvelut.otava.fi\/wp-content\/uploads\/2016\/10\/juuri5-kertausteht-ratkaisut.pdf\" target=\"_blank\">Kertausteht\u00e4viin ja Kokoaviin teht\u00e4viin<\/a>. (linkki avaa pdf-tiedoston omaan v\u00e4lilehteen)<\/li><\/ul>\n\n\n\n<ul class=\"wp-block-list\"><li><a href=\"https:\/\/jaofi-my.sharepoint.com\/:b:\/g\/personal\/htabell_gradia_fi\/Ef-z9Dq2bt5OuLlGs4jWQIgBOc0nCCvx5BW-34WpoB8zNg?e=GjvTfK\" target=\"_blank\" rel=\"noreferrer noopener\">Vanha koe<\/a>.<\/li><li><a href=\"https:\/\/jaofi-my.sharepoint.com\/:b:\/g\/personal\/htabell_gradia_fi\/EZ7JJGPKOmFCjUGsfDFF6zEBCuZBrRQbedn4U-ZyV2VUFw?e=jA2snI\" target=\"_blank\" rel=\"noreferrer noopener\">Kokeen ratkaisut<\/a>.<\/li><\/ul>\n\n\n\n<p><\/p>\n","protected":false},"excerpt":{"rendered":"<p>Osoitteessa otava.fi\/juuridigi on kirjantekij\u00f6iden ratkaisut Kertausteht\u00e4viin ja Kokoaviin teht\u00e4viin. (linkki avaa pdf-tiedoston omaan v\u00e4lilehteen) Vanha koe. Kokeen ratkaisut.<\/p>\n","protected":false},"author":111,"featured_media":0,"parent":0,"menu_order":0,"comment_status":"closed","ping_status":"closed","template":"","meta":{"_uag_custom_page_level_css":"","footnotes":""},"class_list":["post-832","page","type-page","status-publish","hentry"],"yoast_head":"<!-- This site is optimized with the Yoast SEO plugin v27.4 - https:\/\/yoast.com\/product\/yoast-seo-wordpress\/ -->\n<title>Kertaus (28.9.) - Analyyttinen geometria (MAA05)<\/title>\n<meta name=\"robots\" content=\"index, follow, max-snippet:-1, max-image-preview:large, max-video-preview:-1\" \/>\n<link rel=\"canonical\" href=\"https:\/\/blogit.gradia.fi\/ageom\/kertaus-26-9\/\" \/>\n<meta property=\"og:locale\" content=\"fi_FI\" \/>\n<meta property=\"og:type\" content=\"article\" \/>\n<meta property=\"og:title\" content=\"Kertaus (28.9.) - Analyyttinen geometria (MAA05)\" \/>\n<meta property=\"og:description\" content=\"Osoitteessa otava.fi\/juuridigi on kirjantekij\u00f6iden ratkaisut Kertausteht\u00e4viin ja Kokoaviin teht\u00e4viin. (linkki avaa pdf-tiedoston omaan v\u00e4lilehteen) Vanha koe. Kokeen ratkaisut.\" \/>\n<meta property=\"og:url\" content=\"https:\/\/blogit.gradia.fi\/ageom\/kertaus-26-9\/\" \/>\n<meta property=\"og:site_name\" content=\"Analyyttinen geometria (MAA05)\" \/>\n<meta property=\"article:modified_time\" content=\"2021-09-29T03:55:03+00:00\" \/>\n<meta name=\"twitter:card\" content=\"summary_large_image\" \/>\n<meta name=\"twitter:label1\" content=\"Arvioitu lukuaika\" \/>\n\t<meta name=\"twitter:data1\" content=\"1 minuutti\" \/>\n<script type=\"application\/ld+json\" class=\"yoast-schema-graph\">{\"@context\":\"https:\\\/\\\/schema.org\",\"@graph\":[{\"@type\":\"WebPage\",\"@id\":\"https:\\\/\\\/blogit.gradia.fi\\\/ageom\\\/kertaus-26-9\\\/\",\"url\":\"https:\\\/\\\/blogit.gradia.fi\\\/ageom\\\/kertaus-26-9\\\/\",\"name\":\"Kertaus (28.9.) - Analyyttinen geometria (MAA05)\",\"isPartOf\":{\"@id\":\"https:\\\/\\\/blogit.gradia.fi\\\/ageom\\\/#website\"},\"datePublished\":\"2021-09-23T06:00:00+00:00\",\"dateModified\":\"2021-09-29T03:55:03+00:00\",\"breadcrumb\":{\"@id\":\"https:\\\/\\\/blogit.gradia.fi\\\/ageom\\\/kertaus-26-9\\\/#breadcrumb\"},\"inLanguage\":\"fi\",\"potentialAction\":[{\"@type\":\"ReadAction\",\"target\":[\"https:\\\/\\\/blogit.gradia.fi\\\/ageom\\\/kertaus-26-9\\\/\"]}]},{\"@type\":\"BreadcrumbList\",\"@id\":\"https:\\\/\\\/blogit.gradia.fi\\\/ageom\\\/kertaus-26-9\\\/#breadcrumb\",\"itemListElement\":[{\"@type\":\"ListItem\",\"position\":1,\"name\":\"Home\",\"item\":\"https:\\\/\\\/blogit.gradia.fi\\\/ageom\\\/\"},{\"@type\":\"ListItem\",\"position\":2,\"name\":\"Kertaus (28.9.)\"}]},{\"@type\":\"WebSite\",\"@id\":\"https:\\\/\\\/blogit.gradia.fi\\\/ageom\\\/#website\",\"url\":\"https:\\\/\\\/blogit.gradia.fi\\\/ageom\\\/\",\"name\":\"Analyyttinen geometria (MAA05)\",\"description\":\"MAA05\",\"potentialAction\":[{\"@type\":\"SearchAction\",\"target\":{\"@type\":\"EntryPoint\",\"urlTemplate\":\"https:\\\/\\\/blogit.gradia.fi\\\/ageom\\\/?s={search_term_string}\"},\"query-input\":{\"@type\":\"PropertyValueSpecification\",\"valueRequired\":true,\"valueName\":\"search_term_string\"}}],\"inLanguage\":\"fi\"}]}<\/script>\n<!-- \/ Yoast SEO plugin. -->","yoast_head_json":{"title":"Kertaus (28.9.) - Analyyttinen geometria (MAA05)","robots":{"index":"index","follow":"follow","max-snippet":"max-snippet:-1","max-image-preview":"max-image-preview:large","max-video-preview":"max-video-preview:-1"},"canonical":"https:\/\/blogit.gradia.fi\/ageom\/kertaus-26-9\/","og_locale":"fi_FI","og_type":"article","og_title":"Kertaus (28.9.) - Analyyttinen geometria (MAA05)","og_description":"Osoitteessa otava.fi\/juuridigi on kirjantekij\u00f6iden ratkaisut Kertausteht\u00e4viin ja Kokoaviin teht\u00e4viin. (linkki avaa pdf-tiedoston omaan v\u00e4lilehteen) Vanha koe. Kokeen ratkaisut.","og_url":"https:\/\/blogit.gradia.fi\/ageom\/kertaus-26-9\/","og_site_name":"Analyyttinen geometria (MAA05)","article_modified_time":"2021-09-29T03:55:03+00:00","twitter_card":"summary_large_image","twitter_misc":{"Arvioitu lukuaika":"1 minuutti"},"schema":{"@context":"https:\/\/schema.org","@graph":[{"@type":"WebPage","@id":"https:\/\/blogit.gradia.fi\/ageom\/kertaus-26-9\/","url":"https:\/\/blogit.gradia.fi\/ageom\/kertaus-26-9\/","name":"Kertaus (28.9.) - Analyyttinen geometria (MAA05)","isPartOf":{"@id":"https:\/\/blogit.gradia.fi\/ageom\/#website"},"datePublished":"2021-09-23T06:00:00+00:00","dateModified":"2021-09-29T03:55:03+00:00","breadcrumb":{"@id":"https:\/\/blogit.gradia.fi\/ageom\/kertaus-26-9\/#breadcrumb"},"inLanguage":"fi","potentialAction":[{"@type":"ReadAction","target":["https:\/\/blogit.gradia.fi\/ageom\/kertaus-26-9\/"]}]},{"@type":"BreadcrumbList","@id":"https:\/\/blogit.gradia.fi\/ageom\/kertaus-26-9\/#breadcrumb","itemListElement":[{"@type":"ListItem","position":1,"name":"Home","item":"https:\/\/blogit.gradia.fi\/ageom\/"},{"@type":"ListItem","position":2,"name":"Kertaus (28.9.)"}]},{"@type":"WebSite","@id":"https:\/\/blogit.gradia.fi\/ageom\/#website","url":"https:\/\/blogit.gradia.fi\/ageom\/","name":"Analyyttinen geometria (MAA05)","description":"MAA05","potentialAction":[{"@type":"SearchAction","target":{"@type":"EntryPoint","urlTemplate":"https:\/\/blogit.gradia.fi\/ageom\/?s={search_term_string}"},"query-input":{"@type":"PropertyValueSpecification","valueRequired":true,"valueName":"search_term_string"}}],"inLanguage":"fi"}]}},"uagb_featured_image_src":{"full":false,"thumbnail":false,"medium":false,"medium_large":false,"large":false,"1536x1536":false,"2048x2048":false,"post-thumbnail":false},"uagb_author_info":{"display_name":"Hannu Tabell","author_link":"https:\/\/blogit.gradia.fi\/ageom\/author\/htabell\/"},"uagb_comment_info":0,"uagb_excerpt":"Osoitteessa otava.fi\/juuridigi on kirjantekij\u00f6iden ratkaisut Kertausteht\u00e4viin ja Kokoaviin teht\u00e4viin. (linkki avaa pdf-tiedoston omaan v\u00e4lilehteen) Vanha koe. Kokeen ratkaisut.","_links":{"self":[{"href":"https:\/\/blogit.gradia.fi\/ageom\/wp-json\/wp\/v2\/pages\/832","targetHints":{"allow":["GET"]}}],"collection":[{"href":"https:\/\/blogit.gradia.fi\/ageom\/wp-json\/wp\/v2\/pages"}],"about":[{"href":"https:\/\/blogit.gradia.fi\/ageom\/wp-json\/wp\/v2\/types\/page"}],"author":[{"embeddable":true,"href":"https:\/\/blogit.gradia.fi\/ageom\/wp-json\/wp\/v2\/users\/111"}],"replies":[{"embeddable":true,"href":"https:\/\/blogit.gradia.fi\/ageom\/wp-json\/wp\/v2\/comments?post=832"}],"version-history":[{"count":12,"href":"https:\/\/blogit.gradia.fi\/ageom\/wp-json\/wp\/v2\/pages\/832\/revisions"}],"predecessor-version":[{"id":1598,"href":"https:\/\/blogit.gradia.fi\/ageom\/wp-json\/wp\/v2\/pages\/832\/revisions\/1598"}],"wp:attachment":[{"href":"https:\/\/blogit.gradia.fi\/ageom\/wp-json\/wp\/v2\/media?parent=832"}],"curies":[{"name":"wp","href":"https:\/\/api.w.org\/{rel}","templated":true}]}}