{"id":595,"date":"2023-10-02T20:15:19","date_gmt":"2023-10-02T17:15:19","guid":{"rendered":"https:\/\/blogit.gradia.fi\/abitti\/?page_id=595"},"modified":"2025-01-22T20:19:43","modified_gmt":"2025-01-22T18:19:43","slug":"kolourpaint","status":"publish","type":"page","link":"https:\/\/blogit.gradia.fi\/abitti\/kolourpaint\/","title":{"rendered":"KolourPaint"},"content":{"rendered":"\n<p>KolourPaint on Abitissa oleva piirto-ohjelma.  <\/p>\n\n\n\n<figure class=\"wp-block-image size-full is-resized\"><img loading=\"lazy\" decoding=\"async\" width=\"383\" height=\"537\" src=\"https:\/\/blogit.gradia.fi\/abitti\/wp-content\/uploads\/sites\/23\/2023\/10\/KolourPaint_abitti.png\" alt=\"\" class=\"wp-image-596\" style=\"width:269px;height:377px\" srcset=\"https:\/\/blogit.gradia.fi\/abitti\/wp-content\/uploads\/sites\/23\/2023\/10\/KolourPaint_abitti.png 383w, https:\/\/blogit.gradia.fi\/abitti\/wp-content\/uploads\/sites\/23\/2023\/10\/KolourPaint_abitti-214x300.png 214w\" sizes=\"auto, (max-width: 383px) 100vw, 383px\" \/><\/figure>\n\n\n\n<h2 class=\"wp-block-heading\">Asentaminen omalle koneelle<\/h2>\n\n\n\n<ul class=\"wp-block-list\">\n<li><a href=\"https:\/\/jaofi-my.sharepoint.com\/:u:\/g\/personal\/htabell_gradia_fi\/Edt5zMZcYi1DvFTqCc1zIzQBtwx9qA9-UGzCrPxnO8O96A?e=jLwpVR\">Lataa<\/a> KolourPaintin asennustiedosto (kolourpaint-23.08.1-1622-windows-cl-msvc2019-x86_64.exe), 63 Mt.<\/li>\n<\/ul>\n\n\n\n<ul class=\"wp-block-list\">\n<li>Mene ladattuihin tiedostoihin koneellasi ja aloita ohjelman asentaminen kaksoisklikkaamalla tiedoston nime\u00e4.<\/li>\n<\/ul>\n\n\n\n<ul class=\"wp-block-list\">\n<li>Salli sovelluksen tehd\u00e4 muutoksia laitteellesi. Klikkaa <strong>Kyll\u00e4<\/strong>-painiketta.<\/li>\n<\/ul>\n\n\n<div class=\"wp-block-image\">\n<figure class=\"aligncenter size-full is-resized\"><img loading=\"lazy\" decoding=\"async\" width=\"713\" height=\"532\" src=\"https:\/\/blogit.gradia.fi\/abitti\/wp-content\/uploads\/sites\/23\/2023\/10\/Setup0.png\" alt=\"\" class=\"wp-image-598\" style=\"width:430px;height:321px\" srcset=\"https:\/\/blogit.gradia.fi\/abitti\/wp-content\/uploads\/sites\/23\/2023\/10\/Setup0.png 713w, https:\/\/blogit.gradia.fi\/abitti\/wp-content\/uploads\/sites\/23\/2023\/10\/Setup0-300x224.png 300w\" sizes=\"auto, (max-width: 713px) 100vw, 713px\" \/><\/figure>\n<\/div>\n\n\n<ul class=\"wp-block-list\">\n<li>Asentamisessa k\u00e4yd\u00e4\u00e4n l\u00e4pi seuraavat vaiheet.<\/li>\n<\/ul>\n\n\n<div class=\"wp-block-image\">\n<figure class=\"aligncenter size-full is-resized\"><img loading=\"lazy\" decoding=\"async\" width=\"577\" height=\"473\" src=\"https:\/\/blogit.gradia.fi\/abitti\/wp-content\/uploads\/sites\/23\/2023\/10\/Setup1.png\" alt=\"\" class=\"wp-image-599\" style=\"width:365px;height:299px\" srcset=\"https:\/\/blogit.gradia.fi\/abitti\/wp-content\/uploads\/sites\/23\/2023\/10\/Setup1.png 577w, https:\/\/blogit.gradia.fi\/abitti\/wp-content\/uploads\/sites\/23\/2023\/10\/Setup1-300x246.png 300w\" sizes=\"auto, (max-width: 577px) 100vw, 577px\" \/><\/figure>\n<\/div>\n\n<div class=\"wp-block-image\">\n<figure class=\"aligncenter size-full is-resized\"><img loading=\"lazy\" decoding=\"async\" width=\"575\" height=\"475\" src=\"https:\/\/blogit.gradia.fi\/abitti\/wp-content\/uploads\/sites\/23\/2023\/10\/Setup2.png\" alt=\"\" class=\"wp-image-600\" style=\"width:442px;height:365px\" srcset=\"https:\/\/blogit.gradia.fi\/abitti\/wp-content\/uploads\/sites\/23\/2023\/10\/Setup2.png 575w, https:\/\/blogit.gradia.fi\/abitti\/wp-content\/uploads\/sites\/23\/2023\/10\/Setup2-300x248.png 300w\" sizes=\"auto, (max-width: 575px) 100vw, 575px\" \/><\/figure>\n<\/div>\n\n<div class=\"wp-block-image\">\n<figure class=\"aligncenter size-full is-resized\"><img loading=\"lazy\" decoding=\"async\" width=\"582\" height=\"472\" src=\"https:\/\/blogit.gradia.fi\/abitti\/wp-content\/uploads\/sites\/23\/2023\/10\/Setup3.png\" alt=\"\" class=\"wp-image-601\" style=\"width:443px;height:359px\" srcset=\"https:\/\/blogit.gradia.fi\/abitti\/wp-content\/uploads\/sites\/23\/2023\/10\/Setup3.png 582w, https:\/\/blogit.gradia.fi\/abitti\/wp-content\/uploads\/sites\/23\/2023\/10\/Setup3-300x243.png 300w\" sizes=\"auto, (max-width: 582px) 100vw, 582px\" \/><\/figure>\n<\/div>\n\n<div class=\"wp-block-image\">\n<figure class=\"aligncenter size-full is-resized\"><img loading=\"lazy\" decoding=\"async\" width=\"577\" height=\"473\" src=\"https:\/\/blogit.gradia.fi\/abitti\/wp-content\/uploads\/sites\/23\/2023\/10\/Setup4.png\" alt=\"\" class=\"wp-image-602\" style=\"width:446px;height:366px\" srcset=\"https:\/\/blogit.gradia.fi\/abitti\/wp-content\/uploads\/sites\/23\/2023\/10\/Setup4.png 577w, https:\/\/blogit.gradia.fi\/abitti\/wp-content\/uploads\/sites\/23\/2023\/10\/Setup4-300x246.png 300w\" sizes=\"auto, (max-width: 577px) 100vw, 577px\" \/><\/figure>\n<\/div>\n\n<div class=\"wp-block-image\">\n<figure class=\"aligncenter size-full is-resized\"><img loading=\"lazy\" decoding=\"async\" width=\"577\" height=\"471\" src=\"https:\/\/blogit.gradia.fi\/abitti\/wp-content\/uploads\/sites\/23\/2023\/10\/Setup5.png\" alt=\"\" class=\"wp-image-603\" style=\"width:446px;height:364px\" srcset=\"https:\/\/blogit.gradia.fi\/abitti\/wp-content\/uploads\/sites\/23\/2023\/10\/Setup5.png 577w, https:\/\/blogit.gradia.fi\/abitti\/wp-content\/uploads\/sites\/23\/2023\/10\/Setup5-300x245.png 300w\" sizes=\"auto, (max-width: 577px) 100vw, 577px\" \/><\/figure>\n<\/div>\n\n\n<p>Kun asennus on valmis, voit avata KolourPaintin koneeltasi.<\/p>\n\n\n<div class=\"wp-block-image\">\n<figure class=\"aligncenter size-full is-resized\"><img loading=\"lazy\" decoding=\"async\" width=\"638\" height=\"513\" src=\"https:\/\/blogit.gradia.fi\/abitti\/wp-content\/uploads\/sites\/23\/2023\/10\/Valmis.png\" alt=\"\" class=\"wp-image-604\" style=\"width:457px;height:367px\" srcset=\"https:\/\/blogit.gradia.fi\/abitti\/wp-content\/uploads\/sites\/23\/2023\/10\/Valmis.png 638w, https:\/\/blogit.gradia.fi\/abitti\/wp-content\/uploads\/sites\/23\/2023\/10\/Valmis-300x241.png 300w\" sizes=\"auto, (max-width: 638px) 100vw, 638px\" \/><\/figure>\n<\/div>","protected":false},"excerpt":{"rendered":"<p>KolourPaint on Abitissa oleva piirto-ohjelma. Asentaminen omalle koneelle Kun asennus on valmis, voit avata KolourPaintin koneeltasi.<\/p>\n","protected":false},"author":111,"featured_media":0,"parent":0,"menu_order":0,"comment_status":"closed","ping_status":"closed","template":"","meta":{"_uag_custom_page_level_css":"","footnotes":""},"class_list":["post-595","page","type-page","status-publish","hentry"],"yoast_head":"<!-- This site is optimized with the Yoast SEO plugin v27.4 - https:\/\/yoast.com\/product\/yoast-seo-wordpress\/ -->\n<title>KolourPaint - Abitti<\/title>\n<meta name=\"robots\" content=\"index, follow, max-snippet:-1, max-image-preview:large, max-video-preview:-1\" \/>\n<link rel=\"canonical\" href=\"https:\/\/blogit.gradia.fi\/abitti\/kolourpaint\/\" \/>\n<meta property=\"og:locale\" content=\"fi_FI\" \/>\n<meta property=\"og:type\" content=\"article\" \/>\n<meta property=\"og:title\" content=\"KolourPaint - Abitti\" \/>\n<meta property=\"og:description\" content=\"KolourPaint on Abitissa oleva piirto-ohjelma. Asentaminen omalle koneelle Kun asennus on valmis, voit avata KolourPaintin koneeltasi.\" \/>\n<meta property=\"og:url\" content=\"https:\/\/blogit.gradia.fi\/abitti\/kolourpaint\/\" \/>\n<meta property=\"og:site_name\" content=\"Abitti\" \/>\n<meta property=\"article:modified_time\" content=\"2025-01-22T18:19:43+00:00\" \/>\n<meta property=\"og:image\" content=\"https:\/\/blogit.gradia.fi\/abitti\/wp-content\/uploads\/sites\/23\/2023\/10\/KolourPaint_abitti.png\" \/>\n\t<meta property=\"og:image:width\" content=\"383\" \/>\n\t<meta property=\"og:image:height\" content=\"537\" \/>\n\t<meta property=\"og:image:type\" content=\"image\/png\" \/>\n<meta name=\"twitter:card\" content=\"summary_large_image\" \/>\n<meta name=\"twitter:label1\" content=\"Arvioitu lukuaika\" \/>\n\t<meta name=\"twitter:data1\" content=\"2 minuuttia\" \/>\n<script type=\"application\/ld+json\" class=\"yoast-schema-graph\">{\"@context\":\"https:\\\/\\\/schema.org\",\"@graph\":[{\"@type\":\"WebPage\",\"@id\":\"https:\\\/\\\/blogit.gradia.fi\\\/abitti\\\/kolourpaint\\\/\",\"url\":\"https:\\\/\\\/blogit.gradia.fi\\\/abitti\\\/kolourpaint\\\/\",\"name\":\"KolourPaint - Abitti\",\"isPartOf\":{\"@id\":\"https:\\\/\\\/blogit.gradia.fi\\\/abitti\\\/#website\"},\"primaryImageOfPage\":{\"@id\":\"https:\\\/\\\/blogit.gradia.fi\\\/abitti\\\/kolourpaint\\\/#primaryimage\"},\"image\":{\"@id\":\"https:\\\/\\\/blogit.gradia.fi\\\/abitti\\\/kolourpaint\\\/#primaryimage\"},\"thumbnailUrl\":\"https:\\\/\\\/blogit.gradia.fi\\\/abitti\\\/wp-content\\\/uploads\\\/sites\\\/23\\\/2023\\\/10\\\/KolourPaint_abitti.png\",\"datePublished\":\"2023-10-02T17:15:19+00:00\",\"dateModified\":\"2025-01-22T18:19:43+00:00\",\"inLanguage\":\"fi\",\"potentialAction\":[{\"@type\":\"ReadAction\",\"target\":[\"https:\\\/\\\/blogit.gradia.fi\\\/abitti\\\/kolourpaint\\\/\"]}]},{\"@type\":\"ImageObject\",\"inLanguage\":\"fi\",\"@id\":\"https:\\\/\\\/blogit.gradia.fi\\\/abitti\\\/kolourpaint\\\/#primaryimage\",\"url\":\"https:\\\/\\\/blogit.gradia.fi\\\/abitti\\\/wp-content\\\/uploads\\\/sites\\\/23\\\/2023\\\/10\\\/KolourPaint_abitti.png\",\"contentUrl\":\"https:\\\/\\\/blogit.gradia.fi\\\/abitti\\\/wp-content\\\/uploads\\\/sites\\\/23\\\/2023\\\/10\\\/KolourPaint_abitti.png\",\"width\":383,\"height\":537},{\"@type\":\"WebSite\",\"@id\":\"https:\\\/\\\/blogit.gradia.fi\\\/abitti\\\/#website\",\"url\":\"https:\\\/\\\/blogit.gradia.fi\\\/abitti\\\/\",\"name\":\"Abitti\",\"description\":\"Ohjeita Abitin k\u00e4ytt\u00f6\u00f6n\",\"potentialAction\":[{\"@type\":\"SearchAction\",\"target\":{\"@type\":\"EntryPoint\",\"urlTemplate\":\"https:\\\/\\\/blogit.gradia.fi\\\/abitti\\\/?s={search_term_string}\"},\"query-input\":{\"@type\":\"PropertyValueSpecification\",\"valueRequired\":true,\"valueName\":\"search_term_string\"}}],\"inLanguage\":\"fi\"}]}<\/script>\n<!-- \/ Yoast SEO plugin. -->","yoast_head_json":{"title":"KolourPaint - Abitti","robots":{"index":"index","follow":"follow","max-snippet":"max-snippet:-1","max-image-preview":"max-image-preview:large","max-video-preview":"max-video-preview:-1"},"canonical":"https:\/\/blogit.gradia.fi\/abitti\/kolourpaint\/","og_locale":"fi_FI","og_type":"article","og_title":"KolourPaint - Abitti","og_description":"KolourPaint on Abitissa oleva piirto-ohjelma. Asentaminen omalle koneelle Kun asennus on valmis, voit avata KolourPaintin koneeltasi.","og_url":"https:\/\/blogit.gradia.fi\/abitti\/kolourpaint\/","og_site_name":"Abitti","article_modified_time":"2025-01-22T18:19:43+00:00","og_image":[{"width":383,"height":537,"url":"https:\/\/blogit.gradia.fi\/abitti\/wp-content\/uploads\/sites\/23\/2023\/10\/KolourPaint_abitti.png","type":"image\/png"}],"twitter_card":"summary_large_image","twitter_misc":{"Arvioitu lukuaika":"2 minuuttia"},"schema":{"@context":"https:\/\/schema.org","@graph":[{"@type":"WebPage","@id":"https:\/\/blogit.gradia.fi\/abitti\/kolourpaint\/","url":"https:\/\/blogit.gradia.fi\/abitti\/kolourpaint\/","name":"KolourPaint - Abitti","isPartOf":{"@id":"https:\/\/blogit.gradia.fi\/abitti\/#website"},"primaryImageOfPage":{"@id":"https:\/\/blogit.gradia.fi\/abitti\/kolourpaint\/#primaryimage"},"image":{"@id":"https:\/\/blogit.gradia.fi\/abitti\/kolourpaint\/#primaryimage"},"thumbnailUrl":"https:\/\/blogit.gradia.fi\/abitti\/wp-content\/uploads\/sites\/23\/2023\/10\/KolourPaint_abitti.png","datePublished":"2023-10-02T17:15:19+00:00","dateModified":"2025-01-22T18:19:43+00:00","inLanguage":"fi","potentialAction":[{"@type":"ReadAction","target":["https:\/\/blogit.gradia.fi\/abitti\/kolourpaint\/"]}]},{"@type":"ImageObject","inLanguage":"fi","@id":"https:\/\/blogit.gradia.fi\/abitti\/kolourpaint\/#primaryimage","url":"https:\/\/blogit.gradia.fi\/abitti\/wp-content\/uploads\/sites\/23\/2023\/10\/KolourPaint_abitti.png","contentUrl":"https:\/\/blogit.gradia.fi\/abitti\/wp-content\/uploads\/sites\/23\/2023\/10\/KolourPaint_abitti.png","width":383,"height":537},{"@type":"WebSite","@id":"https:\/\/blogit.gradia.fi\/abitti\/#website","url":"https:\/\/blogit.gradia.fi\/abitti\/","name":"Abitti","description":"Ohjeita Abitin k\u00e4ytt\u00f6\u00f6n","potentialAction":[{"@type":"SearchAction","target":{"@type":"EntryPoint","urlTemplate":"https:\/\/blogit.gradia.fi\/abitti\/?s={search_term_string}"},"query-input":{"@type":"PropertyValueSpecification","valueRequired":true,"valueName":"search_term_string"}}],"inLanguage":"fi"}]}},"uagb_featured_image_src":{"full":false,"thumbnail":false,"medium":false,"medium_large":false,"large":false,"1536x1536":false,"2048x2048":false,"post-thumbnail":false},"uagb_author_info":{"display_name":"Hannu Tabell","author_link":"https:\/\/blogit.gradia.fi\/abitti\/author\/htabell\/"},"uagb_comment_info":0,"uagb_excerpt":"KolourPaint on Abitissa oleva piirto-ohjelma. Asentaminen omalle koneelle Kun asennus on valmis, voit avata KolourPaintin koneeltasi.","_links":{"self":[{"href":"https:\/\/blogit.gradia.fi\/abitti\/wp-json\/wp\/v2\/pages\/595","targetHints":{"allow":["GET"]}}],"collection":[{"href":"https:\/\/blogit.gradia.fi\/abitti\/wp-json\/wp\/v2\/pages"}],"about":[{"href":"https:\/\/blogit.gradia.fi\/abitti\/wp-json\/wp\/v2\/types\/page"}],"author":[{"embeddable":true,"href":"https:\/\/blogit.gradia.fi\/abitti\/wp-json\/wp\/v2\/users\/111"}],"replies":[{"embeddable":true,"href":"https:\/\/blogit.gradia.fi\/abitti\/wp-json\/wp\/v2\/comments?post=595"}],"version-history":[{"count":5,"href":"https:\/\/blogit.gradia.fi\/abitti\/wp-json\/wp\/v2\/pages\/595\/revisions"}],"predecessor-version":[{"id":639,"href":"https:\/\/blogit.gradia.fi\/abitti\/wp-json\/wp\/v2\/pages\/595\/revisions\/639"}],"wp:attachment":[{"href":"https:\/\/blogit.gradia.fi\/abitti\/wp-json\/wp\/v2\/media?parent=595"}],"curies":[{"name":"wp","href":"https:\/\/api.w.org\/{rel}","templated":true}]}}